{"version":"1.0","provider_name":"Giusto Manetti Battiloro","provider_url":"https:\/\/www.manetti.com\/de\/","author_name":"s.benvenuti","author_url":"https:\/\/www.manetti.com\/de\/author\/s-benvenuti\/","title":"24KT PRACHT F\u00dcR GESICHT UND K\u00d6RPER | Giusto Manetti Battiloro","type":"rich","width":600,"height":338,"html":"<blockquote class=\"wp-embedded-content\" data-secret=\"nDQCsz8GCW\"><a href=\"https:\/\/www.manetti.com\/de\/24kt-pracht-fuer-gesicht-und-koerper\/\"><br>24KT PRACHT F\u00dcR GESICHT UND K\u00d6RPER<\/a><\/blockquote><iframe sandbox=\"allow-scripts\" security=\"restricted\" src=\"https:\/\/www.manetti.com\/de\/24kt-pracht-fuer-gesicht-und-koerper\/embed\/#?secret=nDQCsz8GCW\" width=\"600\" height=\"338\" title=\"&#8222;&lt;br&gt;24KT PRACHT F\u00dcR GESICHT UND K\u00d6RPER&#8220; &#8211; Giusto Manetti Battiloro\" data-secret=\"nDQCsz8GCW\" frameborder=\"0\" marginwidth=\"0\" marginheight=\"0\" scrolling=\"no\" class=\"wp-embedded-content\"><\/iframe><script type=\"text\/javascript\">\n\/* <![CDATA[ *\/\n\/*! This file is auto-generated *\/\n!function(d,l){\"use strict\";l.querySelector&&d.addEventListener&&\"undefined\"!=typeof URL&&(d.wp=d.wp||{},d.wp.receiveEmbedMessage||(d.wp.receiveEmbedMessage=function(e){var t=e.data;if((t||t.secret||t.message||t.value)&&!\/[^a-zA-Z0-9]\/.test(t.secret)){for(var s,r,n,a=l.querySelectorAll('iframe[data-secret=\"'+t.secret+'\"]'),o=l.querySelectorAll('blockquote[data-secret=\"'+t.secret+'\"]'),c=new RegExp(\"^https?:$\",\"i\"),i=0;i<o.length;i++)o[i].style.display=\"none\";for(i=0;i<a.length;i++)s=a[i],e.source===s.contentWindow&&(s.removeAttribute(\"style\"),\"height\"===t.message?(1e3<(r=parseInt(t.value,10))?r=1e3:~~r<200&&(r=200),s.height=r):\"link\"===t.message&&(r=new URL(s.getAttribute(\"src\")),n=new URL(t.value),c.test(n.protocol))&&n.host===r.host&&l.activeElement===s&&(d.top.location.href=t.value))}},d.addEventListener(\"message\",d.wp.receiveEmbedMessage,!1),l.addEventListener(\"DOMContentLoaded\",function(){for(var e,t,s=l.querySelectorAll(\"iframe.wp-embedded-content\"),r=0;r<s.length;r++)(t=(e=s[r]).getAttribute(\"data-secret\"))||(t=Math.random().toString(36).substring(2,12),e.src+=\"#?secret=\"+t,e.setAttribute(\"data-secret\",t)),e.contentWindow.postMessage({message:\"ready\",secret:t},\"*\")},!1)))}(window,document);\n\/* ]]> *\/\n<\/script>\n","thumbnail_url":"https:\/\/www.manetti.com\/wp-content\/uploads\/2020\/03\/MNT_2294_1920a-1.jpg","thumbnail_width":1422,"thumbnail_height":1422,"description":"Das erste Zeugnis ante litteram f\u00fcr die Verwendung von Gold in Kosmetika war Kleopatra: Die \u00e4gyptische K\u00f6nigin, eine echte zeitlose Sch\u00f6nheitsikone, pflegte mit einer d\u00fcnnen Goldmaske auf dem Gesicht zu schlafen, um die legend\u00e4re Sch\u00f6nheit ihrer Haut zu bewahren. Nach ihr machten auch die Matronen des alten Roms &#8211; \u00fcberzeugt davon, dass Gold die Durchblutung [...]Weiterlesen..."}