{"id":46631,"date":"2020-01-16T17:59:00","date_gmt":"2020-01-16T16:59:00","guid":{"rendered":"https:\/\/www.manetti.com\/gallery\/architettura\/"},"modified":"2024-09-18T12:55:34","modified_gmt":"2024-09-18T10:55:34","slug":"architektur","status":"publish","type":"page","link":"https:\/\/www.manetti.com\/de\/gallery\/architektur\/","title":{"rendered":"Architektur"},"content":{"rendered":"\r\n<p>Wolkenkratzer, Kuppeln, Museen, Pal\u00e4ste: die prachtvollen Blattvergoldungen von Manetti lassen die sch\u00f6nste Architektur der Welt erstrahlen. Bl\u00e4ttern Sie durch die Galerie, um eine Auswahl zu sehen!<\/p>\r\n\r\n\r\n\r\n<figure class=\"wp-block-gallery columns-2 is-cropped wp-block-gallery-1 is-layout-flex wp-block-gallery-is-layout-flex\">\r\n<ul class=\"blocks-gallery-grid\">\r\n<li class=\"blocks-gallery-item\">\r\n<figure><img loading=\"lazy\" decoding=\"async\" width=\"665\" height=\"1024\" class=\"wp-image-1926\" src=\"https:\/\/www.manetti.com\/wp-content\/uploads\/2020\/01\/75-STATE-STREET-BUILDING\ufffd-Boston-USA-665x1024.jpg\" alt=\"\" data-id=\"1926\" data-full-url=\"https:\/\/www.manetti.com\/wp-content\/uploads\/2020\/01\/75-STATE-STREET-BUILDING\ufffd-Boston-USA-scaled.jpg\" data-link=\"https:\/\/www.manetti.com\/galleria-architettura-test-2\/75-state-street-building%ef%bf%bd-boston-usa\/\" srcset=\"https:\/\/www.manetti.com\/wp-content\/uploads\/2020\/01\/75-STATE-STREET-BUILDING\ufffd-Boston-USA-665x1024.jpg 665w, https:\/\/www.manetti.com\/wp-content\/uploads\/2020\/01\/75-STATE-STREET-BUILDING\ufffd-Boston-USA-scaled-600x925.jpg 600w, https:\/\/www.manetti.com\/wp-content\/uploads\/2020\/01\/75-STATE-STREET-BUILDING\ufffd-Boston-USA-195x300.jpg 195w, https:\/\/www.manetti.com\/wp-content\/uploads\/2020\/01\/75-STATE-STREET-BUILDING\ufffd-Boston-USA-768x1183.jpg 768w, https:\/\/www.manetti.com\/wp-content\/uploads\/2020\/01\/75-STATE-STREET-BUILDING\ufffd-Boston-USA-997x1536.jpg 997w, https:\/\/www.manetti.com\/wp-content\/uploads\/2020\/01\/75-STATE-STREET-BUILDING\ufffd-Boston-USA-1329x2048.jpg 1329w, https:\/\/www.manetti.com\/wp-content\/uploads\/2020\/01\/75-STATE-STREET-BUILDING\ufffd-Boston-USA-scaled.jpg 1661w\" sizes=\"auto, (max-width: 665px) 100vw, 665px\" \/>\r\n<figcaption class=\"blocks-gallery-item__caption\">SAMTEN HILLS DALAT &#8211; Da Lat, Vietnam<\/figcaption>\r\n<\/figure>\r\n<\/li>\r\n<li class=\"blocks-gallery-item\">\r\n<figure><img loading=\"lazy\" decoding=\"async\" width=\"665\" height=\"1024\" class=\"wp-image-1926\" src=\"https:\/\/www.manetti.com\/wp-content\/uploads\/2020\/01\/75-STATE-STREET-BUILDING\ufffd-Boston-USA-665x1024.jpg\" alt=\"\" data-id=\"1926\" data-full-url=\"https:\/\/www.manetti.com\/wp-content\/uploads\/2020\/01\/75-STATE-STREET-BUILDING\ufffd-Boston-USA-scaled.jpg\" data-link=\"https:\/\/www.manetti.com\/galleria-architettura-test-2\/75-state-street-building%ef%bf%bd-boston-usa\/\" srcset=\"https:\/\/www.manetti.com\/wp-content\/uploads\/2020\/01\/75-STATE-STREET-BUILDING\ufffd-Boston-USA-665x1024.jpg 665w, https:\/\/www.manetti.com\/wp-content\/uploads\/2020\/01\/75-STATE-STREET-BUILDING\ufffd-Boston-USA-scaled-600x925.jpg 600w, https:\/\/www.manetti.com\/wp-content\/uploads\/2020\/01\/75-STATE-STREET-BUILDING\ufffd-Boston-USA-195x300.jpg 195w, https:\/\/www.manetti.com\/wp-content\/uploads\/2020\/01\/75-STATE-STREET-BUILDING\ufffd-Boston-USA-768x1183.jpg 768w, https:\/\/www.manetti.com\/wp-content\/uploads\/2020\/01\/75-STATE-STREET-BUILDING\ufffd-Boston-USA-997x1536.jpg 997w, https:\/\/www.manetti.com\/wp-content\/uploads\/2020\/01\/75-STATE-STREET-BUILDING\ufffd-Boston-USA-1329x2048.jpg 1329w, https:\/\/www.manetti.com\/wp-content\/uploads\/2020\/01\/75-STATE-STREET-BUILDING\ufffd-Boston-USA-scaled.jpg 1661w\" sizes=\"auto, (max-width: 665px) 100vw, 665px\" \/>\r\n<figcaption class=\"blocks-gallery-item__caption\">75 STATE STREET BUILDING; Boston, USA<\/figcaption>\r\n<\/figure>\r\n<\/li>\r\n<li class=\"blocks-gallery-item\">\r\n<figure><img loading=\"lazy\" decoding=\"async\" width=\"1024\" height=\"763\" class=\"wp-image-1928\" src=\"https:\/\/www.manetti.com\/wp-content\/uploads\/2020\/01\/BAHAI-TEMPLE-AND-GARDENS\ufffd-Haifa-Israel-1024x763.jpg\" alt=\"\" data-id=\"1928\" data-full-url=\"https:\/\/www.manetti.com\/wp-content\/uploads\/2020\/01\/BAHAI-TEMPLE-AND-GARDENS\ufffd-Haifa-Israel-scaled.jpg\" data-link=\"https:\/\/www.manetti.com\/galleria-architettura-test-2\/bahai-temple-and-gardens%ef%bf%bd-haifa-israel\/\" srcset=\"https:\/\/www.manetti.com\/wp-content\/uploads\/2020\/01\/BAHAI-TEMPLE-AND-GARDENS\ufffd-Haifa-Israel-1024x763.jpg 1024w, https:\/\/www.manetti.com\/wp-content\/uploads\/2020\/01\/BAHAI-TEMPLE-AND-GARDENS\ufffd-Haifa-Israel-scaled-600x447.jpg 600w, https:\/\/www.manetti.com\/wp-content\/uploads\/2020\/01\/BAHAI-TEMPLE-AND-GARDENS\ufffd-Haifa-Israel-300x224.jpg 300w, https:\/\/www.manetti.com\/wp-content\/uploads\/2020\/01\/BAHAI-TEMPLE-AND-GARDENS\ufffd-Haifa-Israel-768x572.jpg 768w, https:\/\/www.manetti.com\/wp-content\/uploads\/2020\/01\/BAHAI-TEMPLE-AND-GARDENS\ufffd-Haifa-Israel-1536x1144.jpg 1536w, https:\/\/www.manetti.com\/wp-content\/uploads\/2020\/01\/BAHAI-TEMPLE-AND-GARDENS\ufffd-Haifa-Israel-2048x1526.jpg 2048w\" sizes=\"auto, (max-width: 1024px) 100vw, 1024px\" \/>\r\n<figcaption class=\"blocks-gallery-item__caption\">BAHAI TEMPLE AND GARDENS; Haifa, Israele<\/figcaption>\r\n<\/figure>\r\n<\/li>\r\n<li class=\"blocks-gallery-item\">\r\n<figure><img loading=\"lazy\" decoding=\"async\" width=\"1024\" height=\"683\" class=\"wp-image-1930\" src=\"https:\/\/www.manetti.com\/wp-content\/uploads\/2020\/01\/BROOKLYN-PUBLIC-LIBRARY\ufffd-New-York-USA-1024x683.jpg\" alt=\"\" data-id=\"1930\" data-full-url=\"https:\/\/www.manetti.com\/wp-content\/uploads\/2020\/01\/BROOKLYN-PUBLIC-LIBRARY\ufffd-New-York-USA-scaled.jpg\" data-link=\"https:\/\/www.manetti.com\/galleria-architettura-test-2\/brooklyn-public-library\/\" srcset=\"https:\/\/www.manetti.com\/wp-content\/uploads\/2020\/01\/BROOKLYN-PUBLIC-LIBRARY\ufffd-New-York-USA-1024x683.jpg 1024w, https:\/\/www.manetti.com\/wp-content\/uploads\/2020\/01\/BROOKLYN-PUBLIC-LIBRARY\ufffd-New-York-USA-scaled-600x400.jpg 600w, https:\/\/www.manetti.com\/wp-content\/uploads\/2020\/01\/BROOKLYN-PUBLIC-LIBRARY\ufffd-New-York-USA-300x200.jpg 300w, https:\/\/www.manetti.com\/wp-content\/uploads\/2020\/01\/BROOKLYN-PUBLIC-LIBRARY\ufffd-New-York-USA-768x512.jpg 768w, https:\/\/www.manetti.com\/wp-content\/uploads\/2020\/01\/BROOKLYN-PUBLIC-LIBRARY\ufffd-New-York-USA-1536x1024.jpg 1536w, https:\/\/www.manetti.com\/wp-content\/uploads\/2020\/01\/BROOKLYN-PUBLIC-LIBRARY\ufffd-New-York-USA-2048x1365.jpg 2048w\" sizes=\"auto, (max-width: 1024px) 100vw, 1024px\" \/>\r\n<figcaption class=\"blocks-gallery-item__caption\">BROOKLYN PUBLIC LIBRARY; New York, USA<\/figcaption>\r\n<\/figure>\r\n<\/li>\r\n<li class=\"blocks-gallery-item\">\r\n<figure><img loading=\"lazy\" decoding=\"async\" width=\"1024\" height=\"683\" class=\"wp-image-1933\" src=\"https:\/\/www.manetti.com\/wp-content\/uploads\/2020\/01\/FONDAZIONE-PRADA\ufffd-Milan-Italy-1024x683.jpeg\" alt=\"\" data-id=\"1933\" data-full-url=\"https:\/\/www.manetti.com\/wp-content\/uploads\/2020\/01\/FONDAZIONE-PRADA\ufffd-Milan-Italy-scaled.jpeg\" data-link=\"https:\/\/www.manetti.com\/galleria-architettura-test-2\/fondazione-prada%ef%bf%bd-milan-italy\/\" srcset=\"https:\/\/www.manetti.com\/wp-content\/uploads\/2020\/01\/FONDAZIONE-PRADA\ufffd-Milan-Italy-1024x683.jpeg 1024w, https:\/\/www.manetti.com\/wp-content\/uploads\/2020\/01\/FONDAZIONE-PRADA\ufffd-Milan-Italy-scaled-600x400.jpeg 600w, https:\/\/www.manetti.com\/wp-content\/uploads\/2020\/01\/FONDAZIONE-PRADA\ufffd-Milan-Italy-300x200.jpeg 300w, https:\/\/www.manetti.com\/wp-content\/uploads\/2020\/01\/FONDAZIONE-PRADA\ufffd-Milan-Italy-768x512.jpeg 768w, https:\/\/www.manetti.com\/wp-content\/uploads\/2020\/01\/FONDAZIONE-PRADA\ufffd-Milan-Italy-1536x1024.jpeg 1536w, https:\/\/www.manetti.com\/wp-content\/uploads\/2020\/01\/FONDAZIONE-PRADA\ufffd-Milan-Italy-2048x1365.jpeg 2048w\" sizes=\"auto, (max-width: 1024px) 100vw, 1024px\" \/>\r\n<figcaption class=\"blocks-gallery-item__caption\">PRADA STIFTUNG; Mailand, Italien<\/figcaption>\r\n<\/figure>\r\n<\/li>\r\n<li class=\"blocks-gallery-item\">\r\n<figure><img loading=\"lazy\" decoding=\"async\" width=\"975\" height=\"1024\" class=\"wp-image-1935\" src=\"https:\/\/www.manetti.com\/wp-content\/uploads\/2020\/01\/HOLY-TRINITY-THE-BISHOP-SELWYN-CHAPEL\ufffd-Auckland-New-Zealand-scaled-e1583329673967-975x1024.jpg\" alt=\"\" data-id=\"1935\" data-full-url=\"https:\/\/www.manetti.com\/wp-content\/uploads\/2020\/01\/HOLY-TRINITY-THE-BISHOP-SELWYN-CHAPEL\ufffd-Auckland-New-Zealand-scaled-e1583329673967.jpg\" data-link=\"https:\/\/www.manetti.com\/galleria-architettura-test-2\/holy-trinity-the-bishop-selwyn-chapel%ef%bf%bd-auckland-new-zealand\/\" srcset=\"https:\/\/www.manetti.com\/wp-content\/uploads\/2020\/01\/HOLY-TRINITY-THE-BISHOP-SELWYN-CHAPEL\ufffd-Auckland-New-Zealand-scaled-e1583329673967-975x1024.jpg 975w, https:\/\/www.manetti.com\/wp-content\/uploads\/2020\/01\/HOLY-TRINITY-THE-BISHOP-SELWYN-CHAPEL\ufffd-Auckland-New-Zealand-scaled-e1583329673967-600x630.jpg 600w, https:\/\/www.manetti.com\/wp-content\/uploads\/2020\/01\/HOLY-TRINITY-THE-BISHOP-SELWYN-CHAPEL\ufffd-Auckland-New-Zealand-scaled-e1583329673967-286x300.jpg 286w, https:\/\/www.manetti.com\/wp-content\/uploads\/2020\/01\/HOLY-TRINITY-THE-BISHOP-SELWYN-CHAPEL\ufffd-Auckland-New-Zealand-scaled-e1583329673967-768x806.jpg 768w, https:\/\/www.manetti.com\/wp-content\/uploads\/2020\/01\/HOLY-TRINITY-THE-BISHOP-SELWYN-CHAPEL\ufffd-Auckland-New-Zealand-scaled-e1583329673967-1463x1536.jpg 1463w, https:\/\/www.manetti.com\/wp-content\/uploads\/2020\/01\/HOLY-TRINITY-THE-BISHOP-SELWYN-CHAPEL\ufffd-Auckland-New-Zealand-scaled-e1583329673967.jpg 1689w\" sizes=\"auto, (max-width: 975px) 100vw, 975px\" \/>\r\n<figcaption class=\"blocks-gallery-item__caption\">HOLY TRINITY &#8211; THE BISHOP SELWYN CHAPEL; Auckland, Neuseeland<\/figcaption>\r\n<\/figure>\r\n<\/li>\r\n<li class=\"blocks-gallery-item\">\r\n<figure><img loading=\"lazy\" decoding=\"async\" width=\"1024\" height=\"683\" class=\"wp-image-1939\" src=\"https:\/\/www.manetti.com\/wp-content\/uploads\/2020\/01\/MORMON-TEMPLE\ufffd-Washington-USA-1024x683.jpg\" alt=\"\" data-id=\"1939\" data-full-url=\"https:\/\/www.manetti.com\/wp-content\/uploads\/2020\/01\/MORMON-TEMPLE\ufffd-Washington-USA-scaled.jpg\" data-link=\"https:\/\/www.manetti.com\/galleria-architettura-test-2\/mormon-temple%ef%bf%bd-washington-usa\/\" srcset=\"https:\/\/www.manetti.com\/wp-content\/uploads\/2020\/01\/MORMON-TEMPLE\ufffd-Washington-USA-1024x683.jpg 1024w, https:\/\/www.manetti.com\/wp-content\/uploads\/2020\/01\/MORMON-TEMPLE\ufffd-Washington-USA-scaled-600x400.jpg 600w, https:\/\/www.manetti.com\/wp-content\/uploads\/2020\/01\/MORMON-TEMPLE\ufffd-Washington-USA-300x200.jpg 300w, https:\/\/www.manetti.com\/wp-content\/uploads\/2020\/01\/MORMON-TEMPLE\ufffd-Washington-USA-768x512.jpg 768w, https:\/\/www.manetti.com\/wp-content\/uploads\/2020\/01\/MORMON-TEMPLE\ufffd-Washington-USA-1536x1024.jpg 1536w, https:\/\/www.manetti.com\/wp-content\/uploads\/2020\/01\/MORMON-TEMPLE\ufffd-Washington-USA-2048x1365.jpg 2048w\" sizes=\"auto, (max-width: 1024px) 100vw, 1024px\" \/>\r\n<figcaption class=\"blocks-gallery-item__caption\">MORMON TEMPLE; Washington, USA<\/figcaption>\r\n<\/figure>\r\n<\/li>\r\n<li class=\"blocks-gallery-item\">\r\n<figure><img loading=\"lazy\" decoding=\"async\" width=\"683\" height=\"1024\" class=\"wp-image-3259\" src=\"https:\/\/www.manetti.com\/wp-content\/uploads\/2020\/01\/METRONOME-New-York-USA-683x1024.jpg\" alt=\"\" data-id=\"3259\" data-full-url=\"https:\/\/www.manetti.com\/wp-content\/uploads\/2020\/01\/METRONOME-New-York-USA-scaled.jpg\" data-link=\"https:\/\/www.manetti.com\/galleria-architettura-test-2\/metronome-new-york-usa\/\" srcset=\"https:\/\/www.manetti.com\/wp-content\/uploads\/2020\/01\/METRONOME-New-York-USA-683x1024.jpg 683w, https:\/\/www.manetti.com\/wp-content\/uploads\/2020\/01\/METRONOME-New-York-USA-200x300.jpg 200w, https:\/\/www.manetti.com\/wp-content\/uploads\/2020\/01\/METRONOME-New-York-USA-768x1152.jpg 768w, https:\/\/www.manetti.com\/wp-content\/uploads\/2020\/01\/METRONOME-New-York-USA-1024x1536.jpg 1024w, https:\/\/www.manetti.com\/wp-content\/uploads\/2020\/01\/METRONOME-New-York-USA-1365x2048.jpg 1365w, https:\/\/www.manetti.com\/wp-content\/uploads\/2020\/01\/METRONOME-New-York-USA-600x900.jpg 600w, https:\/\/www.manetti.com\/wp-content\/uploads\/2020\/01\/METRONOME-New-York-USA-scaled.jpg 1707w\" sizes=\"auto, (max-width: 683px) 100vw, 683px\" \/>\r\n<figcaption class=\"blocks-gallery-item__caption\">METRONOME; New York, USA<\/figcaption>\r\n<\/figure>\r\n<\/li>\r\n<li class=\"blocks-gallery-item\">\r\n<figure><img loading=\"lazy\" decoding=\"async\" width=\"1024\" height=\"576\" class=\"wp-image-3261\" src=\"https:\/\/www.manetti.com\/wp-content\/uploads\/2020\/01\/STAINLESS-STEEL-DOME-AT-THE-LIBRARY-OF-UNION-UNIVERSITY-Jackson-USA-\u00a9-elevatedlens.com_-1024x576.jpg\" alt=\"\" data-id=\"3261\" data-full-url=\"https:\/\/www.manetti.com\/wp-content\/uploads\/2020\/01\/STAINLESS-STEEL-DOME-AT-THE-LIBRARY-OF-UNION-UNIVERSITY-Jackson-USA-\u00a9-elevatedlens.com_.jpg\" data-link=\"https:\/\/www.manetti.com\/galleria-architettura-test-2\/stainless-steel-dome-at-the-library-of-union-university-jackson-usa-elevatedlens-com\/\" srcset=\"https:\/\/www.manetti.com\/wp-content\/uploads\/2020\/01\/STAINLESS-STEEL-DOME-AT-THE-LIBRARY-OF-UNION-UNIVERSITY-Jackson-USA-\u00a9-elevatedlens.com_-1024x576.jpg 1024w, https:\/\/www.manetti.com\/wp-content\/uploads\/2020\/01\/STAINLESS-STEEL-DOME-AT-THE-LIBRARY-OF-UNION-UNIVERSITY-Jackson-USA-\u00a9-elevatedlens.com_-300x169.jpg 300w, https:\/\/www.manetti.com\/wp-content\/uploads\/2020\/01\/STAINLESS-STEEL-DOME-AT-THE-LIBRARY-OF-UNION-UNIVERSITY-Jackson-USA-\u00a9-elevatedlens.com_-768x432.jpg 768w, https:\/\/www.manetti.com\/wp-content\/uploads\/2020\/01\/STAINLESS-STEEL-DOME-AT-THE-LIBRARY-OF-UNION-UNIVERSITY-Jackson-USA-\u00a9-elevatedlens.com_-1536x864.jpg 1536w, https:\/\/www.manetti.com\/wp-content\/uploads\/2020\/01\/STAINLESS-STEEL-DOME-AT-THE-LIBRARY-OF-UNION-UNIVERSITY-Jackson-USA-\u00a9-elevatedlens.com_-600x338.jpg 600w, https:\/\/www.manetti.com\/wp-content\/uploads\/2020\/01\/STAINLESS-STEEL-DOME-AT-THE-LIBRARY-OF-UNION-UNIVERSITY-Jackson-USA-\u00a9-elevatedlens.com_.jpg 1900w\" sizes=\"auto, (max-width: 1024px) 100vw, 1024px\" \/>\r\n<figcaption class=\"blocks-gallery-item__caption\">STAINLESS STEEL DOME AT THE LIBRARY OF UNION UNIVERSITY; Jackson, USA (\u00a9 elevatedlens.com)<\/figcaption>\r\n<\/figure>\r\n<\/li>\r\n<li class=\"blocks-gallery-item\">\r\n<figure><img loading=\"lazy\" decoding=\"async\" width=\"1024\" height=\"683\" class=\"wp-image-46633\" src=\"https:\/\/www.manetti.com\/wp-content\/uploads\/2020\/01\/THE-TRUMP-TAJ-MAHAL-CASINO-RESORT\ufffd-Atlantic-City-USA-1024x683.jpg\" alt=\"\" data-id=\"1943\" data-full-url=\"https:\/\/www.manetti.com\/wp-content\/uploads\/2020\/01\/THE-TRUMP-TAJ-MAHAL-CASINO-RESORT\ufffd-Atlantic-City-USA-scaled.jpg\" data-link=\"https:\/\/www.manetti.com\/galleria-architettura-test-2\/atlantic-city-new-jersey-september-8-2012-the-taj-mahal-casino-in-atlantic-city-the-casino-closed-in-2016\/\" srcset=\"https:\/\/www.manetti.com\/wp-content\/uploads\/2020\/01\/THE-TRUMP-TAJ-MAHAL-CASINO-RESORT\ufffd-Atlantic-City-USA-1024x683.jpg 1024w, https:\/\/www.manetti.com\/wp-content\/uploads\/2020\/01\/THE-TRUMP-TAJ-MAHAL-CASINO-RESORT\ufffd-Atlantic-City-USA-scaled-600x400.jpg 600w, https:\/\/www.manetti.com\/wp-content\/uploads\/2020\/01\/THE-TRUMP-TAJ-MAHAL-CASINO-RESORT\ufffd-Atlantic-City-USA-300x200.jpg 300w, https:\/\/www.manetti.com\/wp-content\/uploads\/2020\/01\/THE-TRUMP-TAJ-MAHAL-CASINO-RESORT\ufffd-Atlantic-City-USA-768x513.jpg 768w, https:\/\/www.manetti.com\/wp-content\/uploads\/2020\/01\/THE-TRUMP-TAJ-MAHAL-CASINO-RESORT\ufffd-Atlantic-City-USA-1536x1025.jpg 1536w, https:\/\/www.manetti.com\/wp-content\/uploads\/2020\/01\/THE-TRUMP-TAJ-MAHAL-CASINO-RESORT\ufffd-Atlantic-City-USA-2048x1367.jpg 2048w\" sizes=\"auto, (max-width: 1024px) 100vw, 1024px\" \/>\r\n<figcaption class=\"blocks-gallery-item__caption\">THE TRUMP TAJ MAHAL CASINO RESORT; Atlantic City, USA<\/figcaption>\r\n<\/figure>\r\n<\/li>\r\n<li class=\"blocks-gallery-item\">\r\n<figure><img loading=\"lazy\" decoding=\"async\" width=\"1024\" height=\"680\" class=\"wp-image-1945\" src=\"https:\/\/www.manetti.com\/wp-content\/uploads\/2020\/01\/ULAN-UDE-BURJATIJA\ufffd-Ulan-Ude-Russia-1024x680.jpg\" alt=\"\" data-id=\"1945\" data-full-url=\"https:\/\/www.manetti.com\/wp-content\/uploads\/2020\/01\/ULAN-UDE-BURJATIJA\ufffd-Ulan-Ude-Russia-scaled.jpg\" data-link=\"https:\/\/www.manetti.com\/galleria-architettura-test-2\/ulan-ude-burjatija%ef%bf%bd-ulan-ude-russia\/\" srcset=\"https:\/\/www.manetti.com\/wp-content\/uploads\/2020\/01\/ULAN-UDE-BURJATIJA\ufffd-Ulan-Ude-Russia-1024x680.jpg 1024w, https:\/\/www.manetti.com\/wp-content\/uploads\/2020\/01\/ULAN-UDE-BURJATIJA\ufffd-Ulan-Ude-Russia-scaled-600x398.jpg 600w, https:\/\/www.manetti.com\/wp-content\/uploads\/2020\/01\/ULAN-UDE-BURJATIJA\ufffd-Ulan-Ude-Russia-300x199.jpg 300w, https:\/\/www.manetti.com\/wp-content\/uploads\/2020\/01\/ULAN-UDE-BURJATIJA\ufffd-Ulan-Ude-Russia-768x510.jpg 768w, https:\/\/www.manetti.com\/wp-content\/uploads\/2020\/01\/ULAN-UDE-BURJATIJA\ufffd-Ulan-Ude-Russia-1536x1020.jpg 1536w, https:\/\/www.manetti.com\/wp-content\/uploads\/2020\/01\/ULAN-UDE-BURJATIJA\ufffd-Ulan-Ude-Russia-2048x1360.jpg 2048w\" sizes=\"auto, (max-width: 1024px) 100vw, 1024px\" \/>\r\n<figcaption class=\"blocks-gallery-item__caption\">ULAN-UDE BURJATIJA; Ulan-Ude, Russland<\/figcaption>\r\n<\/figure>\r\n<\/li>\r\n<li class=\"blocks-gallery-item\">\r\n<figure><img loading=\"lazy\" decoding=\"async\" width=\"1024\" height=\"768\" class=\"wp-image-1947\" src=\"https:\/\/www.manetti.com\/wp-content\/uploads\/2020\/01\/UNITED-HOUSE-OF-PRAYER-FOR-ALL-PEOPLE\ufffd-Washington-USA-1024x768.jpg\" alt=\"\" data-id=\"1947\" data-full-url=\"https:\/\/www.manetti.com\/wp-content\/uploads\/2020\/01\/UNITED-HOUSE-OF-PRAYER-FOR-ALL-PEOPLE\ufffd-Washington-USA-scaled.jpg\" data-link=\"https:\/\/www.manetti.com\/galleria-architettura-test-2\/united-house-of-prayer-for-all-people%ef%bf%bd-washington-usa\/\" srcset=\"https:\/\/www.manetti.com\/wp-content\/uploads\/2020\/01\/UNITED-HOUSE-OF-PRAYER-FOR-ALL-PEOPLE\ufffd-Washington-USA-1024x768.jpg 1024w, https:\/\/www.manetti.com\/wp-content\/uploads\/2020\/01\/UNITED-HOUSE-OF-PRAYER-FOR-ALL-PEOPLE\ufffd-Washington-USA-scaled-600x450.jpg 600w, https:\/\/www.manetti.com\/wp-content\/uploads\/2020\/01\/UNITED-HOUSE-OF-PRAYER-FOR-ALL-PEOPLE\ufffd-Washington-USA-300x225.jpg 300w, https:\/\/www.manetti.com\/wp-content\/uploads\/2020\/01\/UNITED-HOUSE-OF-PRAYER-FOR-ALL-PEOPLE\ufffd-Washington-USA-768x576.jpg 768w, https:\/\/www.manetti.com\/wp-content\/uploads\/2020\/01\/UNITED-HOUSE-OF-PRAYER-FOR-ALL-PEOPLE\ufffd-Washington-USA-1536x1152.jpg 1536w, https:\/\/www.manetti.com\/wp-content\/uploads\/2020\/01\/UNITED-HOUSE-OF-PRAYER-FOR-ALL-PEOPLE\ufffd-Washington-USA-2048x1536.jpg 2048w\" sizes=\"auto, (max-width: 1024px) 100vw, 1024px\" \/>\r\n<figcaption class=\"blocks-gallery-item__caption\">UNITED HOUSE FOR ALL PEOPLE; Washington, USA<\/figcaption>\r\n<\/figure>\r\n<\/li>\r\n<li class=\"blocks-gallery-item\">\r\n<figure><img loading=\"lazy\" decoding=\"async\" width=\"1024\" height=\"801\" class=\"wp-image-1949\" src=\"https:\/\/www.manetti.com\/wp-content\/uploads\/2020\/01\/VILLA-EMPAIN-BOGHOSSIAN-FOUNDATION-\ufffd-Brussels-Belgium-\u00a9-Georges-De-Kinder-1024x801.jpg\" alt=\"\" data-id=\"1949\" data-full-url=\"https:\/\/www.manetti.com\/wp-content\/uploads\/2020\/01\/VILLA-EMPAIN-BOGHOSSIAN-FOUNDATION-\ufffd-Brussels-Belgium-\u00a9-Georges-De-Kinder-scaled.jpg\" data-link=\"https:\/\/www.manetti.com\/galleria-architettura-test-2\/image-061\/\" srcset=\"https:\/\/www.manetti.com\/wp-content\/uploads\/2020\/01\/VILLA-EMPAIN-BOGHOSSIAN-FOUNDATION-\ufffd-Brussels-Belgium-\u00a9-Georges-De-Kinder-1024x801.jpg 1024w, https:\/\/www.manetti.com\/wp-content\/uploads\/2020\/01\/VILLA-EMPAIN-BOGHOSSIAN-FOUNDATION-\ufffd-Brussels-Belgium-\u00a9-Georges-De-Kinder-scaled-600x469.jpg 600w, https:\/\/www.manetti.com\/wp-content\/uploads\/2020\/01\/VILLA-EMPAIN-BOGHOSSIAN-FOUNDATION-\ufffd-Brussels-Belgium-\u00a9-Georges-De-Kinder-300x235.jpg 300w, https:\/\/www.manetti.com\/wp-content\/uploads\/2020\/01\/VILLA-EMPAIN-BOGHOSSIAN-FOUNDATION-\ufffd-Brussels-Belgium-\u00a9-Georges-De-Kinder-768x601.jpg 768w, https:\/\/www.manetti.com\/wp-content\/uploads\/2020\/01\/VILLA-EMPAIN-BOGHOSSIAN-FOUNDATION-\ufffd-Brussels-Belgium-\u00a9-Georges-De-Kinder-1536x1201.jpg 1536w, https:\/\/www.manetti.com\/wp-content\/uploads\/2020\/01\/VILLA-EMPAIN-BOGHOSSIAN-FOUNDATION-\ufffd-Brussels-Belgium-\u00a9-Georges-De-Kinder-2048x1602.jpg 2048w\" sizes=\"auto, (max-width: 1024px) 100vw, 1024px\" \/>\r\n<figcaption class=\"blocks-gallery-item__caption\">VILLA EMPAIN &#8211; BOGHOSSIAN FOUNDATION ; Br\u00fcssel, Belgien (\u00a9 Georges De Kinder)<\/figcaption>\r\n<\/figure>\r\n<\/li>\r\n<li class=\"blocks-gallery-item\">\r\n<figure><img loading=\"lazy\" decoding=\"async\" width=\"1024\" height=\"1004\" class=\"wp-image-1951\" src=\"https:\/\/www.manetti.com\/wp-content\/uploads\/2020\/01\/WAFI-TOWER\ufffd-Dubai-UAE-scaled-e1580997493343-1024x1004.jpg\" alt=\"\" data-id=\"1951\" data-full-url=\"https:\/\/www.manetti.com\/wp-content\/uploads\/2020\/01\/WAFI-TOWER\ufffd-Dubai-UAE-scaled-e1580997493343.jpg\" data-link=\"https:\/\/www.manetti.com\/galleria-architettura-test-2\/wafi-tower%ef%bf%bd-dubai-uae\/\" srcset=\"https:\/\/www.manetti.com\/wp-content\/uploads\/2020\/01\/WAFI-TOWER\ufffd-Dubai-UAE-scaled-e1580997493343-1024x1004.jpg 1024w, https:\/\/www.manetti.com\/wp-content\/uploads\/2020\/01\/WAFI-TOWER\ufffd-Dubai-UAE-scaled-e1580997493343-600x588.jpg 600w, https:\/\/www.manetti.com\/wp-content\/uploads\/2020\/01\/WAFI-TOWER\ufffd-Dubai-UAE-scaled-e1580997493343-300x294.jpg 300w, https:\/\/www.manetti.com\/wp-content\/uploads\/2020\/01\/WAFI-TOWER\ufffd-Dubai-UAE-scaled-e1580997493343-768x753.jpg 768w, https:\/\/www.manetti.com\/wp-content\/uploads\/2020\/01\/WAFI-TOWER\ufffd-Dubai-UAE-scaled-e1580997493343-1536x1506.jpg 1536w, https:\/\/www.manetti.com\/wp-content\/uploads\/2020\/01\/WAFI-TOWER\ufffd-Dubai-UAE-scaled-e1580997493343.jpg 1706w\" sizes=\"auto, (max-width: 1024px) 100vw, 1024px\" \/>\r\n<figcaption class=\"blocks-gallery-item__caption\">WAFI TOWER; Dubai, EAU<\/figcaption>\r\n<\/figure>\r\n<\/li>\r\n<li class=\"blocks-gallery-item\">\r\n<figure><img loading=\"lazy\" decoding=\"async\" width=\"1024\" height=\"686\" class=\"wp-image-48559\" src=\"https:\/\/www.manetti.com\/wp-content\/uploads\/2020\/01\/MATRIMANDIR\ufffd-Auroville-India-1024x686.jpeg\" alt=\"\" data-id=\"1937\" data-full-url=\"https:\/\/www.manetti.com\/wp-content\/uploads\/2020\/01\/MATRIMANDIR\ufffd-Auroville-India-scaled.jpeg\" data-link=\"https:\/\/www.manetti.com\/galleria-architettura-test-2\/matrimandir-golden-temple-in-auroville-tamil-nadu-india\/\" srcset=\"https:\/\/www.manetti.com\/wp-content\/uploads\/2020\/01\/MATRIMANDIR\ufffd-Auroville-India-1024x686.jpeg 1024w, https:\/\/www.manetti.com\/wp-content\/uploads\/2020\/01\/MATRIMANDIR\ufffd-Auroville-India-scaled-600x402.jpeg 600w, https:\/\/www.manetti.com\/wp-content\/uploads\/2020\/01\/MATRIMANDIR\ufffd-Auroville-India-300x201.jpeg 300w, https:\/\/www.manetti.com\/wp-content\/uploads\/2020\/01\/MATRIMANDIR\ufffd-Auroville-India-768x514.jpeg 768w, https:\/\/www.manetti.com\/wp-content\/uploads\/2020\/01\/MATRIMANDIR\ufffd-Auroville-India-1536x1029.jpeg 1536w, https:\/\/www.manetti.com\/wp-content\/uploads\/2020\/01\/MATRIMANDIR\ufffd-Auroville-India-2048x1371.jpeg 2048w\" sizes=\"auto, (max-width: 1024px) 100vw, 1024px\" \/>\r\n<figcaption class=\"blocks-gallery-item__caption\">MATRIMANDIR; Auroville, Indien<\/figcaption>\r\n<\/figure>\r\n<\/li>\r\n<\/ul>\r\n<\/figure>\r\n\r\n\r\n\r\n<p>Von der Antike bis zur Gegenwart hat der Wunsch, unsterbliche Bauwerke zu schaffen, die Entscheidungen der Architekten immer wieder beeinflusst. Es ist daher nicht verwunderlich, dass die tausendj\u00e4hrige Kunst der Vergoldung auch heute noch erfolgreich ist und sich als einer der best\u00e4ndigsten Trends in der internationalen Architektur erweist.<br \/><br \/>Ein privilegierter Anwendungsbereich f\u00fcr die Verzierung von Geb\u00e4uden mit <a href=\"https:\/\/www.manetti.com\/de\/katalog\/blattgold\/\">Blattgold <\/a>ist zweifellos die Sakralarchitektur aufgrund der gro\u00dfen symbolischen Bedeutung des Goldes, das seit jeher mit einer Vorstellung von \u00fcbernat\u00fcrlicher Transzendenz verbunden ist. Zu den bedeutendsten Blattgoldarbeiten von Manetti in diesem Bereich geh\u00f6ren die Kuppel des erstaunlichen\u00a0<strong>Bahai-Tempels<\/strong>\u00a0\u00fcber der antiken Stadt Haifa in Israel, die monumentalen goldenen Fialen des\u00a0<strong>Mormonentempels<\/strong>\u00a0<strong>in Washington<\/strong>, und die\u00a0<strong>Holy Trinity Chapel in Auckland<\/strong>.<br \/><br \/>Mit den Kirchen konkurriert auch die vergoldete Architektur der prestigetr\u00e4chtigen Bibliotheken wie die\u00a0<strong>Brooklyn Public Library in New York<\/strong>, private Wolkenkratzer wie der\u00a0<strong>Wafi Tower in Dubai<\/strong>, ebenso luxuri\u00f6se wie theatralisch reizvolle Geb\u00e4ude wie das\u00a0<strong>Trump Taji Mahal Casino in Atlantic City<\/strong>\u00a0und ikonische Museen wie das von dem ber\u00fchmten Rem Kohlas f\u00fcr die\u00a0<strong>Fondazione Prada in Mailand<\/strong>\u00a0entworfene, die alle aus Blattgold von Manetti bestehen.<\/p>\r\n","protected":false},"excerpt":{"rendered":"<p>Wolkenkratzer, Kuppeln, Museen, Pal\u00e4ste: die prachtvollen Blattvergoldungen von Manetti lassen die sch\u00f6nste Architektur der Welt erstrahlen. Bl\u00e4ttern Sie durch die Galerie, um eine Auswahl zu sehen! Von der Antike bis zur Gegenwart hat der Wunsch, unsterbliche Bauwerke zu schaffen, die Entscheidungen der Architekten immer wieder beeinflusst. Es ist daher nicht verwunderlich, dass die tausendj\u00e4hrige Kunst [&#8230;]<\/p>\n<p><a class=\"btn btn-secondary understrap-read-more-link\" href=\"https:\/\/www.manetti.com\/de\/gallery\/architektur\/\">Weiterlesen&#8230;<\/a><\/p>\n","protected":false},"author":1,"featured_media":74255,"parent":45510,"menu_order":0,"comment_status":"closed","ping_status":"closed","template":"page-templates\/gallery-template.php","meta":{"_acf_changed":false,"footnotes":""},"class_list":["post-46631","page","type-page","status-publish","has-post-thumbnail","hentry"],"acf":[],"yoast_head":"<!-- This site is optimized with the Yoast SEO plugin v26.5 - https:\/\/yoast.com\/wordpress\/plugins\/seo\/ -->\n<title>Architektur und Blattgold | Giusto Manetti Battiloro<\/title>\n<meta name=\"description\" content=\"Entdecken Sie unsere architektonischen Errungenschaften mit Blattgold in einer atemberaubenden Fotosammlung, die die wichtigsten Geb\u00e4ude zeigt, in denen es verwendet wurde.\" \/>\n<meta name=\"robots\" content=\"index, follow, max-snippet:-1, max-image-preview:large, max-video-preview:-1\" \/>\n<link rel=\"canonical\" href=\"https:\/\/www.manetti.com\/de\/gallery\/architektur\/\" \/>\n<meta property=\"og:locale\" content=\"de_DE\" \/>\n<meta property=\"og:type\" content=\"article\" \/>\n<meta property=\"og:title\" content=\"Architektur und Blattgold | Giusto Manetti Battiloro\" \/>\n<meta property=\"og:description\" content=\"Entdecken Sie unsere architektonischen Errungenschaften mit Blattgold in einer atemberaubenden Fotosammlung, die die wichtigsten Geb\u00e4ude zeigt, in denen es verwendet wurde.\" \/>\n<meta property=\"og:url\" content=\"https:\/\/www.manetti.com\/de\/gallery\/architektur\/\" \/>\n<meta property=\"og:site_name\" content=\"Giusto Manetti Battiloro\" \/>\n<meta property=\"article:publisher\" content=\"https:\/\/www.facebook.com\/giustomanettibattiloro\" \/>\n<meta property=\"article:modified_time\" content=\"2024-09-18T10:55:34+00:00\" \/>\n<meta property=\"og:image\" content=\"https:\/\/www.manetti.com\/wp-content\/uploads\/2019\/11\/1.FondazionePrada_AboutUsHomepage1920-2.jpg\" \/>\n\t<meta property=\"og:image:width\" content=\"1920\" \/>\n\t<meta property=\"og:image:height\" content=\"1080\" \/>\n\t<meta property=\"og:image:type\" content=\"image\/jpeg\" \/>\n<meta name=\"twitter:card\" content=\"summary_large_image\" \/>\n<meta name=\"twitter:image\" content=\"https:\/\/www.manetti.com\/wp-content\/uploads\/2019\/11\/1.FondazionePrada_AboutUsHomepage1920-2.jpg\" \/>\n<meta name=\"twitter:label1\" content=\"Gesch\u00e4tzte Lesezeit\" \/>\n\t<meta name=\"twitter:data1\" content=\"5\u00a0Minuten\" \/>\n<script type=\"application\/ld+json\" class=\"yoast-schema-graph\">{\"@context\":\"https:\/\/schema.org\",\"@graph\":[{\"@type\":\"WebPage\",\"@id\":\"https:\/\/www.manetti.com\/de\/gallery\/architektur\/\",\"url\":\"https:\/\/www.manetti.com\/de\/gallery\/architektur\/\",\"name\":\"Architektur und Blattgold | Giusto Manetti Battiloro\",\"isPartOf\":{\"@id\":\"https:\/\/www.manetti.com\/de\/#website\"},\"primaryImageOfPage\":{\"@id\":\"https:\/\/www.manetti.com\/de\/gallery\/architektur\/#primaryimage\"},\"image\":{\"@id\":\"https:\/\/www.manetti.com\/de\/gallery\/architektur\/#primaryimage\"},\"thumbnailUrl\":\"https:\/\/www.manetti.com\/wp-content\/uploads\/2024\/04\/AdobeStock_358767712.jpg\",\"datePublished\":\"2020-01-16T16:59:00+00:00\",\"dateModified\":\"2024-09-18T10:55:34+00:00\",\"description\":\"Entdecken Sie unsere architektonischen Errungenschaften mit Blattgold in einer atemberaubenden Fotosammlung, die die wichtigsten Geb\u00e4ude zeigt, in denen es verwendet wurde.\",\"inLanguage\":\"de\",\"potentialAction\":[{\"@type\":\"ReadAction\",\"target\":[\"https:\/\/www.manetti.com\/de\/gallery\/architektur\/\"]}]},{\"@type\":\"ImageObject\",\"inLanguage\":\"de\",\"@id\":\"https:\/\/www.manetti.com\/de\/gallery\/architektur\/#primaryimage\",\"url\":\"https:\/\/www.manetti.com\/wp-content\/uploads\/2024\/04\/AdobeStock_358767712.jpg\",\"contentUrl\":\"https:\/\/www.manetti.com\/wp-content\/uploads\/2024\/04\/AdobeStock_358767712.jpg\",\"width\":900,\"height\":900},{\"@type\":\"WebSite\",\"@id\":\"https:\/\/www.manetti.com\/de\/#website\",\"url\":\"https:\/\/www.manetti.com\/de\/\",\"name\":\"Giusto Manetti Battiloro\",\"description\":\"\",\"publisher\":{\"@id\":\"https:\/\/www.manetti.com\/de\/#organization\"},\"potentialAction\":[{\"@type\":\"SearchAction\",\"target\":{\"@type\":\"EntryPoint\",\"urlTemplate\":\"https:\/\/www.manetti.com\/de\/?s={search_term_string}\"},\"query-input\":{\"@type\":\"PropertyValueSpecification\",\"valueRequired\":true,\"valueName\":\"search_term_string\"}}],\"inLanguage\":\"de\"},{\"@type\":\"Organization\",\"@id\":\"https:\/\/www.manetti.com\/de\/#organization\",\"name\":\"GIUSTO MANETTI BATTILORO S.P.A.\",\"url\":\"https:\/\/www.manetti.com\/de\/\",\"logo\":{\"@type\":\"ImageObject\",\"inLanguage\":\"de\",\"@id\":\"https:\/\/www.manetti.com\/de\/#\/schema\/logo\/image\/\",\"url\":\"https:\/\/www.manetti.com\/wp-content\/uploads\/2025\/02\/giusto-manetti-blu_300-02.png\",\"contentUrl\":\"https:\/\/www.manetti.com\/wp-content\/uploads\/2025\/02\/giusto-manetti-blu_300-02.png\",\"width\":1123,\"height\":1093,\"caption\":\"GIUSTO MANETTI BATTILORO S.P.A.\"},\"image\":{\"@id\":\"https:\/\/www.manetti.com\/de\/#\/schema\/logo\/image\/\"},\"sameAs\":[\"https:\/\/www.facebook.com\/giustomanettibattiloro\",\"https:\/\/www.instagram.com\/giustomanettibattiloro\/\",\"https:\/\/www.linkedin.com\/company\/giusto-manetti-battiloro-s-p-a-\/\",\"https:\/\/www.youtube.com\/user\/ManettiBattiloro\"]}]}<\/script>\n<!-- \/ Yoast SEO plugin. -->","yoast_head_json":{"title":"Architektur und Blattgold | Giusto Manetti Battiloro","description":"Entdecken Sie unsere architektonischen Errungenschaften mit Blattgold in einer atemberaubenden Fotosammlung, die die wichtigsten Geb\u00e4ude zeigt, in denen es verwendet wurde.","robots":{"index":"index","follow":"follow","max-snippet":"max-snippet:-1","max-image-preview":"max-image-preview:large","max-video-preview":"max-video-preview:-1"},"canonical":"https:\/\/www.manetti.com\/de\/gallery\/architektur\/","og_locale":"de_DE","og_type":"article","og_title":"Architektur und Blattgold | Giusto Manetti Battiloro","og_description":"Entdecken Sie unsere architektonischen Errungenschaften mit Blattgold in einer atemberaubenden Fotosammlung, die die wichtigsten Geb\u00e4ude zeigt, in denen es verwendet wurde.","og_url":"https:\/\/www.manetti.com\/de\/gallery\/architektur\/","og_site_name":"Giusto Manetti Battiloro","article_publisher":"https:\/\/www.facebook.com\/giustomanettibattiloro","article_modified_time":"2024-09-18T10:55:34+00:00","og_image":[{"width":1920,"height":1080,"url":"https:\/\/www.manetti.com\/wp-content\/uploads\/2019\/11\/1.FondazionePrada_AboutUsHomepage1920-2.jpg","type":"image\/jpeg"}],"twitter_card":"summary_large_image","twitter_image":"https:\/\/www.manetti.com\/wp-content\/uploads\/2019\/11\/1.FondazionePrada_AboutUsHomepage1920-2.jpg","twitter_misc":{"Gesch\u00e4tzte Lesezeit":"5\u00a0Minuten"},"schema":{"@context":"https:\/\/schema.org","@graph":[{"@type":"WebPage","@id":"https:\/\/www.manetti.com\/de\/gallery\/architektur\/","url":"https:\/\/www.manetti.com\/de\/gallery\/architektur\/","name":"Architektur und Blattgold | Giusto Manetti Battiloro","isPartOf":{"@id":"https:\/\/www.manetti.com\/de\/#website"},"primaryImageOfPage":{"@id":"https:\/\/www.manetti.com\/de\/gallery\/architektur\/#primaryimage"},"image":{"@id":"https:\/\/www.manetti.com\/de\/gallery\/architektur\/#primaryimage"},"thumbnailUrl":"https:\/\/www.manetti.com\/wp-content\/uploads\/2024\/04\/AdobeStock_358767712.jpg","datePublished":"2020-01-16T16:59:00+00:00","dateModified":"2024-09-18T10:55:34+00:00","description":"Entdecken Sie unsere architektonischen Errungenschaften mit Blattgold in einer atemberaubenden Fotosammlung, die die wichtigsten Geb\u00e4ude zeigt, in denen es verwendet wurde.","inLanguage":"de","potentialAction":[{"@type":"ReadAction","target":["https:\/\/www.manetti.com\/de\/gallery\/architektur\/"]}]},{"@type":"ImageObject","inLanguage":"de","@id":"https:\/\/www.manetti.com\/de\/gallery\/architektur\/#primaryimage","url":"https:\/\/www.manetti.com\/wp-content\/uploads\/2024\/04\/AdobeStock_358767712.jpg","contentUrl":"https:\/\/www.manetti.com\/wp-content\/uploads\/2024\/04\/AdobeStock_358767712.jpg","width":900,"height":900},{"@type":"WebSite","@id":"https:\/\/www.manetti.com\/de\/#website","url":"https:\/\/www.manetti.com\/de\/","name":"Giusto Manetti Battiloro","description":"","publisher":{"@id":"https:\/\/www.manetti.com\/de\/#organization"},"potentialAction":[{"@type":"SearchAction","target":{"@type":"EntryPoint","urlTemplate":"https:\/\/www.manetti.com\/de\/?s={search_term_string}"},"query-input":{"@type":"PropertyValueSpecification","valueRequired":true,"valueName":"search_term_string"}}],"inLanguage":"de"},{"@type":"Organization","@id":"https:\/\/www.manetti.com\/de\/#organization","name":"GIUSTO MANETTI BATTILORO S.P.A.","url":"https:\/\/www.manetti.com\/de\/","logo":{"@type":"ImageObject","inLanguage":"de","@id":"https:\/\/www.manetti.com\/de\/#\/schema\/logo\/image\/","url":"https:\/\/www.manetti.com\/wp-content\/uploads\/2025\/02\/giusto-manetti-blu_300-02.png","contentUrl":"https:\/\/www.manetti.com\/wp-content\/uploads\/2025\/02\/giusto-manetti-blu_300-02.png","width":1123,"height":1093,"caption":"GIUSTO MANETTI BATTILORO S.P.A."},"image":{"@id":"https:\/\/www.manetti.com\/de\/#\/schema\/logo\/image\/"},"sameAs":["https:\/\/www.facebook.com\/giustomanettibattiloro","https:\/\/www.instagram.com\/giustomanettibattiloro\/","https:\/\/www.linkedin.com\/company\/giusto-manetti-battiloro-s-p-a-\/","https:\/\/www.youtube.com\/user\/ManettiBattiloro"]}]}},"_links":{"self":[{"href":"https:\/\/www.manetti.com\/de\/wp-json\/wp\/v2\/pages\/46631","targetHints":{"allow":["GET"]}}],"collection":[{"href":"https:\/\/www.manetti.com\/de\/wp-json\/wp\/v2\/pages"}],"about":[{"href":"https:\/\/www.manetti.com\/de\/wp-json\/wp\/v2\/types\/page"}],"author":[{"embeddable":true,"href":"https:\/\/www.manetti.com\/de\/wp-json\/wp\/v2\/users\/1"}],"replies":[{"embeddable":true,"href":"https:\/\/www.manetti.com\/de\/wp-json\/wp\/v2\/comments?post=46631"}],"version-history":[{"count":0,"href":"https:\/\/www.manetti.com\/de\/wp-json\/wp\/v2\/pages\/46631\/revisions"}],"up":[{"embeddable":true,"href":"https:\/\/www.manetti.com\/de\/wp-json\/wp\/v2\/pages\/45510"}],"wp:featuredmedia":[{"embeddable":true,"href":"https:\/\/www.manetti.com\/de\/wp-json\/wp\/v2\/media\/74255"}],"wp:attachment":[{"href":"https:\/\/www.manetti.com\/de\/wp-json\/wp\/v2\/media?parent=46631"}],"curies":[{"name":"wp","href":"https:\/\/api.w.org\/{rel}","templated":true}]}}