{"id":70146,"date":"2021-02-04T09:42:55","date_gmt":"2024-02-13T08:42:56","guid":{"rendered":"https:\/\/www.manetti.com\/?post_type=product&#038;p=70146"},"modified":"2024-02-14T14:38:57","modified_gmt":"2024-02-14T13:38:57","slug":"staender-fuer-kunstwerke","status":"publish","type":"product","link":"https:\/\/www.manetti.com\/de\/produkt\/staender-fuer-kunstwerke\/","title":{"rendered":"St\u00e4nder f\u00fcr Kunstwerke"},"content":{"rendered":"<p>Speziell f\u00fcr die Platzierung auf der Ladentheke, im Schaufenster oder in einer speziellen Ecke konzipiert, erm\u00f6glicht der Aufsteller eine einfache und geordnete Anordnung der Vergoldungsprodukte von Giusto Manetti Battiloro und erleichtert so das Verst\u00e4ndnis f\u00fcr den Kunden und beg\u00fcnstigt folglich seinen Kauf.<\/p>\n","protected":false},"excerpt":{"rendered":"<p><strong>Gr\u00f6\u00dfe<\/strong>: 47,2 cm x 61 cm x 29,5 cm [&#8230;]<\/p>\n<p><a class=\"btn btn-secondary understrap-read-more-link\" href=\"https:\/\/www.manetti.com\/de\/produkt\/staender-fuer-kunstwerke\/\">Weiterlesen&#8230;<\/a><\/p>\n","protected":false},"featured_media":70156,"template":"","meta":{"_acf_changed":false},"product_brand":[],"product_cat":[467],"product_tag":[],"product_area":[],"catalog_category":[],"class_list":{"0":"post-70146","1":"product","2":"type-product","3":"status-publish","4":"has-post-thumbnail","6":"product_cat-bildende-kunst","8":"first","9":"instock","10":"shipping-taxable","11":"purchasable","12":"product-type-simple"},"acf":[],"yoast_head":"<!-- This site is optimized with the Yoast SEO plugin v26.5 - https:\/\/yoast.com\/wordpress\/plugins\/seo\/ -->\n<title>St\u00e4nder f\u00fcr Kunstwerke | Giusto Manetti Battiloro<\/title>\n<meta name=\"description\" content=\"Entworfen f\u00fcr die Positionierung in einer dedizierten Ecke eines Kunsthandelsgesch\u00e4fts, erm\u00f6glicht die Ausstellungseinheit eine ordentliche Anordnung.\" \/>\n<meta name=\"robots\" content=\"index, follow, max-snippet:-1, max-image-preview:large, max-video-preview:-1\" \/>\n<link rel=\"canonical\" href=\"https:\/\/www.manetti.com\/de\/produkt\/staender-fuer-kunstwerke\/\" \/>\n<meta property=\"og:locale\" content=\"de_DE\" \/>\n<meta property=\"og:type\" content=\"article\" \/>\n<meta property=\"og:title\" content=\"St\u00e4nder f\u00fcr Kunstwerke | Giusto Manetti Battiloro\" \/>\n<meta property=\"og:description\" content=\"Entworfen f\u00fcr die Positionierung in einer dedizierten Ecke eines Kunsthandelsgesch\u00e4fts, erm\u00f6glicht die Ausstellungseinheit eine ordentliche Anordnung.\" \/>\n<meta property=\"og:url\" content=\"https:\/\/www.manetti.com\/de\/produkt\/staender-fuer-kunstwerke\/\" \/>\n<meta property=\"og:site_name\" content=\"Giusto Manetti Battiloro\" \/>\n<meta property=\"article:publisher\" content=\"https:\/\/www.facebook.com\/giustomanettibattiloro\" \/>\n<meta property=\"article:modified_time\" content=\"2024-02-14T13:38:57+00:00\" \/>\n<meta property=\"og:image\" content=\"https:\/\/www.manetti.com\/wp-content\/uploads\/2024\/02\/Espositore_cover.png\" \/>\n\t<meta property=\"og:image:width\" content=\"1000\" \/>\n\t<meta property=\"og:image:height\" content=\"1000\" \/>\n\t<meta property=\"og:image:type\" content=\"image\/png\" \/>\n<meta name=\"twitter:card\" content=\"summary_large_image\" \/>\n<script type=\"application\/ld+json\" class=\"yoast-schema-graph\">{\"@context\":\"https:\/\/schema.org\",\"@graph\":[{\"@type\":\"WebPage\",\"@id\":\"https:\/\/www.manetti.com\/de\/produkt\/staender-fuer-kunstwerke\/\",\"url\":\"https:\/\/www.manetti.com\/de\/produkt\/staender-fuer-kunstwerke\/\",\"name\":\"St\u00e4nder f\u00fcr Kunstwerke | Giusto Manetti Battiloro\",\"isPartOf\":{\"@id\":\"https:\/\/www.manetti.com\/de\/#website\"},\"primaryImageOfPage\":{\"@id\":\"https:\/\/www.manetti.com\/de\/produkt\/staender-fuer-kunstwerke\/#primaryimage\"},\"image\":{\"@id\":\"https:\/\/www.manetti.com\/de\/produkt\/staender-fuer-kunstwerke\/#primaryimage\"},\"thumbnailUrl\":\"https:\/\/www.manetti.com\/wp-content\/uploads\/2024\/02\/Espositore_cover.png\",\"datePublished\":\"2024-02-13T08:42:56+00:00\",\"dateModified\":\"2024-02-14T13:38:57+00:00\",\"description\":\"Entworfen f\u00fcr die Positionierung in einer dedizierten Ecke eines Kunsthandelsgesch\u00e4fts, erm\u00f6glicht die Ausstellungseinheit eine ordentliche Anordnung.\",\"inLanguage\":\"de\",\"potentialAction\":[{\"@type\":\"ReadAction\",\"target\":[\"https:\/\/www.manetti.com\/de\/produkt\/staender-fuer-kunstwerke\/\"]}]},{\"@type\":\"ImageObject\",\"inLanguage\":\"de\",\"@id\":\"https:\/\/www.manetti.com\/de\/produkt\/staender-fuer-kunstwerke\/#primaryimage\",\"url\":\"https:\/\/www.manetti.com\/wp-content\/uploads\/2024\/02\/Espositore_cover.png\",\"contentUrl\":\"https:\/\/www.manetti.com\/wp-content\/uploads\/2024\/02\/Espositore_cover.png\",\"width\":1000,\"height\":1000,\"caption\":\"Espositore\"},{\"@type\":\"WebSite\",\"@id\":\"https:\/\/www.manetti.com\/de\/#website\",\"url\":\"https:\/\/www.manetti.com\/de\/\",\"name\":\"Giusto Manetti Battiloro\",\"description\":\"\",\"publisher\":{\"@id\":\"https:\/\/www.manetti.com\/de\/#organization\"},\"potentialAction\":[{\"@type\":\"SearchAction\",\"target\":{\"@type\":\"EntryPoint\",\"urlTemplate\":\"https:\/\/www.manetti.com\/de\/?s={search_term_string}\"},\"query-input\":{\"@type\":\"PropertyValueSpecification\",\"valueRequired\":true,\"valueName\":\"search_term_string\"}}],\"inLanguage\":\"de\"},{\"@type\":\"Organization\",\"@id\":\"https:\/\/www.manetti.com\/de\/#organization\",\"name\":\"GIUSTO MANETTI BATTILORO S.P.A.\",\"url\":\"https:\/\/www.manetti.com\/de\/\",\"logo\":{\"@type\":\"ImageObject\",\"inLanguage\":\"de\",\"@id\":\"https:\/\/www.manetti.com\/de\/#\/schema\/logo\/image\/\",\"url\":\"https:\/\/www.manetti.com\/wp-content\/uploads\/2025\/02\/giusto-manetti-blu_300-02.png\",\"contentUrl\":\"https:\/\/www.manetti.com\/wp-content\/uploads\/2025\/02\/giusto-manetti-blu_300-02.png\",\"width\":1123,\"height\":1093,\"caption\":\"GIUSTO MANETTI BATTILORO S.P.A.\"},\"image\":{\"@id\":\"https:\/\/www.manetti.com\/de\/#\/schema\/logo\/image\/\"},\"sameAs\":[\"https:\/\/www.facebook.com\/giustomanettibattiloro\",\"https:\/\/www.instagram.com\/giustomanettibattiloro\/\",\"https:\/\/www.linkedin.com\/company\/giusto-manetti-battiloro-s-p-a-\/\",\"https:\/\/www.youtube.com\/user\/ManettiBattiloro\"]}]}<\/script>\n<!-- \/ Yoast SEO plugin. -->","yoast_head_json":{"title":"St\u00e4nder f\u00fcr Kunstwerke | Giusto Manetti Battiloro","description":"Entworfen f\u00fcr die Positionierung in einer dedizierten Ecke eines Kunsthandelsgesch\u00e4fts, erm\u00f6glicht die Ausstellungseinheit eine ordentliche Anordnung.","robots":{"index":"index","follow":"follow","max-snippet":"max-snippet:-1","max-image-preview":"max-image-preview:large","max-video-preview":"max-video-preview:-1"},"canonical":"https:\/\/www.manetti.com\/de\/produkt\/staender-fuer-kunstwerke\/","og_locale":"de_DE","og_type":"article","og_title":"St\u00e4nder f\u00fcr Kunstwerke | Giusto Manetti Battiloro","og_description":"Entworfen f\u00fcr die Positionierung in einer dedizierten Ecke eines Kunsthandelsgesch\u00e4fts, erm\u00f6glicht die Ausstellungseinheit eine ordentliche Anordnung.","og_url":"https:\/\/www.manetti.com\/de\/produkt\/staender-fuer-kunstwerke\/","og_site_name":"Giusto Manetti Battiloro","article_publisher":"https:\/\/www.facebook.com\/giustomanettibattiloro","article_modified_time":"2024-02-14T13:38:57+00:00","og_image":[{"width":1000,"height":1000,"url":"https:\/\/www.manetti.com\/wp-content\/uploads\/2024\/02\/Espositore_cover.png","type":"image\/png"}],"twitter_card":"summary_large_image","schema":{"@context":"https:\/\/schema.org","@graph":[{"@type":"WebPage","@id":"https:\/\/www.manetti.com\/de\/produkt\/staender-fuer-kunstwerke\/","url":"https:\/\/www.manetti.com\/de\/produkt\/staender-fuer-kunstwerke\/","name":"St\u00e4nder f\u00fcr Kunstwerke | Giusto Manetti Battiloro","isPartOf":{"@id":"https:\/\/www.manetti.com\/de\/#website"},"primaryImageOfPage":{"@id":"https:\/\/www.manetti.com\/de\/produkt\/staender-fuer-kunstwerke\/#primaryimage"},"image":{"@id":"https:\/\/www.manetti.com\/de\/produkt\/staender-fuer-kunstwerke\/#primaryimage"},"thumbnailUrl":"https:\/\/www.manetti.com\/wp-content\/uploads\/2024\/02\/Espositore_cover.png","datePublished":"2024-02-13T08:42:56+00:00","dateModified":"2024-02-14T13:38:57+00:00","description":"Entworfen f\u00fcr die Positionierung in einer dedizierten Ecke eines Kunsthandelsgesch\u00e4fts, erm\u00f6glicht die Ausstellungseinheit eine ordentliche Anordnung.","inLanguage":"de","potentialAction":[{"@type":"ReadAction","target":["https:\/\/www.manetti.com\/de\/produkt\/staender-fuer-kunstwerke\/"]}]},{"@type":"ImageObject","inLanguage":"de","@id":"https:\/\/www.manetti.com\/de\/produkt\/staender-fuer-kunstwerke\/#primaryimage","url":"https:\/\/www.manetti.com\/wp-content\/uploads\/2024\/02\/Espositore_cover.png","contentUrl":"https:\/\/www.manetti.com\/wp-content\/uploads\/2024\/02\/Espositore_cover.png","width":1000,"height":1000,"caption":"Espositore"},{"@type":"WebSite","@id":"https:\/\/www.manetti.com\/de\/#website","url":"https:\/\/www.manetti.com\/de\/","name":"Giusto Manetti Battiloro","description":"","publisher":{"@id":"https:\/\/www.manetti.com\/de\/#organization"},"potentialAction":[{"@type":"SearchAction","target":{"@type":"EntryPoint","urlTemplate":"https:\/\/www.manetti.com\/de\/?s={search_term_string}"},"query-input":{"@type":"PropertyValueSpecification","valueRequired":true,"valueName":"search_term_string"}}],"inLanguage":"de"},{"@type":"Organization","@id":"https:\/\/www.manetti.com\/de\/#organization","name":"GIUSTO MANETTI BATTILORO S.P.A.","url":"https:\/\/www.manetti.com\/de\/","logo":{"@type":"ImageObject","inLanguage":"de","@id":"https:\/\/www.manetti.com\/de\/#\/schema\/logo\/image\/","url":"https:\/\/www.manetti.com\/wp-content\/uploads\/2025\/02\/giusto-manetti-blu_300-02.png","contentUrl":"https:\/\/www.manetti.com\/wp-content\/uploads\/2025\/02\/giusto-manetti-blu_300-02.png","width":1123,"height":1093,"caption":"GIUSTO MANETTI BATTILORO S.P.A."},"image":{"@id":"https:\/\/www.manetti.com\/de\/#\/schema\/logo\/image\/"},"sameAs":["https:\/\/www.facebook.com\/giustomanettibattiloro","https:\/\/www.instagram.com\/giustomanettibattiloro\/","https:\/\/www.linkedin.com\/company\/giusto-manetti-battiloro-s-p-a-\/","https:\/\/www.youtube.com\/user\/ManettiBattiloro"]}]}},"_links":{"self":[{"href":"https:\/\/www.manetti.com\/de\/wp-json\/wp\/v2\/product\/70146","targetHints":{"allow":["GET"]}}],"collection":[{"href":"https:\/\/www.manetti.com\/de\/wp-json\/wp\/v2\/product"}],"about":[{"href":"https:\/\/www.manetti.com\/de\/wp-json\/wp\/v2\/types\/product"}],"wp:featuredmedia":[{"embeddable":true,"href":"https:\/\/www.manetti.com\/de\/wp-json\/wp\/v2\/media\/70156"}],"wp:attachment":[{"href":"https:\/\/www.manetti.com\/de\/wp-json\/wp\/v2\/media?parent=70146"}],"wp:term":[{"taxonomy":"product_brand","embeddable":true,"href":"https:\/\/www.manetti.com\/de\/wp-json\/wp\/v2\/product_brand?post=70146"},{"taxonomy":"product_cat","embeddable":true,"href":"https:\/\/www.manetti.com\/de\/wp-json\/wp\/v2\/product_cat?post=70146"},{"taxonomy":"product_tag","embeddable":true,"href":"https:\/\/www.manetti.com\/de\/wp-json\/wp\/v2\/product_tag?post=70146"},{"taxonomy":"product_area","embeddable":true,"href":"https:\/\/www.manetti.com\/de\/wp-json\/wp\/v2\/product_area?post=70146"},{"taxonomy":"catalog_category","embeddable":true,"href":"https:\/\/www.manetti.com\/de\/wp-json\/wp\/v2\/catalog_category?post=70146"}],"curies":[{"name":"wp","href":"https:\/\/api.w.org\/{rel}","templated":true}]}}