{"id":30518,"date":"2020-01-16T17:21:52","date_gmt":"2020-01-16T16:21:52","guid":{"rendered":"https:\/\/www.manetti.com\/cancellate\/"},"modified":"2022-08-03T17:22:54","modified_gmt":"2022-08-03T15:22:54","slug":"puertas","status":"publish","type":"page","link":"https:\/\/www.manetti.com\/es\/galeria\/puertas\/","title":{"rendered":"Puertas"},"content":{"rendered":"\n<p>Desde Versalles hasta el Palacio de Buckingham, <a href=\"https:\/\/www.manetti.com\/es\/catalogo-productos\/pan-de-oro\/\">el pan de oro Manetti<\/a> decora con su preciosa luz las barandillas y verjas de algunos de los palacios y jardines m\u00e1s bellos del mundo.<br><br>Navegue por la Galer\u00eda para ver una selecci\u00f3n de los logros m\u00e1s sorprendentes.<\/p>\n\n\n\n<figure class=\"wp-block-gallery columns-3 is-cropped wp-block-gallery-1 is-layout-flex wp-block-gallery-is-layout-flex\"><ul class=\"blocks-gallery-grid\"><li class=\"blocks-gallery-item\"><figure><img loading=\"lazy\" decoding=\"async\" width=\"1024\" height=\"683\" src=\"https:\/\/www.manetti.com\/wp-content\/uploads\/2020\/01\/GATE-OF-HONOUR-PALACE-OF-VERSAILLES\ufffd-Versailles-1024x683.jpg\" alt=\"\" data-id=\"2589\" data-link=\"https:\/\/www.manetti.com\/en\/gallery-gates\/gate-of-honour-palace-of-versailles%ef%bf%bd-versailles\/\" class=\"wp-image-30520\" srcset=\"https:\/\/www.manetti.com\/wp-content\/uploads\/2020\/01\/GATE-OF-HONOUR-PALACE-OF-VERSAILLES\ufffd-Versailles-1024x683.jpg 1024w, https:\/\/www.manetti.com\/wp-content\/uploads\/2020\/01\/GATE-OF-HONOUR-PALACE-OF-VERSAILLES\ufffd-Versailles-scaled-600x400.jpg 600w, https:\/\/www.manetti.com\/wp-content\/uploads\/2020\/01\/GATE-OF-HONOUR-PALACE-OF-VERSAILLES\ufffd-Versailles-300x200.jpg 300w, https:\/\/www.manetti.com\/wp-content\/uploads\/2020\/01\/GATE-OF-HONOUR-PALACE-OF-VERSAILLES\ufffd-Versailles-768x512.jpg 768w, https:\/\/www.manetti.com\/wp-content\/uploads\/2020\/01\/GATE-OF-HONOUR-PALACE-OF-VERSAILLES\ufffd-Versailles-1536x1024.jpg 1536w, https:\/\/www.manetti.com\/wp-content\/uploads\/2020\/01\/GATE-OF-HONOUR-PALACE-OF-VERSAILLES\ufffd-Versailles-2048x1365.jpg 2048w\" sizes=\"auto, (max-width: 1024px) 100vw, 1024px\" \/><figcaption class=\"blocks-gallery-item__caption\">GRILLE ROYALE &#8211; PALACIO DE VERSALLES; Versalles, France<\/figcaption><\/figure><\/li><li class=\"blocks-gallery-item\"><figure><img loading=\"lazy\" decoding=\"async\" width=\"1024\" height=\"609\" src=\"https:\/\/www.manetti.com\/wp-content\/uploads\/2020\/01\/HAMPTON-COURT-PALACE\ufffd-London-UK-1024x609.jpg\" alt=\"\" data-id=\"2591\" data-link=\"https:\/\/www.manetti.com\/en\/gallery-gates\/hampton-court-palace%ef%bf%bd-london-uk\/\" class=\"wp-image-2591\" srcset=\"https:\/\/www.manetti.com\/wp-content\/uploads\/2020\/01\/HAMPTON-COURT-PALACE\ufffd-London-UK-1024x609.jpg 1024w, https:\/\/www.manetti.com\/wp-content\/uploads\/2020\/01\/HAMPTON-COURT-PALACE\ufffd-London-UK-scaled-600x357.jpg 600w, https:\/\/www.manetti.com\/wp-content\/uploads\/2020\/01\/HAMPTON-COURT-PALACE\ufffd-London-UK-300x178.jpg 300w, https:\/\/www.manetti.com\/wp-content\/uploads\/2020\/01\/HAMPTON-COURT-PALACE\ufffd-London-UK-768x457.jpg 768w, https:\/\/www.manetti.com\/wp-content\/uploads\/2020\/01\/HAMPTON-COURT-PALACE\ufffd-London-UK-1536x914.jpg 1536w, https:\/\/www.manetti.com\/wp-content\/uploads\/2020\/01\/HAMPTON-COURT-PALACE\ufffd-London-UK-2048x1218.jpg 2048w\" sizes=\"auto, (max-width: 1024px) 100vw, 1024px\" \/><figcaption class=\"blocks-gallery-item__caption\">PALACIO DE HAMPTON COURT; Londres, UK<\/figcaption><\/figure><\/li><li class=\"blocks-gallery-item\"><figure><img loading=\"lazy\" decoding=\"async\" width=\"1024\" height=\"680\" src=\"https:\/\/www.manetti.com\/wp-content\/uploads\/2020\/01\/GATE-OF-HONOUR-PALACE-OF-VERSAILLES\ufffd-Versailles-France-1024x680.jpeg\" alt=\"\" data-id=\"2587\" data-link=\"https:\/\/www.manetti.com\/en\/gallery-gates\/golden-fence-palace-of-versailles\/\" class=\"wp-image-49138\" srcset=\"https:\/\/www.manetti.com\/wp-content\/uploads\/2020\/01\/GATE-OF-HONOUR-PALACE-OF-VERSAILLES\ufffd-Versailles-France-1024x680.jpeg 1024w, https:\/\/www.manetti.com\/wp-content\/uploads\/2020\/01\/GATE-OF-HONOUR-PALACE-OF-VERSAILLES\ufffd-Versailles-France-scaled-600x398.jpeg 600w, https:\/\/www.manetti.com\/wp-content\/uploads\/2020\/01\/GATE-OF-HONOUR-PALACE-OF-VERSAILLES\ufffd-Versailles-France-300x199.jpeg 300w, https:\/\/www.manetti.com\/wp-content\/uploads\/2020\/01\/GATE-OF-HONOUR-PALACE-OF-VERSAILLES\ufffd-Versailles-France-768x510.jpeg 768w, https:\/\/www.manetti.com\/wp-content\/uploads\/2020\/01\/GATE-OF-HONOUR-PALACE-OF-VERSAILLES\ufffd-Versailles-France-1536x1020.jpeg 1536w, https:\/\/www.manetti.com\/wp-content\/uploads\/2020\/01\/GATE-OF-HONOUR-PALACE-OF-VERSAILLES\ufffd-Versailles-France-2048x1360.jpeg 2048w\" sizes=\"auto, (max-width: 1024px) 100vw, 1024px\" \/><figcaption class=\"blocks-gallery-item__caption\">GRILLE ROYALE &#8211; PALACIO DE VERSALLES; Versalles, France<\/figcaption><\/figure><\/li><li class=\"blocks-gallery-item\"><figure><img loading=\"lazy\" decoding=\"async\" width=\"1024\" height=\"683\" src=\"https:\/\/www.manetti.com\/wp-content\/uploads\/2020\/01\/CH\u00c2TEAU-DE-FONTAINEBLEAU\ufffd-Paris-France-1024x683.jpeg\" alt=\"\" data-id=\"2585\" data-link=\"https:\/\/www.manetti.com\/en\/gallery-gates\/entrance-to-fontainebleau-castle-in-france\/\" class=\"wp-image-2585\" srcset=\"https:\/\/www.manetti.com\/wp-content\/uploads\/2020\/01\/CH\u00c2TEAU-DE-FONTAINEBLEAU\ufffd-Paris-France-1024x683.jpeg 1024w, https:\/\/www.manetti.com\/wp-content\/uploads\/2020\/01\/CH\u00c2TEAU-DE-FONTAINEBLEAU\ufffd-Paris-France-scaled-600x400.jpeg 600w, https:\/\/www.manetti.com\/wp-content\/uploads\/2020\/01\/CH\u00c2TEAU-DE-FONTAINEBLEAU\ufffd-Paris-France-300x200.jpeg 300w, https:\/\/www.manetti.com\/wp-content\/uploads\/2020\/01\/CH\u00c2TEAU-DE-FONTAINEBLEAU\ufffd-Paris-France-768x512.jpeg 768w, https:\/\/www.manetti.com\/wp-content\/uploads\/2020\/01\/CH\u00c2TEAU-DE-FONTAINEBLEAU\ufffd-Paris-France-1536x1024.jpeg 1536w, https:\/\/www.manetti.com\/wp-content\/uploads\/2020\/01\/CH\u00c2TEAU-DE-FONTAINEBLEAU\ufffd-Paris-France-2048x1365.jpeg 2048w\" sizes=\"auto, (max-width: 1024px) 100vw, 1024px\" \/><figcaption class=\"blocks-gallery-item__caption\">CH\u00c2TEAU DE FONTAINEBLEAU; Paris, Francia<\/figcaption><\/figure><\/li><li class=\"blocks-gallery-item\"><figure><img loading=\"lazy\" decoding=\"async\" width=\"1024\" height=\"736\" src=\"https:\/\/www.manetti.com\/wp-content\/uploads\/2020\/01\/CATHERINE-PALACE-TSARSKOYE-SELO\ufffd-Saint-Petersburg-Russia-1024x736.jpg\" alt=\"\" data-id=\"2583\" data-link=\"https:\/\/www.manetti.com\/en\/gallery-gates\/catherine-palace-tsarskoye-selo%ef%bf%bd-saint-petersburg-russia\/\" class=\"wp-image-2583\" srcset=\"https:\/\/www.manetti.com\/wp-content\/uploads\/2020\/01\/CATHERINE-PALACE-TSARSKOYE-SELO\ufffd-Saint-Petersburg-Russia-1024x736.jpg 1024w, https:\/\/www.manetti.com\/wp-content\/uploads\/2020\/01\/CATHERINE-PALACE-TSARSKOYE-SELO\ufffd-Saint-Petersburg-Russia-scaled-600x431.jpg 600w, https:\/\/www.manetti.com\/wp-content\/uploads\/2020\/01\/CATHERINE-PALACE-TSARSKOYE-SELO\ufffd-Saint-Petersburg-Russia-300x215.jpg 300w, https:\/\/www.manetti.com\/wp-content\/uploads\/2020\/01\/CATHERINE-PALACE-TSARSKOYE-SELO\ufffd-Saint-Petersburg-Russia-768x552.jpg 768w, https:\/\/www.manetti.com\/wp-content\/uploads\/2020\/01\/CATHERINE-PALACE-TSARSKOYE-SELO\ufffd-Saint-Petersburg-Russia-1536x1103.jpg 1536w, https:\/\/www.manetti.com\/wp-content\/uploads\/2020\/01\/CATHERINE-PALACE-TSARSKOYE-SELO\ufffd-Saint-Petersburg-Russia-2048x1471.jpg 2048w\" sizes=\"auto, (max-width: 1024px) 100vw, 1024px\" \/><figcaption class=\"blocks-gallery-item__caption\">PALACIO DE CATILINA &#8211; TSARSKOYE SELO; San Petersburgo, Rusia<\/figcaption><\/figure><\/li><li class=\"blocks-gallery-item\"><figure><img loading=\"lazy\" decoding=\"async\" width=\"1024\" height=\"655\" src=\"https:\/\/www.manetti.com\/wp-content\/uploads\/2020\/06\/CASTLE-OF-LAEKEN\ufffd-Brussel-Belgium-scaled-1-1024x655.jpg\" alt=\"\" data-id=\"12995\" data-full-url=\"https:\/\/www.manetti.com\/wp-content\/uploads\/2020\/06\/CASTLE-OF-LAEKEN\ufffd-Brussel-Belgium-scaled-1.jpg\" data-link=\"https:\/\/www.manetti.com\/gallery\/cancellate\/castle-of-laeken%ef%bf%bd-brussel-belgium-scaled-1\/\" class=\"wp-image-30537\" srcset=\"https:\/\/www.manetti.com\/wp-content\/uploads\/2020\/06\/CASTLE-OF-LAEKEN\ufffd-Brussel-Belgium-scaled-1-1024x655.jpg 1024w, https:\/\/www.manetti.com\/wp-content\/uploads\/2020\/06\/CASTLE-OF-LAEKEN\ufffd-Brussel-Belgium-scaled-1-300x192.jpg 300w, https:\/\/www.manetti.com\/wp-content\/uploads\/2020\/06\/CASTLE-OF-LAEKEN\ufffd-Brussel-Belgium-scaled-1-768x491.jpg 768w, https:\/\/www.manetti.com\/wp-content\/uploads\/2020\/06\/CASTLE-OF-LAEKEN\ufffd-Brussel-Belgium-scaled-1-1536x982.jpg 1536w, https:\/\/www.manetti.com\/wp-content\/uploads\/2020\/06\/CASTLE-OF-LAEKEN\ufffd-Brussel-Belgium-scaled-1-2048x1310.jpg 2048w, https:\/\/www.manetti.com\/wp-content\/uploads\/2020\/06\/CASTLE-OF-LAEKEN\ufffd-Brussel-Belgium-scaled-1-600x384.jpg 600w\" sizes=\"auto, (max-width: 1024px) 100vw, 1024px\" \/><figcaption class=\"blocks-gallery-item__caption\">CASTILLO REAL DE LAEKEN; Bruselas B\u00e9lgica<\/figcaption><\/figure><\/li><li class=\"blocks-gallery-item\"><figure><img loading=\"lazy\" decoding=\"async\" width=\"1024\" height=\"595\" src=\"https:\/\/www.manetti.com\/wp-content\/uploads\/2020\/06\/CANADA-GATE-BUCKINGHAM-PALACE\ufffd-London-UK-scaled-1-1024x595.jpg\" alt=\"\" data-id=\"12987\" data-full-url=\"https:\/\/www.manetti.com\/wp-content\/uploads\/2020\/06\/CANADA-GATE-BUCKINGHAM-PALACE\ufffd-London-UK-scaled-1.jpg\" data-link=\"https:\/\/www.manetti.com\/gallery\/cancellate\/canada-gate-buckingham-palace%ef%bf%bd-london-uk-scaled-1\/\" class=\"wp-image-30519\" srcset=\"https:\/\/www.manetti.com\/wp-content\/uploads\/2020\/06\/CANADA-GATE-BUCKINGHAM-PALACE\ufffd-London-UK-scaled-1-1024x595.jpg 1024w, https:\/\/www.manetti.com\/wp-content\/uploads\/2020\/06\/CANADA-GATE-BUCKINGHAM-PALACE\ufffd-London-UK-scaled-1-300x174.jpg 300w, https:\/\/www.manetti.com\/wp-content\/uploads\/2020\/06\/CANADA-GATE-BUCKINGHAM-PALACE\ufffd-London-UK-scaled-1-768x446.jpg 768w, https:\/\/www.manetti.com\/wp-content\/uploads\/2020\/06\/CANADA-GATE-BUCKINGHAM-PALACE\ufffd-London-UK-scaled-1-1536x893.jpg 1536w, https:\/\/www.manetti.com\/wp-content\/uploads\/2020\/06\/CANADA-GATE-BUCKINGHAM-PALACE\ufffd-London-UK-scaled-1-2048x1190.jpg 2048w, https:\/\/www.manetti.com\/wp-content\/uploads\/2020\/06\/CANADA-GATE-BUCKINGHAM-PALACE\ufffd-London-UK-scaled-1-600x349.jpg 600w\" sizes=\"auto, (max-width: 1024px) 100vw, 1024px\" \/><figcaption class=\"blocks-gallery-item__caption\">PALACIO DE BUCKINGHAM; Londres, UK<\/figcaption><\/figure><\/li><li class=\"blocks-gallery-item\"><figure><img loading=\"lazy\" decoding=\"async\" width=\"1024\" height=\"724\" src=\"https:\/\/www.manetti.com\/wp-content\/uploads\/2020\/06\/ALBERT-MEMORIAL\ufffd-London-UK-scaled-1-1024x724.jpg\" alt=\"\" data-id=\"12993\" data-full-url=\"https:\/\/www.manetti.com\/wp-content\/uploads\/2020\/06\/ALBERT-MEMORIAL\ufffd-London-UK-scaled-1.jpg\" data-link=\"https:\/\/www.manetti.com\/gallery\/cancellate\/albert-memorial%ef%bf%bd-london-uk-scaled-1\/\" class=\"wp-image-30536\" srcset=\"https:\/\/www.manetti.com\/wp-content\/uploads\/2020\/06\/ALBERT-MEMORIAL\ufffd-London-UK-scaled-1-1024x724.jpg 1024w, https:\/\/www.manetti.com\/wp-content\/uploads\/2020\/06\/ALBERT-MEMORIAL\ufffd-London-UK-scaled-1-300x212.jpg 300w, https:\/\/www.manetti.com\/wp-content\/uploads\/2020\/06\/ALBERT-MEMORIAL\ufffd-London-UK-scaled-1-768x543.jpg 768w, https:\/\/www.manetti.com\/wp-content\/uploads\/2020\/06\/ALBERT-MEMORIAL\ufffd-London-UK-scaled-1-1536x1085.jpg 1536w, https:\/\/www.manetti.com\/wp-content\/uploads\/2020\/06\/ALBERT-MEMORIAL\ufffd-London-UK-scaled-1-2048x1447.jpg 2048w, https:\/\/www.manetti.com\/wp-content\/uploads\/2020\/06\/ALBERT-MEMORIAL\ufffd-London-UK-scaled-1-600x424.jpg 600w\" sizes=\"auto, (max-width: 1024px) 100vw, 1024px\" \/><figcaption class=\"blocks-gallery-item__caption\">ALBERT MEMORIAL &#8211; JARDINES DE KENSINGTON; Londres, UK<\/figcaption><\/figure><\/li><li class=\"blocks-gallery-item\"><figure><img loading=\"lazy\" decoding=\"async\" width=\"1024\" height=\"704\" src=\"https:\/\/www.manetti.com\/wp-content\/uploads\/2020\/01\/JUBILEE-GATES-REGENTS-PARK\ufffd-London-UK-1024x704.jpeg\" alt=\"\" data-id=\"11044\" data-link=\"https:\/\/www.manetti.com\/en\/jubilee-gates-at-regents-park-in-london-2\/\" class=\"wp-image-11044\" srcset=\"https:\/\/www.manetti.com\/wp-content\/uploads\/2020\/01\/JUBILEE-GATES-REGENTS-PARK\ufffd-London-UK-1024x704.jpeg 1024w, https:\/\/www.manetti.com\/wp-content\/uploads\/2020\/01\/JUBILEE-GATES-REGENTS-PARK\ufffd-London-UK-600x412.jpeg 600w, https:\/\/www.manetti.com\/wp-content\/uploads\/2020\/01\/JUBILEE-GATES-REGENTS-PARK\ufffd-London-UK-300x206.jpeg 300w, https:\/\/www.manetti.com\/wp-content\/uploads\/2020\/01\/JUBILEE-GATES-REGENTS-PARK\ufffd-London-UK-768x528.jpeg 768w, https:\/\/www.manetti.com\/wp-content\/uploads\/2020\/01\/JUBILEE-GATES-REGENTS-PARK\ufffd-London-UK-1536x1056.jpeg 1536w, https:\/\/www.manetti.com\/wp-content\/uploads\/2020\/01\/JUBILEE-GATES-REGENTS-PARK\ufffd-London-UK-2048x1408.jpeg 2048w\" sizes=\"auto, (max-width: 1024px) 100vw, 1024px\" \/><figcaption class=\"blocks-gallery-item__caption\">JUBILEE GATES &#8211; REGENT&#8217;S PARK; Londres, UK<\/figcaption><\/figure><\/li><li class=\"blocks-gallery-item\"><figure><img loading=\"lazy\" decoding=\"async\" width=\"1024\" height=\"678\" src=\"https:\/\/www.manetti.com\/wp-content\/uploads\/2020\/01\/KENSINGTON-PALACE\ufffd-London-UK-1024x678.jpg\" alt=\"\" data-id=\"11045\" data-link=\"https:\/\/www.manetti.com\/en\/kensington-palace%ef%bf%bd-london-uk-2\/\" class=\"wp-image-11045\" srcset=\"https:\/\/www.manetti.com\/wp-content\/uploads\/2020\/01\/KENSINGTON-PALACE\ufffd-London-UK-1024x678.jpg 1024w, https:\/\/www.manetti.com\/wp-content\/uploads\/2020\/01\/KENSINGTON-PALACE\ufffd-London-UK-600x397.jpg 600w, https:\/\/www.manetti.com\/wp-content\/uploads\/2020\/01\/KENSINGTON-PALACE\ufffd-London-UK-300x199.jpg 300w, https:\/\/www.manetti.com\/wp-content\/uploads\/2020\/01\/KENSINGTON-PALACE\ufffd-London-UK-768x509.jpg 768w, https:\/\/www.manetti.com\/wp-content\/uploads\/2020\/01\/KENSINGTON-PALACE\ufffd-London-UK-1536x1017.jpg 1536w, https:\/\/www.manetti.com\/wp-content\/uploads\/2020\/01\/KENSINGTON-PALACE\ufffd-London-UK-2048x1356.jpg 2048w\" sizes=\"auto, (max-width: 1024px) 100vw, 1024px\" \/><figcaption class=\"blocks-gallery-item__caption\">PALACIO DE KENSINGTON; Londres, UK<\/figcaption><\/figure><\/li><li class=\"blocks-gallery-item\"><figure><img loading=\"lazy\" decoding=\"async\" width=\"1024\" height=\"683\" src=\"https:\/\/www.manetti.com\/wp-content\/uploads\/2020\/01\/MUNICIPAL-HOUSE\ufffd-Prague-Czech-Republic-1024x683.jpg\" alt=\"\" data-id=\"11046\" data-link=\"https:\/\/www.manetti.com\/en\/municipal-house%ef%bf%bd-prague-czech-republic-2\/\" class=\"wp-image-11046\" srcset=\"https:\/\/www.manetti.com\/wp-content\/uploads\/2020\/01\/MUNICIPAL-HOUSE\ufffd-Prague-Czech-Republic-1024x683.jpg 1024w, https:\/\/www.manetti.com\/wp-content\/uploads\/2020\/01\/MUNICIPAL-HOUSE\ufffd-Prague-Czech-Republic-600x400.jpg 600w, https:\/\/www.manetti.com\/wp-content\/uploads\/2020\/01\/MUNICIPAL-HOUSE\ufffd-Prague-Czech-Republic-300x200.jpg 300w, https:\/\/www.manetti.com\/wp-content\/uploads\/2020\/01\/MUNICIPAL-HOUSE\ufffd-Prague-Czech-Republic-768x512.jpg 768w, https:\/\/www.manetti.com\/wp-content\/uploads\/2020\/01\/MUNICIPAL-HOUSE\ufffd-Prague-Czech-Republic-1536x1024.jpg 1536w, https:\/\/www.manetti.com\/wp-content\/uploads\/2020\/01\/MUNICIPAL-HOUSE\ufffd-Prague-Czech-Republic-2048x1365.jpg 2048w\" sizes=\"auto, (max-width: 1024px) 100vw, 1024px\" \/><figcaption class=\"blocks-gallery-item__caption\">CASA MUNICIPAL DE PRAGA; Praga, Rep\u00fablica Checa<\/figcaption><\/figure><\/li><li class=\"blocks-gallery-item\"><figure><img loading=\"lazy\" decoding=\"async\" width=\"1024\" height=\"683\" src=\"https:\/\/www.manetti.com\/wp-content\/uploads\/2020\/06\/NEMOURS-GATES\ufffd-Willmington-USA-1024x683.jpg\" alt=\"\" data-id=\"12997\" data-full-url=\"https:\/\/www.manetti.com\/wp-content\/uploads\/2020\/06\/NEMOURS-GATES\ufffd-Willmington-USA.jpg\" data-link=\"https:\/\/www.manetti.com\/gallery\/cancellate\/nemours-gates%ef%bf%bd-willmington-usa-3\/\" class=\"wp-image-30538\" srcset=\"https:\/\/www.manetti.com\/wp-content\/uploads\/2020\/06\/NEMOURS-GATES\ufffd-Willmington-USA-1024x683.jpg 1024w, https:\/\/www.manetti.com\/wp-content\/uploads\/2020\/06\/NEMOURS-GATES\ufffd-Willmington-USA-300x200.jpg 300w, https:\/\/www.manetti.com\/wp-content\/uploads\/2020\/06\/NEMOURS-GATES\ufffd-Willmington-USA-768x512.jpg 768w, https:\/\/www.manetti.com\/wp-content\/uploads\/2020\/06\/NEMOURS-GATES\ufffd-Willmington-USA-1536x1024.jpg 1536w, https:\/\/www.manetti.com\/wp-content\/uploads\/2020\/06\/NEMOURS-GATES\ufffd-Willmington-USA-2048x1365.jpg 2048w, https:\/\/www.manetti.com\/wp-content\/uploads\/2020\/06\/NEMOURS-GATES\ufffd-Willmington-USA-600x400.jpg 600w\" sizes=\"auto, (max-width: 1024px) 100vw, 1024px\" \/><figcaption class=\"blocks-gallery-item__caption\">NEMOURS GATES; Willmington, USA<\/figcaption><\/figure><\/li><li class=\"blocks-gallery-item\"><figure><img loading=\"lazy\" decoding=\"async\" width=\"684\" height=\"1024\" src=\"https:\/\/www.manetti.com\/wp-content\/uploads\/2020\/01\/PALAIS-DE-JUSTICE\ufffd-Paris-France-684x1024.jpeg\" alt=\"\" data-id=\"11048\" data-link=\"https:\/\/www.manetti.com\/en\/paris-palais-de-justice-on-the-ile-de-la-cite-gate-2\/\" class=\"wp-image-11048\" srcset=\"https:\/\/www.manetti.com\/wp-content\/uploads\/2020\/01\/PALAIS-DE-JUSTICE\ufffd-Paris-France-684x1024.jpeg 684w, https:\/\/www.manetti.com\/wp-content\/uploads\/2020\/01\/PALAIS-DE-JUSTICE\ufffd-Paris-France-600x899.jpeg 600w, https:\/\/www.manetti.com\/wp-content\/uploads\/2020\/01\/PALAIS-DE-JUSTICE\ufffd-Paris-France-200x300.jpeg 200w, https:\/\/www.manetti.com\/wp-content\/uploads\/2020\/01\/PALAIS-DE-JUSTICE\ufffd-Paris-France-768x1150.jpeg 768w, https:\/\/www.manetti.com\/wp-content\/uploads\/2020\/01\/PALAIS-DE-JUSTICE\ufffd-Paris-France-1025x1536.jpeg 1025w, https:\/\/www.manetti.com\/wp-content\/uploads\/2020\/01\/PALAIS-DE-JUSTICE\ufffd-Paris-France-1367x2048.jpeg 1367w, https:\/\/www.manetti.com\/wp-content\/uploads\/2020\/01\/PALAIS-DE-JUSTICE\ufffd-Paris-France-scaled.jpeg 1709w\" sizes=\"auto, (max-width: 684px) 100vw, 684px\" \/><figcaption class=\"blocks-gallery-item__caption\">PALACIO DE JUSTICIA; Paris, Francia<\/figcaption><\/figure><\/li><li class=\"blocks-gallery-item\"><figure><img loading=\"lazy\" decoding=\"async\" width=\"1024\" height=\"684\" src=\"https:\/\/www.manetti.com\/wp-content\/uploads\/2020\/01\/ROOFLESS-CHURCH\ufffd-New-Harmony-USA-1024x684.jpg\" alt=\"\" data-id=\"11049\" data-link=\"https:\/\/www.manetti.com\/en\/roofless-church%ef%bf%bd-new-harmony-usa-2\/\" class=\"wp-image-11049\" srcset=\"https:\/\/www.manetti.com\/wp-content\/uploads\/2020\/01\/ROOFLESS-CHURCH\ufffd-New-Harmony-USA-1024x684.jpg 1024w, https:\/\/www.manetti.com\/wp-content\/uploads\/2020\/01\/ROOFLESS-CHURCH\ufffd-New-Harmony-USA-600x401.jpg 600w, https:\/\/www.manetti.com\/wp-content\/uploads\/2020\/01\/ROOFLESS-CHURCH\ufffd-New-Harmony-USA-300x200.jpg 300w, https:\/\/www.manetti.com\/wp-content\/uploads\/2020\/01\/ROOFLESS-CHURCH\ufffd-New-Harmony-USA-768x513.jpg 768w, https:\/\/www.manetti.com\/wp-content\/uploads\/2020\/01\/ROOFLESS-CHURCH\ufffd-New-Harmony-USA-1536x1026.jpg 1536w, https:\/\/www.manetti.com\/wp-content\/uploads\/2020\/01\/ROOFLESS-CHURCH\ufffd-New-Harmony-USA.jpg 1600w\" sizes=\"auto, (max-width: 1024px) 100vw, 1024px\" \/><figcaption class=\"blocks-gallery-item__caption\">ROOFLESS CHURCH; New Harmony, USA<\/figcaption><\/figure><\/li><li class=\"blocks-gallery-item\"><figure><img loading=\"lazy\" decoding=\"async\" width=\"1024\" height=\"683\" src=\"https:\/\/www.manetti.com\/wp-content\/uploads\/2020\/01\/ROYAL-PALACE-RESIDENCES-OF-THE-ROYAL-HOUSE-OF-SAVOY\ufffd-Turin-Italy-1024x683.jpeg\" alt=\"\" data-id=\"11051\" data-link=\"https:\/\/www.manetti.com\/en\/maschera-doro-cancello-palazzo-reale-torino-2\/\" class=\"wp-image-11051\" srcset=\"https:\/\/www.manetti.com\/wp-content\/uploads\/2020\/01\/ROYAL-PALACE-RESIDENCES-OF-THE-ROYAL-HOUSE-OF-SAVOY\ufffd-Turin-Italy-1024x683.jpeg 1024w, https:\/\/www.manetti.com\/wp-content\/uploads\/2020\/01\/ROYAL-PALACE-RESIDENCES-OF-THE-ROYAL-HOUSE-OF-SAVOY\ufffd-Turin-Italy-600x400.jpeg 600w, https:\/\/www.manetti.com\/wp-content\/uploads\/2020\/01\/ROYAL-PALACE-RESIDENCES-OF-THE-ROYAL-HOUSE-OF-SAVOY\ufffd-Turin-Italy-300x200.jpeg 300w, https:\/\/www.manetti.com\/wp-content\/uploads\/2020\/01\/ROYAL-PALACE-RESIDENCES-OF-THE-ROYAL-HOUSE-OF-SAVOY\ufffd-Turin-Italy-768x512.jpeg 768w, https:\/\/www.manetti.com\/wp-content\/uploads\/2020\/01\/ROYAL-PALACE-RESIDENCES-OF-THE-ROYAL-HOUSE-OF-SAVOY\ufffd-Turin-Italy-1536x1024.jpeg 1536w, https:\/\/www.manetti.com\/wp-content\/uploads\/2020\/01\/ROYAL-PALACE-RESIDENCES-OF-THE-ROYAL-HOUSE-OF-SAVOY\ufffd-Turin-Italy-2048x1365.jpeg 2048w\" sizes=\"auto, (max-width: 1024px) 100vw, 1024px\" \/><figcaption class=\"blocks-gallery-item__caption\">PALACIO REAL; Tur\u00edn, Italia<\/figcaption><\/figure><\/li><li class=\"blocks-gallery-item\"><figure><img loading=\"lazy\" decoding=\"async\" width=\"1024\" height=\"683\" src=\"https:\/\/www.manetti.com\/wp-content\/uploads\/2020\/01\/ROYAL-PALACE\ufffd-Madrid-Spain-2-1024x683.jpeg\" alt=\"\" data-id=\"2649\" data-link=\"https:\/\/www.manetti.com\/en\/gallery-gates\/royal-palace-of-madrid-spain-palacio-real-espana\/\" class=\"wp-image-2649\" srcset=\"https:\/\/www.manetti.com\/wp-content\/uploads\/2020\/01\/ROYAL-PALACE\ufffd-Madrid-Spain-2-1024x683.jpeg 1024w, https:\/\/www.manetti.com\/wp-content\/uploads\/2020\/01\/ROYAL-PALACE\ufffd-Madrid-Spain-2-scaled-600x400.jpeg 600w, https:\/\/www.manetti.com\/wp-content\/uploads\/2020\/01\/ROYAL-PALACE\ufffd-Madrid-Spain-2-300x200.jpeg 300w, https:\/\/www.manetti.com\/wp-content\/uploads\/2020\/01\/ROYAL-PALACE\ufffd-Madrid-Spain-2-768x512.jpeg 768w, https:\/\/www.manetti.com\/wp-content\/uploads\/2020\/01\/ROYAL-PALACE\ufffd-Madrid-Spain-2-1536x1025.jpeg 1536w, https:\/\/www.manetti.com\/wp-content\/uploads\/2020\/01\/ROYAL-PALACE\ufffd-Madrid-Spain-2-2048x1366.jpeg 2048w\" sizes=\"auto, (max-width: 1024px) 100vw, 1024px\" \/><figcaption class=\"blocks-gallery-item__caption\">PALACIO REAL; Madrid, Espa\u00f1a<\/figcaption><\/figure><\/li><li class=\"blocks-gallery-item\"><figure><img loading=\"lazy\" decoding=\"async\" width=\"1024\" height=\"451\" src=\"https:\/\/www.manetti.com\/wp-content\/uploads\/2020\/01\/TREDEGAR-HOUSE-\u2013-Newport-UK-1024x451.jpg\" alt=\"\" data-id=\"11054\" data-link=\"https:\/\/www.manetti.com\/en\/tredegar-house-2\/\" class=\"wp-image-11054\" srcset=\"https:\/\/www.manetti.com\/wp-content\/uploads\/2020\/01\/TREDEGAR-HOUSE-\u2013-Newport-UK-1024x451.jpg 1024w, https:\/\/www.manetti.com\/wp-content\/uploads\/2020\/01\/TREDEGAR-HOUSE-\u2013-Newport-UK-600x264.jpg 600w, https:\/\/www.manetti.com\/wp-content\/uploads\/2020\/01\/TREDEGAR-HOUSE-\u2013-Newport-UK-300x132.jpg 300w, https:\/\/www.manetti.com\/wp-content\/uploads\/2020\/01\/TREDEGAR-HOUSE-\u2013-Newport-UK-768x338.jpg 768w, https:\/\/www.manetti.com\/wp-content\/uploads\/2020\/01\/TREDEGAR-HOUSE-\u2013-Newport-UK-1536x677.jpg 1536w, https:\/\/www.manetti.com\/wp-content\/uploads\/2020\/01\/TREDEGAR-HOUSE-\u2013-Newport-UK-2048x902.jpg 2048w\" sizes=\"auto, (max-width: 1024px) 100vw, 1024px\" \/><figcaption class=\"blocks-gallery-item__caption\">TREDEGAR HOUSE \u2013 Newport, UK<\/figcaption><\/figure><\/li><li class=\"blocks-gallery-item\"><figure><img loading=\"lazy\" decoding=\"async\" width=\"683\" height=\"1024\" src=\"https:\/\/www.manetti.com\/wp-content\/uploads\/2020\/01\/TUILERIES-GARDENS\ufffd-Paris-France-683x1024.jpeg\" alt=\"\" data-id=\"11056\" data-link=\"https:\/\/www.manetti.com\/en\/gates-of-jardin-des-tuileries-gardens-paris-france-2\/\" class=\"wp-image-11056\" srcset=\"https:\/\/www.manetti.com\/wp-content\/uploads\/2020\/01\/TUILERIES-GARDENS\ufffd-Paris-France-683x1024.jpeg 683w, https:\/\/www.manetti.com\/wp-content\/uploads\/2020\/01\/TUILERIES-GARDENS\ufffd-Paris-France-600x900.jpeg 600w, https:\/\/www.manetti.com\/wp-content\/uploads\/2020\/01\/TUILERIES-GARDENS\ufffd-Paris-France-200x300.jpeg 200w, https:\/\/www.manetti.com\/wp-content\/uploads\/2020\/01\/TUILERIES-GARDENS\ufffd-Paris-France-768x1152.jpeg 768w, https:\/\/www.manetti.com\/wp-content\/uploads\/2020\/01\/TUILERIES-GARDENS\ufffd-Paris-France-1024x1536.jpeg 1024w, https:\/\/www.manetti.com\/wp-content\/uploads\/2020\/01\/TUILERIES-GARDENS\ufffd-Paris-France-1365x2048.jpeg 1365w, https:\/\/www.manetti.com\/wp-content\/uploads\/2020\/01\/TUILERIES-GARDENS\ufffd-Paris-France-scaled.jpeg 1707w\" sizes=\"auto, (max-width: 683px) 100vw, 683px\" \/><figcaption class=\"blocks-gallery-item__caption\">JARD\u00cdN DE LAS TULLER\u00cdAS; Paris, Francia<\/figcaption><\/figure><\/li><li class=\"blocks-gallery-item\"><figure><img loading=\"lazy\" decoding=\"async\" width=\"1024\" height=\"620\" src=\"https:\/\/www.manetti.com\/wp-content\/uploads\/2020\/01\/WARRINGTON-TOWN-HALL\ufffd-Warrington-UK-1024x620.jpeg\" alt=\"\" data-id=\"11059\" data-link=\"https:\/\/www.manetti.com\/en\/warrington-town-hall-england-uk-2\/\" class=\"wp-image-11059\" srcset=\"https:\/\/www.manetti.com\/wp-content\/uploads\/2020\/01\/WARRINGTON-TOWN-HALL\ufffd-Warrington-UK-1024x620.jpeg 1024w, https:\/\/www.manetti.com\/wp-content\/uploads\/2020\/01\/WARRINGTON-TOWN-HALL\ufffd-Warrington-UK-600x363.jpeg 600w, https:\/\/www.manetti.com\/wp-content\/uploads\/2020\/01\/WARRINGTON-TOWN-HALL\ufffd-Warrington-UK-300x182.jpeg 300w, https:\/\/www.manetti.com\/wp-content\/uploads\/2020\/01\/WARRINGTON-TOWN-HALL\ufffd-Warrington-UK-768x465.jpeg 768w, https:\/\/www.manetti.com\/wp-content\/uploads\/2020\/01\/WARRINGTON-TOWN-HALL\ufffd-Warrington-UK-1536x930.jpeg 1536w, https:\/\/www.manetti.com\/wp-content\/uploads\/2020\/01\/WARRINGTON-TOWN-HALL\ufffd-Warrington-UK-2048x1239.jpeg 2048w\" sizes=\"auto, (max-width: 1024px) 100vw, 1024px\" \/><figcaption class=\"blocks-gallery-item__caption\">WARRINGTON TOWN HALL; Warrington, UK<\/figcaption><\/figure><\/li><\/ul><\/figure>\n\n\n\n<p>Para marcar la entrada a lugares de ensue\u00f1o, nada mejor que un port\u00f3n dorado. Esto lo han sabido siempre los arquitectos de jardines, residencias y palacios reales, que invariablemente trazaban con oro la l\u00ednea entre la dimensi\u00f3n de lo cotidiano y la de lo simb\u00f3lico. Durante siglos, el pan de oro Manetti ha brillado en las puertas y barandillas de algunos de los lugares m\u00e1s bellos del mundo. Dos ciudades emblem\u00e1ticas para esta particular aplicaci\u00f3n del pan de oro son Londres y Par\u00eds. En la capital inglesa, el pan de oro Manetti brilla en los portones del&nbsp;<strong>Palacio de Buckingham<\/strong>, el&nbsp;<strong>Palacio de Kensington<\/strong>, el<strong>Palacio de Hampton Court<\/strong>, el<strong>&nbsp;Albert Memorial y<\/strong>&nbsp;<strong>Regent&#8217;s Park<\/strong>.<br><br>En la Ville Lumiere, el pan de oro Manetti hace brillar la Grille d&#8217;honneur del Palacio de&nbsp;<strong>Versalles<\/strong>&nbsp;y en las verjas del&nbsp;<strong>Ch\u00e2teau de Fontainebleu<\/strong>, el&nbsp;<strong>Palacio de Justicia y&nbsp;<\/strong>el<strong>&nbsp;Jardin delle Tuilieres<\/strong>.<br><br>Otras realizaciones notables son las verjas del<strong>&nbsp;Palacio de Catalina en&nbsp;<\/strong>San Petersburgo, las del&nbsp;<strong>Castillo de Laeken<\/strong>&nbsp;en B\u00e9lgica y las de los&nbsp;<strong>palacios reales de Tur\u00edn y Madrid<\/strong>.<\/p>\n","protected":false},"excerpt":{"rendered":"<p>Desde Versalles hasta el Palacio de Buckingham, el pan de oro Manetti decora con su preciosa luz las barandillas y verjas de algunos de los palacios y jardines m\u00e1s bellos del mundo. Navegue por la Galer\u00eda para ver una selecci\u00f3n de los logros m\u00e1s sorprendentes. Para marcar la entrada a lugares de ensue\u00f1o, nada mejor [&#8230;]<\/p>\n<p><a class=\"btn btn-secondary understrap-read-more-link\" href=\"https:\/\/www.manetti.com\/es\/galeria\/puertas\/\">Leer m\u00e1s&#8230;<\/a><\/p>\n","protected":false},"author":1,"featured_media":30520,"parent":32495,"menu_order":0,"comment_status":"closed","ping_status":"closed","template":"page-templates\/gallery-template.php","meta":{"_acf_changed":false,"footnotes":""},"class_list":["post-30518","page","type-page","status-publish","has-post-thumbnail","hentry"],"acf":[],"yoast_head":"<!-- This site is optimized with the Yoast SEO plugin v26.5 - https:\/\/yoast.com\/wordpress\/plugins\/seo\/ -->\n<title>Puertas en pan de oro | Giusto Manetti Battiloro<\/title>\n<meta name=\"description\" content=\"Explore la galer\u00eda de fotos de las puertas m\u00e1s famosas decoradas con nuestro pan de oro y descubra las mejores creaciones arquitect\u00f3nicas del mundo.\" \/>\n<meta name=\"robots\" content=\"index, follow, max-snippet:-1, max-image-preview:large, max-video-preview:-1\" \/>\n<link rel=\"canonical\" href=\"https:\/\/www.manetti.com\/es\/galeria\/puertas\/\" \/>\n<meta property=\"og:locale\" content=\"es_ES\" \/>\n<meta property=\"og:type\" content=\"article\" \/>\n<meta property=\"og:title\" content=\"I cancelli pi\u00f9 famosi decorati con la nostra foglia d&#039;oro | Giusto Manetti Battiloro\" \/>\n<meta property=\"og:description\" content=\"Sfoglia la fotogallery dei pi\u00f9 famosi cancelli decorati con la nostra foglia oro e scopri le migliori realizzazioni architettoniche nel mondo.\" \/>\n<meta property=\"og:url\" content=\"https:\/\/www.manetti.com\/es\/galeria\/puertas\/\" \/>\n<meta property=\"og:site_name\" content=\"Giusto Manetti Battiloro\" \/>\n<meta property=\"article:publisher\" content=\"https:\/\/www.facebook.com\/giustomanettibattiloro\" \/>\n<meta property=\"article:modified_time\" content=\"2022-08-03T15:22:54+00:00\" \/>\n<meta property=\"og:image\" content=\"https:\/\/www.manetti.com\/wp-content\/uploads\/2020\/01\/GATE-OF-HONOUR-PALACE-OF-VERSAILLES\ufffd-Versailles-France-scaled.jpeg\" \/>\n\t<meta property=\"og:image:width\" content=\"2560\" \/>\n\t<meta property=\"og:image:height\" content=\"1700\" \/>\n\t<meta property=\"og:image:type\" content=\"image\/jpeg\" \/>\n<meta name=\"twitter:card\" content=\"summary_large_image\" \/>\n<meta name=\"twitter:title\" content=\"I cancelli pi\u00f9 famosi decorati con la nostra foglia d&#039;oro | Giusto Manetti Battiloro\" \/>\n<meta name=\"twitter:description\" content=\"Sfoglia la fotogallery dei pi\u00f9 famosi cancelli decorati con la nostra foglia oro e scopri le migliori realizzazioni architettoniche nel mondo.\" \/>\n<meta name=\"twitter:image\" content=\"https:\/\/www.manetti.com\/wp-content\/uploads\/2020\/01\/GATE-OF-HONOUR-PALACE-OF-VERSAILLES\ufffd-Versailles-France-scaled.jpeg\" \/>\n<meta name=\"twitter:label1\" content=\"Tiempo de lectura\" \/>\n\t<meta name=\"twitter:data1\" content=\"6 minutos\" \/>\n<script type=\"application\/ld+json\" class=\"yoast-schema-graph\">{\"@context\":\"https:\/\/schema.org\",\"@graph\":[{\"@type\":\"WebPage\",\"@id\":\"https:\/\/www.manetti.com\/es\/galeria\/puertas\/\",\"url\":\"https:\/\/www.manetti.com\/es\/galeria\/puertas\/\",\"name\":\"Puertas en pan de oro | Giusto Manetti Battiloro\",\"isPartOf\":{\"@id\":\"https:\/\/www.manetti.com\/es\/#website\"},\"primaryImageOfPage\":{\"@id\":\"https:\/\/www.manetti.com\/es\/galeria\/puertas\/#primaryimage\"},\"image\":{\"@id\":\"https:\/\/www.manetti.com\/es\/galeria\/puertas\/#primaryimage\"},\"thumbnailUrl\":\"https:\/\/www.manetti.com\/wp-content\/uploads\/2020\/01\/GATE-OF-HONOUR-PALACE-OF-VERSAILLES\ufffd-Versailles-scaled.jpg\",\"datePublished\":\"2020-01-16T16:21:52+00:00\",\"dateModified\":\"2022-08-03T15:22:54+00:00\",\"description\":\"Explore la galer\u00eda de fotos de las puertas m\u00e1s famosas decoradas con nuestro pan de oro y descubra las mejores creaciones arquitect\u00f3nicas del mundo.\",\"inLanguage\":\"es\",\"potentialAction\":[{\"@type\":\"ReadAction\",\"target\":[\"https:\/\/www.manetti.com\/es\/galeria\/puertas\/\"]}]},{\"@type\":\"ImageObject\",\"inLanguage\":\"es\",\"@id\":\"https:\/\/www.manetti.com\/es\/galeria\/puertas\/#primaryimage\",\"url\":\"https:\/\/www.manetti.com\/wp-content\/uploads\/2020\/01\/GATE-OF-HONOUR-PALACE-OF-VERSAILLES\ufffd-Versailles-scaled.jpg\",\"contentUrl\":\"https:\/\/www.manetti.com\/wp-content\/uploads\/2020\/01\/GATE-OF-HONOUR-PALACE-OF-VERSAILLES\ufffd-Versailles-scaled.jpg\",\"width\":2560,\"height\":1707,\"caption\":\"GRILLE D'HONNEUR - REGGIA DI VERSAILLES; Versailles, Francia\"},{\"@type\":\"WebSite\",\"@id\":\"https:\/\/www.manetti.com\/es\/#website\",\"url\":\"https:\/\/www.manetti.com\/es\/\",\"name\":\"Giusto Manetti Battiloro\",\"description\":\"\",\"publisher\":{\"@id\":\"https:\/\/www.manetti.com\/es\/#organization\"},\"potentialAction\":[{\"@type\":\"SearchAction\",\"target\":{\"@type\":\"EntryPoint\",\"urlTemplate\":\"https:\/\/www.manetti.com\/es\/?s={search_term_string}\"},\"query-input\":{\"@type\":\"PropertyValueSpecification\",\"valueRequired\":true,\"valueName\":\"search_term_string\"}}],\"inLanguage\":\"es\"},{\"@type\":\"Organization\",\"@id\":\"https:\/\/www.manetti.com\/es\/#organization\",\"name\":\"GIUSTO MANETTI BATTILORO S.P.A.\",\"url\":\"https:\/\/www.manetti.com\/es\/\",\"logo\":{\"@type\":\"ImageObject\",\"inLanguage\":\"es\",\"@id\":\"https:\/\/www.manetti.com\/es\/#\/schema\/logo\/image\/\",\"url\":\"https:\/\/www.manetti.com\/wp-content\/uploads\/2025\/02\/giusto-manetti-blu_300-02.png\",\"contentUrl\":\"https:\/\/www.manetti.com\/wp-content\/uploads\/2025\/02\/giusto-manetti-blu_300-02.png\",\"width\":1123,\"height\":1093,\"caption\":\"GIUSTO MANETTI BATTILORO S.P.A.\"},\"image\":{\"@id\":\"https:\/\/www.manetti.com\/es\/#\/schema\/logo\/image\/\"},\"sameAs\":[\"https:\/\/www.facebook.com\/giustomanettibattiloro\",\"https:\/\/www.instagram.com\/giustomanettibattiloro\/\",\"https:\/\/www.linkedin.com\/company\/giusto-manetti-battiloro-s-p-a-\/\",\"https:\/\/www.youtube.com\/user\/ManettiBattiloro\"]}]}<\/script>\n<!-- \/ Yoast SEO plugin. -->","yoast_head_json":{"title":"Puertas en pan de oro | Giusto Manetti Battiloro","description":"Explore la galer\u00eda de fotos de las puertas m\u00e1s famosas decoradas con nuestro pan de oro y descubra las mejores creaciones arquitect\u00f3nicas del mundo.","robots":{"index":"index","follow":"follow","max-snippet":"max-snippet:-1","max-image-preview":"max-image-preview:large","max-video-preview":"max-video-preview:-1"},"canonical":"https:\/\/www.manetti.com\/es\/galeria\/puertas\/","og_locale":"es_ES","og_type":"article","og_title":"I cancelli pi\u00f9 famosi decorati con la nostra foglia d'oro | Giusto Manetti Battiloro","og_description":"Sfoglia la fotogallery dei pi\u00f9 famosi cancelli decorati con la nostra foglia oro e scopri le migliori realizzazioni architettoniche nel mondo.","og_url":"https:\/\/www.manetti.com\/es\/galeria\/puertas\/","og_site_name":"Giusto Manetti Battiloro","article_publisher":"https:\/\/www.facebook.com\/giustomanettibattiloro","article_modified_time":"2022-08-03T15:22:54+00:00","og_image":[{"width":2560,"height":1700,"url":"https:\/\/www.manetti.com\/wp-content\/uploads\/2020\/01\/GATE-OF-HONOUR-PALACE-OF-VERSAILLES\ufffd-Versailles-France-scaled.jpeg","type":"image\/jpeg"}],"twitter_card":"summary_large_image","twitter_title":"I cancelli pi\u00f9 famosi decorati con la nostra foglia d'oro | Giusto Manetti Battiloro","twitter_description":"Sfoglia la fotogallery dei pi\u00f9 famosi cancelli decorati con la nostra foglia oro e scopri le migliori realizzazioni architettoniche nel mondo.","twitter_image":"https:\/\/www.manetti.com\/wp-content\/uploads\/2020\/01\/GATE-OF-HONOUR-PALACE-OF-VERSAILLES\ufffd-Versailles-France-scaled.jpeg","twitter_misc":{"Tiempo de lectura":"6 minutos"},"schema":{"@context":"https:\/\/schema.org","@graph":[{"@type":"WebPage","@id":"https:\/\/www.manetti.com\/es\/galeria\/puertas\/","url":"https:\/\/www.manetti.com\/es\/galeria\/puertas\/","name":"Puertas en pan de oro | Giusto Manetti Battiloro","isPartOf":{"@id":"https:\/\/www.manetti.com\/es\/#website"},"primaryImageOfPage":{"@id":"https:\/\/www.manetti.com\/es\/galeria\/puertas\/#primaryimage"},"image":{"@id":"https:\/\/www.manetti.com\/es\/galeria\/puertas\/#primaryimage"},"thumbnailUrl":"https:\/\/www.manetti.com\/wp-content\/uploads\/2020\/01\/GATE-OF-HONOUR-PALACE-OF-VERSAILLES\ufffd-Versailles-scaled.jpg","datePublished":"2020-01-16T16:21:52+00:00","dateModified":"2022-08-03T15:22:54+00:00","description":"Explore la galer\u00eda de fotos de las puertas m\u00e1s famosas decoradas con nuestro pan de oro y descubra las mejores creaciones arquitect\u00f3nicas del mundo.","inLanguage":"es","potentialAction":[{"@type":"ReadAction","target":["https:\/\/www.manetti.com\/es\/galeria\/puertas\/"]}]},{"@type":"ImageObject","inLanguage":"es","@id":"https:\/\/www.manetti.com\/es\/galeria\/puertas\/#primaryimage","url":"https:\/\/www.manetti.com\/wp-content\/uploads\/2020\/01\/GATE-OF-HONOUR-PALACE-OF-VERSAILLES\ufffd-Versailles-scaled.jpg","contentUrl":"https:\/\/www.manetti.com\/wp-content\/uploads\/2020\/01\/GATE-OF-HONOUR-PALACE-OF-VERSAILLES\ufffd-Versailles-scaled.jpg","width":2560,"height":1707,"caption":"GRILLE D'HONNEUR - REGGIA DI VERSAILLES; Versailles, Francia"},{"@type":"WebSite","@id":"https:\/\/www.manetti.com\/es\/#website","url":"https:\/\/www.manetti.com\/es\/","name":"Giusto Manetti Battiloro","description":"","publisher":{"@id":"https:\/\/www.manetti.com\/es\/#organization"},"potentialAction":[{"@type":"SearchAction","target":{"@type":"EntryPoint","urlTemplate":"https:\/\/www.manetti.com\/es\/?s={search_term_string}"},"query-input":{"@type":"PropertyValueSpecification","valueRequired":true,"valueName":"search_term_string"}}],"inLanguage":"es"},{"@type":"Organization","@id":"https:\/\/www.manetti.com\/es\/#organization","name":"GIUSTO MANETTI BATTILORO S.P.A.","url":"https:\/\/www.manetti.com\/es\/","logo":{"@type":"ImageObject","inLanguage":"es","@id":"https:\/\/www.manetti.com\/es\/#\/schema\/logo\/image\/","url":"https:\/\/www.manetti.com\/wp-content\/uploads\/2025\/02\/giusto-manetti-blu_300-02.png","contentUrl":"https:\/\/www.manetti.com\/wp-content\/uploads\/2025\/02\/giusto-manetti-blu_300-02.png","width":1123,"height":1093,"caption":"GIUSTO MANETTI BATTILORO S.P.A."},"image":{"@id":"https:\/\/www.manetti.com\/es\/#\/schema\/logo\/image\/"},"sameAs":["https:\/\/www.facebook.com\/giustomanettibattiloro","https:\/\/www.instagram.com\/giustomanettibattiloro\/","https:\/\/www.linkedin.com\/company\/giusto-manetti-battiloro-s-p-a-\/","https:\/\/www.youtube.com\/user\/ManettiBattiloro"]}]}},"_links":{"self":[{"href":"https:\/\/www.manetti.com\/es\/wp-json\/wp\/v2\/pages\/30518","targetHints":{"allow":["GET"]}}],"collection":[{"href":"https:\/\/www.manetti.com\/es\/wp-json\/wp\/v2\/pages"}],"about":[{"href":"https:\/\/www.manetti.com\/es\/wp-json\/wp\/v2\/types\/page"}],"author":[{"embeddable":true,"href":"https:\/\/www.manetti.com\/es\/wp-json\/wp\/v2\/users\/1"}],"replies":[{"embeddable":true,"href":"https:\/\/www.manetti.com\/es\/wp-json\/wp\/v2\/comments?post=30518"}],"version-history":[{"count":0,"href":"https:\/\/www.manetti.com\/es\/wp-json\/wp\/v2\/pages\/30518\/revisions"}],"up":[{"embeddable":true,"href":"https:\/\/www.manetti.com\/es\/wp-json\/wp\/v2\/pages\/32495"}],"wp:featuredmedia":[{"embeddable":true,"href":"https:\/\/www.manetti.com\/es\/wp-json\/wp\/v2\/media\/30520"}],"wp:attachment":[{"href":"https:\/\/www.manetti.com\/es\/wp-json\/wp\/v2\/media?parent=30518"}],"curies":[{"name":"wp","href":"https:\/\/api.w.org\/{rel}","templated":true}]}}