{"id":30599,"date":"2020-01-16T17:57:21","date_gmt":"2020-01-16T16:57:21","guid":{"rendered":"https:\/\/www.manetti.com\/restauro-esterni\/"},"modified":"2026-04-03T13:51:52","modified_gmt":"2026-04-03T11:51:52","slug":"restauracion-exterior","status":"publish","type":"page","link":"https:\/\/www.manetti.com\/es\/galeria\/restauracion-exterior\/","title":{"rendered":"Restauraci\u00f3n exterior"},"content":{"rendered":"\r\n<p>C\u00fapulas de iglesias, templos y mezquitas; refinadas decoraciones arquitect\u00f3nicas; palacios y patios: en la restauraci\u00f3n de los exteriores de los edificios hist\u00f3ricos, <a href=\"https:\/\/www.manetti.com\/es\/catalogo-productos\/pan-de-oro\/\">el pan de oro Manetti<\/a> expresa toda su belleza y magnificencia.<br \/><br \/>Descubra en la Galer\u00eda una extraordinaria selecci\u00f3n de prestigiosas referencias.<\/p>\r\n\r\n\r\n\r\n<figure class=\"wp-block-gallery columns-3 is-cropped wp-block-gallery-1 is-layout-flex wp-block-gallery-is-layout-flex\">\r\n<ul class=\"blocks-gallery-grid\">\r\n<li style=\"list-style-type: none\">\r\n<ul class=\"blocks-gallery-grid\">\r\n<li class=\"blocks-gallery-item\">\r\n<figure><img loading=\"lazy\" decoding=\"async\" width=\"768\" height=\"1024\" class=\"wp-image-2126\" src=\"https:\/\/www.manetti.com\/wp-content\/uploads\/2020\/01\/CAPITOLIO-NACIONAL-DE-LA-HABANA\ufffd-Havana-Cuba-768x1024.jpeg\" alt=\"\" data-id=\"2126\" data-link=\"https:\/\/www.manetti.com\/en\/gallery-restoration-of-exteriors\/capitolio-nacional-de-la-habana%ef%bf%bd-havana-cuba\/\" srcset=\"https:\/\/www.manetti.com\/wp-content\/uploads\/2020\/01\/CAPITOLIO-NACIONAL-DE-LA-HABANA\ufffd-Havana-Cuba-768x1024.jpeg 768w, https:\/\/www.manetti.com\/wp-content\/uploads\/2020\/01\/CAPITOLIO-NACIONAL-DE-LA-HABANA\ufffd-Havana-Cuba-600x800.jpeg 600w, https:\/\/www.manetti.com\/wp-content\/uploads\/2020\/01\/CAPITOLIO-NACIONAL-DE-LA-HABANA\ufffd-Havana-Cuba-225x300.jpeg 225w, https:\/\/www.manetti.com\/wp-content\/uploads\/2020\/01\/CAPITOLIO-NACIONAL-DE-LA-HABANA\ufffd-Havana-Cuba.jpeg 960w\" sizes=\"auto, (max-width: 768px) 100vw, 768px\" \/>\r\n<figcaption class=\"blocks-gallery-item__caption\">CAPITOLIO NACIONAL DE LA HABANA; La Habana, Cuba<\/figcaption>\r\n<\/figure>\r\n<\/li>\r\n<li class=\"blocks-gallery-item\">\r\n<figure><img loading=\"lazy\" decoding=\"async\" width=\"817\" height=\"1024\" class=\"wp-image-2128\" src=\"https:\/\/www.manetti.com\/wp-content\/uploads\/2020\/01\/CARBIDE-CARBON-BUILDING\ufffd-Chicago-USA-scaled-e1583329785925-817x1024.jpg\" alt=\"\" data-id=\"2128\" data-link=\"https:\/\/www.manetti.com\/en\/gallery-restoration-of-exteriors\/carbon-and-carbide-building-230-north-michigan-avenue-chicago-illinois-usa\/\" srcset=\"https:\/\/www.manetti.com\/wp-content\/uploads\/2020\/01\/CARBIDE-CARBON-BUILDING\ufffd-Chicago-USA-scaled-e1583329785925-817x1024.jpg 817w, https:\/\/www.manetti.com\/wp-content\/uploads\/2020\/01\/CARBIDE-CARBON-BUILDING\ufffd-Chicago-USA-scaled-e1583329785925-600x752.jpg 600w, https:\/\/www.manetti.com\/wp-content\/uploads\/2020\/01\/CARBIDE-CARBON-BUILDING\ufffd-Chicago-USA-scaled-e1583329785925-239x300.jpg 239w, https:\/\/www.manetti.com\/wp-content\/uploads\/2020\/01\/CARBIDE-CARBON-BUILDING\ufffd-Chicago-USA-scaled-e1583329785925-768x963.jpg 768w, https:\/\/www.manetti.com\/wp-content\/uploads\/2020\/01\/CARBIDE-CARBON-BUILDING\ufffd-Chicago-USA-scaled-e1583329785925-1225x1536.jpg 1225w, https:\/\/www.manetti.com\/wp-content\/uploads\/2020\/01\/CARBIDE-CARBON-BUILDING\ufffd-Chicago-USA-scaled-e1583329785925-1634x2048.jpg 1634w, https:\/\/www.manetti.com\/wp-content\/uploads\/2020\/01\/CARBIDE-CARBON-BUILDING\ufffd-Chicago-USA-scaled-e1583329785925.jpg 1715w\" sizes=\"auto, (max-width: 817px) 100vw, 817px\" \/>\r\n<figcaption class=\"blocks-gallery-item__caption\">CARBIDE &amp; CARBON BUILDING; Chicago, USA<\/figcaption>\r\n<\/figure>\r\n<\/li>\r\n<li class=\"blocks-gallery-item\">\r\n<figure><img loading=\"lazy\" decoding=\"async\" width=\"1024\" height=\"683\" class=\"wp-image-2130\" src=\"https:\/\/www.manetti.com\/wp-content\/uploads\/2020\/01\/CATHERINES-PALACE\ufffd-Saint-Petersburg-Russia-1024x683.jpg\" alt=\"\" data-id=\"2130\" data-link=\"https:\/\/www.manetti.com\/en\/gallery-restoration-of-exteriors\/catherines-palace%ef%bf%bd-saint-petersburg-russia\/\" srcset=\"https:\/\/www.manetti.com\/wp-content\/uploads\/2020\/01\/CATHERINES-PALACE\ufffd-Saint-Petersburg-Russia-1024x683.jpg 1024w, https:\/\/www.manetti.com\/wp-content\/uploads\/2020\/01\/CATHERINES-PALACE\ufffd-Saint-Petersburg-Russia-scaled-600x400.jpg 600w, https:\/\/www.manetti.com\/wp-content\/uploads\/2020\/01\/CATHERINES-PALACE\ufffd-Saint-Petersburg-Russia-300x200.jpg 300w, https:\/\/www.manetti.com\/wp-content\/uploads\/2020\/01\/CATHERINES-PALACE\ufffd-Saint-Petersburg-Russia-768x512.jpg 768w, https:\/\/www.manetti.com\/wp-content\/uploads\/2020\/01\/CATHERINES-PALACE\ufffd-Saint-Petersburg-Russia-1536x1024.jpg 1536w, https:\/\/www.manetti.com\/wp-content\/uploads\/2020\/01\/CATHERINES-PALACE\ufffd-Saint-Petersburg-Russia-2048x1365.jpg 2048w\" sizes=\"auto, (max-width: 1024px) 100vw, 1024px\" \/>\r\n<figcaption class=\"blocks-gallery-item__caption\">PALACIO DE CATILINA; San Petersburgo, Rusia<\/figcaption>\r\n<\/figure>\r\n<\/li>\r\n<li class=\"blocks-gallery-item\">\r\n<figure><img loading=\"lazy\" decoding=\"async\" width=\"1024\" height=\"683\" class=\"wp-image-2132\" src=\"https:\/\/www.manetti.com\/wp-content\/uploads\/2020\/01\/CATHERINES-PALACE\ufffd-St-Petersburg-Russia-2-1024x683.jpg\" alt=\"\" data-id=\"2132\" data-link=\"https:\/\/www.manetti.com\/en\/gallery-restoration-of-exteriors\/catherines-palace%ef%bf%bd-st-petersburg-russia-2\/\" srcset=\"https:\/\/www.manetti.com\/wp-content\/uploads\/2020\/01\/CATHERINES-PALACE\ufffd-St-Petersburg-Russia-2-1024x683.jpg 1024w, https:\/\/www.manetti.com\/wp-content\/uploads\/2020\/01\/CATHERINES-PALACE\ufffd-St-Petersburg-Russia-2-scaled-600x400.jpg 600w, https:\/\/www.manetti.com\/wp-content\/uploads\/2020\/01\/CATHERINES-PALACE\ufffd-St-Petersburg-Russia-2-300x200.jpg 300w, https:\/\/www.manetti.com\/wp-content\/uploads\/2020\/01\/CATHERINES-PALACE\ufffd-St-Petersburg-Russia-2-768x512.jpg 768w, https:\/\/www.manetti.com\/wp-content\/uploads\/2020\/01\/CATHERINES-PALACE\ufffd-St-Petersburg-Russia-2-1536x1024.jpg 1536w, https:\/\/www.manetti.com\/wp-content\/uploads\/2020\/01\/CATHERINES-PALACE\ufffd-St-Petersburg-Russia-2-2048x1365.jpg 2048w\" sizes=\"auto, (max-width: 1024px) 100vw, 1024px\" \/>\r\n<figcaption class=\"blocks-gallery-item__caption\">PALACIO DE CATILINA; San Petersburgo, Rusia<\/figcaption>\r\n<\/figure>\r\n<\/li>\r\n<li class=\"blocks-gallery-item\">\r\n<figure><img loading=\"lazy\" decoding=\"async\" width=\"600\" height=\"554\" class=\"wp-image-2134\" src=\"https:\/\/www.manetti.com\/wp-content\/uploads\/2020\/01\/CHAPEL-OF-ST.-BASIL\ufffd-Houston-USA-e1580996704994.jpeg\" alt=\"\" data-id=\"2134\" data-link=\"https:\/\/www.manetti.com\/en\/gallery-restoration-of-exteriors\/chapel-of-st-basil%ef%bf%bd-houston-usa\/\" srcset=\"https:\/\/www.manetti.com\/wp-content\/uploads\/2020\/01\/CHAPEL-OF-ST.-BASIL\ufffd-Houston-USA-e1580996704994.jpeg 600w, https:\/\/www.manetti.com\/wp-content\/uploads\/2020\/01\/CHAPEL-OF-ST.-BASIL\ufffd-Houston-USA-e1580996704994-300x277.jpeg 300w\" sizes=\"auto, (max-width: 600px) 100vw, 600px\" \/>\r\n<figcaption class=\"blocks-gallery-item__caption\">CHAPEL OF ST. BASIL; Houston, USA<\/figcaption>\r\n<\/figure>\r\n<\/li>\r\n<li class=\"blocks-gallery-item\">\r\n<figure><img loading=\"lazy\" decoding=\"async\" width=\"1024\" height=\"796\" class=\"wp-image-2136\" src=\"https:\/\/www.manetti.com\/wp-content\/uploads\/2020\/01\/CHURCH-OF-NATIVITY\ufffd-Florence-Italy-1024x796.jpeg\" alt=\"\" data-id=\"2136\" data-link=\"https:\/\/www.manetti.com\/en\/gallery-restoration-of-exteriors\/church-of-nativity%ef%bf%bd-florence-italy\/\" srcset=\"https:\/\/www.manetti.com\/wp-content\/uploads\/2020\/01\/CHURCH-OF-NATIVITY\ufffd-Florence-Italy-1024x796.jpeg 1024w, https:\/\/www.manetti.com\/wp-content\/uploads\/2020\/01\/CHURCH-OF-NATIVITY\ufffd-Florence-Italy-600x466.jpeg 600w, https:\/\/www.manetti.com\/wp-content\/uploads\/2020\/01\/CHURCH-OF-NATIVITY\ufffd-Florence-Italy-300x233.jpeg 300w, https:\/\/www.manetti.com\/wp-content\/uploads\/2020\/01\/CHURCH-OF-NATIVITY\ufffd-Florence-Italy-768x597.jpeg 768w, https:\/\/www.manetti.com\/wp-content\/uploads\/2020\/01\/CHURCH-OF-NATIVITY\ufffd-Florence-Italy.jpeg 1235w\" sizes=\"auto, (max-width: 1024px) 100vw, 1024px\" \/>\r\n<figcaption class=\"blocks-gallery-item__caption\">IGLESIA DE LA NATIVIDAD; Florencia, Italia<\/figcaption>\r\n<\/figure>\r\n<\/li>\r\n<li class=\"blocks-gallery-item\">\r\n<figure><img loading=\"lazy\" decoding=\"async\" width=\"1000\" height=\"1000\" class=\"wp-image-2138\" src=\"https:\/\/www.manetti.com\/wp-content\/uploads\/2020\/01\/CHURCH-OF-ST.-JOHN-THE-BAPTIST\ufffd-Ni\u017enij-Novgorod-Ukraine.jpg\" alt=\"\" data-id=\"2138\" data-link=\"https:\/\/www.manetti.com\/en\/gallery-restoration-of-exteriors\/church-of-st-john-the-baptist%ef%bf%bd-niznij-novgorod-ukraine\/\" srcset=\"https:\/\/www.manetti.com\/wp-content\/uploads\/2020\/01\/CHURCH-OF-ST.-JOHN-THE-BAPTIST\ufffd-Ni\u017enij-Novgorod-Ukraine.jpg 1000w, https:\/\/www.manetti.com\/wp-content\/uploads\/2020\/01\/CHURCH-OF-ST.-JOHN-THE-BAPTIST\ufffd-Ni\u017enij-Novgorod-Ukraine-300x300.jpg 300w, https:\/\/www.manetti.com\/wp-content\/uploads\/2020\/01\/CHURCH-OF-ST.-JOHN-THE-BAPTIST\ufffd-Ni\u017enij-Novgorod-Ukraine-100x100.jpg 100w, https:\/\/www.manetti.com\/wp-content\/uploads\/2020\/01\/CHURCH-OF-ST.-JOHN-THE-BAPTIST\ufffd-Ni\u017enij-Novgorod-Ukraine-600x600.jpg 600w, https:\/\/www.manetti.com\/wp-content\/uploads\/2020\/01\/CHURCH-OF-ST.-JOHN-THE-BAPTIST\ufffd-Ni\u017enij-Novgorod-Ukraine-150x150.jpg 150w, https:\/\/www.manetti.com\/wp-content\/uploads\/2020\/01\/CHURCH-OF-ST.-JOHN-THE-BAPTIST\ufffd-Ni\u017enij-Novgorod-Ukraine-768x768.jpg 768w\" sizes=\"auto, (max-width: 1000px) 100vw, 1000px\" \/>\r\n<figcaption class=\"blocks-gallery-item__caption\">IGLESIA DE SAN JUAN EL BAUTISTA; Nizhni N\u00f3vgorod, Rusia<\/figcaption>\r\n<\/figure>\r\n<\/li>\r\n<li class=\"blocks-gallery-item\">\r\n<figure><img loading=\"lazy\" decoding=\"async\" width=\"683\" height=\"1024\" class=\"wp-image-2140\" src=\"https:\/\/www.manetti.com\/wp-content\/uploads\/2020\/01\/CHURCH-OF-ST.-LEOPOLD\ufffd-Vienna-Austria-683x1024.jpeg\" alt=\"\" data-id=\"2140\" data-link=\"https:\/\/www.manetti.com\/en\/gallery-restoration-of-exteriors\/kirche-am-steinhof-15\/\" srcset=\"https:\/\/www.manetti.com\/wp-content\/uploads\/2020\/01\/CHURCH-OF-ST.-LEOPOLD\ufffd-Vienna-Austria-683x1024.jpeg 683w, https:\/\/www.manetti.com\/wp-content\/uploads\/2020\/01\/CHURCH-OF-ST.-LEOPOLD\ufffd-Vienna-Austria-scaled-600x900.jpeg 600w, https:\/\/www.manetti.com\/wp-content\/uploads\/2020\/01\/CHURCH-OF-ST.-LEOPOLD\ufffd-Vienna-Austria-200x300.jpeg 200w, https:\/\/www.manetti.com\/wp-content\/uploads\/2020\/01\/CHURCH-OF-ST.-LEOPOLD\ufffd-Vienna-Austria-768x1152.jpeg 768w, https:\/\/www.manetti.com\/wp-content\/uploads\/2020\/01\/CHURCH-OF-ST.-LEOPOLD\ufffd-Vienna-Austria-1024x1536.jpeg 1024w, https:\/\/www.manetti.com\/wp-content\/uploads\/2020\/01\/CHURCH-OF-ST.-LEOPOLD\ufffd-Vienna-Austria-1365x2048.jpeg 1365w, https:\/\/www.manetti.com\/wp-content\/uploads\/2020\/01\/CHURCH-OF-ST.-LEOPOLD\ufffd-Vienna-Austria-scaled.jpeg 1706w\" sizes=\"auto, (max-width: 683px) 100vw, 683px\" \/>\r\n<figcaption class=\"blocks-gallery-item__caption\">IGLESIA DE SAN LEOPOLDO; Viena, Austria<\/figcaption>\r\n<\/figure>\r\n<\/li>\r\n<li class=\"blocks-gallery-item\">\r\n<figure><img loading=\"lazy\" decoding=\"async\" width=\"1024\" height=\"683\" class=\"wp-image-2142\" src=\"https:\/\/www.manetti.com\/wp-content\/uploads\/2020\/01\/COLORADO-STATE-CAPITOL\ufffd-Denver-USA-1024x683.jpeg\" alt=\"\" data-id=\"2142\" data-link=\"https:\/\/www.manetti.com\/en\/gallery-restoration-of-exteriors\/golden-dome-of-colorado-state-capitol-building-in-denver\/\" srcset=\"https:\/\/www.manetti.com\/wp-content\/uploads\/2020\/01\/COLORADO-STATE-CAPITOL\ufffd-Denver-USA-1024x683.jpeg 1024w, https:\/\/www.manetti.com\/wp-content\/uploads\/2020\/01\/COLORADO-STATE-CAPITOL\ufffd-Denver-USA-scaled-600x400.jpeg 600w, https:\/\/www.manetti.com\/wp-content\/uploads\/2020\/01\/COLORADO-STATE-CAPITOL\ufffd-Denver-USA-300x200.jpeg 300w, https:\/\/www.manetti.com\/wp-content\/uploads\/2020\/01\/COLORADO-STATE-CAPITOL\ufffd-Denver-USA-768x512.jpeg 768w, https:\/\/www.manetti.com\/wp-content\/uploads\/2020\/01\/COLORADO-STATE-CAPITOL\ufffd-Denver-USA-1536x1025.jpeg 1536w, https:\/\/www.manetti.com\/wp-content\/uploads\/2020\/01\/COLORADO-STATE-CAPITOL\ufffd-Denver-USA-2048x1366.jpeg 2048w\" sizes=\"auto, (max-width: 1024px) 100vw, 1024px\" \/>\r\n<figcaption class=\"blocks-gallery-item__caption\">CAPITOLIO DEL ESTADO DE COLORADO; Denver, USA<\/figcaption>\r\n<\/figure>\r\n<\/li>\r\n<li class=\"blocks-gallery-item\">\r\n<figure><img loading=\"lazy\" decoding=\"async\" width=\"1024\" height=\"768\" class=\"wp-image-2144\" src=\"https:\/\/www.manetti.com\/wp-content\/uploads\/2020\/01\/COUNTY-LARGE\ufffd-Indiana-USA-1024x768.jpg\" alt=\"\" data-id=\"2144\" data-link=\"https:\/\/www.manetti.com\/en\/gallery-restoration-of-exteriors\/county-large%ef%bf%bd-indiana-usa\/\" srcset=\"https:\/\/www.manetti.com\/wp-content\/uploads\/2020\/01\/COUNTY-LARGE\ufffd-Indiana-USA-1024x768.jpg 1024w, https:\/\/www.manetti.com\/wp-content\/uploads\/2020\/01\/COUNTY-LARGE\ufffd-Indiana-USA-scaled-600x450.jpg 600w, https:\/\/www.manetti.com\/wp-content\/uploads\/2020\/01\/COUNTY-LARGE\ufffd-Indiana-USA-300x225.jpg 300w, https:\/\/www.manetti.com\/wp-content\/uploads\/2020\/01\/COUNTY-LARGE\ufffd-Indiana-USA-768x576.jpg 768w, https:\/\/www.manetti.com\/wp-content\/uploads\/2020\/01\/COUNTY-LARGE\ufffd-Indiana-USA-1536x1152.jpg 1536w, https:\/\/www.manetti.com\/wp-content\/uploads\/2020\/01\/COUNTY-LARGE\ufffd-Indiana-USA-2048x1536.jpg 2048w\" sizes=\"auto, (max-width: 1024px) 100vw, 1024px\" \/>\r\n<figcaption class=\"blocks-gallery-item__caption\">COUNTY LARGE; Indiana, USA<\/figcaption>\r\n<\/figure>\r\n<\/li>\r\n<li class=\"blocks-gallery-item\">\r\n<figure><img loading=\"lazy\" decoding=\"async\" width=\"1024\" height=\"476\" class=\"wp-image-30601\" src=\"https:\/\/www.manetti.com\/wp-content\/uploads\/2020\/01\/DOME-OF-THE-ROCK\ufffd-Jerusalem-Israel-1024x476.jpg\" alt=\"\" data-id=\"2146\" data-link=\"https:\/\/www.manetti.com\/en\/gallery-restoration-of-exteriors\/dome-of-the-rock%ef%bf%bd-jerusalem-israel\/\" srcset=\"https:\/\/www.manetti.com\/wp-content\/uploads\/2020\/01\/DOME-OF-THE-ROCK\ufffd-Jerusalem-Israel-1024x476.jpg 1024w, https:\/\/www.manetti.com\/wp-content\/uploads\/2020\/01\/DOME-OF-THE-ROCK\ufffd-Jerusalem-Israel-scaled-600x279.jpg 600w, https:\/\/www.manetti.com\/wp-content\/uploads\/2020\/01\/DOME-OF-THE-ROCK\ufffd-Jerusalem-Israel-300x140.jpg 300w, https:\/\/www.manetti.com\/wp-content\/uploads\/2020\/01\/DOME-OF-THE-ROCK\ufffd-Jerusalem-Israel-768x357.jpg 768w, https:\/\/www.manetti.com\/wp-content\/uploads\/2020\/01\/DOME-OF-THE-ROCK\ufffd-Jerusalem-Israel-1536x714.jpg 1536w, https:\/\/www.manetti.com\/wp-content\/uploads\/2020\/01\/DOME-OF-THE-ROCK\ufffd-Jerusalem-Israel-2048x952.jpg 2048w\" sizes=\"auto, (max-width: 1024px) 100vw, 1024px\" \/>\r\n<figcaption class=\"blocks-gallery-item__caption\">C\u00daPULA DE LA ROCA; Jerusal\u00e9n, Israel<\/figcaption>\r\n<\/figure>\r\n<\/li>\r\n<li class=\"blocks-gallery-item\">\r\n<figure><img loading=\"lazy\" decoding=\"async\" width=\"768\" height=\"1024\" class=\"wp-image-2148\" src=\"https:\/\/www.manetti.com\/wp-content\/uploads\/2020\/01\/FANEUIL-HALL\ufffd-Boston-USA-768x1024.jpg\" alt=\"\" data-id=\"2148\" data-link=\"https:\/\/www.manetti.com\/en\/gallery-restoration-of-exteriors\/faneuil-hall%ef%bf%bd-boston-usa\/\" srcset=\"https:\/\/www.manetti.com\/wp-content\/uploads\/2020\/01\/FANEUIL-HALL\ufffd-Boston-USA-768x1024.jpg 768w, https:\/\/www.manetti.com\/wp-content\/uploads\/2020\/01\/FANEUIL-HALL\ufffd-Boston-USA-scaled-600x800.jpg 600w, https:\/\/www.manetti.com\/wp-content\/uploads\/2020\/01\/FANEUIL-HALL\ufffd-Boston-USA-225x300.jpg 225w, https:\/\/www.manetti.com\/wp-content\/uploads\/2020\/01\/FANEUIL-HALL\ufffd-Boston-USA-1152x1536.jpg 1152w, https:\/\/www.manetti.com\/wp-content\/uploads\/2020\/01\/FANEUIL-HALL\ufffd-Boston-USA-1536x2048.jpg 1536w, https:\/\/www.manetti.com\/wp-content\/uploads\/2020\/01\/FANEUIL-HALL\ufffd-Boston-USA-scaled.jpg 1920w\" sizes=\"auto, (max-width: 768px) 100vw, 768px\" \/>\r\n<figcaption class=\"blocks-gallery-item__caption\">FANEUIL HALL; Boston, USA<\/figcaption>\r\n<\/figure>\r\n<\/li>\r\n<li class=\"blocks-gallery-item\">\r\n<figure><img loading=\"lazy\" decoding=\"async\" width=\"1024\" height=\"683\" class=\"wp-image-30614\" src=\"https:\/\/www.manetti.com\/wp-content\/uploads\/2020\/06\/FIREMAN-INSURANCE-BUILDING\ufffd-Washington-USA-1024x683.jpg\" alt=\"\" data-id=\"12880\" data-full-url=\"https:\/\/www.manetti.com\/wp-content\/uploads\/2020\/06\/FIREMAN-INSURANCE-BUILDING\ufffd-Washington-USA.jpg\" data-link=\"https:\/\/www.manetti.com\/gallery\/restauro-esterni\/fireman-insurance-building%ef%bf%bd-washington-usa-2\/\" srcset=\"https:\/\/www.manetti.com\/wp-content\/uploads\/2020\/06\/FIREMAN-INSURANCE-BUILDING\ufffd-Washington-USA-1024x683.jpg 1024w, https:\/\/www.manetti.com\/wp-content\/uploads\/2020\/06\/FIREMAN-INSURANCE-BUILDING\ufffd-Washington-USA-300x200.jpg 300w, https:\/\/www.manetti.com\/wp-content\/uploads\/2020\/06\/FIREMAN-INSURANCE-BUILDING\ufffd-Washington-USA-768x512.jpg 768w, https:\/\/www.manetti.com\/wp-content\/uploads\/2020\/06\/FIREMAN-INSURANCE-BUILDING\ufffd-Washington-USA-1536x1024.jpg 1536w, https:\/\/www.manetti.com\/wp-content\/uploads\/2020\/06\/FIREMAN-INSURANCE-BUILDING\ufffd-Washington-USA-2048x1366.jpg 2048w, https:\/\/www.manetti.com\/wp-content\/uploads\/2020\/06\/FIREMAN-INSURANCE-BUILDING\ufffd-Washington-USA-600x400.jpg 600w\" sizes=\"auto, (max-width: 1024px) 100vw, 1024px\" \/>\r\n<figcaption class=\"blocks-gallery-item__caption\">FIREMAN INSURANCE BUILDING; Washington, USA<\/figcaption>\r\n<\/figure>\r\n<\/li>\r\n<li class=\"blocks-gallery-item\">\r\n<figure><img loading=\"lazy\" decoding=\"async\" width=\"1024\" height=\"684\" class=\"wp-image-2152\" src=\"https:\/\/www.manetti.com\/wp-content\/uploads\/2020\/01\/FIRST-BAPTIST-CHURCH-IN-MARIANNA\ufffd-MariannaUSA-1024x684.jpg\" alt=\"\" data-id=\"2152\" data-link=\"https:\/\/www.manetti.com\/en\/gallery-restoration-of-exteriors\/first-baptist-church-of-marianna-florida-has-a-gold-leaf-dome\/\" srcset=\"https:\/\/www.manetti.com\/wp-content\/uploads\/2020\/01\/FIRST-BAPTIST-CHURCH-IN-MARIANNA\ufffd-MariannaUSA-1024x684.jpg 1024w, https:\/\/www.manetti.com\/wp-content\/uploads\/2020\/01\/FIRST-BAPTIST-CHURCH-IN-MARIANNA\ufffd-MariannaUSA-scaled-600x401.jpg 600w, https:\/\/www.manetti.com\/wp-content\/uploads\/2020\/01\/FIRST-BAPTIST-CHURCH-IN-MARIANNA\ufffd-MariannaUSA-300x200.jpg 300w, https:\/\/www.manetti.com\/wp-content\/uploads\/2020\/01\/FIRST-BAPTIST-CHURCH-IN-MARIANNA\ufffd-MariannaUSA-768x513.jpg 768w, https:\/\/www.manetti.com\/wp-content\/uploads\/2020\/01\/FIRST-BAPTIST-CHURCH-IN-MARIANNA\ufffd-MariannaUSA-1536x1025.jpg 1536w, https:\/\/www.manetti.com\/wp-content\/uploads\/2020\/01\/FIRST-BAPTIST-CHURCH-IN-MARIANNA\ufffd-MariannaUSA-2048x1367.jpg 2048w\" sizes=\"auto, (max-width: 1024px) 100vw, 1024px\" \/>\r\n<figcaption class=\"blocks-gallery-item__caption\">FIRST BAPTIST CHURCH IN MARIANNA; Marianna,USA<\/figcaption>\r\n<\/figure>\r\n<\/li>\r\n<li class=\"blocks-gallery-item\">\r\n<figure><img loading=\"lazy\" decoding=\"async\" width=\"1024\" height=\"681\" class=\"wp-image-30612\" src=\"https:\/\/www.manetti.com\/wp-content\/uploads\/2020\/06\/FLAME-OF-KNOWLEDGE-THOMAS-JEFFERSON-BUILDING\ufffd-Washington-USA-1024x681.jpg\" alt=\"\" data-id=\"12875\" data-full-url=\"https:\/\/www.manetti.com\/wp-content\/uploads\/2020\/06\/FLAME-OF-KNOWLEDGE-THOMAS-JEFFERSON-BUILDING\ufffd-Washington-USA.jpg\" data-link=\"https:\/\/www.manetti.com\/gallery\/restauro-esterni\/flame-of-knowledge-thomas-jefferson-building%ef%bf%bd-washington-usa-2\/\" srcset=\"https:\/\/www.manetti.com\/wp-content\/uploads\/2020\/06\/FLAME-OF-KNOWLEDGE-THOMAS-JEFFERSON-BUILDING\ufffd-Washington-USA-1024x681.jpg 1024w, https:\/\/www.manetti.com\/wp-content\/uploads\/2020\/06\/FLAME-OF-KNOWLEDGE-THOMAS-JEFFERSON-BUILDING\ufffd-Washington-USA-300x200.jpg 300w, https:\/\/www.manetti.com\/wp-content\/uploads\/2020\/06\/FLAME-OF-KNOWLEDGE-THOMAS-JEFFERSON-BUILDING\ufffd-Washington-USA-768x511.jpg 768w, https:\/\/www.manetti.com\/wp-content\/uploads\/2020\/06\/FLAME-OF-KNOWLEDGE-THOMAS-JEFFERSON-BUILDING\ufffd-Washington-USA-1536x1022.jpg 1536w, https:\/\/www.manetti.com\/wp-content\/uploads\/2020\/06\/FLAME-OF-KNOWLEDGE-THOMAS-JEFFERSON-BUILDING\ufffd-Washington-USA-2048x1362.jpg 2048w, https:\/\/www.manetti.com\/wp-content\/uploads\/2020\/06\/FLAME-OF-KNOWLEDGE-THOMAS-JEFFERSON-BUILDING\ufffd-Washington-USA-600x399.jpg 600w\" sizes=\"auto, (max-width: 1024px) 100vw, 1024px\" \/>\r\n<figcaption class=\"blocks-gallery-item__caption\">FLAME OF KNOWLEDGE &#8211; THOMAS JEFFERSON BUILDING; Washington, USA<\/figcaption>\r\n<\/figure>\r\n<\/li>\r\n<li class=\"blocks-gallery-item\">\r\n<figure><img loading=\"lazy\" decoding=\"async\" width=\"1024\" height=\"683\" class=\"wp-image-2114\" src=\"https:\/\/www.manetti.com\/wp-content\/uploads\/2020\/01\/ALEXANDER-NEVSKY-CATHEDRAL\ufffd-Ni\u017enij-Novgorod-Russia-1024x683.jpeg\" alt=\"\" data-id=\"2114\" data-link=\"https:\/\/www.manetti.com\/en\/gallery-restoration-of-exteriors\/alexander-nevsky-cathedral-in-nizhny-novgorod\/\" srcset=\"https:\/\/www.manetti.com\/wp-content\/uploads\/2020\/01\/ALEXANDER-NEVSKY-CATHEDRAL\ufffd-Ni\u017enij-Novgorod-Russia-1024x683.jpeg 1024w, https:\/\/www.manetti.com\/wp-content\/uploads\/2020\/01\/ALEXANDER-NEVSKY-CATHEDRAL\ufffd-Ni\u017enij-Novgorod-Russia-scaled-600x400.jpeg 600w, https:\/\/www.manetti.com\/wp-content\/uploads\/2020\/01\/ALEXANDER-NEVSKY-CATHEDRAL\ufffd-Ni\u017enij-Novgorod-Russia-300x200.jpeg 300w, https:\/\/www.manetti.com\/wp-content\/uploads\/2020\/01\/ALEXANDER-NEVSKY-CATHEDRAL\ufffd-Ni\u017enij-Novgorod-Russia-768x512.jpeg 768w, https:\/\/www.manetti.com\/wp-content\/uploads\/2020\/01\/ALEXANDER-NEVSKY-CATHEDRAL\ufffd-Ni\u017enij-Novgorod-Russia-1536x1024.jpeg 1536w, https:\/\/www.manetti.com\/wp-content\/uploads\/2020\/01\/ALEXANDER-NEVSKY-CATHEDRAL\ufffd-Ni\u017enij-Novgorod-Russia-2048x1365.jpeg 2048w\" sizes=\"auto, (max-width: 1024px) 100vw, 1024px\" \/>\r\n<figcaption class=\"blocks-gallery-item__caption\">CATEDRAL DE ALEJANDRO NEVSKI; Nizhni N\u00f3vgorod, Rusia<\/figcaption>\r\n<\/figure>\r\n<\/li>\r\n<li class=\"blocks-gallery-item\">\r\n<figure><img loading=\"lazy\" decoding=\"async\" width=\"683\" height=\"1024\" class=\"wp-image-2156\" src=\"https:\/\/www.manetti.com\/wp-content\/uploads\/2020\/01\/GEORGIA-STATE-CAPITOL-BUILDING\ufffd-Atlanta-USA-683x1024.jpg\" alt=\"\" data-id=\"2156\" data-link=\"https:\/\/www.manetti.com\/en\/gallery-restoration-of-exteriors\/georgia-state-capitol-building%ef%bf%bd-atlanta-usa\/\" srcset=\"https:\/\/www.manetti.com\/wp-content\/uploads\/2020\/01\/GEORGIA-STATE-CAPITOL-BUILDING\ufffd-Atlanta-USA-683x1024.jpg 683w, https:\/\/www.manetti.com\/wp-content\/uploads\/2020\/01\/GEORGIA-STATE-CAPITOL-BUILDING\ufffd-Atlanta-USA-scaled-600x899.jpg 600w, https:\/\/www.manetti.com\/wp-content\/uploads\/2020\/01\/GEORGIA-STATE-CAPITOL-BUILDING\ufffd-Atlanta-USA-200x300.jpg 200w, https:\/\/www.manetti.com\/wp-content\/uploads\/2020\/01\/GEORGIA-STATE-CAPITOL-BUILDING\ufffd-Atlanta-USA-768x1151.jpg 768w, https:\/\/www.manetti.com\/wp-content\/uploads\/2020\/01\/GEORGIA-STATE-CAPITOL-BUILDING\ufffd-Atlanta-USA-1025x1536.jpg 1025w, https:\/\/www.manetti.com\/wp-content\/uploads\/2020\/01\/GEORGIA-STATE-CAPITOL-BUILDING\ufffd-Atlanta-USA-1367x2048.jpg 1367w, https:\/\/www.manetti.com\/wp-content\/uploads\/2020\/01\/GEORGIA-STATE-CAPITOL-BUILDING\ufffd-Atlanta-USA-scaled.jpg 1708w\" sizes=\"auto, (max-width: 683px) 100vw, 683px\" \/>\r\n<figcaption class=\"blocks-gallery-item__caption\">CAPITOLIO DEL ESTADO DE GEORGIA; Atlanta, USA<\/figcaption>\r\n<\/figure>\r\n<\/li>\r\n<li class=\"blocks-gallery-item\">\r\n<figure><img loading=\"lazy\" decoding=\"async\" width=\"1024\" height=\"683\" class=\"wp-image-2158\" src=\"https:\/\/www.manetti.com\/wp-content\/uploads\/2020\/01\/GOLDEN-BALL-BRUNELLESCHIS-DOME\ufffd-Florence-Italy-1024x683.jpg\" alt=\"\" data-id=\"2158\" data-link=\"https:\/\/www.manetti.com\/en\/gallery-restoration-of-exteriors\/cathedral-santa-maria-del-fiore-dome-in-florence-italy-with-cop-2\/\" srcset=\"https:\/\/www.manetti.com\/wp-content\/uploads\/2020\/01\/GOLDEN-BALL-BRUNELLESCHIS-DOME\ufffd-Florence-Italy-1024x683.jpg 1024w, https:\/\/www.manetti.com\/wp-content\/uploads\/2020\/01\/GOLDEN-BALL-BRUNELLESCHIS-DOME\ufffd-Florence-Italy-scaled-600x400.jpg 600w, https:\/\/www.manetti.com\/wp-content\/uploads\/2020\/01\/GOLDEN-BALL-BRUNELLESCHIS-DOME\ufffd-Florence-Italy-300x200.jpg 300w, https:\/\/www.manetti.com\/wp-content\/uploads\/2020\/01\/GOLDEN-BALL-BRUNELLESCHIS-DOME\ufffd-Florence-Italy-768x512.jpg 768w, https:\/\/www.manetti.com\/wp-content\/uploads\/2020\/01\/GOLDEN-BALL-BRUNELLESCHIS-DOME\ufffd-Florence-Italy-1536x1024.jpg 1536w, https:\/\/www.manetti.com\/wp-content\/uploads\/2020\/01\/GOLDEN-BALL-BRUNELLESCHIS-DOME\ufffd-Florence-Italy-2048x1365.jpg 2048w\" sizes=\"auto, (max-width: 1024px) 100vw, 1024px\" \/>\r\n<figcaption class=\"blocks-gallery-item__caption\">BOLA DORADA &#8211; C\u00daPULA DE BRUNELLESCHI; Florencia, Italia<\/figcaption>\r\n<\/figure>\r\n<\/li>\r\n<li class=\"blocks-gallery-item\">\r\n<figure><img loading=\"lazy\" decoding=\"async\" width=\"1024\" height=\"683\" class=\"wp-image-2160\" src=\"https:\/\/www.manetti.com\/wp-content\/uploads\/2020\/01\/GRAND-PLACE\ufffd-Bruxelles-Belgium-1024x683.jpg\" alt=\"\" data-id=\"2160\" data-link=\"https:\/\/www.manetti.com\/en\/gallery-restoration-of-exteriors\/grand-place%ef%bf%bd-bruxelles-belgium\/\" srcset=\"https:\/\/www.manetti.com\/wp-content\/uploads\/2020\/01\/GRAND-PLACE\ufffd-Bruxelles-Belgium-1024x683.jpg 1024w, https:\/\/www.manetti.com\/wp-content\/uploads\/2020\/01\/GRAND-PLACE\ufffd-Bruxelles-Belgium-scaled-600x400.jpg 600w, https:\/\/www.manetti.com\/wp-content\/uploads\/2020\/01\/GRAND-PLACE\ufffd-Bruxelles-Belgium-300x200.jpg 300w, https:\/\/www.manetti.com\/wp-content\/uploads\/2020\/01\/GRAND-PLACE\ufffd-Bruxelles-Belgium-768x512.jpg 768w, https:\/\/www.manetti.com\/wp-content\/uploads\/2020\/01\/GRAND-PLACE\ufffd-Bruxelles-Belgium-1536x1024.jpg 1536w, https:\/\/www.manetti.com\/wp-content\/uploads\/2020\/01\/GRAND-PLACE\ufffd-Bruxelles-Belgium-2048x1365.jpg 2048w\" sizes=\"auto, (max-width: 1024px) 100vw, 1024px\" \/>\r\n<figcaption class=\"blocks-gallery-item__caption\">GRAND-PLACE; Bruselas, B\u00e9lgica<\/figcaption>\r\n<\/figure>\r\n<\/li>\r\n<li class=\"blocks-gallery-item\">\r\n<figure><img loading=\"lazy\" decoding=\"async\" width=\"1024\" height=\"729\" class=\"wp-image-2162\" src=\"https:\/\/www.manetti.com\/wp-content\/uploads\/2020\/01\/GROTE-MARKT\ufffd-Antwerp-Belgium-1024x729.jpeg\" alt=\"\" data-id=\"2162\" data-link=\"https:\/\/www.manetti.com\/en\/gallery-restoration-of-exteriors\/grote-markt-square-antwerpen\/\" srcset=\"https:\/\/www.manetti.com\/wp-content\/uploads\/2020\/01\/GROTE-MARKT\ufffd-Antwerp-Belgium-1024x729.jpeg 1024w, https:\/\/www.manetti.com\/wp-content\/uploads\/2020\/01\/GROTE-MARKT\ufffd-Antwerp-Belgium-scaled-600x427.jpeg 600w, https:\/\/www.manetti.com\/wp-content\/uploads\/2020\/01\/GROTE-MARKT\ufffd-Antwerp-Belgium-300x214.jpeg 300w, https:\/\/www.manetti.com\/wp-content\/uploads\/2020\/01\/GROTE-MARKT\ufffd-Antwerp-Belgium-768x547.jpeg 768w, https:\/\/www.manetti.com\/wp-content\/uploads\/2020\/01\/GROTE-MARKT\ufffd-Antwerp-Belgium-1536x1094.jpeg 1536w, https:\/\/www.manetti.com\/wp-content\/uploads\/2020\/01\/GROTE-MARKT\ufffd-Antwerp-Belgium-2048x1458.jpeg 2048w\" sizes=\"auto, (max-width: 1024px) 100vw, 1024px\" \/>\r\n<figcaption class=\"blocks-gallery-item__caption\">GROTE MARKT; Amberes, B\u00e9lgica<\/figcaption>\r\n<\/figure>\r\n<\/li>\r\n<li class=\"blocks-gallery-item\"><img loading=\"lazy\" decoding=\"async\" width=\"1024\" height=\"683\" class=\"wp-image-2166\" src=\"https:\/\/www.manetti.com\/wp-content\/uploads\/2020\/01\/IOWA-STATEHOUSE\ufffd-Des-Moines-USA-1024x683.jpg\" alt=\"\" data-id=\"2166\" data-link=\"https:\/\/www.manetti.com\/en\/gallery-restoration-of-exteriors\/iowa-statehouse%ef%bf%bd-des-moines-usa\/\" srcset=\"https:\/\/www.manetti.com\/wp-content\/uploads\/2020\/01\/IOWA-STATEHOUSE\ufffd-Des-Moines-USA-1024x683.jpg 1024w, https:\/\/www.manetti.com\/wp-content\/uploads\/2020\/01\/IOWA-STATEHOUSE\ufffd-Des-Moines-USA-scaled-600x400.jpg 600w, https:\/\/www.manetti.com\/wp-content\/uploads\/2020\/01\/IOWA-STATEHOUSE\ufffd-Des-Moines-USA-300x200.jpg 300w, https:\/\/www.manetti.com\/wp-content\/uploads\/2020\/01\/IOWA-STATEHOUSE\ufffd-Des-Moines-USA-768x512.jpg 768w, https:\/\/www.manetti.com\/wp-content\/uploads\/2020\/01\/IOWA-STATEHOUSE\ufffd-Des-Moines-USA-1536x1024.jpg 1536w, https:\/\/www.manetti.com\/wp-content\/uploads\/2020\/01\/IOWA-STATEHOUSE\ufffd-Des-Moines-USA-2048x1365.jpg 2048w\" sizes=\"auto, (max-width: 1024px) 100vw, 1024px\" \/><\/li>\r\n<\/ul>\r\n<\/li>\r\n<\/ul>\r\n<figcaption class=\"blocks-gallery-item__caption\">CAPITOLIO DEL ESTADO DE IOWA; Des Moines, USA<\/figcaption>\r\n<ul class=\"blocks-gallery-grid\">\r\n<li class=\"blocks-gallery-item\"><\/li>\r\n<li class=\"blocks-gallery-item\">\r\n<figure><img loading=\"lazy\" decoding=\"async\" width=\"1024\" height=\"749\" class=\"wp-image-30600\" src=\"https:\/\/www.manetti.com\/wp-content\/uploads\/2020\/06\/KIEV-PECHERSK-LAVRA\ufffd-Kiev-Ukraine-1024x749.jpg\" alt=\"\" data-id=\"12873\" data-full-url=\"https:\/\/www.manetti.com\/wp-content\/uploads\/2020\/06\/KIEV-PECHERSK-LAVRA\ufffd-Kiev-Ukraine.jpg\" data-link=\"https:\/\/www.manetti.com\/gallery\/restauro-esterni\/kiev-pechersk-lavra%ef%bf%bd-kiev-ukraine\/\" srcset=\"https:\/\/www.manetti.com\/wp-content\/uploads\/2020\/06\/KIEV-PECHERSK-LAVRA\ufffd-Kiev-Ukraine-1024x749.jpg 1024w, https:\/\/www.manetti.com\/wp-content\/uploads\/2020\/06\/KIEV-PECHERSK-LAVRA\ufffd-Kiev-Ukraine-300x219.jpg 300w, https:\/\/www.manetti.com\/wp-content\/uploads\/2020\/06\/KIEV-PECHERSK-LAVRA\ufffd-Kiev-Ukraine-768x562.jpg 768w, https:\/\/www.manetti.com\/wp-content\/uploads\/2020\/06\/KIEV-PECHERSK-LAVRA\ufffd-Kiev-Ukraine-1536x1123.jpg 1536w, https:\/\/www.manetti.com\/wp-content\/uploads\/2020\/06\/KIEV-PECHERSK-LAVRA\ufffd-Kiev-Ukraine-2048x1498.jpg 2048w, https:\/\/www.manetti.com\/wp-content\/uploads\/2020\/06\/KIEV-PECHERSK-LAVRA\ufffd-Kiev-Ukraine-600x439.jpg 600w\" sizes=\"auto, (max-width: 1024px) 100vw, 1024px\" \/>\r\n<figcaption class=\"blocks-gallery-item__caption\">MONASTERIO DE LAS CUEVAS DE KIEV; Kiev, Ucrania<\/figcaption>\r\n<\/figure>\r\n<\/li>\r\n<li class=\"blocks-gallery-item\">\r\n<figure><img loading=\"lazy\" decoding=\"async\" width=\"1024\" height=\"977\" class=\"wp-image-2170\" src=\"https:\/\/www.manetti.com\/wp-content\/uploads\/2020\/01\/MARBLE-COURT-PALACE-OF-VERSAILLES\ufffd-Versailles-France-1024x977.jpeg\" alt=\"\" data-id=\"2170\" data-link=\"https:\/\/www.manetti.com\/en\/gallery-restoration-of-exteriors\/chateau-de-versailles\/\" srcset=\"https:\/\/www.manetti.com\/wp-content\/uploads\/2020\/01\/MARBLE-COURT-PALACE-OF-VERSAILLES\ufffd-Versailles-France-1024x977.jpeg 1024w, https:\/\/www.manetti.com\/wp-content\/uploads\/2020\/01\/MARBLE-COURT-PALACE-OF-VERSAILLES\ufffd-Versailles-France-scaled-600x572.jpeg 600w, https:\/\/www.manetti.com\/wp-content\/uploads\/2020\/01\/MARBLE-COURT-PALACE-OF-VERSAILLES\ufffd-Versailles-France-300x286.jpeg 300w, https:\/\/www.manetti.com\/wp-content\/uploads\/2020\/01\/MARBLE-COURT-PALACE-OF-VERSAILLES\ufffd-Versailles-France-768x732.jpeg 768w, https:\/\/www.manetti.com\/wp-content\/uploads\/2020\/01\/MARBLE-COURT-PALACE-OF-VERSAILLES\ufffd-Versailles-France-1536x1465.jpeg 1536w, https:\/\/www.manetti.com\/wp-content\/uploads\/2020\/01\/MARBLE-COURT-PALACE-OF-VERSAILLES\ufffd-Versailles-France-2048x1953.jpeg 2048w\" sizes=\"auto, (max-width: 1024px) 100vw, 1024px\" \/>\r\n<figcaption class=\"blocks-gallery-item__caption\">COUR DE MARBRE &#8211; PALACIO DE VERSALLES; Versalles, France<\/figcaption>\r\n<\/figure>\r\n<\/li>\r\n<li class=\"blocks-gallery-item\">\r\n<figure><img loading=\"lazy\" decoding=\"async\" width=\"683\" height=\"1024\" class=\"wp-image-2172\" src=\"https:\/\/www.manetti.com\/wp-content\/uploads\/2020\/01\/MINNESOTA-CAPITOL-BUILDING\ufffd-Saint-Paul-USA-683x1024.jpg\" alt=\"\" data-id=\"2172\" data-link=\"https:\/\/www.manetti.com\/en\/gallery-restoration-of-exteriors\/minnesota-capitol-building%ef%bf%bd-saint-paul-usa\/\" srcset=\"https:\/\/www.manetti.com\/wp-content\/uploads\/2020\/01\/MINNESOTA-CAPITOL-BUILDING\ufffd-Saint-Paul-USA-683x1024.jpg 683w, https:\/\/www.manetti.com\/wp-content\/uploads\/2020\/01\/MINNESOTA-CAPITOL-BUILDING\ufffd-Saint-Paul-USA-scaled-600x899.jpg 600w, https:\/\/www.manetti.com\/wp-content\/uploads\/2020\/01\/MINNESOTA-CAPITOL-BUILDING\ufffd-Saint-Paul-USA-200x300.jpg 200w, https:\/\/www.manetti.com\/wp-content\/uploads\/2020\/01\/MINNESOTA-CAPITOL-BUILDING\ufffd-Saint-Paul-USA-768x1151.jpg 768w, https:\/\/www.manetti.com\/wp-content\/uploads\/2020\/01\/MINNESOTA-CAPITOL-BUILDING\ufffd-Saint-Paul-USA-1025x1536.jpg 1025w, https:\/\/www.manetti.com\/wp-content\/uploads\/2020\/01\/MINNESOTA-CAPITOL-BUILDING\ufffd-Saint-Paul-USA-1367x2048.jpg 1367w, https:\/\/www.manetti.com\/wp-content\/uploads\/2020\/01\/MINNESOTA-CAPITOL-BUILDING\ufffd-Saint-Paul-USA-scaled.jpg 1709w\" sizes=\"auto, (max-width: 683px) 100vw, 683px\" \/>\r\n<figcaption class=\"blocks-gallery-item__caption\">CAPITOLIO DEL ESTADO DE MINNESOTA; Saint Paul, USA<\/figcaption>\r\n<\/figure>\r\n<\/li>\r\n<li class=\"blocks-gallery-item\">\r\n<figure><img loading=\"lazy\" decoding=\"async\" width=\"1024\" height=\"680\" class=\"wp-image-2174\" src=\"https:\/\/www.manetti.com\/wp-content\/uploads\/2020\/01\/NAN-LIAN-GARDEN\ufffd-Diamond-Hill-Hong-Kong-1024x680.jpeg\" alt=\"\" data-id=\"2174\" data-link=\"https:\/\/www.manetti.com\/en\/gallery-restoration-of-exteriors\/the-pavilion-of-absolute-perfection\/\" srcset=\"https:\/\/www.manetti.com\/wp-content\/uploads\/2020\/01\/NAN-LIAN-GARDEN\ufffd-Diamond-Hill-Hong-Kong-1024x680.jpeg 1024w, https:\/\/www.manetti.com\/wp-content\/uploads\/2020\/01\/NAN-LIAN-GARDEN\ufffd-Diamond-Hill-Hong-Kong-scaled-600x398.jpeg 600w, https:\/\/www.manetti.com\/wp-content\/uploads\/2020\/01\/NAN-LIAN-GARDEN\ufffd-Diamond-Hill-Hong-Kong-300x199.jpeg 300w, https:\/\/www.manetti.com\/wp-content\/uploads\/2020\/01\/NAN-LIAN-GARDEN\ufffd-Diamond-Hill-Hong-Kong-768x510.jpeg 768w, https:\/\/www.manetti.com\/wp-content\/uploads\/2020\/01\/NAN-LIAN-GARDEN\ufffd-Diamond-Hill-Hong-Kong-1536x1020.jpeg 1536w, https:\/\/www.manetti.com\/wp-content\/uploads\/2020\/01\/NAN-LIAN-GARDEN\ufffd-Diamond-Hill-Hong-Kong-2048x1360.jpeg 2048w\" sizes=\"auto, (max-width: 1024px) 100vw, 1024px\" \/>\r\n<figcaption class=\"blocks-gallery-item__caption\">NAN LIAN GARDEN; Diamond Hill, Hong Kong<\/figcaption>\r\n<\/figure>\r\n<\/li>\r\n<li class=\"blocks-gallery-item\">\r\n<figure><img loading=\"lazy\" decoding=\"async\" width=\"1024\" height=\"768\" class=\"wp-image-2176\" src=\"https:\/\/www.manetti.com\/wp-content\/uploads\/2020\/01\/NATIONAL-THEATRE\ufffd-Prague-Czech-Republic-1024x768.jpeg\" alt=\"\" data-id=\"2176\" data-link=\"https:\/\/www.manetti.com\/en\/gallery-restoration-of-exteriors\/prague-national-theater-on-sunny-day\/\" srcset=\"https:\/\/www.manetti.com\/wp-content\/uploads\/2020\/01\/NATIONAL-THEATRE\ufffd-Prague-Czech-Republic-1024x768.jpeg 1024w, https:\/\/www.manetti.com\/wp-content\/uploads\/2020\/01\/NATIONAL-THEATRE\ufffd-Prague-Czech-Republic-scaled-600x450.jpeg 600w, https:\/\/www.manetti.com\/wp-content\/uploads\/2020\/01\/NATIONAL-THEATRE\ufffd-Prague-Czech-Republic-300x225.jpeg 300w, https:\/\/www.manetti.com\/wp-content\/uploads\/2020\/01\/NATIONAL-THEATRE\ufffd-Prague-Czech-Republic-768x576.jpeg 768w, https:\/\/www.manetti.com\/wp-content\/uploads\/2020\/01\/NATIONAL-THEATRE\ufffd-Prague-Czech-Republic-1536x1152.jpeg 1536w, https:\/\/www.manetti.com\/wp-content\/uploads\/2020\/01\/NATIONAL-THEATRE\ufffd-Prague-Czech-Republic-2048x1536.jpeg 2048w\" sizes=\"auto, (max-width: 1024px) 100vw, 1024px\" \/>\r\n<figcaption class=\"blocks-gallery-item__caption\">TEATRO NACIONAL; Praga, Rep\u00fablica Checa<\/figcaption>\r\n<\/figure>\r\n<\/li>\r\n<li class=\"blocks-gallery-item\">\r\n<figure><img loading=\"lazy\" decoding=\"async\" width=\"1024\" height=\"683\" class=\"wp-image-2178\" src=\"https:\/\/www.manetti.com\/wp-content\/uploads\/2020\/01\/NATIONS-BANK-TOWER\ufffd-Atlanta-USA-1024x683.jpeg\" alt=\"\" data-id=\"2178\" data-link=\"https:\/\/www.manetti.com\/en\/gallery-restoration-of-exteriors\/skyscrapers-seen-in-the-distance-behind-brick-facade\/\" srcset=\"https:\/\/www.manetti.com\/wp-content\/uploads\/2020\/01\/NATIONS-BANK-TOWER\ufffd-Atlanta-USA-1024x683.jpeg 1024w, https:\/\/www.manetti.com\/wp-content\/uploads\/2020\/01\/NATIONS-BANK-TOWER\ufffd-Atlanta-USA-scaled-600x400.jpeg 600w, https:\/\/www.manetti.com\/wp-content\/uploads\/2020\/01\/NATIONS-BANK-TOWER\ufffd-Atlanta-USA-300x200.jpeg 300w, https:\/\/www.manetti.com\/wp-content\/uploads\/2020\/01\/NATIONS-BANK-TOWER\ufffd-Atlanta-USA-768x512.jpeg 768w, https:\/\/www.manetti.com\/wp-content\/uploads\/2020\/01\/NATIONS-BANK-TOWER\ufffd-Atlanta-USA-1536x1024.jpeg 1536w, https:\/\/www.manetti.com\/wp-content\/uploads\/2020\/01\/NATIONS-BANK-TOWER\ufffd-Atlanta-USA-2048x1365.jpeg 2048w\" sizes=\"auto, (max-width: 1024px) 100vw, 1024px\" \/>\r\n<figcaption class=\"blocks-gallery-item__caption\">NATIONS BANK TOWER; Atlanta, USA<\/figcaption>\r\n<\/figure>\r\n<\/li>\r\n<li class=\"blocks-gallery-item\">\r\n<figure><img loading=\"lazy\" decoding=\"async\" width=\"1024\" height=\"678\" class=\"wp-image-2180\" src=\"https:\/\/www.manetti.com\/wp-content\/uploads\/2020\/01\/NATIVITY-CATHEDRAL\ufffd-Riga-Latvia-1024x678.jpeg\" alt=\"\" data-id=\"2180\" data-link=\"https:\/\/www.manetti.com\/en\/gallery-restoration-of-exteriors\/cattedrale-della-nativita-di-cristo-a-riga\/\" srcset=\"https:\/\/www.manetti.com\/wp-content\/uploads\/2020\/01\/NATIVITY-CATHEDRAL\ufffd-Riga-Latvia-1024x678.jpeg 1024w, https:\/\/www.manetti.com\/wp-content\/uploads\/2020\/01\/NATIVITY-CATHEDRAL\ufffd-Riga-Latvia-scaled-600x398.jpeg 600w, https:\/\/www.manetti.com\/wp-content\/uploads\/2020\/01\/NATIVITY-CATHEDRAL\ufffd-Riga-Latvia-300x199.jpeg 300w, https:\/\/www.manetti.com\/wp-content\/uploads\/2020\/01\/NATIVITY-CATHEDRAL\ufffd-Riga-Latvia-768x509.jpeg 768w, https:\/\/www.manetti.com\/wp-content\/uploads\/2020\/01\/NATIVITY-CATHEDRAL\ufffd-Riga-Latvia-1536x1017.jpeg 1536w, https:\/\/www.manetti.com\/wp-content\/uploads\/2020\/01\/NATIVITY-CATHEDRAL\ufffd-Riga-Latvia-2048x1356.jpeg 2048w\" sizes=\"auto, (max-width: 1024px) 100vw, 1024px\" \/>\r\n<figcaption class=\"blocks-gallery-item__caption\">CATEDRAL DE LA NATIVIDAD; Riga, Letonia<\/figcaption>\r\n<\/figure>\r\n<\/li>\r\n<li class=\"blocks-gallery-item\">\r\n<figure><img loading=\"lazy\" decoding=\"async\" width=\"1024\" height=\"884\" class=\"wp-image-2182\" src=\"https:\/\/www.manetti.com\/wp-content\/uploads\/2020\/01\/NEW-HAMPSHIRE-STATE-HOUSE\ufffd-Concord\ufffd-USA-1024x884.jpg\" alt=\"\" data-id=\"2182\" data-link=\"https:\/\/www.manetti.com\/en\/gallery-restoration-of-exteriors\/new-hampshire-state-house%ef%bf%bd-concord%ef%bf%bd-usa\/\" srcset=\"https:\/\/www.manetti.com\/wp-content\/uploads\/2020\/01\/NEW-HAMPSHIRE-STATE-HOUSE\ufffd-Concord\ufffd-USA-1024x884.jpg 1024w, https:\/\/www.manetti.com\/wp-content\/uploads\/2020\/01\/NEW-HAMPSHIRE-STATE-HOUSE\ufffd-Concord\ufffd-USA-scaled-600x518.jpg 600w, https:\/\/www.manetti.com\/wp-content\/uploads\/2020\/01\/NEW-HAMPSHIRE-STATE-HOUSE\ufffd-Concord\ufffd-USA-300x259.jpg 300w, https:\/\/www.manetti.com\/wp-content\/uploads\/2020\/01\/NEW-HAMPSHIRE-STATE-HOUSE\ufffd-Concord\ufffd-USA-768x663.jpg 768w, https:\/\/www.manetti.com\/wp-content\/uploads\/2020\/01\/NEW-HAMPSHIRE-STATE-HOUSE\ufffd-Concord\ufffd-USA-1536x1326.jpg 1536w, https:\/\/www.manetti.com\/wp-content\/uploads\/2020\/01\/NEW-HAMPSHIRE-STATE-HOUSE\ufffd-Concord\ufffd-USA-2048x1768.jpg 2048w\" sizes=\"auto, (max-width: 1024px) 100vw, 1024px\" \/>\r\n<figcaption class=\"blocks-gallery-item__caption\">CAPITOLIO DEL ESTADO DE HAMPSHIRE; Concord; USA<\/figcaption>\r\n<\/figure>\r\n<\/li>\r\n<li class=\"blocks-gallery-item\">\r\n<figure><img loading=\"lazy\" decoding=\"async\" width=\"836\" height=\"1024\" class=\"wp-image-2184\" src=\"https:\/\/www.manetti.com\/wp-content\/uploads\/2020\/01\/NEW-YORK-LIFE-INSURANCE-BUILDING\ufffd-New-York-USA-scaled-e1580996855187-836x1024.jpeg\" alt=\"\" data-id=\"2184\" data-link=\"https:\/\/www.manetti.com\/en\/gallery-restoration-of-exteriors\/new-york-life-insurance-building%ef%bf%bd-new-york-usa\/\" srcset=\"https:\/\/www.manetti.com\/wp-content\/uploads\/2020\/01\/NEW-YORK-LIFE-INSURANCE-BUILDING\ufffd-New-York-USA-scaled-e1580996855187-836x1024.jpeg 836w, https:\/\/www.manetti.com\/wp-content\/uploads\/2020\/01\/NEW-YORK-LIFE-INSURANCE-BUILDING\ufffd-New-York-USA-scaled-e1580996855187-600x735.jpeg 600w, https:\/\/www.manetti.com\/wp-content\/uploads\/2020\/01\/NEW-YORK-LIFE-INSURANCE-BUILDING\ufffd-New-York-USA-scaled-e1580996855187-245x300.jpeg 245w, https:\/\/www.manetti.com\/wp-content\/uploads\/2020\/01\/NEW-YORK-LIFE-INSURANCE-BUILDING\ufffd-New-York-USA-scaled-e1580996855187-768x941.jpeg 768w, https:\/\/www.manetti.com\/wp-content\/uploads\/2020\/01\/NEW-YORK-LIFE-INSURANCE-BUILDING\ufffd-New-York-USA-scaled-e1580996855187-1254x1536.jpeg 1254w, https:\/\/www.manetti.com\/wp-content\/uploads\/2020\/01\/NEW-YORK-LIFE-INSURANCE-BUILDING\ufffd-New-York-USA-scaled-e1580996855187.jpeg 1434w\" sizes=\"auto, (max-width: 836px) 100vw, 836px\" \/>\r\n<figcaption class=\"blocks-gallery-item__caption\">NEW YORK LIFE INSURANCE BUILDING; Nueva York, USA<\/figcaption>\r\n<\/figure>\r\n<\/li>\r\n<li class=\"blocks-gallery-item\">\r\n<figure><img loading=\"lazy\" decoding=\"async\" width=\"1024\" height=\"602\" class=\"wp-image-2186\" src=\"https:\/\/www.manetti.com\/wp-content\/uploads\/2020\/01\/NEWARK-CITY-HALL\ufffd-Newark-USA-1024x602.jpg\" alt=\"\" data-id=\"2186\" data-link=\"https:\/\/www.manetti.com\/en\/gallery-restoration-of-exteriors\/newark-city-hall%ef%bf%bd-newark-usa\/\" srcset=\"https:\/\/www.manetti.com\/wp-content\/uploads\/2020\/01\/NEWARK-CITY-HALL\ufffd-Newark-USA-1024x602.jpg 1024w, https:\/\/www.manetti.com\/wp-content\/uploads\/2020\/01\/NEWARK-CITY-HALL\ufffd-Newark-USA-600x353.jpg 600w, https:\/\/www.manetti.com\/wp-content\/uploads\/2020\/01\/NEWARK-CITY-HALL\ufffd-Newark-USA-300x176.jpg 300w, https:\/\/www.manetti.com\/wp-content\/uploads\/2020\/01\/NEWARK-CITY-HALL\ufffd-Newark-USA-768x451.jpg 768w, https:\/\/www.manetti.com\/wp-content\/uploads\/2020\/01\/NEWARK-CITY-HALL\ufffd-Newark-USA-1536x903.jpg 1536w, https:\/\/www.manetti.com\/wp-content\/uploads\/2020\/01\/NEWARK-CITY-HALL\ufffd-Newark-USA.jpg 2047w\" sizes=\"auto, (max-width: 1024px) 100vw, 1024px\" \/>\r\n<figcaption class=\"blocks-gallery-item__caption\">NEWARK CITY HALL; Newark, USA<\/figcaption>\r\n<\/figure>\r\n<\/li>\r\n<li class=\"blocks-gallery-item\">\r\n<figure><img loading=\"lazy\" decoding=\"async\" width=\"1024\" height=\"682\" class=\"wp-image-2188\" src=\"https:\/\/www.manetti.com\/wp-content\/uploads\/2020\/01\/PALAIS-GARNIER-or-OP\u00c9RA-GARNIER\ufffd-Paris-France-1024x682.jpeg\" alt=\"\" data-id=\"2188\" data-link=\"https:\/\/www.manetti.com\/en\/gallery-restoration-of-exteriors\/opra-garnier-paris\/\" srcset=\"https:\/\/www.manetti.com\/wp-content\/uploads\/2020\/01\/PALAIS-GARNIER-or-OP\u00c9RA-GARNIER\ufffd-Paris-France-1024x682.jpeg 1024w, https:\/\/www.manetti.com\/wp-content\/uploads\/2020\/01\/PALAIS-GARNIER-or-OP\u00c9RA-GARNIER\ufffd-Paris-France-scaled-600x400.jpeg 600w, https:\/\/www.manetti.com\/wp-content\/uploads\/2020\/01\/PALAIS-GARNIER-or-OP\u00c9RA-GARNIER\ufffd-Paris-France-300x200.jpeg 300w, https:\/\/www.manetti.com\/wp-content\/uploads\/2020\/01\/PALAIS-GARNIER-or-OP\u00c9RA-GARNIER\ufffd-Paris-France-768x511.jpeg 768w, https:\/\/www.manetti.com\/wp-content\/uploads\/2020\/01\/PALAIS-GARNIER-or-OP\u00c9RA-GARNIER\ufffd-Paris-France-1536x1023.jpeg 1536w, https:\/\/www.manetti.com\/wp-content\/uploads\/2020\/01\/PALAIS-GARNIER-or-OP\u00c9RA-GARNIER\ufffd-Paris-France-2048x1364.jpeg 2048w\" sizes=\"auto, (max-width: 1024px) 100vw, 1024px\" \/>\r\n<figcaption class=\"blocks-gallery-item__caption\">PALACIO GARNIER o OP\u00c9RA GARNIER; Paris, Francia<\/figcaption>\r\n<\/figure>\r\n<\/li>\r\n<li class=\"blocks-gallery-item\">\r\n<figure><img loading=\"lazy\" decoding=\"async\" width=\"1024\" height=\"768\" class=\"wp-image-2190\" src=\"https:\/\/www.manetti.com\/wp-content\/uploads\/2020\/01\/PALLADIUM-HOUSE-\u2013-IDEAL-HOUSE\ufffd-London-UK-1024x768.jpg\" alt=\"\" data-id=\"2190\" data-link=\"https:\/\/www.manetti.com\/en\/gallery-restoration-of-exteriors\/palladium-house-ideal-house%ef%bf%bd-london-uk\/\" srcset=\"https:\/\/www.manetti.com\/wp-content\/uploads\/2020\/01\/PALLADIUM-HOUSE-\u2013-IDEAL-HOUSE\ufffd-London-UK-1024x768.jpg 1024w, https:\/\/www.manetti.com\/wp-content\/uploads\/2020\/01\/PALLADIUM-HOUSE-\u2013-IDEAL-HOUSE\ufffd-London-UK-scaled-600x450.jpg 600w, https:\/\/www.manetti.com\/wp-content\/uploads\/2020\/01\/PALLADIUM-HOUSE-\u2013-IDEAL-HOUSE\ufffd-London-UK-300x225.jpg 300w, https:\/\/www.manetti.com\/wp-content\/uploads\/2020\/01\/PALLADIUM-HOUSE-\u2013-IDEAL-HOUSE\ufffd-London-UK-768x576.jpg 768w, https:\/\/www.manetti.com\/wp-content\/uploads\/2020\/01\/PALLADIUM-HOUSE-\u2013-IDEAL-HOUSE\ufffd-London-UK-1536x1152.jpg 1536w, https:\/\/www.manetti.com\/wp-content\/uploads\/2020\/01\/PALLADIUM-HOUSE-\u2013-IDEAL-HOUSE\ufffd-London-UK-2048x1536.jpg 2048w\" sizes=\"auto, (max-width: 1024px) 100vw, 1024px\" \/>\r\n<figcaption class=\"blocks-gallery-item__caption\">PALLADIUM HOUSE \u2013 IDEAL HOUSE; Londres, UK<\/figcaption>\r\n<\/figure>\r\n<\/li>\r\n<li class=\"blocks-gallery-item\">\r\n<figure><img loading=\"lazy\" decoding=\"async\" width=\"1024\" height=\"683\" class=\"wp-image-2192\" src=\"https:\/\/www.manetti.com\/wp-content\/uploads\/2020\/01\/PARC-DE-LA-CIUTADELLA\ufffd-Barcelona-Spain-1024x683.jpg\" alt=\"\" data-id=\"2192\" data-link=\"https:\/\/www.manetti.com\/en\/gallery-restoration-of-exteriors\/parc-de-la-ciutadella%ef%bf%bd-barcelona-spain\/\" srcset=\"https:\/\/www.manetti.com\/wp-content\/uploads\/2020\/01\/PARC-DE-LA-CIUTADELLA\ufffd-Barcelona-Spain-1024x683.jpg 1024w, https:\/\/www.manetti.com\/wp-content\/uploads\/2020\/01\/PARC-DE-LA-CIUTADELLA\ufffd-Barcelona-Spain-scaled-600x400.jpg 600w, https:\/\/www.manetti.com\/wp-content\/uploads\/2020\/01\/PARC-DE-LA-CIUTADELLA\ufffd-Barcelona-Spain-300x200.jpg 300w, https:\/\/www.manetti.com\/wp-content\/uploads\/2020\/01\/PARC-DE-LA-CIUTADELLA\ufffd-Barcelona-Spain-768x512.jpg 768w, https:\/\/www.manetti.com\/wp-content\/uploads\/2020\/01\/PARC-DE-LA-CIUTADELLA\ufffd-Barcelona-Spain-1536x1024.jpg 1536w, https:\/\/www.manetti.com\/wp-content\/uploads\/2020\/01\/PARC-DE-LA-CIUTADELLA\ufffd-Barcelona-Spain-2048x1365.jpg 2048w\" sizes=\"auto, (max-width: 1024px) 100vw, 1024px\" \/>\r\n<figcaption class=\"blocks-gallery-item__caption\">PARQUE DE LA CIUDADELA; Barcelona, Espa\u00f1a<\/figcaption>\r\n<\/figure>\r\n<\/li>\r\n<li class=\"blocks-gallery-item\">\r\n<figure><img loading=\"lazy\" decoding=\"async\" width=\"1024\" height=\"379\" class=\"wp-image-2194\" src=\"https:\/\/www.manetti.com\/wp-content\/uploads\/2020\/01\/PONT-ALEXANDRE-III\ufffd-Paris-France-1024x379.jpeg\" alt=\"\" data-id=\"2194\" data-link=\"https:\/\/www.manetti.com\/en\/gallery-restoration-of-exteriors\/alexander-iii-bridge\/\" srcset=\"https:\/\/www.manetti.com\/wp-content\/uploads\/2020\/01\/PONT-ALEXANDRE-III\ufffd-Paris-France-1024x379.jpeg 1024w, https:\/\/www.manetti.com\/wp-content\/uploads\/2020\/01\/PONT-ALEXANDRE-III\ufffd-Paris-France-scaled-600x222.jpeg 600w, https:\/\/www.manetti.com\/wp-content\/uploads\/2020\/01\/PONT-ALEXANDRE-III\ufffd-Paris-France-300x111.jpeg 300w, https:\/\/www.manetti.com\/wp-content\/uploads\/2020\/01\/PONT-ALEXANDRE-III\ufffd-Paris-France-768x284.jpeg 768w, https:\/\/www.manetti.com\/wp-content\/uploads\/2020\/01\/PONT-ALEXANDRE-III\ufffd-Paris-France-1536x568.jpeg 1536w, https:\/\/www.manetti.com\/wp-content\/uploads\/2020\/01\/PONT-ALEXANDRE-III\ufffd-Paris-France-2048x757.jpeg 2048w\" sizes=\"auto, (max-width: 1024px) 100vw, 1024px\" \/>\r\n<figcaption class=\"blocks-gallery-item__caption\">PUENTE ALEJANDRO III; Paris, Francia<\/figcaption>\r\n<\/figure>\r\n<\/li>\r\n<li class=\"blocks-gallery-item\">\r\n<figure><img loading=\"lazy\" decoding=\"async\" width=\"683\" height=\"1024\" class=\"wp-image-2196\" src=\"https:\/\/www.manetti.com\/wp-content\/uploads\/2020\/01\/PRAGUE-ASTRONOMICAL-CLOCK\ufffd-Prague-Czech-Republic-683x1024.jpg\" alt=\"\" data-id=\"2196\" data-link=\"https:\/\/www.manetti.com\/en\/gallery-restoration-of-exteriors\/prague-astronomical-clock%ef%bf%bd-prague-czech-republic\/\" srcset=\"https:\/\/www.manetti.com\/wp-content\/uploads\/2020\/01\/PRAGUE-ASTRONOMICAL-CLOCK\ufffd-Prague-Czech-Republic-683x1024.jpg 683w, https:\/\/www.manetti.com\/wp-content\/uploads\/2020\/01\/PRAGUE-ASTRONOMICAL-CLOCK\ufffd-Prague-Czech-Republic-scaled-600x900.jpg 600w, https:\/\/www.manetti.com\/wp-content\/uploads\/2020\/01\/PRAGUE-ASTRONOMICAL-CLOCK\ufffd-Prague-Czech-Republic-200x300.jpg 200w, https:\/\/www.manetti.com\/wp-content\/uploads\/2020\/01\/PRAGUE-ASTRONOMICAL-CLOCK\ufffd-Prague-Czech-Republic-768x1152.jpg 768w, https:\/\/www.manetti.com\/wp-content\/uploads\/2020\/01\/PRAGUE-ASTRONOMICAL-CLOCK\ufffd-Prague-Czech-Republic-1024x1536.jpg 1024w, https:\/\/www.manetti.com\/wp-content\/uploads\/2020\/01\/PRAGUE-ASTRONOMICAL-CLOCK\ufffd-Prague-Czech-Republic-1365x2048.jpg 1365w, https:\/\/www.manetti.com\/wp-content\/uploads\/2020\/01\/PRAGUE-ASTRONOMICAL-CLOCK\ufffd-Prague-Czech-Republic-scaled.jpg 1707w\" sizes=\"auto, (max-width: 683px) 100vw, 683px\" \/>\r\n<figcaption class=\"blocks-gallery-item__caption\">RELOJ ASTRON\u00d3MICO DE PRAGA; Praga, Rep\u00fablica Checa<\/figcaption>\r\n<\/figure>\r\n<\/li>\r\n<li class=\"blocks-gallery-item\">\r\n<figure><img loading=\"lazy\" decoding=\"async\" width=\"768\" height=\"1024\" class=\"wp-image-2198\" src=\"https:\/\/www.manetti.com\/wp-content\/uploads\/2020\/01\/PROVIDENT-MUTUAL-LIFE-BUILDING\ufffd-Philadelphia-USA-768x1024.jpg\" alt=\"\" data-id=\"2198\" data-link=\"https:\/\/www.manetti.com\/en\/gallery-restoration-of-exteriors\/provident-mutual-life-building%ef%bf%bd-philadelphia-usa\/\" srcset=\"https:\/\/www.manetti.com\/wp-content\/uploads\/2020\/01\/PROVIDENT-MUTUAL-LIFE-BUILDING\ufffd-Philadelphia-USA-768x1024.jpg 768w, https:\/\/www.manetti.com\/wp-content\/uploads\/2020\/01\/PROVIDENT-MUTUAL-LIFE-BUILDING\ufffd-Philadelphia-USA-scaled-600x800.jpg 600w, https:\/\/www.manetti.com\/wp-content\/uploads\/2020\/01\/PROVIDENT-MUTUAL-LIFE-BUILDING\ufffd-Philadelphia-USA-225x300.jpg 225w, https:\/\/www.manetti.com\/wp-content\/uploads\/2020\/01\/PROVIDENT-MUTUAL-LIFE-BUILDING\ufffd-Philadelphia-USA-1152x1536.jpg 1152w, https:\/\/www.manetti.com\/wp-content\/uploads\/2020\/01\/PROVIDENT-MUTUAL-LIFE-BUILDING\ufffd-Philadelphia-USA-1536x2048.jpg 1536w, https:\/\/www.manetti.com\/wp-content\/uploads\/2020\/01\/PROVIDENT-MUTUAL-LIFE-BUILDING\ufffd-Philadelphia-USA-scaled.jpg 1920w\" sizes=\"auto, (max-width: 768px) 100vw, 768px\" \/>\r\n<figcaption class=\"blocks-gallery-item__caption\">PROVIDENT MUTUAL LIFE BUILDING; Philadelphia, USA<\/figcaption>\r\n<\/figure>\r\n<\/li>\r\n<li class=\"blocks-gallery-item\">\r\n<figure><img loading=\"lazy\" decoding=\"async\" width=\"1024\" height=\"683\" class=\"wp-image-2200\" src=\"https:\/\/www.manetti.com\/wp-content\/uploads\/2020\/01\/SAINT-MICHAEL-MONASTERY\ufffd-Kiev-Ukraine-1024x683.jpeg\" alt=\"\" data-id=\"2200\" data-link=\"https:\/\/www.manetti.com\/en\/gallery-restoration-of-exteriors\/saint-michaels-golden-domed-cathedral-in-kyiv-ukraine-europe\/\" srcset=\"https:\/\/www.manetti.com\/wp-content\/uploads\/2020\/01\/SAINT-MICHAEL-MONASTERY\ufffd-Kiev-Ukraine-1024x683.jpeg 1024w, https:\/\/www.manetti.com\/wp-content\/uploads\/2020\/01\/SAINT-MICHAEL-MONASTERY\ufffd-Kiev-Ukraine-scaled-600x400.jpeg 600w, https:\/\/www.manetti.com\/wp-content\/uploads\/2020\/01\/SAINT-MICHAEL-MONASTERY\ufffd-Kiev-Ukraine-300x200.jpeg 300w, https:\/\/www.manetti.com\/wp-content\/uploads\/2020\/01\/SAINT-MICHAEL-MONASTERY\ufffd-Kiev-Ukraine-768x512.jpeg 768w, https:\/\/www.manetti.com\/wp-content\/uploads\/2020\/01\/SAINT-MICHAEL-MONASTERY\ufffd-Kiev-Ukraine-1536x1024.jpeg 1536w, https:\/\/www.manetti.com\/wp-content\/uploads\/2020\/01\/SAINT-MICHAEL-MONASTERY\ufffd-Kiev-Ukraine-2048x1365.jpeg 2048w\" sizes=\"auto, (max-width: 1024px) 100vw, 1024px\" \/>\r\n<figcaption class=\"blocks-gallery-item__caption\">MONASTERIO DE SAN MIGUEL DE LAS C\u00daPULAS DORADAS; Kiev, Ucrania<\/figcaption>\r\n<\/figure>\r\n<\/li>\r\n<li class=\"blocks-gallery-item\">\r\n<figure><img loading=\"lazy\" decoding=\"async\" width=\"1024\" height=\"658\" class=\"wp-image-2202\" src=\"https:\/\/www.manetti.com\/wp-content\/uploads\/2020\/01\/SAVANNAH-CITY-HALL\ufffd-Savannah-USA-1024x658.jpeg\" alt=\"\" data-id=\"2202\" data-link=\"https:\/\/www.manetti.com\/en\/gallery-restoration-of-exteriors\/city-hall-in-savannah-georgia-ga\/\" srcset=\"https:\/\/www.manetti.com\/wp-content\/uploads\/2020\/01\/SAVANNAH-CITY-HALL\ufffd-Savannah-USA-1024x658.jpeg 1024w, https:\/\/www.manetti.com\/wp-content\/uploads\/2020\/01\/SAVANNAH-CITY-HALL\ufffd-Savannah-USA-scaled-600x386.jpeg 600w, https:\/\/www.manetti.com\/wp-content\/uploads\/2020\/01\/SAVANNAH-CITY-HALL\ufffd-Savannah-USA-300x193.jpeg 300w, https:\/\/www.manetti.com\/wp-content\/uploads\/2020\/01\/SAVANNAH-CITY-HALL\ufffd-Savannah-USA-768x494.jpeg 768w, https:\/\/www.manetti.com\/wp-content\/uploads\/2020\/01\/SAVANNAH-CITY-HALL\ufffd-Savannah-USA-1536x987.jpeg 1536w, https:\/\/www.manetti.com\/wp-content\/uploads\/2020\/01\/SAVANNAH-CITY-HALL\ufffd-Savannah-USA-2048x1316.jpeg 2048w\" sizes=\"auto, (max-width: 1024px) 100vw, 1024px\" \/>\r\n<figcaption class=\"blocks-gallery-item__caption\">SAVANNAH CITY HALL; Savannah, USA<\/figcaption>\r\n<\/figure>\r\n<\/li>\r\n<li class=\"blocks-gallery-item\">\r\n<figure><img loading=\"lazy\" decoding=\"async\" width=\"1024\" height=\"683\" class=\"wp-image-2204\" src=\"https:\/\/www.manetti.com\/wp-content\/uploads\/2020\/01\/SECESSION-BUILDING\ufffd-Vienna-Austria-1024x683.jpeg\" alt=\"\" data-id=\"2204\" data-link=\"https:\/\/www.manetti.com\/en\/gallery-restoration-of-exteriors\/building-of-vienna-secession\/\" srcset=\"https:\/\/www.manetti.com\/wp-content\/uploads\/2020\/01\/SECESSION-BUILDING\ufffd-Vienna-Austria-1024x683.jpeg 1024w, https:\/\/www.manetti.com\/wp-content\/uploads\/2020\/01\/SECESSION-BUILDING\ufffd-Vienna-Austria-scaled-600x400.jpeg 600w, https:\/\/www.manetti.com\/wp-content\/uploads\/2020\/01\/SECESSION-BUILDING\ufffd-Vienna-Austria-300x200.jpeg 300w, https:\/\/www.manetti.com\/wp-content\/uploads\/2020\/01\/SECESSION-BUILDING\ufffd-Vienna-Austria-768x512.jpeg 768w, https:\/\/www.manetti.com\/wp-content\/uploads\/2020\/01\/SECESSION-BUILDING\ufffd-Vienna-Austria-1536x1025.jpeg 1536w, https:\/\/www.manetti.com\/wp-content\/uploads\/2020\/01\/SECESSION-BUILDING\ufffd-Vienna-Austria-2048x1366.jpeg 2048w\" sizes=\"auto, (max-width: 1024px) 100vw, 1024px\" \/>\r\n<figcaption class=\"blocks-gallery-item__caption\">PABELL\u00d3N DE LA SECESI\u00d3N; Viena, Austria<\/figcaption>\r\n<\/figure>\r\n<\/li>\r\n<li class=\"blocks-gallery-item\">\r\n<figure><img loading=\"lazy\" decoding=\"async\" width=\"1024\" height=\"815\" class=\"wp-image-30613\" src=\"https:\/\/www.manetti.com\/wp-content\/uploads\/2020\/06\/SRI-RAGANATHA-TEMPLE\ufffd-Pomona-USA-1024x815.jpg\" alt=\"\" data-id=\"12877\" data-full-url=\"https:\/\/www.manetti.com\/wp-content\/uploads\/2020\/06\/SRI-RAGANATHA-TEMPLE\ufffd-Pomona-USA.jpg\" data-link=\"https:\/\/www.manetti.com\/gallery\/restauro-esterni\/sri-raganatha-temple%ef%bf%bd-pomona-usa-2\/\" srcset=\"https:\/\/www.manetti.com\/wp-content\/uploads\/2020\/06\/SRI-RAGANATHA-TEMPLE\ufffd-Pomona-USA-1024x815.jpg 1024w, https:\/\/www.manetti.com\/wp-content\/uploads\/2020\/06\/SRI-RAGANATHA-TEMPLE\ufffd-Pomona-USA-300x239.jpg 300w, https:\/\/www.manetti.com\/wp-content\/uploads\/2020\/06\/SRI-RAGANATHA-TEMPLE\ufffd-Pomona-USA-768x612.jpg 768w, https:\/\/www.manetti.com\/wp-content\/uploads\/2020\/06\/SRI-RAGANATHA-TEMPLE\ufffd-Pomona-USA-1536x1223.jpg 1536w, https:\/\/www.manetti.com\/wp-content\/uploads\/2020\/06\/SRI-RAGANATHA-TEMPLE\ufffd-Pomona-USA-600x478.jpg 600w, https:\/\/www.manetti.com\/wp-content\/uploads\/2020\/06\/SRI-RAGANATHA-TEMPLE\ufffd-Pomona-USA.jpg 1792w\" sizes=\"auto, (max-width: 1024px) 100vw, 1024px\" \/>\r\n<figcaption class=\"blocks-gallery-item__caption\">SRI RAGANATHA TEMPLE; Pomona, USA<\/figcaption>\r\n<\/figure>\r\n<\/li>\r\n<li class=\"blocks-gallery-item\">\r\n<figure><img loading=\"lazy\" decoding=\"async\" width=\"1024\" height=\"685\" class=\"wp-image-2208\" src=\"https:\/\/www.manetti.com\/wp-content\/uploads\/2020\/01\/TOPKAPI-PALACE\ufffd-Istanbul-Turkey-2-1024x685.jpg\" alt=\"\" data-id=\"2208\" data-link=\"https:\/\/www.manetti.com\/en\/gallery-restoration-of-exteriors\/topkapi-palace%ef%bf%bd-istanbul-turkey-2\/\" srcset=\"https:\/\/www.manetti.com\/wp-content\/uploads\/2020\/01\/TOPKAPI-PALACE\ufffd-Istanbul-Turkey-2-1024x685.jpg 1024w, https:\/\/www.manetti.com\/wp-content\/uploads\/2020\/01\/TOPKAPI-PALACE\ufffd-Istanbul-Turkey-2-scaled-600x402.jpg 600w, https:\/\/www.manetti.com\/wp-content\/uploads\/2020\/01\/TOPKAPI-PALACE\ufffd-Istanbul-Turkey-2-300x201.jpg 300w, https:\/\/www.manetti.com\/wp-content\/uploads\/2020\/01\/TOPKAPI-PALACE\ufffd-Istanbul-Turkey-2-768x514.jpg 768w, https:\/\/www.manetti.com\/wp-content\/uploads\/2020\/01\/TOPKAPI-PALACE\ufffd-Istanbul-Turkey-2-1536x1028.jpg 1536w, https:\/\/www.manetti.com\/wp-content\/uploads\/2020\/01\/TOPKAPI-PALACE\ufffd-Istanbul-Turkey-2-2048x1371.jpg 2048w\" sizes=\"auto, (max-width: 1024px) 100vw, 1024px\" \/>\r\n<figcaption class=\"blocks-gallery-item__caption\">PALACIO DE TOPKAPI; Estambul, Turqu\u00eda<\/figcaption>\r\n<\/figure>\r\n<\/li>\r\n<li class=\"blocks-gallery-item\">\r\n<figure><img loading=\"lazy\" decoding=\"async\" width=\"1024\" height=\"683\" class=\"wp-image-2210\" src=\"https:\/\/www.manetti.com\/wp-content\/uploads\/2020\/01\/TOPKAPI-PALACE\ufffd-Istanbul-Turkey-1024x683.jpg\" alt=\"\" data-id=\"2210\" data-link=\"https:\/\/www.manetti.com\/en\/gallery-restoration-of-exteriors\/topkapi-palace%ef%bf%bd-istanbul-turkey\/\" srcset=\"https:\/\/www.manetti.com\/wp-content\/uploads\/2020\/01\/TOPKAPI-PALACE\ufffd-Istanbul-Turkey-1024x683.jpg 1024w, https:\/\/www.manetti.com\/wp-content\/uploads\/2020\/01\/TOPKAPI-PALACE\ufffd-Istanbul-Turkey-scaled-600x400.jpg 600w, https:\/\/www.manetti.com\/wp-content\/uploads\/2020\/01\/TOPKAPI-PALACE\ufffd-Istanbul-Turkey-300x200.jpg 300w, https:\/\/www.manetti.com\/wp-content\/uploads\/2020\/01\/TOPKAPI-PALACE\ufffd-Istanbul-Turkey-768x512.jpg 768w, https:\/\/www.manetti.com\/wp-content\/uploads\/2020\/01\/TOPKAPI-PALACE\ufffd-Istanbul-Turkey-1536x1024.jpg 1536w, https:\/\/www.manetti.com\/wp-content\/uploads\/2020\/01\/TOPKAPI-PALACE\ufffd-Istanbul-Turkey-2048x1365.jpg 2048w\" sizes=\"auto, (max-width: 1024px) 100vw, 1024px\" \/>\r\n<figcaption class=\"blocks-gallery-item__caption\">PALACIO DE TOPKAPI; Estambul, Turqu\u00eda<\/figcaption>\r\n<\/figure>\r\n<\/li>\r\n<li class=\"blocks-gallery-item\">\r\n<figure><img loading=\"lazy\" decoding=\"async\" width=\"683\" height=\"1024\" class=\"wp-image-2212\" src=\"https:\/\/www.manetti.com\/wp-content\/uploads\/2020\/01\/TRANSFIGURATION-CATHEDRAL-SERAFIMO-DIVEEVSKY-MONASTERY\ufffd-Diveyevo-Russia-683x1024.jpeg\" alt=\"\" data-id=\"2212\" data-link=\"https:\/\/www.manetti.com\/en\/gallery-restoration-of-exteriors\/transfiguration-cathedral-of-holy-trinity-saint-seraphim-diveyevo-monastery-in-diveyevo-russia\/\" srcset=\"https:\/\/www.manetti.com\/wp-content\/uploads\/2020\/01\/TRANSFIGURATION-CATHEDRAL-SERAFIMO-DIVEEVSKY-MONASTERY\ufffd-Diveyevo-Russia-683x1024.jpeg 683w, https:\/\/www.manetti.com\/wp-content\/uploads\/2020\/01\/TRANSFIGURATION-CATHEDRAL-SERAFIMO-DIVEEVSKY-MONASTERY\ufffd-Diveyevo-Russia-scaled-600x900.jpeg 600w, https:\/\/www.manetti.com\/wp-content\/uploads\/2020\/01\/TRANSFIGURATION-CATHEDRAL-SERAFIMO-DIVEEVSKY-MONASTERY\ufffd-Diveyevo-Russia-200x300.jpeg 200w, https:\/\/www.manetti.com\/wp-content\/uploads\/2020\/01\/TRANSFIGURATION-CATHEDRAL-SERAFIMO-DIVEEVSKY-MONASTERY\ufffd-Diveyevo-Russia-768x1152.jpeg 768w, https:\/\/www.manetti.com\/wp-content\/uploads\/2020\/01\/TRANSFIGURATION-CATHEDRAL-SERAFIMO-DIVEEVSKY-MONASTERY\ufffd-Diveyevo-Russia-1024x1536.jpeg 1024w, https:\/\/www.manetti.com\/wp-content\/uploads\/2020\/01\/TRANSFIGURATION-CATHEDRAL-SERAFIMO-DIVEEVSKY-MONASTERY\ufffd-Diveyevo-Russia-1365x2048.jpeg 1365w, https:\/\/www.manetti.com\/wp-content\/uploads\/2020\/01\/TRANSFIGURATION-CATHEDRAL-SERAFIMO-DIVEEVSKY-MONASTERY\ufffd-Diveyevo-Russia-scaled.jpeg 1707w\" sizes=\"auto, (max-width: 683px) 100vw, 683px\" \/>\r\n<figcaption class=\"blocks-gallery-item__caption\">TRANSFIGURATION CATHEDRAL &#8211; SERAFIMO &#8211; DIVEEVSKY MONASTERIO; Diveyevo, Rusia<\/figcaption>\r\n<\/figure>\r\n<\/li>\r\n<li class=\"blocks-gallery-item\">\r\n<figure><img loading=\"lazy\" decoding=\"async\" width=\"1024\" height=\"682\" class=\"wp-image-2214\" src=\"https:\/\/www.manetti.com\/wp-content\/uploads\/2020\/01\/WESTMINSTER-ABBEY\ufffd-London-UK-1024x682.jpeg\" alt=\"\" data-id=\"2214\" data-link=\"https:\/\/www.manetti.com\/en\/gallery-restoration-of-exteriors\/western-facade-westminster-abbey-london\/\" srcset=\"https:\/\/www.manetti.com\/wp-content\/uploads\/2020\/01\/WESTMINSTER-ABBEY\ufffd-London-UK-1024x682.jpeg 1024w, https:\/\/www.manetti.com\/wp-content\/uploads\/2020\/01\/WESTMINSTER-ABBEY\ufffd-London-UK-scaled-600x400.jpeg 600w, https:\/\/www.manetti.com\/wp-content\/uploads\/2020\/01\/WESTMINSTER-ABBEY\ufffd-London-UK-300x200.jpeg 300w, https:\/\/www.manetti.com\/wp-content\/uploads\/2020\/01\/WESTMINSTER-ABBEY\ufffd-London-UK-768x511.jpeg 768w, https:\/\/www.manetti.com\/wp-content\/uploads\/2020\/01\/WESTMINSTER-ABBEY\ufffd-London-UK-1536x1023.jpeg 1536w, https:\/\/www.manetti.com\/wp-content\/uploads\/2020\/01\/WESTMINSTER-ABBEY\ufffd-London-UK-2048x1364.jpeg 2048w\" sizes=\"auto, (max-width: 1024px) 100vw, 1024px\" \/>\r\n<figcaption class=\"blocks-gallery-item__caption\">ABAD\u00cdA DE WESTMINSTER; Londres, UK<\/figcaption>\r\n<\/figure>\r\n<\/li>\r\n<li class=\"blocks-gallery-item\">\r\n<figure><img loading=\"lazy\" decoding=\"async\" width=\"749\" height=\"1024\" class=\"wp-image-2216\" src=\"https:\/\/www.manetti.com\/wp-content\/uploads\/2020\/01\/WYOMING-STATE-CAPITOL\ufffd-Cheyenne-USA-749x1024.jpeg\" alt=\"\" data-id=\"2216\" data-link=\"https:\/\/www.manetti.com\/en\/gallery-restoration-of-exteriors\/cheyenne-wyoming-capital-city-downtown-capitol-building-legislat\/\" srcset=\"https:\/\/www.manetti.com\/wp-content\/uploads\/2020\/01\/WYOMING-STATE-CAPITOL\ufffd-Cheyenne-USA-749x1024.jpeg 749w, https:\/\/www.manetti.com\/wp-content\/uploads\/2020\/01\/WYOMING-STATE-CAPITOL\ufffd-Cheyenne-USA-scaled-600x821.jpeg 600w, https:\/\/www.manetti.com\/wp-content\/uploads\/2020\/01\/WYOMING-STATE-CAPITOL\ufffd-Cheyenne-USA-219x300.jpeg 219w, https:\/\/www.manetti.com\/wp-content\/uploads\/2020\/01\/WYOMING-STATE-CAPITOL\ufffd-Cheyenne-USA-768x1051.jpeg 768w, https:\/\/www.manetti.com\/wp-content\/uploads\/2020\/01\/WYOMING-STATE-CAPITOL\ufffd-Cheyenne-USA-1123x1536.jpeg 1123w, https:\/\/www.manetti.com\/wp-content\/uploads\/2020\/01\/WYOMING-STATE-CAPITOL\ufffd-Cheyenne-USA-1497x2048.jpeg 1497w, https:\/\/www.manetti.com\/wp-content\/uploads\/2020\/01\/WYOMING-STATE-CAPITOL\ufffd-Cheyenne-USA-scaled.jpeg 1871w\" sizes=\"auto, (max-width: 749px) 100vw, 749px\" \/>\r\n<figcaption class=\"blocks-gallery-item__caption\">CAPITOLIO DEL ESTADO DE WYOMING; Cheyenne, USA<\/figcaption>\r\n<\/figure>\r\n<\/li>\r\n<li class=\"blocks-gallery-item\">\r\n<figure><img loading=\"lazy\" decoding=\"async\" width=\"1024\" height=\"804\" class=\"wp-image-2116\" src=\"https:\/\/www.manetti.com\/wp-content\/uploads\/2020\/01\/ASTRONOMICAL-CLOCK-HAMPTON-COURT-PALACE\ufffd-London-UK-1024x804.jpeg\" alt=\"\" data-id=\"2116\" data-link=\"https:\/\/www.manetti.com\/en\/gallery-restoration-of-exteriors\/hampton-court-palace-torturm-astronomische-uhr\/\" srcset=\"https:\/\/www.manetti.com\/wp-content\/uploads\/2020\/01\/ASTRONOMICAL-CLOCK-HAMPTON-COURT-PALACE\ufffd-London-UK-1024x804.jpeg 1024w, https:\/\/www.manetti.com\/wp-content\/uploads\/2020\/01\/ASTRONOMICAL-CLOCK-HAMPTON-COURT-PALACE\ufffd-London-UK-scaled-600x471.jpeg 600w, https:\/\/www.manetti.com\/wp-content\/uploads\/2020\/01\/ASTRONOMICAL-CLOCK-HAMPTON-COURT-PALACE\ufffd-London-UK-300x235.jpeg 300w, https:\/\/www.manetti.com\/wp-content\/uploads\/2020\/01\/ASTRONOMICAL-CLOCK-HAMPTON-COURT-PALACE\ufffd-London-UK-768x603.jpeg 768w, https:\/\/www.manetti.com\/wp-content\/uploads\/2020\/01\/ASTRONOMICAL-CLOCK-HAMPTON-COURT-PALACE\ufffd-London-UK-1536x1205.jpeg 1536w, https:\/\/www.manetti.com\/wp-content\/uploads\/2020\/01\/ASTRONOMICAL-CLOCK-HAMPTON-COURT-PALACE\ufffd-London-UK-2048x1607.jpeg 2048w\" sizes=\"auto, (max-width: 1024px) 100vw, 1024px\" \/>\r\n<figcaption class=\"blocks-gallery-item__caption\">RELOJ ASTRON\u00d3MICO &#8211; PALACIO DE HAMPTON COURT; Londres, UK<\/figcaption>\r\n<\/figure>\r\n<\/li>\r\n<li class=\"blocks-gallery-item\">\r\n<figure><img loading=\"lazy\" decoding=\"async\" width=\"1024\" height=\"966\" class=\"wp-image-2118\" src=\"https:\/\/www.manetti.com\/wp-content\/uploads\/2020\/01\/BANK-OF-AMERICA-BUILDING\ufffd-Baltimore-USA-scaled-e1581420780185-1024x966.jpeg\" alt=\"\" data-id=\"2118\" data-link=\"https:\/\/www.manetti.com\/en\/gallery-restoration-of-exteriors\/baltimore-md\/\" srcset=\"https:\/\/www.manetti.com\/wp-content\/uploads\/2020\/01\/BANK-OF-AMERICA-BUILDING\ufffd-Baltimore-USA-scaled-e1581420780185-1024x966.jpeg 1024w, https:\/\/www.manetti.com\/wp-content\/uploads\/2020\/01\/BANK-OF-AMERICA-BUILDING\ufffd-Baltimore-USA-scaled-e1581420780185-600x566.jpeg 600w, https:\/\/www.manetti.com\/wp-content\/uploads\/2020\/01\/BANK-OF-AMERICA-BUILDING\ufffd-Baltimore-USA-scaled-e1581420780185-300x283.jpeg 300w, https:\/\/www.manetti.com\/wp-content\/uploads\/2020\/01\/BANK-OF-AMERICA-BUILDING\ufffd-Baltimore-USA-scaled-e1581420780185-768x724.jpeg 768w, https:\/\/www.manetti.com\/wp-content\/uploads\/2020\/01\/BANK-OF-AMERICA-BUILDING\ufffd-Baltimore-USA-scaled-e1581420780185.jpeg 1105w\" sizes=\"auto, (max-width: 1024px) 100vw, 1024px\" \/>\r\n<figcaption class=\"blocks-gallery-item__caption\">BANK OF AMERICA BUILDING; Baltimore, USA<\/figcaption>\r\n<\/figure>\r\n<\/li>\r\n<li class=\"blocks-gallery-item\">\r\n<figure><img loading=\"lazy\" decoding=\"async\" width=\"1024\" height=\"758\" class=\"wp-image-2120\" src=\"https:\/\/www.manetti.com\/wp-content\/uploads\/2020\/01\/BAPTISTERY-OF-SAINT-JOHN\ufffd-Florence-Italy-1024x758.jpeg\" alt=\"\" data-id=\"2120\" data-link=\"https:\/\/www.manetti.com\/en\/gallery-restoration-of-exteriors\/a-view-of-the-baptistery-from-the-square-of-santa-maria-del-fiore\/\" srcset=\"https:\/\/www.manetti.com\/wp-content\/uploads\/2020\/01\/BAPTISTERY-OF-SAINT-JOHN\ufffd-Florence-Italy-1024x758.jpeg 1024w, https:\/\/www.manetti.com\/wp-content\/uploads\/2020\/01\/BAPTISTERY-OF-SAINT-JOHN\ufffd-Florence-Italy-scaled-600x444.jpeg 600w, https:\/\/www.manetti.com\/wp-content\/uploads\/2020\/01\/BAPTISTERY-OF-SAINT-JOHN\ufffd-Florence-Italy-300x222.jpeg 300w, https:\/\/www.manetti.com\/wp-content\/uploads\/2020\/01\/BAPTISTERY-OF-SAINT-JOHN\ufffd-Florence-Italy-768x569.jpeg 768w, https:\/\/www.manetti.com\/wp-content\/uploads\/2020\/01\/BAPTISTERY-OF-SAINT-JOHN\ufffd-Florence-Italy-1536x1137.jpeg 1536w, https:\/\/www.manetti.com\/wp-content\/uploads\/2020\/01\/BAPTISTERY-OF-SAINT-JOHN\ufffd-Florence-Italy-2048x1516.jpeg 2048w\" sizes=\"auto, (max-width: 1024px) 100vw, 1024px\" \/>\r\n<figcaption class=\"blocks-gallery-item__caption\">BAPTISTERIO DE SAN JUAN; Florencia, Italia<\/figcaption>\r\n<\/figure>\r\n<\/li>\r\n<li class=\"blocks-gallery-item\">\r\n<figure><img loading=\"lazy\" decoding=\"async\" width=\"1024\" height=\"683\" class=\"wp-image-2122\" src=\"https:\/\/www.manetti.com\/wp-content\/uploads\/2020\/01\/BASILICA-OF-SANTO-SPIRITO\ufffd-Florence-Italy-1024x683.jpeg\" alt=\"\" data-id=\"2122\" data-link=\"https:\/\/www.manetti.com\/en\/gallery-restoration-of-exteriors\/exterior-of-santo-spirito-a-church-located-in-the-oltrarno-quarter-in-florence-italy\/\" srcset=\"https:\/\/www.manetti.com\/wp-content\/uploads\/2020\/01\/BASILICA-OF-SANTO-SPIRITO\ufffd-Florence-Italy-1024x683.jpeg 1024w, https:\/\/www.manetti.com\/wp-content\/uploads\/2020\/01\/BASILICA-OF-SANTO-SPIRITO\ufffd-Florence-Italy-scaled-600x400.jpeg 600w, https:\/\/www.manetti.com\/wp-content\/uploads\/2020\/01\/BASILICA-OF-SANTO-SPIRITO\ufffd-Florence-Italy-300x200.jpeg 300w, https:\/\/www.manetti.com\/wp-content\/uploads\/2020\/01\/BASILICA-OF-SANTO-SPIRITO\ufffd-Florence-Italy-768x512.jpeg 768w, https:\/\/www.manetti.com\/wp-content\/uploads\/2020\/01\/BASILICA-OF-SANTO-SPIRITO\ufffd-Florence-Italy-1536x1024.jpeg 1536w, https:\/\/www.manetti.com\/wp-content\/uploads\/2020\/01\/BASILICA-OF-SANTO-SPIRITO\ufffd-Florence-Italy-2048x1365.jpeg 2048w\" sizes=\"auto, (max-width: 1024px) 100vw, 1024px\" \/>\r\n<figcaption class=\"blocks-gallery-item__caption\">BAS\u00cdLICA DEL SANTO SPIRITO; Florencia, Italia<\/figcaption>\r\n<\/figure>\r\n<\/li>\r\n<li class=\"blocks-gallery-item\">\r\n<figure><img loading=\"lazy\" decoding=\"async\" width=\"1024\" height=\"717\" class=\"wp-image-2124\" src=\"https:\/\/www.manetti.com\/wp-content\/uploads\/2020\/01\/BLAGOVESCHENSKY-MONASTERY\ufffd-Ni\u017enij-Novgorod-Russia-1024x717.jpg\" alt=\"\" data-id=\"2124\" data-link=\"https:\/\/www.manetti.com\/en\/gallery-restoration-of-exteriors\/blagoveschensky-monastery%ef%bf%bd-niznij-novgorod-russia\/\" srcset=\"https:\/\/www.manetti.com\/wp-content\/uploads\/2020\/01\/BLAGOVESCHENSKY-MONASTERY\ufffd-Ni\u017enij-Novgorod-Russia-1024x717.jpg 1024w, https:\/\/www.manetti.com\/wp-content\/uploads\/2020\/01\/BLAGOVESCHENSKY-MONASTERY\ufffd-Ni\u017enij-Novgorod-Russia-600x420.jpg 600w, https:\/\/www.manetti.com\/wp-content\/uploads\/2020\/01\/BLAGOVESCHENSKY-MONASTERY\ufffd-Ni\u017enij-Novgorod-Russia-300x210.jpg 300w, https:\/\/www.manetti.com\/wp-content\/uploads\/2020\/01\/BLAGOVESCHENSKY-MONASTERY\ufffd-Ni\u017enij-Novgorod-Russia-768x538.jpg 768w, https:\/\/www.manetti.com\/wp-content\/uploads\/2020\/01\/BLAGOVESCHENSKY-MONASTERY\ufffd-Ni\u017enij-Novgorod-Russia.jpg 1100w\" sizes=\"auto, (max-width: 1024px) 100vw, 1024px\" \/>\r\n<figcaption class=\"blocks-gallery-item__caption\">BLAGOVESCHENSKY MONASTERY; Ni\u017enij Novgorod, Rusia<\/figcaption>\r\n<\/figure>\r\n<\/li>\r\n<li class=\"blocks-gallery-item\">\r\n<figure><img loading=\"lazy\" decoding=\"async\" width=\"1024\" height=\"818\" class=\"wp-image-3600\" src=\"https:\/\/www.manetti.com\/wp-content\/uploads\/2020\/01\/THE-CROWN-BUILDING-New-York-USA-1024x818.jpg\" alt=\"\" data-id=\"3600\" data-link=\"https:\/\/www.manetti.com\/en\/gallery-restoration-of-exteriors\/the-crown-building-new-york-usa\/\" srcset=\"https:\/\/www.manetti.com\/wp-content\/uploads\/2020\/01\/THE-CROWN-BUILDING-New-York-USA-1024x818.jpg 1024w, https:\/\/www.manetti.com\/wp-content\/uploads\/2020\/01\/THE-CROWN-BUILDING-New-York-USA-300x240.jpg 300w, https:\/\/www.manetti.com\/wp-content\/uploads\/2020\/01\/THE-CROWN-BUILDING-New-York-USA-768x613.jpg 768w, https:\/\/www.manetti.com\/wp-content\/uploads\/2020\/01\/THE-CROWN-BUILDING-New-York-USA-1536x1227.jpg 1536w, https:\/\/www.manetti.com\/wp-content\/uploads\/2020\/01\/THE-CROWN-BUILDING-New-York-USA-600x479.jpg 600w, https:\/\/www.manetti.com\/wp-content\/uploads\/2020\/01\/THE-CROWN-BUILDING-New-York-USA.jpg 1799w\" sizes=\"auto, (max-width: 1024px) 100vw, 1024px\" \/>\r\n<figcaption class=\"blocks-gallery-item__caption\">THE CROWN BUILDING; Nueva York, USA<\/figcaption>\r\n<\/figure>\r\n<\/li>\r\n<li class=\"blocks-gallery-item\">\r\n<figure><img loading=\"lazy\" decoding=\"async\" width=\"937\" height=\"1024\" class=\"wp-image-3602\" src=\"https:\/\/www.manetti.com\/wp-content\/uploads\/2020\/01\/THE-CROWN-BUILDING-New-York-USA-2-e1583329893263-937x1024.jpg\" alt=\"\" data-id=\"3602\" data-link=\"https:\/\/www.manetti.com\/en\/gallery-restoration-of-exteriors\/nested-between-the-plaza-hotel-and-712-fifth-ave-is-the-crown-building-glowing-golden-in-the-sun-a-jewel-in-manhattan-new-york-city-usa\/\" srcset=\"https:\/\/www.manetti.com\/wp-content\/uploads\/2020\/01\/THE-CROWN-BUILDING-New-York-USA-2-e1583329893263-937x1024.jpg 937w, https:\/\/www.manetti.com\/wp-content\/uploads\/2020\/01\/THE-CROWN-BUILDING-New-York-USA-2-e1583329893263-275x300.jpg 275w, https:\/\/www.manetti.com\/wp-content\/uploads\/2020\/01\/THE-CROWN-BUILDING-New-York-USA-2-e1583329893263-768x839.jpg 768w, https:\/\/www.manetti.com\/wp-content\/uploads\/2020\/01\/THE-CROWN-BUILDING-New-York-USA-2-e1583329893263-1406x1536.jpg 1406w, https:\/\/www.manetti.com\/wp-content\/uploads\/2020\/01\/THE-CROWN-BUILDING-New-York-USA-2-e1583329893263-1874x2048.jpg 1874w, https:\/\/www.manetti.com\/wp-content\/uploads\/2020\/01\/THE-CROWN-BUILDING-New-York-USA-2-e1583329893263-600x656.jpg 600w, https:\/\/www.manetti.com\/wp-content\/uploads\/2020\/01\/THE-CROWN-BUILDING-New-York-USA-2-e1583329893263.jpg 1887w\" sizes=\"auto, (max-width: 937px) 100vw, 937px\" \/>\r\n<figcaption class=\"blocks-gallery-item__caption\">THE CROWN BUILDING; Nueva York, USA<\/figcaption>\r\n<\/figure>\r\n<\/li>\r\n<li class=\"blocks-gallery-item\">\r\n<figure><img loading=\"lazy\" decoding=\"async\" width=\"2000\" height=\"1334\" class=\"wp-image-58075\" src=\"https:\/\/www.manetti.com\/wp-content\/uploads\/2023\/05\/London-Big-Ben_giusto-manetti-battiloro_foglia-oro.jpg\" alt=\"\" data-id=\"58075\" data-link=\"\" srcset=\"https:\/\/www.manetti.com\/wp-content\/uploads\/2023\/05\/London-Big-Ben_giusto-manetti-battiloro_foglia-oro.jpg 2000w, https:\/\/www.manetti.com\/wp-content\/uploads\/2023\/05\/London-Big-Ben_giusto-manetti-battiloro_foglia-oro-300x200.jpg 300w, https:\/\/www.manetti.com\/wp-content\/uploads\/2023\/05\/London-Big-Ben_giusto-manetti-battiloro_foglia-oro-1024x683.jpg 1024w, https:\/\/www.manetti.com\/wp-content\/uploads\/2023\/05\/London-Big-Ben_giusto-manetti-battiloro_foglia-oro-768x512.jpg 768w, https:\/\/www.manetti.com\/wp-content\/uploads\/2023\/05\/London-Big-Ben_giusto-manetti-battiloro_foglia-oro-1536x1025.jpg 1536w, https:\/\/www.manetti.com\/wp-content\/uploads\/2023\/05\/London-Big-Ben_giusto-manetti-battiloro_foglia-oro-600x400.jpg 600w\" sizes=\"auto, (max-width: 2000px) 100vw, 2000px\" \/>\r\n<figcaption class=\"blocks-gallery-item__caption\">BIG BEN; Londres, UK<\/figcaption>\r\n<\/figure>\r\n<\/li>\r\n<\/ul>\r\n<\/figure>\r\n\r\n\r\n\r\n<p>La restauraci\u00f3n de la bola de oro de la c\u00fapula de la\u00a0<strong>Catedral de Florencia<\/strong>, por el primer orfebre Manetti marca el inicio de la historia de una empresa que lleva cuatro siglos restaurando los dorados arquitect\u00f3nicos m\u00e1s preciosos del mundo, sin l\u00edmites temporales ni geogr\u00e1ficos.<br \/><br \/>El mismo pan de oro puro brilla en las c\u00fapulas recientemente restauradas del\u00a0<strong>Capitolio de La Habana<\/strong>, las de los estados norteamericanos de Colorado, Georgia, Iowa, Minnesota y New Hampshire, y la\u00a0<strong>C\u00fapula de la Roca de Jerusal\u00e9n<\/strong>; los pin\u00e1culos de la\u00a0<strong>Iglesia Ortodoxa de la Natividad de Florencia<\/strong>, las ic\u00f3nicas c\u00fapulas de la\u00a0<strong>Iglesia de San Juan Bautista de N\u00f3vgorod<\/strong>\u00a0(Rusia) y las del\u00a0<strong>Monasterio de las Cuevas de Kiev<\/strong>\u00a0(Ucrania).<br \/><br \/>El pan de oro Manetti tambi\u00e9n devolvi\u00f3 a su antiguo esplendor las decoraciones doradas del Edificio Catalina, sede del\u00a0<strong>Museo del Hermitage de San Petersburgo<\/strong>, y las de la\u00a0<strong>Corte de M\u00e1rmol del Palacio de Versalles<\/strong>, as\u00ed como las del\u00a0<strong>Jard\u00edn Nan Lian<\/strong>\u00a0de Hong Kong, y es el protagonista de la restauraci\u00f3n de las decoraciones de la fachada de la\u00a0<strong>Iglesia de San Leopoldo<\/strong>\u00a0y del\u00a0<strong>Palacio de la Secesi\u00f3n<\/strong>\u00a0de Viena, los frisos de los edificios que dan a la plaza\u00a0<strong>Grote Markt de Amberes<\/strong>\u00a0(B\u00e9lgica), la\u00a0<strong>Catedral de Riga<\/strong>\u00a0(Letonia) y el\u00a0<strong>Palacio de Topkapi<\/strong>\u00a0de Estambul, y el inconfundible\u00a0<strong>reloj astron\u00f3mico de Praga<\/strong>.<\/p>\r\n","protected":false},"excerpt":{"rendered":"<p>C\u00fapulas de iglesias, templos y mezquitas; refinadas decoraciones arquitect\u00f3nicas; palacios y patios: en la restauraci\u00f3n de los exteriores de los edificios hist\u00f3ricos, el pan de oro Manetti expresa toda su belleza y magnificencia. Descubra en la Galer\u00eda una extraordinaria selecci\u00f3n de prestigiosas referencias. La restauraci\u00f3n de la bola de oro de la c\u00fapula de la\u00a0Catedral [&#8230;]<\/p>\n<p><a class=\"btn btn-secondary understrap-read-more-link\" href=\"https:\/\/www.manetti.com\/es\/galeria\/restauracion-exterior\/\">Leer m\u00e1s&#8230;<\/a><\/p>\n","protected":false},"author":1,"featured_media":74261,"parent":32495,"menu_order":0,"comment_status":"closed","ping_status":"closed","template":"page-templates\/gallery-template.php","meta":{"_acf_changed":false,"footnotes":""},"class_list":["post-30599","page","type-page","status-publish","has-post-thumbnail","hentry"],"acf":[],"yoast_head":"<!-- This site is optimized with the Yoast SEO plugin v26.5 - https:\/\/yoast.com\/wordpress\/plugins\/seo\/ -->\n<title>Restauraci\u00f3n exterior con pan de oro | Giusto Manetti Battiloro<\/title>\n<meta name=\"description\" content=\"Explore las fotos de interiores en el mundo restaurados con pan de oro y descubra las mejores aplicaciones dentro del pan de oro Manetti.\" \/>\n<meta name=\"robots\" content=\"index, follow, max-snippet:-1, max-image-preview:large, max-video-preview:-1\" \/>\n<link rel=\"canonical\" href=\"https:\/\/www.manetti.com\/es\/galeria\/restauracion-exterior\/\" \/>\n<meta property=\"og:locale\" content=\"es_ES\" \/>\n<meta property=\"og:type\" content=\"article\" \/>\n<meta property=\"og:title\" content=\"I migliori restauri di esterni con foglia oro | Giusto Manetti Battiloro\" \/>\n<meta property=\"og:description\" content=\"Sfoglia le foto degli edifici nel mondo restaurati con la foglia d&#039;oro e scopri le migliori applicazioni all&#039;esterno della foglia oro Manetti.\" \/>\n<meta property=\"og:url\" content=\"https:\/\/www.manetti.com\/es\/galeria\/restauracion-exterior\/\" \/>\n<meta property=\"og:site_name\" content=\"Giusto Manetti Battiloro\" \/>\n<meta property=\"article:publisher\" content=\"https:\/\/www.facebook.com\/giustomanettibattiloro\" \/>\n<meta property=\"article:modified_time\" content=\"2026-04-03T11:51:52+00:00\" \/>\n<meta property=\"og:image\" content=\"https:\/\/www.manetti.com\/wp-content\/uploads\/2020\/02\/Copertina-Restauro-Esterni.jpg\" \/>\n\t<meta property=\"og:image:width\" content=\"1240\" \/>\n\t<meta property=\"og:image:height\" content=\"687\" \/>\n\t<meta property=\"og:image:type\" content=\"image\/jpeg\" \/>\n<meta name=\"twitter:card\" content=\"summary_large_image\" \/>\n<meta name=\"twitter:title\" content=\"I migliori restauri di esterni con foglia oro | Giusto Manetti Battiloro\" \/>\n<meta name=\"twitter:description\" content=\"Sfoglia le foto degli edifici nel mondo restaurati con la foglia d&#039;oro e scopri le migliori applicazioni all&#039;esterno della foglia oro Manetti.\" \/>\n<meta name=\"twitter:image\" content=\"https:\/\/www.manetti.com\/wp-content\/uploads\/2020\/02\/Copertina-Restauro-Esterni.jpg\" \/>\n<meta name=\"twitter:label1\" content=\"Tiempo de lectura\" \/>\n\t<meta name=\"twitter:data1\" content=\"14 minutos\" \/>\n<script type=\"application\/ld+json\" class=\"yoast-schema-graph\">{\"@context\":\"https:\/\/schema.org\",\"@graph\":[{\"@type\":\"WebPage\",\"@id\":\"https:\/\/www.manetti.com\/es\/galeria\/restauracion-exterior\/\",\"url\":\"https:\/\/www.manetti.com\/es\/galeria\/restauracion-exterior\/\",\"name\":\"Restauraci\u00f3n exterior con pan de oro | Giusto Manetti Battiloro\",\"isPartOf\":{\"@id\":\"https:\/\/www.manetti.com\/es\/#website\"},\"primaryImageOfPage\":{\"@id\":\"https:\/\/www.manetti.com\/es\/galeria\/restauracion-exterior\/#primaryimage\"},\"image\":{\"@id\":\"https:\/\/www.manetti.com\/es\/galeria\/restauracion-exterior\/#primaryimage\"},\"thumbnailUrl\":\"https:\/\/www.manetti.com\/wp-content\/uploads\/2024\/04\/London-Big-Ben_giusto-manetti-battiloro_foglia-oro.jpg\",\"datePublished\":\"2020-01-16T16:57:21+00:00\",\"dateModified\":\"2026-04-03T11:51:52+00:00\",\"description\":\"Explore las fotos de interiores en el mundo restaurados con pan de oro y descubra las mejores aplicaciones dentro del pan de oro Manetti.\",\"inLanguage\":\"es\",\"potentialAction\":[{\"@type\":\"ReadAction\",\"target\":[\"https:\/\/www.manetti.com\/es\/galeria\/restauracion-exterior\/\"]}]},{\"@type\":\"ImageObject\",\"inLanguage\":\"es\",\"@id\":\"https:\/\/www.manetti.com\/es\/galeria\/restauracion-exterior\/#primaryimage\",\"url\":\"https:\/\/www.manetti.com\/wp-content\/uploads\/2024\/04\/London-Big-Ben_giusto-manetti-battiloro_foglia-oro.jpg\",\"contentUrl\":\"https:\/\/www.manetti.com\/wp-content\/uploads\/2024\/04\/London-Big-Ben_giusto-manetti-battiloro_foglia-oro.jpg\",\"width\":900,\"height\":900},{\"@type\":\"WebSite\",\"@id\":\"https:\/\/www.manetti.com\/es\/#website\",\"url\":\"https:\/\/www.manetti.com\/es\/\",\"name\":\"Giusto Manetti Battiloro\",\"description\":\"\",\"publisher\":{\"@id\":\"https:\/\/www.manetti.com\/es\/#organization\"},\"potentialAction\":[{\"@type\":\"SearchAction\",\"target\":{\"@type\":\"EntryPoint\",\"urlTemplate\":\"https:\/\/www.manetti.com\/es\/?s={search_term_string}\"},\"query-input\":{\"@type\":\"PropertyValueSpecification\",\"valueRequired\":true,\"valueName\":\"search_term_string\"}}],\"inLanguage\":\"es\"},{\"@type\":\"Organization\",\"@id\":\"https:\/\/www.manetti.com\/es\/#organization\",\"name\":\"GIUSTO MANETTI BATTILORO S.P.A.\",\"url\":\"https:\/\/www.manetti.com\/es\/\",\"logo\":{\"@type\":\"ImageObject\",\"inLanguage\":\"es\",\"@id\":\"https:\/\/www.manetti.com\/es\/#\/schema\/logo\/image\/\",\"url\":\"https:\/\/www.manetti.com\/wp-content\/uploads\/2025\/02\/giusto-manetti-blu_300-02.png\",\"contentUrl\":\"https:\/\/www.manetti.com\/wp-content\/uploads\/2025\/02\/giusto-manetti-blu_300-02.png\",\"width\":1123,\"height\":1093,\"caption\":\"GIUSTO MANETTI BATTILORO S.P.A.\"},\"image\":{\"@id\":\"https:\/\/www.manetti.com\/es\/#\/schema\/logo\/image\/\"},\"sameAs\":[\"https:\/\/www.facebook.com\/giustomanettibattiloro\",\"https:\/\/www.instagram.com\/giustomanettibattiloro\/\",\"https:\/\/www.linkedin.com\/company\/giusto-manetti-battiloro-s-p-a-\/\",\"https:\/\/www.youtube.com\/user\/ManettiBattiloro\"]}]}<\/script>\n<!-- \/ Yoast SEO plugin. -->","yoast_head_json":{"title":"Restauraci\u00f3n exterior con pan de oro | Giusto Manetti Battiloro","description":"Explore las fotos de interiores en el mundo restaurados con pan de oro y descubra las mejores aplicaciones dentro del pan de oro Manetti.","robots":{"index":"index","follow":"follow","max-snippet":"max-snippet:-1","max-image-preview":"max-image-preview:large","max-video-preview":"max-video-preview:-1"},"canonical":"https:\/\/www.manetti.com\/es\/galeria\/restauracion-exterior\/","og_locale":"es_ES","og_type":"article","og_title":"I migliori restauri di esterni con foglia oro | Giusto Manetti Battiloro","og_description":"Sfoglia le foto degli edifici nel mondo restaurati con la foglia d'oro e scopri le migliori applicazioni all'esterno della foglia oro Manetti.","og_url":"https:\/\/www.manetti.com\/es\/galeria\/restauracion-exterior\/","og_site_name":"Giusto Manetti Battiloro","article_publisher":"https:\/\/www.facebook.com\/giustomanettibattiloro","article_modified_time":"2026-04-03T11:51:52+00:00","og_image":[{"width":1240,"height":687,"url":"https:\/\/www.manetti.com\/wp-content\/uploads\/2020\/02\/Copertina-Restauro-Esterni.jpg","type":"image\/jpeg"}],"twitter_card":"summary_large_image","twitter_title":"I migliori restauri di esterni con foglia oro | Giusto Manetti Battiloro","twitter_description":"Sfoglia le foto degli edifici nel mondo restaurati con la foglia d'oro e scopri le migliori applicazioni all'esterno della foglia oro Manetti.","twitter_image":"https:\/\/www.manetti.com\/wp-content\/uploads\/2020\/02\/Copertina-Restauro-Esterni.jpg","twitter_misc":{"Tiempo de lectura":"14 minutos"},"schema":{"@context":"https:\/\/schema.org","@graph":[{"@type":"WebPage","@id":"https:\/\/www.manetti.com\/es\/galeria\/restauracion-exterior\/","url":"https:\/\/www.manetti.com\/es\/galeria\/restauracion-exterior\/","name":"Restauraci\u00f3n exterior con pan de oro | Giusto Manetti Battiloro","isPartOf":{"@id":"https:\/\/www.manetti.com\/es\/#website"},"primaryImageOfPage":{"@id":"https:\/\/www.manetti.com\/es\/galeria\/restauracion-exterior\/#primaryimage"},"image":{"@id":"https:\/\/www.manetti.com\/es\/galeria\/restauracion-exterior\/#primaryimage"},"thumbnailUrl":"https:\/\/www.manetti.com\/wp-content\/uploads\/2024\/04\/London-Big-Ben_giusto-manetti-battiloro_foglia-oro.jpg","datePublished":"2020-01-16T16:57:21+00:00","dateModified":"2026-04-03T11:51:52+00:00","description":"Explore las fotos de interiores en el mundo restaurados con pan de oro y descubra las mejores aplicaciones dentro del pan de oro Manetti.","inLanguage":"es","potentialAction":[{"@type":"ReadAction","target":["https:\/\/www.manetti.com\/es\/galeria\/restauracion-exterior\/"]}]},{"@type":"ImageObject","inLanguage":"es","@id":"https:\/\/www.manetti.com\/es\/galeria\/restauracion-exterior\/#primaryimage","url":"https:\/\/www.manetti.com\/wp-content\/uploads\/2024\/04\/London-Big-Ben_giusto-manetti-battiloro_foglia-oro.jpg","contentUrl":"https:\/\/www.manetti.com\/wp-content\/uploads\/2024\/04\/London-Big-Ben_giusto-manetti-battiloro_foglia-oro.jpg","width":900,"height":900},{"@type":"WebSite","@id":"https:\/\/www.manetti.com\/es\/#website","url":"https:\/\/www.manetti.com\/es\/","name":"Giusto Manetti Battiloro","description":"","publisher":{"@id":"https:\/\/www.manetti.com\/es\/#organization"},"potentialAction":[{"@type":"SearchAction","target":{"@type":"EntryPoint","urlTemplate":"https:\/\/www.manetti.com\/es\/?s={search_term_string}"},"query-input":{"@type":"PropertyValueSpecification","valueRequired":true,"valueName":"search_term_string"}}],"inLanguage":"es"},{"@type":"Organization","@id":"https:\/\/www.manetti.com\/es\/#organization","name":"GIUSTO MANETTI BATTILORO S.P.A.","url":"https:\/\/www.manetti.com\/es\/","logo":{"@type":"ImageObject","inLanguage":"es","@id":"https:\/\/www.manetti.com\/es\/#\/schema\/logo\/image\/","url":"https:\/\/www.manetti.com\/wp-content\/uploads\/2025\/02\/giusto-manetti-blu_300-02.png","contentUrl":"https:\/\/www.manetti.com\/wp-content\/uploads\/2025\/02\/giusto-manetti-blu_300-02.png","width":1123,"height":1093,"caption":"GIUSTO MANETTI BATTILORO S.P.A."},"image":{"@id":"https:\/\/www.manetti.com\/es\/#\/schema\/logo\/image\/"},"sameAs":["https:\/\/www.facebook.com\/giustomanettibattiloro","https:\/\/www.instagram.com\/giustomanettibattiloro\/","https:\/\/www.linkedin.com\/company\/giusto-manetti-battiloro-s-p-a-\/","https:\/\/www.youtube.com\/user\/ManettiBattiloro"]}]}},"_links":{"self":[{"href":"https:\/\/www.manetti.com\/es\/wp-json\/wp\/v2\/pages\/30599","targetHints":{"allow":["GET"]}}],"collection":[{"href":"https:\/\/www.manetti.com\/es\/wp-json\/wp\/v2\/pages"}],"about":[{"href":"https:\/\/www.manetti.com\/es\/wp-json\/wp\/v2\/types\/page"}],"author":[{"embeddable":true,"href":"https:\/\/www.manetti.com\/es\/wp-json\/wp\/v2\/users\/1"}],"replies":[{"embeddable":true,"href":"https:\/\/www.manetti.com\/es\/wp-json\/wp\/v2\/comments?post=30599"}],"version-history":[{"count":2,"href":"https:\/\/www.manetti.com\/es\/wp-json\/wp\/v2\/pages\/30599\/revisions"}],"predecessor-version":[{"id":88807,"href":"https:\/\/www.manetti.com\/es\/wp-json\/wp\/v2\/pages\/30599\/revisions\/88807"}],"up":[{"embeddable":true,"href":"https:\/\/www.manetti.com\/es\/wp-json\/wp\/v2\/pages\/32495"}],"wp:featuredmedia":[{"embeddable":true,"href":"https:\/\/www.manetti.com\/es\/wp-json\/wp\/v2\/media\/74261"}],"wp:attachment":[{"href":"https:\/\/www.manetti.com\/es\/wp-json\/wp\/v2\/media?parent=30599"}],"curies":[{"name":"wp","href":"https:\/\/api.w.org\/{rel}","templated":true}]}}