{"id":30618,"date":"2020-01-16T17:56:05","date_gmt":"2020-01-16T16:56:05","guid":{"rendered":"https:\/\/www.manetti.com\/restauro-interni\/"},"modified":"2022-08-03T17:22:07","modified_gmt":"2022-08-03T15:22:07","slug":"restauracion-interior","status":"publish","type":"page","link":"https:\/\/www.manetti.com\/es\/galeria\/restauracion-interior\/","title":{"rendered":"Restauraci\u00f3n interior"},"content":{"rendered":"\n<p>Empleado por los mejores maestros doradores del mundo, <a href=\"https:\/\/www.manetti.com\/es\/catalogo-productos\/pan-de-oro\/\">el pan de oro Manetti<\/a> devuelve a los suntuosos palacios y a los magn\u00edficos lugares de culto su antiguo esplendor y ofrece a los visitantes de hoy la misma experiencia de asombro y maravilla que sintieron quienes entraron en esos ambientes hace siglos. Navegue por la Galer\u00eda para ver las mejores restauraciones de interiores.<\/p>\n\n\n\n<figure class=\"wp-block-gallery columns-3 is-cropped wp-block-gallery-1 is-layout-flex wp-block-gallery-is-layout-flex\"><ul class=\"blocks-gallery-grid\"><li class=\"blocks-gallery-item\"><figure><img loading=\"lazy\" decoding=\"async\" width=\"1024\" height=\"683\" src=\"https:\/\/www.manetti.com\/wp-content\/uploads\/2020\/01\/AL-AQSA-MOSQUE\ufffd-Jerusalem-Israel-2-1024x683.jpeg\" alt=\"\" data-id=\"2222\" data-full-url=\"https:\/\/www.manetti.com\/wp-content\/uploads\/2020\/01\/AL-AQSA-MOSQUE\ufffd-Jerusalem-Israel-2-scaled.jpeg\" data-link=\"https:\/\/www.manetti.com\/gallery-restauro-interni\/baitulmuqaddis-palestine-13th-nov-2017-internal-view-of-al-aqsa-mosque-jerusalem-built-in-691-where-prophet-mohamed-ascended-to-heaven-on-an-angel-in-his-night-journey\/\" class=\"wp-image-2222\" srcset=\"https:\/\/www.manetti.com\/wp-content\/uploads\/2020\/01\/AL-AQSA-MOSQUE\ufffd-Jerusalem-Israel-2-1024x683.jpeg 1024w, https:\/\/www.manetti.com\/wp-content\/uploads\/2020\/01\/AL-AQSA-MOSQUE\ufffd-Jerusalem-Israel-2-scaled-600x401.jpeg 600w, https:\/\/www.manetti.com\/wp-content\/uploads\/2020\/01\/AL-AQSA-MOSQUE\ufffd-Jerusalem-Israel-2-300x200.jpeg 300w, https:\/\/www.manetti.com\/wp-content\/uploads\/2020\/01\/AL-AQSA-MOSQUE\ufffd-Jerusalem-Israel-2-768x513.jpeg 768w, https:\/\/www.manetti.com\/wp-content\/uploads\/2020\/01\/AL-AQSA-MOSQUE\ufffd-Jerusalem-Israel-2-1536x1025.jpeg 1536w, https:\/\/www.manetti.com\/wp-content\/uploads\/2020\/01\/AL-AQSA-MOSQUE\ufffd-Jerusalem-Israel-2-2048x1367.jpeg 2048w\" sizes=\"auto, (max-width: 1024px) 100vw, 1024px\" \/><figcaption class=\"blocks-gallery-item__caption\">MEZQUITA DE AL-AQSA; Jerusal\u00e9n, Israel<\/figcaption><\/figure><\/li><li class=\"blocks-gallery-item\"><figure><img loading=\"lazy\" decoding=\"async\" width=\"1024\" height=\"683\" src=\"https:\/\/www.manetti.com\/wp-content\/uploads\/2020\/01\/ALC\u00c1ZAR\ufffd-Seville-Spain-2-1024x683.jpeg\" alt=\"\" data-id=\"2226\" data-full-url=\"https:\/\/www.manetti.com\/wp-content\/uploads\/2020\/01\/ALC\u00c1ZAR\ufffd-Seville-Spain-2-scaled.jpeg\" data-link=\"https:\/\/www.manetti.com\/gallery-restauro-interni\/aljaferia-one-of-the-best-preserved-moorish-palaces-in-city-sara\/\" class=\"wp-image-2226\" srcset=\"https:\/\/www.manetti.com\/wp-content\/uploads\/2020\/01\/ALC\u00c1ZAR\ufffd-Seville-Spain-2-1024x683.jpeg 1024w, https:\/\/www.manetti.com\/wp-content\/uploads\/2020\/01\/ALC\u00c1ZAR\ufffd-Seville-Spain-2-scaled-600x400.jpeg 600w, https:\/\/www.manetti.com\/wp-content\/uploads\/2020\/01\/ALC\u00c1ZAR\ufffd-Seville-Spain-2-300x200.jpeg 300w, https:\/\/www.manetti.com\/wp-content\/uploads\/2020\/01\/ALC\u00c1ZAR\ufffd-Seville-Spain-2-768x512.jpeg 768w, https:\/\/www.manetti.com\/wp-content\/uploads\/2020\/01\/ALC\u00c1ZAR\ufffd-Seville-Spain-2-1536x1024.jpeg 1536w, https:\/\/www.manetti.com\/wp-content\/uploads\/2020\/01\/ALC\u00c1ZAR\ufffd-Seville-Spain-2-2048x1365.jpeg 2048w\" sizes=\"auto, (max-width: 1024px) 100vw, 1024px\" \/><figcaption class=\"blocks-gallery-item__caption\">REAL ALC\u00c1ZAR; Sevilla, Espa\u00f1a<\/figcaption><\/figure><\/li><li class=\"blocks-gallery-item\"><figure><img loading=\"lazy\" decoding=\"async\" width=\"1024\" height=\"683\" src=\"https:\/\/www.manetti.com\/wp-content\/uploads\/2020\/01\/ALC\u00c1ZAR\ufffd-Seville-Spain-1024x683.jpeg\" alt=\"\" data-id=\"2230\" data-full-url=\"https:\/\/www.manetti.com\/wp-content\/uploads\/2020\/01\/ALC\u00c1ZAR\ufffd-Seville-Spain-scaled.jpeg\" data-link=\"https:\/\/www.manetti.com\/gallery-restauro-interni\/dome-of-real-alcazar-de-sevilla-andalusia-spain\/\" class=\"wp-image-2230\" srcset=\"https:\/\/www.manetti.com\/wp-content\/uploads\/2020\/01\/ALC\u00c1ZAR\ufffd-Seville-Spain-1024x683.jpeg 1024w, https:\/\/www.manetti.com\/wp-content\/uploads\/2020\/01\/ALC\u00c1ZAR\ufffd-Seville-Spain-scaled-600x400.jpeg 600w, https:\/\/www.manetti.com\/wp-content\/uploads\/2020\/01\/ALC\u00c1ZAR\ufffd-Seville-Spain-300x200.jpeg 300w, https:\/\/www.manetti.com\/wp-content\/uploads\/2020\/01\/ALC\u00c1ZAR\ufffd-Seville-Spain-768x512.jpeg 768w, https:\/\/www.manetti.com\/wp-content\/uploads\/2020\/01\/ALC\u00c1ZAR\ufffd-Seville-Spain-1536x1024.jpeg 1536w, https:\/\/www.manetti.com\/wp-content\/uploads\/2020\/01\/ALC\u00c1ZAR\ufffd-Seville-Spain-2048x1365.jpeg 2048w\" sizes=\"auto, (max-width: 1024px) 100vw, 1024px\" \/><figcaption class=\"blocks-gallery-item__caption\">REAL ALC\u00c1ZAR; Sevilla, Espa\u00f1a<\/figcaption><\/figure><\/li><li class=\"blocks-gallery-item\"><figure><img loading=\"lazy\" decoding=\"async\" width=\"1024\" height=\"768\" src=\"https:\/\/www.manetti.com\/wp-content\/uploads\/2020\/01\/ARHANGELO-MIHAILO-E-GAVRIIL-CHURCH\ufffd-B\u0103cioi-Moldova-2-1024x768.jpg\" alt=\"\" data-id=\"2236\" data-full-url=\"https:\/\/www.manetti.com\/wp-content\/uploads\/2020\/01\/ARHANGELO-MIHAILO-E-GAVRIIL-CHURCH\ufffd-B\u0103cioi-Moldova-2-scaled.jpg\" data-link=\"https:\/\/www.manetti.com\/gallery-restauro-interni\/arhangelo-mihailo-e-gavriil-church%ef%bf%bd-bacioi-moldova-2\/\" class=\"wp-image-2236\" srcset=\"https:\/\/www.manetti.com\/wp-content\/uploads\/2020\/01\/ARHANGELO-MIHAILO-E-GAVRIIL-CHURCH\ufffd-B\u0103cioi-Moldova-2-1024x768.jpg 1024w, https:\/\/www.manetti.com\/wp-content\/uploads\/2020\/01\/ARHANGELO-MIHAILO-E-GAVRIIL-CHURCH\ufffd-B\u0103cioi-Moldova-2-scaled-600x450.jpg 600w, https:\/\/www.manetti.com\/wp-content\/uploads\/2020\/01\/ARHANGELO-MIHAILO-E-GAVRIIL-CHURCH\ufffd-B\u0103cioi-Moldova-2-300x225.jpg 300w, https:\/\/www.manetti.com\/wp-content\/uploads\/2020\/01\/ARHANGELO-MIHAILO-E-GAVRIIL-CHURCH\ufffd-B\u0103cioi-Moldova-2-768x576.jpg 768w, https:\/\/www.manetti.com\/wp-content\/uploads\/2020\/01\/ARHANGELO-MIHAILO-E-GAVRIIL-CHURCH\ufffd-B\u0103cioi-Moldova-2-1536x1152.jpg 1536w, https:\/\/www.manetti.com\/wp-content\/uploads\/2020\/01\/ARHANGELO-MIHAILO-E-GAVRIIL-CHURCH\ufffd-B\u0103cioi-Moldova-2-2048x1536.jpg 2048w\" sizes=\"auto, (max-width: 1024px) 100vw, 1024px\" \/><figcaption class=\"blocks-gallery-item__caption\">ARHANGELO MIHAILO E GAVRIIL CHURCH; B\u0103cioi, Moldavia<\/figcaption><\/figure><\/li><li class=\"blocks-gallery-item\"><figure><img loading=\"lazy\" decoding=\"async\" width=\"768\" height=\"1024\" src=\"https:\/\/www.manetti.com\/wp-content\/uploads\/2020\/01\/ARHANGELO-MIHAILO-E-GAVRIIL-CHURCH\ufffd-B\u0103cioi-Moldova-768x1024.jpg\" alt=\"\" data-id=\"2238\" data-full-url=\"https:\/\/www.manetti.com\/wp-content\/uploads\/2020\/01\/ARHANGELO-MIHAILO-E-GAVRIIL-CHURCH\ufffd-B\u0103cioi-Moldova.jpg\" data-link=\"https:\/\/www.manetti.com\/gallery-restauro-interni\/arhangelo-mihailo-e-gavriil-church%ef%bf%bd-bacioi-moldova\/\" class=\"wp-image-2238\" srcset=\"https:\/\/www.manetti.com\/wp-content\/uploads\/2020\/01\/ARHANGELO-MIHAILO-E-GAVRIIL-CHURCH\ufffd-B\u0103cioi-Moldova-768x1024.jpg 768w, https:\/\/www.manetti.com\/wp-content\/uploads\/2020\/01\/ARHANGELO-MIHAILO-E-GAVRIIL-CHURCH\ufffd-B\u0103cioi-Moldova-600x800.jpg 600w, https:\/\/www.manetti.com\/wp-content\/uploads\/2020\/01\/ARHANGELO-MIHAILO-E-GAVRIIL-CHURCH\ufffd-B\u0103cioi-Moldova-225x300.jpg 225w, https:\/\/www.manetti.com\/wp-content\/uploads\/2020\/01\/ARHANGELO-MIHAILO-E-GAVRIIL-CHURCH\ufffd-B\u0103cioi-Moldova-1152x1536.jpg 1152w, https:\/\/www.manetti.com\/wp-content\/uploads\/2020\/01\/ARHANGELO-MIHAILO-E-GAVRIIL-CHURCH\ufffd-B\u0103cioi-Moldova.jpg 1536w\" sizes=\"auto, (max-width: 768px) 100vw, 768px\" \/><figcaption class=\"blocks-gallery-item__caption\">ARHANGELO MIHAILO E GAVRIIL CHURCH; B\u0103cioi, Moldavia<\/figcaption><\/figure><\/li><li class=\"blocks-gallery-item\"><figure><img loading=\"lazy\" decoding=\"async\" width=\"1024\" height=\"671\" src=\"https:\/\/www.manetti.com\/wp-content\/uploads\/2020\/01\/BASILICA-DELLA-SANTISSIMA-ANNUNZIATA-DEL-VASTATO\ufffd-Genoa-Italy-1024x671.jpg\" alt=\"\" data-id=\"2240\" data-full-url=\"https:\/\/www.manetti.com\/wp-content\/uploads\/2020\/01\/BASILICA-DELLA-SANTISSIMA-ANNUNZIATA-DEL-VASTATO\ufffd-Genoa-Italy-scaled.jpg\" data-link=\"https:\/\/www.manetti.com\/gallery-restauro-interni\/basilica-della-santissima-annunziata-del-vastato%ef%bf%bd-genoa-italy\/\" class=\"wp-image-2240\" srcset=\"https:\/\/www.manetti.com\/wp-content\/uploads\/2020\/01\/BASILICA-DELLA-SANTISSIMA-ANNUNZIATA-DEL-VASTATO\ufffd-Genoa-Italy-1024x671.jpg 1024w, https:\/\/www.manetti.com\/wp-content\/uploads\/2020\/01\/BASILICA-DELLA-SANTISSIMA-ANNUNZIATA-DEL-VASTATO\ufffd-Genoa-Italy-scaled-600x393.jpg 600w, https:\/\/www.manetti.com\/wp-content\/uploads\/2020\/01\/BASILICA-DELLA-SANTISSIMA-ANNUNZIATA-DEL-VASTATO\ufffd-Genoa-Italy-300x197.jpg 300w, https:\/\/www.manetti.com\/wp-content\/uploads\/2020\/01\/BASILICA-DELLA-SANTISSIMA-ANNUNZIATA-DEL-VASTATO\ufffd-Genoa-Italy-768x503.jpg 768w, https:\/\/www.manetti.com\/wp-content\/uploads\/2020\/01\/BASILICA-DELLA-SANTISSIMA-ANNUNZIATA-DEL-VASTATO\ufffd-Genoa-Italy-1536x1006.jpg 1536w, https:\/\/www.manetti.com\/wp-content\/uploads\/2020\/01\/BASILICA-DELLA-SANTISSIMA-ANNUNZIATA-DEL-VASTATO\ufffd-Genoa-Italy-2048x1342.jpg 2048w\" sizes=\"auto, (max-width: 1024px) 100vw, 1024px\" \/><figcaption class=\"blocks-gallery-item__caption\">BASILICA DELLA SANTISSIMA ANNUNZIATA DEL VASTATO; G\u00e9nova, Italia<\/figcaption><\/figure><\/li><li class=\"blocks-gallery-item\"><figure><img loading=\"lazy\" decoding=\"async\" width=\"1024\" height=\"710\" src=\"https:\/\/www.manetti.com\/wp-content\/uploads\/2020\/01\/BEAUMONT-GALLERY-ROYAL-PALACE-OF-HOUSE-OF-SAVOY\ufffd-Turin-Italy-1024x710.jpg\" alt=\"\" data-id=\"2242\" data-full-url=\"https:\/\/www.manetti.com\/wp-content\/uploads\/2020\/01\/BEAUMONT-GALLERY-ROYAL-PALACE-OF-HOUSE-OF-SAVOY\ufffd-Turin-Italy-scaled.jpg\" data-link=\"https:\/\/www.manetti.com\/gallery-restauro-interni\/the-royal-armoury-in-the-beaumont-gallery-palazzo-realeturin-piedmont-italy\/\" class=\"wp-image-2242\" srcset=\"https:\/\/www.manetti.com\/wp-content\/uploads\/2020\/01\/BEAUMONT-GALLERY-ROYAL-PALACE-OF-HOUSE-OF-SAVOY\ufffd-Turin-Italy-1024x710.jpg 1024w, https:\/\/www.manetti.com\/wp-content\/uploads\/2020\/01\/BEAUMONT-GALLERY-ROYAL-PALACE-OF-HOUSE-OF-SAVOY\ufffd-Turin-Italy-scaled-600x416.jpg 600w, https:\/\/www.manetti.com\/wp-content\/uploads\/2020\/01\/BEAUMONT-GALLERY-ROYAL-PALACE-OF-HOUSE-OF-SAVOY\ufffd-Turin-Italy-300x208.jpg 300w, https:\/\/www.manetti.com\/wp-content\/uploads\/2020\/01\/BEAUMONT-GALLERY-ROYAL-PALACE-OF-HOUSE-OF-SAVOY\ufffd-Turin-Italy-768x533.jpg 768w, https:\/\/www.manetti.com\/wp-content\/uploads\/2020\/01\/BEAUMONT-GALLERY-ROYAL-PALACE-OF-HOUSE-OF-SAVOY\ufffd-Turin-Italy-1536x1065.jpg 1536w, https:\/\/www.manetti.com\/wp-content\/uploads\/2020\/01\/BEAUMONT-GALLERY-ROYAL-PALACE-OF-HOUSE-OF-SAVOY\ufffd-Turin-Italy-2048x1420.jpg 2048w\" sizes=\"auto, (max-width: 1024px) 100vw, 1024px\" \/><figcaption class=\"blocks-gallery-item__caption\">GALERIA BEAUMONT &#8211; PALACIO REAL DE SABOYA; Tur\u00edn, Italia<\/figcaption><\/figure><\/li><li class=\"blocks-gallery-item\"><figure><img loading=\"lazy\" decoding=\"async\" width=\"1024\" height=\"559\" src=\"https:\/\/www.manetti.com\/wp-content\/uploads\/2020\/01\/BLAGOVESCHENSKY-MONASTERY\ufffd-Ni\u017enij-Novgorod-Russia-1-1024x559.jpg\" alt=\"\" data-id=\"2244\" data-full-url=\"https:\/\/www.manetti.com\/wp-content\/uploads\/2020\/01\/BLAGOVESCHENSKY-MONASTERY\ufffd-Ni\u017enij-Novgorod-Russia-1-scaled.jpg\" data-link=\"https:\/\/www.manetti.com\/gallery-restauro-interni\/blagoveschensky-monastery%ef%bf%bd-niznij-novgorod-russia-2\/\" class=\"wp-image-2244\" srcset=\"https:\/\/www.manetti.com\/wp-content\/uploads\/2020\/01\/BLAGOVESCHENSKY-MONASTERY\ufffd-Ni\u017enij-Novgorod-Russia-1-1024x559.jpg 1024w, https:\/\/www.manetti.com\/wp-content\/uploads\/2020\/01\/BLAGOVESCHENSKY-MONASTERY\ufffd-Ni\u017enij-Novgorod-Russia-1-scaled-600x328.jpg 600w, https:\/\/www.manetti.com\/wp-content\/uploads\/2020\/01\/BLAGOVESCHENSKY-MONASTERY\ufffd-Ni\u017enij-Novgorod-Russia-1-300x164.jpg 300w, https:\/\/www.manetti.com\/wp-content\/uploads\/2020\/01\/BLAGOVESCHENSKY-MONASTERY\ufffd-Ni\u017enij-Novgorod-Russia-1-768x419.jpg 768w, https:\/\/www.manetti.com\/wp-content\/uploads\/2020\/01\/BLAGOVESCHENSKY-MONASTERY\ufffd-Ni\u017enij-Novgorod-Russia-1-1536x839.jpg 1536w, https:\/\/www.manetti.com\/wp-content\/uploads\/2020\/01\/BLAGOVESCHENSKY-MONASTERY\ufffd-Ni\u017enij-Novgorod-Russia-1-2048x1118.jpg 2048w\" sizes=\"auto, (max-width: 1024px) 100vw, 1024px\" \/><figcaption class=\"blocks-gallery-item__caption\">BLAGOVESCHENSKY MONASTERY; Nizhni N\u00f3vgorod, Rusia<\/figcaption><\/figure><\/li><li class=\"blocks-gallery-item\"><figure><img loading=\"lazy\" decoding=\"async\" width=\"1024\" height=\"683\" src=\"https:\/\/www.manetti.com\/wp-content\/uploads\/2020\/01\/CASTLE-OF-SAMMEZZANO\ufffd-Reggello-Italy-1024x683.jpeg\" alt=\"\" data-id=\"2246\" data-full-url=\"https:\/\/www.manetti.com\/wp-content\/uploads\/2020\/01\/CASTLE-OF-SAMMEZZANO\ufffd-Reggello-Italy-scaled.jpeg\" data-link=\"https:\/\/www.manetti.com\/gallery-restauro-interni\/reggello-italy-may-12-2014-one-of-the-ceilings-of-sammezzano-castle-in-moorish-architecture-style\/\" class=\"wp-image-2246\" srcset=\"https:\/\/www.manetti.com\/wp-content\/uploads\/2020\/01\/CASTLE-OF-SAMMEZZANO\ufffd-Reggello-Italy-1024x683.jpeg 1024w, https:\/\/www.manetti.com\/wp-content\/uploads\/2020\/01\/CASTLE-OF-SAMMEZZANO\ufffd-Reggello-Italy-scaled-600x400.jpeg 600w, https:\/\/www.manetti.com\/wp-content\/uploads\/2020\/01\/CASTLE-OF-SAMMEZZANO\ufffd-Reggello-Italy-300x200.jpeg 300w, https:\/\/www.manetti.com\/wp-content\/uploads\/2020\/01\/CASTLE-OF-SAMMEZZANO\ufffd-Reggello-Italy-768x512.jpeg 768w, https:\/\/www.manetti.com\/wp-content\/uploads\/2020\/01\/CASTLE-OF-SAMMEZZANO\ufffd-Reggello-Italy-1536x1024.jpeg 1536w, https:\/\/www.manetti.com\/wp-content\/uploads\/2020\/01\/CASTLE-OF-SAMMEZZANO\ufffd-Reggello-Italy-2048x1365.jpeg 2048w\" sizes=\"auto, (max-width: 1024px) 100vw, 1024px\" \/><figcaption class=\"blocks-gallery-item__caption\">CASTILLO DE SAMMEZZANO; Reggello, Italia<\/figcaption><\/figure><\/li><li class=\"blocks-gallery-item\"><figure><img loading=\"lazy\" decoding=\"async\" width=\"1024\" height=\"576\" src=\"https:\/\/www.manetti.com\/wp-content\/uploads\/2020\/01\/CATHERINE-HALL-TSARITSYNO-PALACE\ufffd-Moscow-Russia-2-1024x576.jpg\" alt=\"\" data-id=\"2248\" data-full-url=\"https:\/\/www.manetti.com\/wp-content\/uploads\/2020\/01\/CATHERINE-HALL-TSARITSYNO-PALACE\ufffd-Moscow-Russia-2-scaled.jpg\" data-link=\"https:\/\/www.manetti.com\/gallery-restauro-interni\/moscow-russia-july-19-2017-the-interior-of-the-tsaritsyno-palace\/\" class=\"wp-image-2248\" srcset=\"https:\/\/www.manetti.com\/wp-content\/uploads\/2020\/01\/CATHERINE-HALL-TSARITSYNO-PALACE\ufffd-Moscow-Russia-2-1024x576.jpg 1024w, https:\/\/www.manetti.com\/wp-content\/uploads\/2020\/01\/CATHERINE-HALL-TSARITSYNO-PALACE\ufffd-Moscow-Russia-2-scaled-600x338.jpg 600w, https:\/\/www.manetti.com\/wp-content\/uploads\/2020\/01\/CATHERINE-HALL-TSARITSYNO-PALACE\ufffd-Moscow-Russia-2-300x169.jpg 300w, https:\/\/www.manetti.com\/wp-content\/uploads\/2020\/01\/CATHERINE-HALL-TSARITSYNO-PALACE\ufffd-Moscow-Russia-2-768x432.jpg 768w, https:\/\/www.manetti.com\/wp-content\/uploads\/2020\/01\/CATHERINE-HALL-TSARITSYNO-PALACE\ufffd-Moscow-Russia-2-1536x864.jpg 1536w, https:\/\/www.manetti.com\/wp-content\/uploads\/2020\/01\/CATHERINE-HALL-TSARITSYNO-PALACE\ufffd-Moscow-Russia-2-2048x1152.jpg 2048w\" sizes=\"auto, (max-width: 1024px) 100vw, 1024px\" \/><figcaption class=\"blocks-gallery-item__caption\">SALA DE CATALINA &#8211; PALACIO TSAR\u00cdTSINO; Mosc\u00fa, Rusia<\/figcaption><\/figure><\/li><li class=\"blocks-gallery-item\"><figure><img loading=\"lazy\" decoding=\"async\" width=\"1024\" height=\"680\" src=\"https:\/\/www.manetti.com\/wp-content\/uploads\/2020\/01\/CATHERINE-HALL-TSARITSYNO-PALACE\ufffd-Moscow-Russia-3-1024x680.jpg\" alt=\"\" data-id=\"2250\" data-full-url=\"https:\/\/www.manetti.com\/wp-content\/uploads\/2020\/01\/CATHERINE-HALL-TSARITSYNO-PALACE\ufffd-Moscow-Russia-3-scaled.jpg\" data-link=\"https:\/\/www.manetti.com\/gallery-restauro-interni\/the-grand-palace-s-catherine-hall-state-museum-reserve-tsaritsyno\/\" class=\"wp-image-2250\" srcset=\"https:\/\/www.manetti.com\/wp-content\/uploads\/2020\/01\/CATHERINE-HALL-TSARITSYNO-PALACE\ufffd-Moscow-Russia-3-1024x680.jpg 1024w, https:\/\/www.manetti.com\/wp-content\/uploads\/2020\/01\/CATHERINE-HALL-TSARITSYNO-PALACE\ufffd-Moscow-Russia-3-scaled-600x398.jpg 600w, https:\/\/www.manetti.com\/wp-content\/uploads\/2020\/01\/CATHERINE-HALL-TSARITSYNO-PALACE\ufffd-Moscow-Russia-3-300x199.jpg 300w, https:\/\/www.manetti.com\/wp-content\/uploads\/2020\/01\/CATHERINE-HALL-TSARITSYNO-PALACE\ufffd-Moscow-Russia-3-768x510.jpg 768w, https:\/\/www.manetti.com\/wp-content\/uploads\/2020\/01\/CATHERINE-HALL-TSARITSYNO-PALACE\ufffd-Moscow-Russia-3-1536x1020.jpg 1536w, https:\/\/www.manetti.com\/wp-content\/uploads\/2020\/01\/CATHERINE-HALL-TSARITSYNO-PALACE\ufffd-Moscow-Russia-3-2048x1360.jpg 2048w\" sizes=\"auto, (max-width: 1024px) 100vw, 1024px\" \/><figcaption class=\"blocks-gallery-item__caption\">SALA DE CATALINA &#8211; PALACIO TSAR\u00cdTSINO; Mosc\u00fa, Rusia<\/figcaption><\/figure><\/li><li class=\"blocks-gallery-item\"><figure><img loading=\"lazy\" decoding=\"async\" width=\"1024\" height=\"670\" src=\"https:\/\/www.manetti.com\/wp-content\/uploads\/2020\/01\/CATHERINE-HALL-TSARITSYNO-PALACE\ufffd-Moscow-Russia-1024x670.jpg\" alt=\"\" data-id=\"2252\" data-full-url=\"https:\/\/www.manetti.com\/wp-content\/uploads\/2020\/01\/CATHERINE-HALL-TSARITSYNO-PALACE\ufffd-Moscow-Russia-scaled.jpg\" data-link=\"https:\/\/www.manetti.com\/gallery-restauro-interni\/the-grand-palace-s-catherine-hall-state-museum-reserve-tsaritsyno-2\/\" class=\"wp-image-2252\" srcset=\"https:\/\/www.manetti.com\/wp-content\/uploads\/2020\/01\/CATHERINE-HALL-TSARITSYNO-PALACE\ufffd-Moscow-Russia-1024x670.jpg 1024w, https:\/\/www.manetti.com\/wp-content\/uploads\/2020\/01\/CATHERINE-HALL-TSARITSYNO-PALACE\ufffd-Moscow-Russia-scaled-600x392.jpg 600w, https:\/\/www.manetti.com\/wp-content\/uploads\/2020\/01\/CATHERINE-HALL-TSARITSYNO-PALACE\ufffd-Moscow-Russia-300x196.jpg 300w, https:\/\/www.manetti.com\/wp-content\/uploads\/2020\/01\/CATHERINE-HALL-TSARITSYNO-PALACE\ufffd-Moscow-Russia-768x502.jpg 768w, https:\/\/www.manetti.com\/wp-content\/uploads\/2020\/01\/CATHERINE-HALL-TSARITSYNO-PALACE\ufffd-Moscow-Russia-1536x1004.jpg 1536w, https:\/\/www.manetti.com\/wp-content\/uploads\/2020\/01\/CATHERINE-HALL-TSARITSYNO-PALACE\ufffd-Moscow-Russia-2048x1339.jpg 2048w\" sizes=\"auto, (max-width: 1024px) 100vw, 1024px\" \/><figcaption class=\"blocks-gallery-item__caption\">SALA DE CATALINA &#8211; PALACIO TSAR\u00cdTSINO; Mosc\u00fa, Rusia<\/figcaption><\/figure><\/li><li class=\"blocks-gallery-item\"><figure><img loading=\"lazy\" decoding=\"async\" width=\"1024\" height=\"683\" src=\"https:\/\/www.manetti.com\/wp-content\/uploads\/2020\/01\/CEILING-ROYAL-PALACE-OF-CASERTA\ufffd-Caserta-Italy-1024x683.jpg\" alt=\"\" data-id=\"2254\" data-full-url=\"https:\/\/www.manetti.com\/wp-content\/uploads\/2020\/01\/CEILING-ROYAL-PALACE-OF-CASERTA\ufffd-Caserta-Italy-scaled.jpg\" data-link=\"https:\/\/www.manetti.com\/gallery-restauro-interni\/caserta-italy-july-29th-2016-decorated-roof-in-the-throne-room-royal-palace-of-caserta-campania-italy\/\" class=\"wp-image-2254\" srcset=\"https:\/\/www.manetti.com\/wp-content\/uploads\/2020\/01\/CEILING-ROYAL-PALACE-OF-CASERTA\ufffd-Caserta-Italy-1024x683.jpg 1024w, https:\/\/www.manetti.com\/wp-content\/uploads\/2020\/01\/CEILING-ROYAL-PALACE-OF-CASERTA\ufffd-Caserta-Italy-scaled-600x400.jpg 600w, https:\/\/www.manetti.com\/wp-content\/uploads\/2020\/01\/CEILING-ROYAL-PALACE-OF-CASERTA\ufffd-Caserta-Italy-300x200.jpg 300w, https:\/\/www.manetti.com\/wp-content\/uploads\/2020\/01\/CEILING-ROYAL-PALACE-OF-CASERTA\ufffd-Caserta-Italy-768x512.jpg 768w, https:\/\/www.manetti.com\/wp-content\/uploads\/2020\/01\/CEILING-ROYAL-PALACE-OF-CASERTA\ufffd-Caserta-Italy-1536x1024.jpg 1536w, https:\/\/www.manetti.com\/wp-content\/uploads\/2020\/01\/CEILING-ROYAL-PALACE-OF-CASERTA\ufffd-Caserta-Italy-2048x1365.jpg 2048w\" sizes=\"auto, (max-width: 1024px) 100vw, 1024px\" \/><figcaption class=\"blocks-gallery-item__caption\">PALACIO REAL DE CASERTA; Caserta, Italia<\/figcaption><\/figure><\/li><li class=\"blocks-gallery-item\"><figure><img loading=\"lazy\" decoding=\"async\" width=\"1024\" height=\"683\" src=\"https:\/\/www.manetti.com\/wp-content\/uploads\/2020\/01\/AL-AQSA-MOSQUE\ufffd-Jerusalem-Israel-1024x683.jpeg\" alt=\"\" data-id=\"2224\" data-full-url=\"https:\/\/www.manetti.com\/wp-content\/uploads\/2020\/01\/AL-AQSA-MOSQUE\ufffd-Jerusalem-Israel-scaled.jpeg\" data-link=\"https:\/\/www.manetti.com\/gallery-restauro-interni\/internal-view-of-al-aqsa-mosque-jerusalem-built-in-691-where-prophet-mohamed-ascended-to-heaven-on-an-angel\/\" class=\"wp-image-2224\" srcset=\"https:\/\/www.manetti.com\/wp-content\/uploads\/2020\/01\/AL-AQSA-MOSQUE\ufffd-Jerusalem-Israel-1024x683.jpeg 1024w, https:\/\/www.manetti.com\/wp-content\/uploads\/2020\/01\/AL-AQSA-MOSQUE\ufffd-Jerusalem-Israel-scaled-600x400.jpeg 600w, https:\/\/www.manetti.com\/wp-content\/uploads\/2020\/01\/AL-AQSA-MOSQUE\ufffd-Jerusalem-Israel-300x200.jpeg 300w, https:\/\/www.manetti.com\/wp-content\/uploads\/2020\/01\/AL-AQSA-MOSQUE\ufffd-Jerusalem-Israel-768x512.jpeg 768w, https:\/\/www.manetti.com\/wp-content\/uploads\/2020\/01\/AL-AQSA-MOSQUE\ufffd-Jerusalem-Israel-1536x1024.jpeg 1536w, https:\/\/www.manetti.com\/wp-content\/uploads\/2020\/01\/AL-AQSA-MOSQUE\ufffd-Jerusalem-Israel-2048x1365.jpeg 2048w\" sizes=\"auto, (max-width: 1024px) 100vw, 1024px\" \/><figcaption class=\"blocks-gallery-item__caption\">MEZQUITA DE AL-AQSA; Jerusal\u00e9n, Israel<\/figcaption><\/figure><\/li><li class=\"blocks-gallery-item\"><figure><img loading=\"lazy\" decoding=\"async\" width=\"1024\" height=\"683\" src=\"https:\/\/www.manetti.com\/wp-content\/uploads\/2020\/01\/CHINESE-ROOM-ROYAL-PALACE-OF-HOUSE-OF-SAVOY\ufffd-Turin-Italy-1024x683.jpg\" alt=\"\" data-id=\"2256\" data-full-url=\"https:\/\/www.manetti.com\/wp-content\/uploads\/2020\/01\/CHINESE-ROOM-ROYAL-PALACE-OF-HOUSE-OF-SAVOY\ufffd-Turin-Italy-scaled.jpg\" data-link=\"https:\/\/www.manetti.com\/gallery-restauro-interni\/italy-piedmont-turin-polo-reale-palazzo-reale-royal-palace-chinese-cabinet\/\" class=\"wp-image-2256\" srcset=\"https:\/\/www.manetti.com\/wp-content\/uploads\/2020\/01\/CHINESE-ROOM-ROYAL-PALACE-OF-HOUSE-OF-SAVOY\ufffd-Turin-Italy-1024x683.jpg 1024w, https:\/\/www.manetti.com\/wp-content\/uploads\/2020\/01\/CHINESE-ROOM-ROYAL-PALACE-OF-HOUSE-OF-SAVOY\ufffd-Turin-Italy-scaled-600x400.jpg 600w, https:\/\/www.manetti.com\/wp-content\/uploads\/2020\/01\/CHINESE-ROOM-ROYAL-PALACE-OF-HOUSE-OF-SAVOY\ufffd-Turin-Italy-300x200.jpg 300w, https:\/\/www.manetti.com\/wp-content\/uploads\/2020\/01\/CHINESE-ROOM-ROYAL-PALACE-OF-HOUSE-OF-SAVOY\ufffd-Turin-Italy-768x512.jpg 768w, https:\/\/www.manetti.com\/wp-content\/uploads\/2020\/01\/CHINESE-ROOM-ROYAL-PALACE-OF-HOUSE-OF-SAVOY\ufffd-Turin-Italy-1536x1024.jpg 1536w, https:\/\/www.manetti.com\/wp-content\/uploads\/2020\/01\/CHINESE-ROOM-ROYAL-PALACE-OF-HOUSE-OF-SAVOY\ufffd-Turin-Italy-2048x1365.jpg 2048w\" sizes=\"auto, (max-width: 1024px) 100vw, 1024px\" \/><figcaption class=\"blocks-gallery-item__caption\">SALA CHINOS &#8211; PALACIO REAL DE CASERTA; Caserta, Italia<\/figcaption><\/figure><\/li><li class=\"blocks-gallery-item\"><figure><img loading=\"lazy\" decoding=\"async\" width=\"1024\" height=\"685\" src=\"https:\/\/www.manetti.com\/wp-content\/uploads\/2020\/01\/CHURCH-OF-THE-HOLY-SEPULCHRE\ufffd-Jerusalem-Israel-1024x685.jpg\" alt=\"\" data-id=\"2258\" data-full-url=\"https:\/\/www.manetti.com\/wp-content\/uploads\/2020\/01\/CHURCH-OF-THE-HOLY-SEPULCHRE\ufffd-Jerusalem-Israel-scaled.jpg\" data-link=\"https:\/\/www.manetti.com\/gallery-restauro-interni\/church-of-the-holy-sepulchre%ef%bf%bd-jerusalem-israel\/\" class=\"wp-image-2258\" srcset=\"https:\/\/www.manetti.com\/wp-content\/uploads\/2020\/01\/CHURCH-OF-THE-HOLY-SEPULCHRE\ufffd-Jerusalem-Israel-1024x685.jpg 1024w, https:\/\/www.manetti.com\/wp-content\/uploads\/2020\/01\/CHURCH-OF-THE-HOLY-SEPULCHRE\ufffd-Jerusalem-Israel-scaled-600x401.jpg 600w, https:\/\/www.manetti.com\/wp-content\/uploads\/2020\/01\/CHURCH-OF-THE-HOLY-SEPULCHRE\ufffd-Jerusalem-Israel-300x201.jpg 300w, https:\/\/www.manetti.com\/wp-content\/uploads\/2020\/01\/CHURCH-OF-THE-HOLY-SEPULCHRE\ufffd-Jerusalem-Israel-768x514.jpg 768w, https:\/\/www.manetti.com\/wp-content\/uploads\/2020\/01\/CHURCH-OF-THE-HOLY-SEPULCHRE\ufffd-Jerusalem-Israel-1536x1027.jpg 1536w, https:\/\/www.manetti.com\/wp-content\/uploads\/2020\/01\/CHURCH-OF-THE-HOLY-SEPULCHRE\ufffd-Jerusalem-Israel-2048x1370.jpg 2048w\" sizes=\"auto, (max-width: 1024px) 100vw, 1024px\" \/><figcaption class=\"blocks-gallery-item__caption\">SANTO SEPULCRO; Jerusal\u00e9n, Israel<\/figcaption><\/figure><\/li><li class=\"blocks-gallery-item\"><figure><img loading=\"lazy\" decoding=\"async\" width=\"1024\" height=\"683\" src=\"https:\/\/www.manetti.com\/wp-content\/uploads\/2020\/01\/COMMERCE-COURT\ufffd-Toronto-Canada-1024x683.jpeg\" alt=\"\" data-id=\"2260\" data-full-url=\"https:\/\/www.manetti.com\/wp-content\/uploads\/2020\/01\/COMMERCE-COURT\ufffd-Toronto-Canada-scaled.jpeg\" data-link=\"https:\/\/www.manetti.com\/gallery-restauro-interni\/commerce-court-north-ceiling\/\" class=\"wp-image-2260\" srcset=\"https:\/\/www.manetti.com\/wp-content\/uploads\/2020\/01\/COMMERCE-COURT\ufffd-Toronto-Canada-1024x683.jpeg 1024w, https:\/\/www.manetti.com\/wp-content\/uploads\/2020\/01\/COMMERCE-COURT\ufffd-Toronto-Canada-scaled-600x400.jpeg 600w, https:\/\/www.manetti.com\/wp-content\/uploads\/2020\/01\/COMMERCE-COURT\ufffd-Toronto-Canada-300x200.jpeg 300w, https:\/\/www.manetti.com\/wp-content\/uploads\/2020\/01\/COMMERCE-COURT\ufffd-Toronto-Canada-768x512.jpeg 768w, https:\/\/www.manetti.com\/wp-content\/uploads\/2020\/01\/COMMERCE-COURT\ufffd-Toronto-Canada-1536x1024.jpeg 1536w, https:\/\/www.manetti.com\/wp-content\/uploads\/2020\/01\/COMMERCE-COURT\ufffd-Toronto-Canada-2048x1365.jpeg 2048w\" sizes=\"auto, (max-width: 1024px) 100vw, 1024px\" \/><figcaption class=\"blocks-gallery-item__caption\">COMMERCE COURT; Toronto, Canad\u00e1<\/figcaption><\/figure><\/li><li class=\"blocks-gallery-item\"><figure><img loading=\"lazy\" decoding=\"async\" width=\"659\" height=\"1024\" src=\"https:\/\/www.manetti.com\/wp-content\/uploads\/2020\/01\/CORRIDOR-OF-PALAZZINA-DI-CACCIA-OF-STUPINIGI\ufffd-Nichelino-Italy-659x1024.jpg\" alt=\"\" data-id=\"2262\" data-full-url=\"https:\/\/www.manetti.com\/wp-content\/uploads\/2020\/01\/CORRIDOR-OF-PALAZZINA-DI-CACCIA-OF-STUPINIGI\ufffd-Nichelino-Italy-scaled.jpg\" data-link=\"https:\/\/www.manetti.com\/gallery-restauro-interni\/stupinigi-italy-june-22-2016-the-library-rooms-of-the-royal-hunting-lodge\/\" class=\"wp-image-2262\" srcset=\"https:\/\/www.manetti.com\/wp-content\/uploads\/2020\/01\/CORRIDOR-OF-PALAZZINA-DI-CACCIA-OF-STUPINIGI\ufffd-Nichelino-Italy-659x1024.jpg 659w, https:\/\/www.manetti.com\/wp-content\/uploads\/2020\/01\/CORRIDOR-OF-PALAZZINA-DI-CACCIA-OF-STUPINIGI\ufffd-Nichelino-Italy-scaled-600x933.jpg 600w, https:\/\/www.manetti.com\/wp-content\/uploads\/2020\/01\/CORRIDOR-OF-PALAZZINA-DI-CACCIA-OF-STUPINIGI\ufffd-Nichelino-Italy-193x300.jpg 193w, https:\/\/www.manetti.com\/wp-content\/uploads\/2020\/01\/CORRIDOR-OF-PALAZZINA-DI-CACCIA-OF-STUPINIGI\ufffd-Nichelino-Italy-768x1194.jpg 768w, https:\/\/www.manetti.com\/wp-content\/uploads\/2020\/01\/CORRIDOR-OF-PALAZZINA-DI-CACCIA-OF-STUPINIGI\ufffd-Nichelino-Italy-988x1536.jpg 988w, https:\/\/www.manetti.com\/wp-content\/uploads\/2020\/01\/CORRIDOR-OF-PALAZZINA-DI-CACCIA-OF-STUPINIGI\ufffd-Nichelino-Italy-1317x2048.jpg 1317w, https:\/\/www.manetti.com\/wp-content\/uploads\/2020\/01\/CORRIDOR-OF-PALAZZINA-DI-CACCIA-OF-STUPINIGI\ufffd-Nichelino-Italy-scaled.jpg 1647w\" sizes=\"auto, (max-width: 659px) 100vw, 659px\" \/><figcaption class=\"blocks-gallery-item__caption\">PASILLO &#8211; PABELL\u00d3N DE CAZA DE STUPINIGI; Nichelino, Italia<\/figcaption><\/figure><\/li><li class=\"blocks-gallery-item\"><figure><img loading=\"lazy\" decoding=\"async\" width=\"575\" height=\"1024\" src=\"https:\/\/www.manetti.com\/wp-content\/uploads\/2020\/01\/EISENHOWER-EXECUTIVE-OFFICE-BUILDING-LIBRARY-Washington-USA-575x1024.jpg\" alt=\"\" data-id=\"2264\" data-full-url=\"https:\/\/www.manetti.com\/wp-content\/uploads\/2020\/01\/EISENHOWER-EXECUTIVE-OFFICE-BUILDING-LIBRARY-Washington-USA-scaled.jpg\" data-link=\"https:\/\/www.manetti.com\/gallery-restauro-interni\/eisenhower-executive-office-building-library-washington-usa\/\" class=\"wp-image-2264\" srcset=\"https:\/\/www.manetti.com\/wp-content\/uploads\/2020\/01\/EISENHOWER-EXECUTIVE-OFFICE-BUILDING-LIBRARY-Washington-USA-575x1024.jpg 575w, https:\/\/www.manetti.com\/wp-content\/uploads\/2020\/01\/EISENHOWER-EXECUTIVE-OFFICE-BUILDING-LIBRARY-Washington-USA-scaled-600x1067.jpg 600w, https:\/\/www.manetti.com\/wp-content\/uploads\/2020\/01\/EISENHOWER-EXECUTIVE-OFFICE-BUILDING-LIBRARY-Washington-USA-169x300.jpg 169w, https:\/\/www.manetti.com\/wp-content\/uploads\/2020\/01\/EISENHOWER-EXECUTIVE-OFFICE-BUILDING-LIBRARY-Washington-USA-768x1367.jpg 768w, https:\/\/www.manetti.com\/wp-content\/uploads\/2020\/01\/EISENHOWER-EXECUTIVE-OFFICE-BUILDING-LIBRARY-Washington-USA-863x1536.jpg 863w, https:\/\/www.manetti.com\/wp-content\/uploads\/2020\/01\/EISENHOWER-EXECUTIVE-OFFICE-BUILDING-LIBRARY-Washington-USA-1151x2048.jpg 1151w, https:\/\/www.manetti.com\/wp-content\/uploads\/2020\/01\/EISENHOWER-EXECUTIVE-OFFICE-BUILDING-LIBRARY-Washington-USA-scaled.jpg 1439w\" sizes=\"auto, (max-width: 575px) 100vw, 575px\" \/><figcaption class=\"blocks-gallery-item__caption\">EISENHOWER EXECUTIVE OFFICE BUILDING LIBRARY; Washington, USA<\/figcaption><\/figure><\/li><li class=\"blocks-gallery-item\"><figure><img loading=\"lazy\" decoding=\"async\" width=\"1024\" height=\"680\" src=\"https:\/\/www.manetti.com\/wp-content\/uploads\/2020\/01\/FESTZAAL\ufffd-Antwerp-Belgium-1024x680.jpg\" alt=\"\" data-id=\"2266\" data-full-url=\"https:\/\/www.manetti.com\/wp-content\/uploads\/2020\/01\/FESTZAAL\ufffd-Antwerp-Belgium-scaled.jpg\" data-link=\"https:\/\/www.manetti.com\/gallery-restauro-interni\/stadsfeestzaal-famous-antwerp-belgian-shopping-mall-hotspot-restaurant-bar-and-lounge-area-meir-antwerp-belgium\/\" class=\"wp-image-2266\" srcset=\"https:\/\/www.manetti.com\/wp-content\/uploads\/2020\/01\/FESTZAAL\ufffd-Antwerp-Belgium-1024x680.jpg 1024w, https:\/\/www.manetti.com\/wp-content\/uploads\/2020\/01\/FESTZAAL\ufffd-Antwerp-Belgium-scaled-600x398.jpg 600w, https:\/\/www.manetti.com\/wp-content\/uploads\/2020\/01\/FESTZAAL\ufffd-Antwerp-Belgium-300x199.jpg 300w, https:\/\/www.manetti.com\/wp-content\/uploads\/2020\/01\/FESTZAAL\ufffd-Antwerp-Belgium-768x510.jpg 768w, https:\/\/www.manetti.com\/wp-content\/uploads\/2020\/01\/FESTZAAL\ufffd-Antwerp-Belgium-1536x1020.jpg 1536w, https:\/\/www.manetti.com\/wp-content\/uploads\/2020\/01\/FESTZAAL\ufffd-Antwerp-Belgium-2048x1360.jpg 2048w\" sizes=\"auto, (max-width: 1024px) 100vw, 1024px\" \/><figcaption class=\"blocks-gallery-item__caption\">FESTZAAL; Amberes, B\u00e9lgica<\/figcaption><\/figure><\/li><li class=\"blocks-gallery-item\"><figure><img loading=\"lazy\" decoding=\"async\" width=\"1024\" height=\"768\" src=\"https:\/\/www.manetti.com\/wp-content\/uploads\/2020\/01\/GALERIE-DAPOLLON-LOUVRE-MUSEUM\ufffd-Paris-France-1024x768.jpg\" alt=\"\" data-id=\"2268\" data-full-url=\"https:\/\/www.manetti.com\/wp-content\/uploads\/2020\/01\/GALERIE-DAPOLLON-LOUVRE-MUSEUM\ufffd-Paris-France.jpg\" data-link=\"https:\/\/www.manetti.com\/gallery-restauro-interni\/galerie-dapollon-louvre-museum%ef%bf%bd-paris-france\/\" class=\"wp-image-2268\" srcset=\"https:\/\/www.manetti.com\/wp-content\/uploads\/2020\/01\/GALERIE-DAPOLLON-LOUVRE-MUSEUM\ufffd-Paris-France-1024x768.jpg 1024w, https:\/\/www.manetti.com\/wp-content\/uploads\/2020\/01\/GALERIE-DAPOLLON-LOUVRE-MUSEUM\ufffd-Paris-France-600x450.jpg 600w, https:\/\/www.manetti.com\/wp-content\/uploads\/2020\/01\/GALERIE-DAPOLLON-LOUVRE-MUSEUM\ufffd-Paris-France-300x225.jpg 300w, https:\/\/www.manetti.com\/wp-content\/uploads\/2020\/01\/GALERIE-DAPOLLON-LOUVRE-MUSEUM\ufffd-Paris-France-768x576.jpg 768w, https:\/\/www.manetti.com\/wp-content\/uploads\/2020\/01\/GALERIE-DAPOLLON-LOUVRE-MUSEUM\ufffd-Paris-France-1536x1152.jpg 1536w, https:\/\/www.manetti.com\/wp-content\/uploads\/2020\/01\/GALERIE-DAPOLLON-LOUVRE-MUSEUM\ufffd-Paris-France-2048x1536.jpg 2048w\" sizes=\"auto, (max-width: 1024px) 100vw, 1024px\" \/><figcaption class=\"blocks-gallery-item__caption\">GALERIE D&#8217;APOLLON &#8211; PALACIO DEL LOUVRE; Paris, Francia<\/figcaption><\/figure><\/li><li class=\"blocks-gallery-item\"><figure><img loading=\"lazy\" decoding=\"async\" width=\"683\" height=\"1024\" src=\"https:\/\/www.manetti.com\/wp-content\/uploads\/2020\/01\/GALLERY-OF-MIRRORS-PALAZZO-DORIA-PAMPHILJ\ufffd-Rome-Italy-683x1024.jpg\" alt=\"\" data-id=\"2270\" data-full-url=\"https:\/\/www.manetti.com\/wp-content\/uploads\/2020\/01\/GALLERY-OF-MIRRORS-PALAZZO-DORIA-PAMPHILJ\ufffd-Rome-Italy-scaled.jpg\" data-link=\"https:\/\/www.manetti.com\/gallery-restauro-interni\/hall-of-mirrors-palazzo-doria-pamphilj-rome-italy-image-shot-2013-exact-date-unknown\/\" class=\"wp-image-2270\" srcset=\"https:\/\/www.manetti.com\/wp-content\/uploads\/2020\/01\/GALLERY-OF-MIRRORS-PALAZZO-DORIA-PAMPHILJ\ufffd-Rome-Italy-683x1024.jpg 683w, https:\/\/www.manetti.com\/wp-content\/uploads\/2020\/01\/GALLERY-OF-MIRRORS-PALAZZO-DORIA-PAMPHILJ\ufffd-Rome-Italy-scaled-600x900.jpg 600w, https:\/\/www.manetti.com\/wp-content\/uploads\/2020\/01\/GALLERY-OF-MIRRORS-PALAZZO-DORIA-PAMPHILJ\ufffd-Rome-Italy-200x300.jpg 200w, https:\/\/www.manetti.com\/wp-content\/uploads\/2020\/01\/GALLERY-OF-MIRRORS-PALAZZO-DORIA-PAMPHILJ\ufffd-Rome-Italy-768x1152.jpg 768w, https:\/\/www.manetti.com\/wp-content\/uploads\/2020\/01\/GALLERY-OF-MIRRORS-PALAZZO-DORIA-PAMPHILJ\ufffd-Rome-Italy-1024x1536.jpg 1024w, https:\/\/www.manetti.com\/wp-content\/uploads\/2020\/01\/GALLERY-OF-MIRRORS-PALAZZO-DORIA-PAMPHILJ\ufffd-Rome-Italy-1365x2048.jpg 1365w, https:\/\/www.manetti.com\/wp-content\/uploads\/2020\/01\/GALLERY-OF-MIRRORS-PALAZZO-DORIA-PAMPHILJ\ufffd-Rome-Italy-scaled.jpg 1707w\" sizes=\"auto, (max-width: 683px) 100vw, 683px\" \/><figcaption class=\"blocks-gallery-item__caption\">GALER\u00cdA DE LOS ESPEJOS &#8211; PALAZZO DORIA PAMPHILJ; Roma, Italia<\/figcaption><\/figure><\/li><li class=\"blocks-gallery-item\"><figure><img loading=\"lazy\" decoding=\"async\" width=\"1024\" height=\"684\" src=\"https:\/\/www.manetti.com\/wp-content\/uploads\/2020\/01\/GAMBLING-HALL-PALAZZINA-DI-CACCIA-OF-STUPINIGI\ufffd-Nichelino-Italy-1024x684.jpg\" alt=\"\" data-id=\"2272\" data-full-url=\"https:\/\/www.manetti.com\/wp-content\/uploads\/2020\/01\/GAMBLING-HALL-PALAZZINA-DI-CACCIA-OF-STUPINIGI\ufffd-Nichelino-Italy-scaled.jpg\" data-link=\"https:\/\/www.manetti.com\/gallery-restauro-interni\/stupinigi-italy-june-22-2016-the-game-room-of-the-royal-hunting-lodge\/\" class=\"wp-image-2272\" srcset=\"https:\/\/www.manetti.com\/wp-content\/uploads\/2020\/01\/GAMBLING-HALL-PALAZZINA-DI-CACCIA-OF-STUPINIGI\ufffd-Nichelino-Italy-1024x684.jpg 1024w, https:\/\/www.manetti.com\/wp-content\/uploads\/2020\/01\/GAMBLING-HALL-PALAZZINA-DI-CACCIA-OF-STUPINIGI\ufffd-Nichelino-Italy-scaled-600x401.jpg 600w, https:\/\/www.manetti.com\/wp-content\/uploads\/2020\/01\/GAMBLING-HALL-PALAZZINA-DI-CACCIA-OF-STUPINIGI\ufffd-Nichelino-Italy-300x200.jpg 300w, https:\/\/www.manetti.com\/wp-content\/uploads\/2020\/01\/GAMBLING-HALL-PALAZZINA-DI-CACCIA-OF-STUPINIGI\ufffd-Nichelino-Italy-768x513.jpg 768w, https:\/\/www.manetti.com\/wp-content\/uploads\/2020\/01\/GAMBLING-HALL-PALAZZINA-DI-CACCIA-OF-STUPINIGI\ufffd-Nichelino-Italy-1536x1025.jpg 1536w, https:\/\/www.manetti.com\/wp-content\/uploads\/2020\/01\/GAMBLING-HALL-PALAZZINA-DI-CACCIA-OF-STUPINIGI\ufffd-Nichelino-Italy-2048x1367.jpg 2048w\" sizes=\"auto, (max-width: 1024px) 100vw, 1024px\" \/><figcaption class=\"blocks-gallery-item__caption\">SALA DE JUEGO &#8211; PABELL\u00d3N DE CAZA DE STUPINIGI; Nichelino, Italia<\/figcaption><\/figure><\/li><li class=\"blocks-gallery-item\"><figure><img loading=\"lazy\" decoding=\"async\" width=\"1024\" height=\"768\" src=\"https:\/\/www.manetti.com\/wp-content\/uploads\/2020\/01\/GOSYDARSTVENNY-MUZEY-ZAPOVEDNIK\ufffd-Saint-Petersburg-Russia-1024x768.jpeg\" alt=\"\" data-id=\"2274\" data-full-url=\"https:\/\/www.manetti.com\/wp-content\/uploads\/2020\/01\/GOSYDARSTVENNY-MUZEY-ZAPOVEDNIK\ufffd-Saint-Petersburg-Russia.jpeg\" data-link=\"https:\/\/www.manetti.com\/gallery-restauro-interni\/gosydarstvenny-muzey-zapovednik%ef%bf%bd-saint-petersburg-russia\/\" class=\"wp-image-2274\" srcset=\"https:\/\/www.manetti.com\/wp-content\/uploads\/2020\/01\/GOSYDARSTVENNY-MUZEY-ZAPOVEDNIK\ufffd-Saint-Petersburg-Russia-1024x768.jpeg 1024w, https:\/\/www.manetti.com\/wp-content\/uploads\/2020\/01\/GOSYDARSTVENNY-MUZEY-ZAPOVEDNIK\ufffd-Saint-Petersburg-Russia-600x450.jpeg 600w, https:\/\/www.manetti.com\/wp-content\/uploads\/2020\/01\/GOSYDARSTVENNY-MUZEY-ZAPOVEDNIK\ufffd-Saint-Petersburg-Russia-300x225.jpeg 300w, https:\/\/www.manetti.com\/wp-content\/uploads\/2020\/01\/GOSYDARSTVENNY-MUZEY-ZAPOVEDNIK\ufffd-Saint-Petersburg-Russia-768x576.jpeg 768w, https:\/\/www.manetti.com\/wp-content\/uploads\/2020\/01\/GOSYDARSTVENNY-MUZEY-ZAPOVEDNIK\ufffd-Saint-Petersburg-Russia-1536x1152.jpeg 1536w, https:\/\/www.manetti.com\/wp-content\/uploads\/2020\/01\/GOSYDARSTVENNY-MUZEY-ZAPOVEDNIK\ufffd-Saint-Petersburg-Russia-2048x1536.jpeg 2048w\" sizes=\"auto, (max-width: 1024px) 100vw, 1024px\" \/><figcaption class=\"blocks-gallery-item__caption\">GOSYDARSTVENNY MUZEY ZAPOVEDNIK; San Petersburgo, Rusia<\/figcaption><\/figure><\/li><li class=\"blocks-gallery-item\"><figure><img loading=\"lazy\" decoding=\"async\" width=\"1024\" height=\"719\" src=\"https:\/\/www.manetti.com\/wp-content\/uploads\/2020\/06\/GREAT-HALL-OF-THE-CATHERINE-PALACE-TSARKOYE-SELO\ufffd-St-Petersburg-Russia-1024x719.jpg\" alt=\"\" data-id=\"12891\" data-full-url=\"https:\/\/www.manetti.com\/wp-content\/uploads\/2020\/06\/GREAT-HALL-OF-THE-CATHERINE-PALACE-TSARKOYE-SELO\ufffd-St-Petersburg-Russia.jpg\" data-link=\"https:\/\/www.manetti.com\/gallery\/restauro-interni\/great-hall-of-the-catherine-palace-tsarkoye-selo%ef%bf%bd-st-petersburg-russia-3\/\" class=\"wp-image-30630\" srcset=\"https:\/\/www.manetti.com\/wp-content\/uploads\/2020\/06\/GREAT-HALL-OF-THE-CATHERINE-PALACE-TSARKOYE-SELO\ufffd-St-Petersburg-Russia-1024x719.jpg 1024w, https:\/\/www.manetti.com\/wp-content\/uploads\/2020\/06\/GREAT-HALL-OF-THE-CATHERINE-PALACE-TSARKOYE-SELO\ufffd-St-Petersburg-Russia-300x211.jpg 300w, https:\/\/www.manetti.com\/wp-content\/uploads\/2020\/06\/GREAT-HALL-OF-THE-CATHERINE-PALACE-TSARKOYE-SELO\ufffd-St-Petersburg-Russia-768x539.jpg 768w, https:\/\/www.manetti.com\/wp-content\/uploads\/2020\/06\/GREAT-HALL-OF-THE-CATHERINE-PALACE-TSARKOYE-SELO\ufffd-St-Petersburg-Russia-1536x1079.jpg 1536w, https:\/\/www.manetti.com\/wp-content\/uploads\/2020\/06\/GREAT-HALL-OF-THE-CATHERINE-PALACE-TSARKOYE-SELO\ufffd-St-Petersburg-Russia-2048x1438.jpg 2048w, https:\/\/www.manetti.com\/wp-content\/uploads\/2020\/06\/GREAT-HALL-OF-THE-CATHERINE-PALACE-TSARKOYE-SELO\ufffd-St-Petersburg-Russia-600x421.jpg 600w\" sizes=\"auto, (max-width: 1024px) 100vw, 1024px\" \/><figcaption class=\"blocks-gallery-item__caption\">GREAT HALL OF THE CATHERINE PALACE &#8211; PALACIO TSAR\u00cdTSINO; Mosc\u00fa, Rusia<\/figcaption><\/figure><\/li><li class=\"blocks-gallery-item\"><figure><img loading=\"lazy\" decoding=\"async\" width=\"1024\" height=\"696\" src=\"https:\/\/www.manetti.com\/wp-content\/uploads\/2020\/01\/ALC\u00c1ZAR\ufffd-Seville-Spain-3-1024x696.jpeg\" alt=\"\" data-id=\"2228\" data-full-url=\"https:\/\/www.manetti.com\/wp-content\/uploads\/2020\/01\/ALC\u00c1ZAR\ufffd-Seville-Spain-3-scaled.jpeg\" data-link=\"https:\/\/www.manetti.com\/gallery-restauro-interni\/horseshoe-arches-ambassador-room-alcazar-royal-palace-seville\/\" class=\"wp-image-2228\" srcset=\"https:\/\/www.manetti.com\/wp-content\/uploads\/2020\/01\/ALC\u00c1ZAR\ufffd-Seville-Spain-3-1024x696.jpeg 1024w, https:\/\/www.manetti.com\/wp-content\/uploads\/2020\/01\/ALC\u00c1ZAR\ufffd-Seville-Spain-3-scaled-600x408.jpeg 600w, https:\/\/www.manetti.com\/wp-content\/uploads\/2020\/01\/ALC\u00c1ZAR\ufffd-Seville-Spain-3-300x204.jpeg 300w, https:\/\/www.manetti.com\/wp-content\/uploads\/2020\/01\/ALC\u00c1ZAR\ufffd-Seville-Spain-3-768x522.jpeg 768w, https:\/\/www.manetti.com\/wp-content\/uploads\/2020\/01\/ALC\u00c1ZAR\ufffd-Seville-Spain-3-1536x1044.jpeg 1536w, https:\/\/www.manetti.com\/wp-content\/uploads\/2020\/01\/ALC\u00c1ZAR\ufffd-Seville-Spain-3-2048x1393.jpeg 2048w\" sizes=\"auto, (max-width: 1024px) 100vw, 1024px\" \/><figcaption class=\"blocks-gallery-item__caption\">REAL ALC\u00c1ZAR; Sevilla, Espa\u00f1a<\/figcaption><\/figure><\/li><li class=\"blocks-gallery-item\"><figure><img loading=\"lazy\" decoding=\"async\" width=\"1024\" height=\"683\" src=\"https:\/\/www.manetti.com\/wp-content\/uploads\/2020\/01\/ALCOVE-ROOM-ROYAL-PALACE-OF-HOUSE-OF-SAVOY\ufffd-Turin-Italy-1024x683.jpg\" alt=\"\" data-id=\"2232\" data-full-url=\"https:\/\/www.manetti.com\/wp-content\/uploads\/2020\/01\/ALCOVE-ROOM-ROYAL-PALACE-OF-HOUSE-OF-SAVOY\ufffd-Turin-Italy-scaled.jpg\" data-link=\"https:\/\/www.manetti.com\/gallery-restauro-interni\/italy-piedmont-turin-polo-reale-palazzo-reale-royal-palace-alcove-room\/\" class=\"wp-image-2232\" srcset=\"https:\/\/www.manetti.com\/wp-content\/uploads\/2020\/01\/ALCOVE-ROOM-ROYAL-PALACE-OF-HOUSE-OF-SAVOY\ufffd-Turin-Italy-1024x683.jpg 1024w, https:\/\/www.manetti.com\/wp-content\/uploads\/2020\/01\/ALCOVE-ROOM-ROYAL-PALACE-OF-HOUSE-OF-SAVOY\ufffd-Turin-Italy-scaled-600x400.jpg 600w, https:\/\/www.manetti.com\/wp-content\/uploads\/2020\/01\/ALCOVE-ROOM-ROYAL-PALACE-OF-HOUSE-OF-SAVOY\ufffd-Turin-Italy-300x200.jpg 300w, https:\/\/www.manetti.com\/wp-content\/uploads\/2020\/01\/ALCOVE-ROOM-ROYAL-PALACE-OF-HOUSE-OF-SAVOY\ufffd-Turin-Italy-768x512.jpg 768w, https:\/\/www.manetti.com\/wp-content\/uploads\/2020\/01\/ALCOVE-ROOM-ROYAL-PALACE-OF-HOUSE-OF-SAVOY\ufffd-Turin-Italy-1536x1024.jpg 1536w, https:\/\/www.manetti.com\/wp-content\/uploads\/2020\/01\/ALCOVE-ROOM-ROYAL-PALACE-OF-HOUSE-OF-SAVOY\ufffd-Turin-Italy-2048x1365.jpg 2048w\" sizes=\"auto, (max-width: 1024px) 100vw, 1024px\" \/><figcaption class=\"blocks-gallery-item__caption\">SALA DELL&#8217;ALCOVA &#8211; PALACIO REAL DE SABOYA; Tur\u00edn, Italia<\/figcaption><\/figure><\/li><li class=\"blocks-gallery-item\"><figure><img loading=\"lazy\" decoding=\"async\" width=\"1024\" height=\"683\" src=\"https:\/\/www.manetti.com\/wp-content\/uploads\/2020\/01\/ARCADE-OF-IFTARIYE-PAVILION-TOPKAPI-PALACE\ufffd-Instanbul-Turkey-1024x683.jpeg\" alt=\"\" data-id=\"2234\" data-full-url=\"https:\/\/www.manetti.com\/wp-content\/uploads\/2020\/01\/ARCADE-OF-IFTARIYE-PAVILION-TOPKAPI-PALACE\ufffd-Instanbul-Turkey-scaled.jpeg\" data-link=\"https:\/\/www.manetti.com\/gallery-restauro-interni\/topkapi-palace\/\" class=\"wp-image-2234\" srcset=\"https:\/\/www.manetti.com\/wp-content\/uploads\/2020\/01\/ARCADE-OF-IFTARIYE-PAVILION-TOPKAPI-PALACE\ufffd-Instanbul-Turkey-1024x683.jpeg 1024w, https:\/\/www.manetti.com\/wp-content\/uploads\/2020\/01\/ARCADE-OF-IFTARIYE-PAVILION-TOPKAPI-PALACE\ufffd-Instanbul-Turkey-scaled-600x400.jpeg 600w, https:\/\/www.manetti.com\/wp-content\/uploads\/2020\/01\/ARCADE-OF-IFTARIYE-PAVILION-TOPKAPI-PALACE\ufffd-Instanbul-Turkey-300x200.jpeg 300w, https:\/\/www.manetti.com\/wp-content\/uploads\/2020\/01\/ARCADE-OF-IFTARIYE-PAVILION-TOPKAPI-PALACE\ufffd-Instanbul-Turkey-768x512.jpeg 768w, https:\/\/www.manetti.com\/wp-content\/uploads\/2020\/01\/ARCADE-OF-IFTARIYE-PAVILION-TOPKAPI-PALACE\ufffd-Instanbul-Turkey-1536x1024.jpeg 1536w, https:\/\/www.manetti.com\/wp-content\/uploads\/2020\/01\/ARCADE-OF-IFTARIYE-PAVILION-TOPKAPI-PALACE\ufffd-Instanbul-Turkey-2048x1366.jpeg 2048w\" sizes=\"auto, (max-width: 1024px) 100vw, 1024px\" \/><figcaption class=\"blocks-gallery-item__caption\">IFTARIYE PAVILION &#8211; PALACIO DE TOPKAPI; Estambul, Turqu\u00eda<\/figcaption><\/figure><\/li><li class=\"blocks-gallery-item\"><figure><img loading=\"lazy\" decoding=\"async\" width=\"1024\" height=\"683\" src=\"https:\/\/www.manetti.com\/wp-content\/uploads\/2020\/01\/HALL-OF-AMBASSADORS-PALACE-OF-QUELUZ\ufffd-Queluz-Portugal-1024x683.jpeg\" alt=\"\" data-id=\"2278\" data-full-url=\"https:\/\/www.manetti.com\/wp-content\/uploads\/2020\/01\/HALL-OF-AMBASSADORS-PALACE-OF-QUELUZ\ufffd-Queluz-Portugal-scaled.jpeg\" data-link=\"https:\/\/www.manetti.com\/gallery-restauro-interni\/hall-of-ambassadors-in-queluz-national-palace-portugal\/\" class=\"wp-image-2278\" srcset=\"https:\/\/www.manetti.com\/wp-content\/uploads\/2020\/01\/HALL-OF-AMBASSADORS-PALACE-OF-QUELUZ\ufffd-Queluz-Portugal-1024x683.jpeg 1024w, https:\/\/www.manetti.com\/wp-content\/uploads\/2020\/01\/HALL-OF-AMBASSADORS-PALACE-OF-QUELUZ\ufffd-Queluz-Portugal-scaled-600x400.jpeg 600w, https:\/\/www.manetti.com\/wp-content\/uploads\/2020\/01\/HALL-OF-AMBASSADORS-PALACE-OF-QUELUZ\ufffd-Queluz-Portugal-300x200.jpeg 300w, https:\/\/www.manetti.com\/wp-content\/uploads\/2020\/01\/HALL-OF-AMBASSADORS-PALACE-OF-QUELUZ\ufffd-Queluz-Portugal-768x512.jpeg 768w, https:\/\/www.manetti.com\/wp-content\/uploads\/2020\/01\/HALL-OF-AMBASSADORS-PALACE-OF-QUELUZ\ufffd-Queluz-Portugal-1536x1024.jpeg 1536w, https:\/\/www.manetti.com\/wp-content\/uploads\/2020\/01\/HALL-OF-AMBASSADORS-PALACE-OF-QUELUZ\ufffd-Queluz-Portugal-2048x1365.jpeg 2048w\" sizes=\"auto, (max-width: 1024px) 100vw, 1024px\" \/><figcaption class=\"blocks-gallery-item__caption\">SALA DOS EMBAIXADORES &#8211; PALAIS ROYAL DE QUELUZ; Queluz, Portugal<\/figcaption><\/figure><\/li><li class=\"blocks-gallery-item\"><figure><img loading=\"lazy\" decoding=\"async\" width=\"1024\" height=\"680\" src=\"https:\/\/www.manetti.com\/wp-content\/uploads\/2020\/01\/HALL-OF-MIRRORS-PALACE-OF-VERSAILLES\ufffd-Versailles-France-1024x680.jpg\" alt=\"\" data-id=\"2280\" data-full-url=\"https:\/\/www.manetti.com\/wp-content\/uploads\/2020\/01\/HALL-OF-MIRRORS-PALACE-OF-VERSAILLES\ufffd-Versailles-France-scaled.jpg\" data-link=\"https:\/\/www.manetti.com\/gallery-restauro-interni\/hall-of-mirrors-palace-of-versailles%ef%bf%bd-versailles-france\/\" class=\"wp-image-2280\" srcset=\"https:\/\/www.manetti.com\/wp-content\/uploads\/2020\/01\/HALL-OF-MIRRORS-PALACE-OF-VERSAILLES\ufffd-Versailles-France-1024x680.jpg 1024w, https:\/\/www.manetti.com\/wp-content\/uploads\/2020\/01\/HALL-OF-MIRRORS-PALACE-OF-VERSAILLES\ufffd-Versailles-France-scaled-600x398.jpg 600w, https:\/\/www.manetti.com\/wp-content\/uploads\/2020\/01\/HALL-OF-MIRRORS-PALACE-OF-VERSAILLES\ufffd-Versailles-France-300x199.jpg 300w, https:\/\/www.manetti.com\/wp-content\/uploads\/2020\/01\/HALL-OF-MIRRORS-PALACE-OF-VERSAILLES\ufffd-Versailles-France-768x510.jpg 768w, https:\/\/www.manetti.com\/wp-content\/uploads\/2020\/01\/HALL-OF-MIRRORS-PALACE-OF-VERSAILLES\ufffd-Versailles-France-1536x1020.jpg 1536w, https:\/\/www.manetti.com\/wp-content\/uploads\/2020\/01\/HALL-OF-MIRRORS-PALACE-OF-VERSAILLES\ufffd-Versailles-France-2048x1360.jpg 2048w\" sizes=\"auto, (max-width: 1024px) 100vw, 1024px\" \/><figcaption class=\"blocks-gallery-item__caption\">GALER\u00cdA DE LOS ESPEJOS &#8211; PALACIO DE VERSALLES; Versalles, France<\/figcaption><\/figure><\/li><li class=\"blocks-gallery-item\"><figure><img loading=\"lazy\" decoding=\"async\" width=\"683\" height=\"1024\" src=\"https:\/\/www.manetti.com\/wp-content\/uploads\/2020\/01\/ILIAD-ROOM-PALAZZO-PITTI\ufffd-Florence-Italy-683x1024.jpg\" alt=\"\" data-id=\"2282\" data-full-url=\"https:\/\/www.manetti.com\/wp-content\/uploads\/2020\/01\/ILIAD-ROOM-PALAZZO-PITTI\ufffd-Florence-Italy-scaled.jpg\" data-link=\"https:\/\/www.manetti.com\/gallery-restauro-interni\/the-palazzo-pitti-in-english-sometimes-called-the-pitti-palace-is-a-vast-mainly-renaissance-palace-in-florence-italy\/\" class=\"wp-image-50295\" srcset=\"https:\/\/www.manetti.com\/wp-content\/uploads\/2020\/01\/ILIAD-ROOM-PALAZZO-PITTI\ufffd-Florence-Italy-683x1024.jpg 683w, https:\/\/www.manetti.com\/wp-content\/uploads\/2020\/01\/ILIAD-ROOM-PALAZZO-PITTI\ufffd-Florence-Italy-scaled-600x899.jpg 600w, https:\/\/www.manetti.com\/wp-content\/uploads\/2020\/01\/ILIAD-ROOM-PALAZZO-PITTI\ufffd-Florence-Italy-200x300.jpg 200w, https:\/\/www.manetti.com\/wp-content\/uploads\/2020\/01\/ILIAD-ROOM-PALAZZO-PITTI\ufffd-Florence-Italy-768x1151.jpg 768w, https:\/\/www.manetti.com\/wp-content\/uploads\/2020\/01\/ILIAD-ROOM-PALAZZO-PITTI\ufffd-Florence-Italy-1025x1536.jpg 1025w, https:\/\/www.manetti.com\/wp-content\/uploads\/2020\/01\/ILIAD-ROOM-PALAZZO-PITTI\ufffd-Florence-Italy-1367x2048.jpg 1367w, https:\/\/www.manetti.com\/wp-content\/uploads\/2020\/01\/ILIAD-ROOM-PALAZZO-PITTI\ufffd-Florence-Italy-scaled.jpg 1709w\" sizes=\"auto, (max-width: 683px) 100vw, 683px\" \/><figcaption class=\"blocks-gallery-item__caption\">SALA DE ILIAD &#8211; PALACIO PITTI; Florencia, Italia<\/figcaption><\/figure><\/li><li class=\"blocks-gallery-item\"><figure><img loading=\"lazy\" decoding=\"async\" width=\"1024\" height=\"683\" src=\"https:\/\/www.manetti.com\/wp-content\/uploads\/2020\/01\/IMPERIAL-HALL-TOPKAPI-PALACE\ufffd-Instanbul-Turkey-1024x683.jpeg\" alt=\"\" data-id=\"2284\" data-full-url=\"https:\/\/www.manetti.com\/wp-content\/uploads\/2020\/01\/IMPERIAL-HALL-TOPKAPI-PALACE\ufffd-Instanbul-Turkey-scaled.jpeg\" data-link=\"https:\/\/www.manetti.com\/gallery-restauro-interni\/topkapi-palace-2\/\" class=\"wp-image-2284\" srcset=\"https:\/\/www.manetti.com\/wp-content\/uploads\/2020\/01\/IMPERIAL-HALL-TOPKAPI-PALACE\ufffd-Instanbul-Turkey-1024x683.jpeg 1024w, https:\/\/www.manetti.com\/wp-content\/uploads\/2020\/01\/IMPERIAL-HALL-TOPKAPI-PALACE\ufffd-Instanbul-Turkey-scaled-600x400.jpeg 600w, https:\/\/www.manetti.com\/wp-content\/uploads\/2020\/01\/IMPERIAL-HALL-TOPKAPI-PALACE\ufffd-Instanbul-Turkey-300x200.jpeg 300w, https:\/\/www.manetti.com\/wp-content\/uploads\/2020\/01\/IMPERIAL-HALL-TOPKAPI-PALACE\ufffd-Instanbul-Turkey-768x512.jpeg 768w, https:\/\/www.manetti.com\/wp-content\/uploads\/2020\/01\/IMPERIAL-HALL-TOPKAPI-PALACE\ufffd-Instanbul-Turkey-1536x1024.jpeg 1536w, https:\/\/www.manetti.com\/wp-content\/uploads\/2020\/01\/IMPERIAL-HALL-TOPKAPI-PALACE\ufffd-Instanbul-Turkey-2048x1366.jpeg 2048w\" sizes=\"auto, (max-width: 1024px) 100vw, 1024px\" \/><figcaption class=\"blocks-gallery-item__caption\">SAL\u00d3N IMPERIAL- PALACIO DE TOPKAPI; Estambul, Turqu\u00eda<\/figcaption><\/figure><\/li><li class=\"blocks-gallery-item\"><figure><img loading=\"lazy\" decoding=\"async\" width=\"1024\" height=\"682\" src=\"https:\/\/www.manetti.com\/wp-content\/uploads\/2020\/01\/IOWA-CAPITOL-STATE\ufffd-Des-Moines-USA-1024x682.jpg\" alt=\"\" data-id=\"2286\" data-full-url=\"https:\/\/www.manetti.com\/wp-content\/uploads\/2020\/01\/IOWA-CAPITOL-STATE\ufffd-Des-Moines-USA.jpg\" data-link=\"https:\/\/www.manetti.com\/gallery-restauro-interni\/iowa-capitol-state%ef%bf%bd-des-moines-usa\/\" class=\"wp-image-2286\" srcset=\"https:\/\/www.manetti.com\/wp-content\/uploads\/2020\/01\/IOWA-CAPITOL-STATE\ufffd-Des-Moines-USA-1024x682.jpg 1024w, https:\/\/www.manetti.com\/wp-content\/uploads\/2020\/01\/IOWA-CAPITOL-STATE\ufffd-Des-Moines-USA-600x400.jpg 600w, https:\/\/www.manetti.com\/wp-content\/uploads\/2020\/01\/IOWA-CAPITOL-STATE\ufffd-Des-Moines-USA-300x200.jpg 300w, https:\/\/www.manetti.com\/wp-content\/uploads\/2020\/01\/IOWA-CAPITOL-STATE\ufffd-Des-Moines-USA-768x512.jpg 768w, https:\/\/www.manetti.com\/wp-content\/uploads\/2020\/01\/IOWA-CAPITOL-STATE\ufffd-Des-Moines-USA.jpg 1100w\" sizes=\"auto, (max-width: 1024px) 100vw, 1024px\" \/><figcaption class=\"blocks-gallery-item__caption\">CAPITOLIO DEL ESTADO DE IOWA; Des Moines, USA<\/figcaption><\/figure><\/li><li class=\"blocks-gallery-item\"><figure><img loading=\"lazy\" decoding=\"async\" width=\"1024\" height=\"675\" src=\"https:\/\/www.manetti.com\/wp-content\/uploads\/2020\/01\/LOWER-CHAPEL-SAINTE-CHAPELLE\ufffd-Paris-France-1024x675.jpg\" alt=\"\" data-id=\"2288\" data-full-url=\"https:\/\/www.manetti.com\/wp-content\/uploads\/2020\/01\/LOWER-CHAPEL-SAINTE-CHAPELLE\ufffd-Paris-France-scaled.jpg\" data-link=\"https:\/\/www.manetti.com\/gallery-restauro-interni\/lower-chapel-sainte-chapelle%ef%bf%bd-paris-france\/\" class=\"wp-image-2288\" srcset=\"https:\/\/www.manetti.com\/wp-content\/uploads\/2020\/01\/LOWER-CHAPEL-SAINTE-CHAPELLE\ufffd-Paris-France-1024x675.jpg 1024w, https:\/\/www.manetti.com\/wp-content\/uploads\/2020\/01\/LOWER-CHAPEL-SAINTE-CHAPELLE\ufffd-Paris-France-scaled-600x396.jpg 600w, https:\/\/www.manetti.com\/wp-content\/uploads\/2020\/01\/LOWER-CHAPEL-SAINTE-CHAPELLE\ufffd-Paris-France-300x198.jpg 300w, https:\/\/www.manetti.com\/wp-content\/uploads\/2020\/01\/LOWER-CHAPEL-SAINTE-CHAPELLE\ufffd-Paris-France-768x506.jpg 768w, https:\/\/www.manetti.com\/wp-content\/uploads\/2020\/01\/LOWER-CHAPEL-SAINTE-CHAPELLE\ufffd-Paris-France-1536x1013.jpg 1536w, https:\/\/www.manetti.com\/wp-content\/uploads\/2020\/01\/LOWER-CHAPEL-SAINTE-CHAPELLE\ufffd-Paris-France-2048x1351.jpg 2048w\" sizes=\"auto, (max-width: 1024px) 100vw, 1024px\" \/><figcaption class=\"blocks-gallery-item__caption\">CAPILLA INFERIOR &#8211; SAINTE-CHAPELLE; Paris, Francia<\/figcaption><\/figure><\/li><li class=\"blocks-gallery-item\"><figure><img loading=\"lazy\" decoding=\"async\" width=\"666\" height=\"1024\" src=\"https:\/\/www.manetti.com\/wp-content\/uploads\/2020\/01\/MAGGIOR-CONSIGLIO-PALAZZO-DUCALE\ufffd-Genoa-Italy-666x1024.jpg\" alt=\"\" data-id=\"2290\" data-full-url=\"https:\/\/www.manetti.com\/wp-content\/uploads\/2020\/01\/MAGGIOR-CONSIGLIO-PALAZZO-DUCALE\ufffd-Genoa-Italy-scaled.jpg\" data-link=\"https:\/\/www.manetti.com\/gallery-restauro-interni\/sala-del-maggior-consiglio-genova-palazzo-ducale\/\" class=\"wp-image-2290\" srcset=\"https:\/\/www.manetti.com\/wp-content\/uploads\/2020\/01\/MAGGIOR-CONSIGLIO-PALAZZO-DUCALE\ufffd-Genoa-Italy-666x1024.jpg 666w, https:\/\/www.manetti.com\/wp-content\/uploads\/2020\/01\/MAGGIOR-CONSIGLIO-PALAZZO-DUCALE\ufffd-Genoa-Italy-scaled-600x922.jpg 600w, https:\/\/www.manetti.com\/wp-content\/uploads\/2020\/01\/MAGGIOR-CONSIGLIO-PALAZZO-DUCALE\ufffd-Genoa-Italy-195x300.jpg 195w, https:\/\/www.manetti.com\/wp-content\/uploads\/2020\/01\/MAGGIOR-CONSIGLIO-PALAZZO-DUCALE\ufffd-Genoa-Italy-768x1180.jpg 768w, https:\/\/www.manetti.com\/wp-content\/uploads\/2020\/01\/MAGGIOR-CONSIGLIO-PALAZZO-DUCALE\ufffd-Genoa-Italy-1000x1536.jpg 1000w, https:\/\/www.manetti.com\/wp-content\/uploads\/2020\/01\/MAGGIOR-CONSIGLIO-PALAZZO-DUCALE\ufffd-Genoa-Italy-1333x2048.jpg 1333w, https:\/\/www.manetti.com\/wp-content\/uploads\/2020\/01\/MAGGIOR-CONSIGLIO-PALAZZO-DUCALE\ufffd-Genoa-Italy-scaled.jpg 1666w\" sizes=\"auto, (max-width: 666px) 100vw, 666px\" \/><figcaption class=\"blocks-gallery-item__caption\">MAGGIOR CONSIGLIO &#8211; PALACIO DUCAL; G\u00e9nova, Italia<\/figcaption><\/figure><\/li><li class=\"blocks-gallery-item\"><figure><img loading=\"lazy\" decoding=\"async\" width=\"1024\" height=\"683\" src=\"https:\/\/www.manetti.com\/wp-content\/uploads\/2020\/01\/MARS-ROOM-PALAZZO-PITTI\ufffd-Florence-Italy-1024x683.jpg\" alt=\"\" data-id=\"2292\" data-full-url=\"https:\/\/www.manetti.com\/wp-content\/uploads\/2020\/01\/MARS-ROOM-PALAZZO-PITTI\ufffd-Florence-Italy-scaled.jpg\" data-link=\"https:\/\/www.manetti.com\/gallery-restauro-interni\/florence-italy-october-28-2015-interiors-and-architectural-details-of-palazzo-pitti-october-28-2015-in-florence-italy\/\" class=\"wp-image-2292\" srcset=\"https:\/\/www.manetti.com\/wp-content\/uploads\/2020\/01\/MARS-ROOM-PALAZZO-PITTI\ufffd-Florence-Italy-1024x683.jpg 1024w, https:\/\/www.manetti.com\/wp-content\/uploads\/2020\/01\/MARS-ROOM-PALAZZO-PITTI\ufffd-Florence-Italy-scaled-600x400.jpg 600w, https:\/\/www.manetti.com\/wp-content\/uploads\/2020\/01\/MARS-ROOM-PALAZZO-PITTI\ufffd-Florence-Italy-300x200.jpg 300w, https:\/\/www.manetti.com\/wp-content\/uploads\/2020\/01\/MARS-ROOM-PALAZZO-PITTI\ufffd-Florence-Italy-768x512.jpg 768w, https:\/\/www.manetti.com\/wp-content\/uploads\/2020\/01\/MARS-ROOM-PALAZZO-PITTI\ufffd-Florence-Italy-1536x1024.jpg 1536w, https:\/\/www.manetti.com\/wp-content\/uploads\/2020\/01\/MARS-ROOM-PALAZZO-PITTI\ufffd-Florence-Italy-2048x1365.jpg 2048w\" sizes=\"auto, (max-width: 1024px) 100vw, 1024px\" \/><figcaption class=\"blocks-gallery-item__caption\">SALA DE MARTE &#8211; PALACIO PITTI; Florencia, Italia<\/figcaption><\/figure><\/li><li class=\"blocks-gallery-item\"><figure><img loading=\"lazy\" decoding=\"async\" width=\"1024\" height=\"672\" src=\"https:\/\/www.manetti.com\/wp-content\/uploads\/2020\/01\/MINOR-CONSIGLIO-PALAZZO-DUCALE\ufffd-Genoa-Italy-1024x672.jpg\" alt=\"\" data-id=\"2294\" data-full-url=\"https:\/\/www.manetti.com\/wp-content\/uploads\/2020\/01\/MINOR-CONSIGLIO-PALAZZO-DUCALE\ufffd-Genoa-Italy-scaled.jpg\" data-link=\"https:\/\/www.manetti.com\/gallery-restauro-interni\/minor-consiglio-hall-palazzo-ducale-genoa-ligury-italy\/\" class=\"wp-image-2294\" srcset=\"https:\/\/www.manetti.com\/wp-content\/uploads\/2020\/01\/MINOR-CONSIGLIO-PALAZZO-DUCALE\ufffd-Genoa-Italy-1024x672.jpg 1024w, https:\/\/www.manetti.com\/wp-content\/uploads\/2020\/01\/MINOR-CONSIGLIO-PALAZZO-DUCALE\ufffd-Genoa-Italy-scaled-600x394.jpg 600w, https:\/\/www.manetti.com\/wp-content\/uploads\/2020\/01\/MINOR-CONSIGLIO-PALAZZO-DUCALE\ufffd-Genoa-Italy-300x197.jpg 300w, https:\/\/www.manetti.com\/wp-content\/uploads\/2020\/01\/MINOR-CONSIGLIO-PALAZZO-DUCALE\ufffd-Genoa-Italy-768x504.jpg 768w, https:\/\/www.manetti.com\/wp-content\/uploads\/2020\/01\/MINOR-CONSIGLIO-PALAZZO-DUCALE\ufffd-Genoa-Italy-1536x1008.jpg 1536w, https:\/\/www.manetti.com\/wp-content\/uploads\/2020\/01\/MINOR-CONSIGLIO-PALAZZO-DUCALE\ufffd-Genoa-Italy-2048x1345.jpg 2048w\" sizes=\"auto, (max-width: 1024px) 100vw, 1024px\" \/><figcaption class=\"blocks-gallery-item__caption\">MINOR CONSIGLIO &#8211; PALACIO DUCAL; G\u00e9nova, Italia<\/figcaption><\/figure><\/li><li class=\"blocks-gallery-item\"><figure><img loading=\"lazy\" decoding=\"async\" width=\"1024\" height=\"924\" src=\"https:\/\/www.manetti.com\/wp-content\/uploads\/2020\/01\/MOUNT-ATHOS\ufffd-Athos-Greece-1024x924.jpg\" alt=\"\" data-id=\"2296\" data-full-url=\"https:\/\/www.manetti.com\/wp-content\/uploads\/2020\/01\/MOUNT-ATHOS\ufffd-Athos-Greece.jpg\" data-link=\"https:\/\/www.manetti.com\/gallery-restauro-interni\/mount-athos%ef%bf%bd-athos-greece\/\" class=\"wp-image-2296\" srcset=\"https:\/\/www.manetti.com\/wp-content\/uploads\/2020\/01\/MOUNT-ATHOS\ufffd-Athos-Greece-1024x924.jpg 1024w, https:\/\/www.manetti.com\/wp-content\/uploads\/2020\/01\/MOUNT-ATHOS\ufffd-Athos-Greece-600x542.jpg 600w, https:\/\/www.manetti.com\/wp-content\/uploads\/2020\/01\/MOUNT-ATHOS\ufffd-Athos-Greece-300x271.jpg 300w, https:\/\/www.manetti.com\/wp-content\/uploads\/2020\/01\/MOUNT-ATHOS\ufffd-Athos-Greece-768x693.jpg 768w, https:\/\/www.manetti.com\/wp-content\/uploads\/2020\/01\/MOUNT-ATHOS\ufffd-Athos-Greece.jpg 1100w\" sizes=\"auto, (max-width: 1024px) 100vw, 1024px\" \/><figcaption class=\"blocks-gallery-item__caption\">MONTE ATHOS; Athos, Grecia<\/figcaption><\/figure><\/li><li class=\"blocks-gallery-item\"><figure><img loading=\"lazy\" decoding=\"async\" width=\"1024\" height=\"684\" src=\"https:\/\/www.manetti.com\/wp-content\/uploads\/2020\/01\/OP\u00c9RA-GARNIER\ufffd-Paris-France-1024x684.jpeg\" alt=\"\" data-id=\"2298\" data-full-url=\"https:\/\/www.manetti.com\/wp-content\/uploads\/2020\/01\/OP\u00c9RA-GARNIER\ufffd-Paris-France-scaled.jpeg\" data-link=\"https:\/\/www.manetti.com\/gallery-restauro-interni\/opera-garnier\/\" class=\"wp-image-2298\" srcset=\"https:\/\/www.manetti.com\/wp-content\/uploads\/2020\/01\/OP\u00c9RA-GARNIER\ufffd-Paris-France-1024x684.jpeg 1024w, https:\/\/www.manetti.com\/wp-content\/uploads\/2020\/01\/OP\u00c9RA-GARNIER\ufffd-Paris-France-scaled-600x401.jpeg 600w, https:\/\/www.manetti.com\/wp-content\/uploads\/2020\/01\/OP\u00c9RA-GARNIER\ufffd-Paris-France-300x200.jpeg 300w, https:\/\/www.manetti.com\/wp-content\/uploads\/2020\/01\/OP\u00c9RA-GARNIER\ufffd-Paris-France-768x513.jpeg 768w, https:\/\/www.manetti.com\/wp-content\/uploads\/2020\/01\/OP\u00c9RA-GARNIER\ufffd-Paris-France-1536x1025.jpeg 1536w, https:\/\/www.manetti.com\/wp-content\/uploads\/2020\/01\/OP\u00c9RA-GARNIER\ufffd-Paris-France-2048x1367.jpeg 2048w\" sizes=\"auto, (max-width: 1024px) 100vw, 1024px\" \/><figcaption class=\"blocks-gallery-item__caption\">PALACIO GARNIER o OP\u00c9RA GARNIER; Paris, Francia<\/figcaption><\/figure><\/li><li class=\"blocks-gallery-item\"><figure><img loading=\"lazy\" decoding=\"async\" width=\"1024\" height=\"683\" src=\"https:\/\/www.manetti.com\/wp-content\/uploads\/2020\/01\/PALATINA-GALLERY-PALAZZO-PITTI\ufffd-Florence-Italy-1024x683.jpg\" alt=\"\" data-id=\"2300\" data-full-url=\"https:\/\/www.manetti.com\/wp-content\/uploads\/2020\/01\/PALATINA-GALLERY-PALAZZO-PITTI\ufffd-Florence-Italy-scaled.jpg\" data-link=\"https:\/\/www.manetti.com\/gallery-restauro-interni\/florence-italy-october-28-2015-interiors-and-architectural-details-of-palazzo-pitti-october-28-2015-in-florence-italy-2\/\" class=\"wp-image-2300\" srcset=\"https:\/\/www.manetti.com\/wp-content\/uploads\/2020\/01\/PALATINA-GALLERY-PALAZZO-PITTI\ufffd-Florence-Italy-1024x683.jpg 1024w, https:\/\/www.manetti.com\/wp-content\/uploads\/2020\/01\/PALATINA-GALLERY-PALAZZO-PITTI\ufffd-Florence-Italy-scaled-600x400.jpg 600w, https:\/\/www.manetti.com\/wp-content\/uploads\/2020\/01\/PALATINA-GALLERY-PALAZZO-PITTI\ufffd-Florence-Italy-300x200.jpg 300w, https:\/\/www.manetti.com\/wp-content\/uploads\/2020\/01\/PALATINA-GALLERY-PALAZZO-PITTI\ufffd-Florence-Italy-768x512.jpg 768w, https:\/\/www.manetti.com\/wp-content\/uploads\/2020\/01\/PALATINA-GALLERY-PALAZZO-PITTI\ufffd-Florence-Italy-1536x1024.jpg 1536w, https:\/\/www.manetti.com\/wp-content\/uploads\/2020\/01\/PALATINA-GALLERY-PALAZZO-PITTI\ufffd-Florence-Italy-2048x1365.jpg 2048w\" sizes=\"auto, (max-width: 1024px) 100vw, 1024px\" \/><figcaption class=\"blocks-gallery-item__caption\">GALER\u00cdA PALATINA &#8211; PALACIO PITTI; Florencia, Italia<\/figcaption><\/figure><\/li><li class=\"blocks-gallery-item\"><figure><img loading=\"lazy\" decoding=\"async\" width=\"683\" height=\"1024\" src=\"https:\/\/www.manetti.com\/wp-content\/uploads\/2020\/01\/PALATINE-CHAPEL-ROYAL-PALACE-OF-CASERTA\ufffd-Caserta-Italy-683x1024.jpg\" alt=\"\" data-id=\"2302\" data-full-url=\"https:\/\/www.manetti.com\/wp-content\/uploads\/2020\/01\/PALATINE-CHAPEL-ROYAL-PALACE-OF-CASERTA\ufffd-Caserta-Italy-scaled.jpg\" data-link=\"https:\/\/www.manetti.com\/gallery-restauro-interni\/italy-campania-caserta-royal-palace-reggia-the-palatine-chapel\/\" class=\"wp-image-2302\" srcset=\"https:\/\/www.manetti.com\/wp-content\/uploads\/2020\/01\/PALATINE-CHAPEL-ROYAL-PALACE-OF-CASERTA\ufffd-Caserta-Italy-683x1024.jpg 683w, https:\/\/www.manetti.com\/wp-content\/uploads\/2020\/01\/PALATINE-CHAPEL-ROYAL-PALACE-OF-CASERTA\ufffd-Caserta-Italy-scaled-600x899.jpg 600w, https:\/\/www.manetti.com\/wp-content\/uploads\/2020\/01\/PALATINE-CHAPEL-ROYAL-PALACE-OF-CASERTA\ufffd-Caserta-Italy-200x300.jpg 200w, https:\/\/www.manetti.com\/wp-content\/uploads\/2020\/01\/PALATINE-CHAPEL-ROYAL-PALACE-OF-CASERTA\ufffd-Caserta-Italy-768x1151.jpg 768w, https:\/\/www.manetti.com\/wp-content\/uploads\/2020\/01\/PALATINE-CHAPEL-ROYAL-PALACE-OF-CASERTA\ufffd-Caserta-Italy-1025x1536.jpg 1025w, https:\/\/www.manetti.com\/wp-content\/uploads\/2020\/01\/PALATINE-CHAPEL-ROYAL-PALACE-OF-CASERTA\ufffd-Caserta-Italy-1367x2048.jpg 1367w, https:\/\/www.manetti.com\/wp-content\/uploads\/2020\/01\/PALATINE-CHAPEL-ROYAL-PALACE-OF-CASERTA\ufffd-Caserta-Italy-scaled.jpg 1708w\" sizes=\"auto, (max-width: 683px) 100vw, 683px\" \/><figcaption class=\"blocks-gallery-item__caption\">CAPILLA PALATINA &#8211; PALACIO REAL DE CASERTA; Caserta, Italia<\/figcaption><\/figure><\/li><li class=\"blocks-gallery-item\"><figure><img loading=\"lazy\" decoding=\"async\" width=\"1024\" height=\"683\" src=\"https:\/\/www.manetti.com\/wp-content\/uploads\/2020\/01\/PALAZZO-DORIA-PAMPHILJ\ufffd-Rome-Italy-1024x683.jpg\" alt=\"\" data-id=\"2304\" data-full-url=\"https:\/\/www.manetti.com\/wp-content\/uploads\/2020\/01\/PALAZZO-DORIA-PAMPHILJ\ufffd-Rome-Italy-scaled.jpg\" data-link=\"https:\/\/www.manetti.com\/gallery-restauro-interni\/galleria-doria-pamphilj-rome-a-sumptuously-decorated-corridor-in-the-galleria-doria-pamphilj-a-renaissance-palazzo-in-the-center-of-rome-italy\/\" class=\"wp-image-2304\" srcset=\"https:\/\/www.manetti.com\/wp-content\/uploads\/2020\/01\/PALAZZO-DORIA-PAMPHILJ\ufffd-Rome-Italy-1024x683.jpg 1024w, https:\/\/www.manetti.com\/wp-content\/uploads\/2020\/01\/PALAZZO-DORIA-PAMPHILJ\ufffd-Rome-Italy-scaled-600x401.jpg 600w, https:\/\/www.manetti.com\/wp-content\/uploads\/2020\/01\/PALAZZO-DORIA-PAMPHILJ\ufffd-Rome-Italy-300x200.jpg 300w, https:\/\/www.manetti.com\/wp-content\/uploads\/2020\/01\/PALAZZO-DORIA-PAMPHILJ\ufffd-Rome-Italy-768x513.jpg 768w, https:\/\/www.manetti.com\/wp-content\/uploads\/2020\/01\/PALAZZO-DORIA-PAMPHILJ\ufffd-Rome-Italy-1536x1025.jpg 1536w, https:\/\/www.manetti.com\/wp-content\/uploads\/2020\/01\/PALAZZO-DORIA-PAMPHILJ\ufffd-Rome-Italy-2048x1367.jpg 2048w\" sizes=\"auto, (max-width: 1024px) 100vw, 1024px\" \/><figcaption class=\"blocks-gallery-item__caption\">PALAZZO DORIA PAMPHILJ; Roma, Italia<\/figcaption><\/figure><\/li><li class=\"blocks-gallery-item\"><figure><img loading=\"lazy\" decoding=\"async\" width=\"1024\" height=\"683\" src=\"https:\/\/www.manetti.com\/wp-content\/uploads\/2020\/01\/PALAZZO-ROSSO\ufffd-Genoa-Italy-1024x683.jpeg\" alt=\"\" data-id=\"2306\" data-full-url=\"https:\/\/www.manetti.com\/wp-content\/uploads\/2020\/01\/PALAZZO-ROSSO\ufffd-Genoa-Italy-scaled.jpeg\" data-link=\"https:\/\/www.manetti.com\/gallery-restauro-interni\/palazzo-brignole-sale-detto-palazzo-rosso-il-sistema-dei-palazzi-dei-rolli-genova-liguria-italia\/\" class=\"wp-image-2306\" srcset=\"https:\/\/www.manetti.com\/wp-content\/uploads\/2020\/01\/PALAZZO-ROSSO\ufffd-Genoa-Italy-1024x683.jpeg 1024w, https:\/\/www.manetti.com\/wp-content\/uploads\/2020\/01\/PALAZZO-ROSSO\ufffd-Genoa-Italy-scaled-600x400.jpeg 600w, https:\/\/www.manetti.com\/wp-content\/uploads\/2020\/01\/PALAZZO-ROSSO\ufffd-Genoa-Italy-300x200.jpeg 300w, https:\/\/www.manetti.com\/wp-content\/uploads\/2020\/01\/PALAZZO-ROSSO\ufffd-Genoa-Italy-768x512.jpeg 768w, https:\/\/www.manetti.com\/wp-content\/uploads\/2020\/01\/PALAZZO-ROSSO\ufffd-Genoa-Italy-1536x1024.jpeg 1536w, https:\/\/www.manetti.com\/wp-content\/uploads\/2020\/01\/PALAZZO-ROSSO\ufffd-Genoa-Italy-2048x1365.jpeg 2048w\" sizes=\"auto, (max-width: 1024px) 100vw, 1024px\" \/><figcaption class=\"blocks-gallery-item__caption\">PALAZZO ROSSO; G\u00e9nova, Italia<\/figcaption><\/figure><\/li><li class=\"blocks-gallery-item\"><figure><img loading=\"lazy\" decoding=\"async\" width=\"1024\" height=\"786\" src=\"https:\/\/www.manetti.com\/wp-content\/uploads\/2020\/01\/PARROCCHIA-GENTILIZIA-DI-SAN-LUCA\ufffd-Genoa-Italy-1024x786.jpg\" alt=\"\" data-id=\"2308\" data-full-url=\"https:\/\/www.manetti.com\/wp-content\/uploads\/2020\/01\/PARROCCHIA-GENTILIZIA-DI-SAN-LUCA\ufffd-Genoa-Italy.jpg\" data-link=\"https:\/\/www.manetti.com\/gallery-restauro-interni\/parrocchia-gentilizia-di-san-luca%ef%bf%bd-genoa-italy\/\" class=\"wp-image-2308\" srcset=\"https:\/\/www.manetti.com\/wp-content\/uploads\/2020\/01\/PARROCCHIA-GENTILIZIA-DI-SAN-LUCA\ufffd-Genoa-Italy-1024x786.jpg 1024w, https:\/\/www.manetti.com\/wp-content\/uploads\/2020\/01\/PARROCCHIA-GENTILIZIA-DI-SAN-LUCA\ufffd-Genoa-Italy-600x460.jpg 600w, https:\/\/www.manetti.com\/wp-content\/uploads\/2020\/01\/PARROCCHIA-GENTILIZIA-DI-SAN-LUCA\ufffd-Genoa-Italy-300x230.jpg 300w, https:\/\/www.manetti.com\/wp-content\/uploads\/2020\/01\/PARROCCHIA-GENTILIZIA-DI-SAN-LUCA\ufffd-Genoa-Italy-768x589.jpg 768w, https:\/\/www.manetti.com\/wp-content\/uploads\/2020\/01\/PARROCCHIA-GENTILIZIA-DI-SAN-LUCA\ufffd-Genoa-Italy.jpg 1044w\" sizes=\"auto, (max-width: 1024px) 100vw, 1024px\" \/><figcaption class=\"blocks-gallery-item__caption\">PARROCCHIA GENTILIZIA DI SAN LUCA; G\u00e9nova, Italia<\/figcaption><\/figure><\/li><li class=\"blocks-gallery-item\"><figure><img loading=\"lazy\" decoding=\"async\" width=\"1024\" height=\"781\" src=\"https:\/\/www.manetti.com\/wp-content\/uploads\/2020\/01\/SAINT-JOHNS-CO-CATHEDRAL\ufffd-La-Valletta-Malta-1024x781.jpeg\" alt=\"\" data-id=\"2310\" data-full-url=\"https:\/\/www.manetti.com\/wp-content\/uploads\/2020\/01\/SAINT-JOHNS-CO-CATHEDRAL\ufffd-La-Valletta-Malta-scaled.jpeg\" data-link=\"https:\/\/www.manetti.com\/gallery-restauro-interni\/the-ornate-interior-of-st-johns-co-cathedral\/\" class=\"wp-image-2310\" srcset=\"https:\/\/www.manetti.com\/wp-content\/uploads\/2020\/01\/SAINT-JOHNS-CO-CATHEDRAL\ufffd-La-Valletta-Malta-1024x781.jpeg 1024w, https:\/\/www.manetti.com\/wp-content\/uploads\/2020\/01\/SAINT-JOHNS-CO-CATHEDRAL\ufffd-La-Valletta-Malta-scaled-600x458.jpeg 600w, https:\/\/www.manetti.com\/wp-content\/uploads\/2020\/01\/SAINT-JOHNS-CO-CATHEDRAL\ufffd-La-Valletta-Malta-300x229.jpeg 300w, https:\/\/www.manetti.com\/wp-content\/uploads\/2020\/01\/SAINT-JOHNS-CO-CATHEDRAL\ufffd-La-Valletta-Malta-768x586.jpeg 768w, https:\/\/www.manetti.com\/wp-content\/uploads\/2020\/01\/SAINT-JOHNS-CO-CATHEDRAL\ufffd-La-Valletta-Malta-1536x1172.jpeg 1536w, https:\/\/www.manetti.com\/wp-content\/uploads\/2020\/01\/SAINT-JOHNS-CO-CATHEDRAL\ufffd-La-Valletta-Malta-2048x1562.jpeg 2048w\" sizes=\"auto, (max-width: 1024px) 100vw, 1024px\" \/><figcaption class=\"blocks-gallery-item__caption\">CONCATEDRAL DE SAN JUAN; La Valeta, Malta<\/figcaption><\/figure><\/li><li class=\"blocks-gallery-item\"><figure><img loading=\"lazy\" decoding=\"async\" width=\"716\" height=\"1024\" src=\"https:\/\/www.manetti.com\/wp-content\/uploads\/2020\/01\/SAINT-JOHNS-CO-CATHEDRAL\ufffd-La-Valletta-Malta-716x1024.jpg\" alt=\"\" data-id=\"2312\" data-full-url=\"https:\/\/www.manetti.com\/wp-content\/uploads\/2020\/01\/SAINT-JOHNS-CO-CATHEDRAL\ufffd-La-Valletta-Malta-scaled.jpg\" data-link=\"https:\/\/www.manetti.com\/gallery-restauro-interni\/valletta-malta-june-18-2018-panorama-of-st-johns-co-cathedral-from-its-balcony-overlooking-masterpiece-vault-gilded-arches-and-stone-mosaic-fl\/\" class=\"wp-image-30620\" srcset=\"https:\/\/www.manetti.com\/wp-content\/uploads\/2020\/01\/SAINT-JOHNS-CO-CATHEDRAL\ufffd-La-Valletta-Malta-716x1024.jpg 716w, https:\/\/www.manetti.com\/wp-content\/uploads\/2020\/01\/SAINT-JOHNS-CO-CATHEDRAL\ufffd-La-Valletta-Malta-scaled-600x859.jpg 600w, https:\/\/www.manetti.com\/wp-content\/uploads\/2020\/01\/SAINT-JOHNS-CO-CATHEDRAL\ufffd-La-Valletta-Malta-210x300.jpg 210w, https:\/\/www.manetti.com\/wp-content\/uploads\/2020\/01\/SAINT-JOHNS-CO-CATHEDRAL\ufffd-La-Valletta-Malta-768x1099.jpg 768w, https:\/\/www.manetti.com\/wp-content\/uploads\/2020\/01\/SAINT-JOHNS-CO-CATHEDRAL\ufffd-La-Valletta-Malta-1074x1536.jpg 1074w, https:\/\/www.manetti.com\/wp-content\/uploads\/2020\/01\/SAINT-JOHNS-CO-CATHEDRAL\ufffd-La-Valletta-Malta-1431x2048.jpg 1431w, https:\/\/www.manetti.com\/wp-content\/uploads\/2020\/01\/SAINT-JOHNS-CO-CATHEDRAL\ufffd-La-Valletta-Malta-scaled.jpg 1789w\" sizes=\"auto, (max-width: 716px) 100vw, 716px\" \/><figcaption class=\"blocks-gallery-item__caption\">CONCATEDRAL DE SAN JUAN; La Valeta, Malta<\/figcaption><\/figure><\/li><li class=\"blocks-gallery-item\"><figure><img loading=\"lazy\" decoding=\"async\" width=\"1024\" height=\"683\" src=\"https:\/\/www.manetti.com\/wp-content\/uploads\/2020\/01\/SAINT-MARY-CHAPEL-CHAALIS-ABBEY\ufffd-Fontaine-Chaalis-France-1024x683.jpg\" alt=\"\" data-id=\"2314\" data-full-url=\"https:\/\/www.manetti.com\/wp-content\/uploads\/2020\/01\/SAINT-MARY-CHAPEL-CHAALIS-ABBEY\ufffd-Fontaine-Chaalis-France-scaled.jpg\" data-link=\"https:\/\/www.manetti.com\/gallery-restauro-interni\/chaalis-france-july-24-2016-stained-glass-and-frescoes-by-primatice-chaalis-chapel-july-24-2016-in-chaalis-france\/\" class=\"wp-image-2314\" srcset=\"https:\/\/www.manetti.com\/wp-content\/uploads\/2020\/01\/SAINT-MARY-CHAPEL-CHAALIS-ABBEY\ufffd-Fontaine-Chaalis-France-1024x683.jpg 1024w, https:\/\/www.manetti.com\/wp-content\/uploads\/2020\/01\/SAINT-MARY-CHAPEL-CHAALIS-ABBEY\ufffd-Fontaine-Chaalis-France-scaled-600x400.jpg 600w, https:\/\/www.manetti.com\/wp-content\/uploads\/2020\/01\/SAINT-MARY-CHAPEL-CHAALIS-ABBEY\ufffd-Fontaine-Chaalis-France-300x200.jpg 300w, https:\/\/www.manetti.com\/wp-content\/uploads\/2020\/01\/SAINT-MARY-CHAPEL-CHAALIS-ABBEY\ufffd-Fontaine-Chaalis-France-768x512.jpg 768w, https:\/\/www.manetti.com\/wp-content\/uploads\/2020\/01\/SAINT-MARY-CHAPEL-CHAALIS-ABBEY\ufffd-Fontaine-Chaalis-France-1536x1024.jpg 1536w, https:\/\/www.manetti.com\/wp-content\/uploads\/2020\/01\/SAINT-MARY-CHAPEL-CHAALIS-ABBEY\ufffd-Fontaine-Chaalis-France-2048x1365.jpg 2048w\" sizes=\"auto, (max-width: 1024px) 100vw, 1024px\" \/><figcaption class=\"blocks-gallery-item__caption\">CHAPELLE SAINTE-MARIE- CHAALIS ABBEY; Fontaine-Chaalis, Francia<\/figcaption><\/figure><\/li><li class=\"blocks-gallery-item\"><figure><img loading=\"lazy\" decoding=\"async\" width=\"1024\" height=\"683\" src=\"https:\/\/www.manetti.com\/wp-content\/uploads\/2020\/01\/ST-ANDREW-HALL-GRAND-KREMLIN-PALACE\ufffd-Moscow-Russia-1024x683.jpeg\" alt=\"\" data-id=\"2316\" data-full-url=\"https:\/\/www.manetti.com\/wp-content\/uploads\/2020\/01\/ST-ANDREW-HALL-GRAND-KREMLIN-PALACE\ufffd-Moscow-Russia-scaled.jpeg\" data-link=\"https:\/\/www.manetti.com\/gallery-restauro-interni\/great-kremlin-palace\/\" class=\"wp-image-2316\" srcset=\"https:\/\/www.manetti.com\/wp-content\/uploads\/2020\/01\/ST-ANDREW-HALL-GRAND-KREMLIN-PALACE\ufffd-Moscow-Russia-1024x683.jpeg 1024w, https:\/\/www.manetti.com\/wp-content\/uploads\/2020\/01\/ST-ANDREW-HALL-GRAND-KREMLIN-PALACE\ufffd-Moscow-Russia-scaled-600x400.jpeg 600w, https:\/\/www.manetti.com\/wp-content\/uploads\/2020\/01\/ST-ANDREW-HALL-GRAND-KREMLIN-PALACE\ufffd-Moscow-Russia-300x200.jpeg 300w, https:\/\/www.manetti.com\/wp-content\/uploads\/2020\/01\/ST-ANDREW-HALL-GRAND-KREMLIN-PALACE\ufffd-Moscow-Russia-768x512.jpeg 768w, https:\/\/www.manetti.com\/wp-content\/uploads\/2020\/01\/ST-ANDREW-HALL-GRAND-KREMLIN-PALACE\ufffd-Moscow-Russia-1536x1024.jpeg 1536w, https:\/\/www.manetti.com\/wp-content\/uploads\/2020\/01\/ST-ANDREW-HALL-GRAND-KREMLIN-PALACE\ufffd-Moscow-Russia-2048x1365.jpeg 2048w\" sizes=\"auto, (max-width: 1024px) 100vw, 1024px\" \/><figcaption class=\"blocks-gallery-item__caption\">SAL\u00d3N DE LA ORDEN DE SAN ANDR\u00c9S &#8211; GRAN PALACIO DEL KREMLIN; Mosc\u00fa, Rusia<\/figcaption><\/figure><\/li><li class=\"blocks-gallery-item\"><figure><img loading=\"lazy\" decoding=\"async\" width=\"1024\" height=\"683\" src=\"https:\/\/www.manetti.com\/wp-content\/uploads\/2020\/01\/ST.-JEAN-BAPTISTE\ufffd-St-Jean-De-Luz-France-1024x683.jpg\" alt=\"\" data-id=\"2318\" data-full-url=\"https:\/\/www.manetti.com\/wp-content\/uploads\/2020\/01\/ST.-JEAN-BAPTISTE\ufffd-St-Jean-De-Luz-France-scaled.jpg\" data-link=\"https:\/\/www.manetti.com\/gallery-restauro-interni\/heart-of-the-saint-jean-baptiste-church-saint-jean-de-luz-basque-country-basque-coast-pyrenees-atlantique-64-france\/\" class=\"wp-image-2318\" srcset=\"https:\/\/www.manetti.com\/wp-content\/uploads\/2020\/01\/ST.-JEAN-BAPTISTE\ufffd-St-Jean-De-Luz-France-1024x683.jpg 1024w, https:\/\/www.manetti.com\/wp-content\/uploads\/2020\/01\/ST.-JEAN-BAPTISTE\ufffd-St-Jean-De-Luz-France-scaled-600x400.jpg 600w, https:\/\/www.manetti.com\/wp-content\/uploads\/2020\/01\/ST.-JEAN-BAPTISTE\ufffd-St-Jean-De-Luz-France-300x200.jpg 300w, https:\/\/www.manetti.com\/wp-content\/uploads\/2020\/01\/ST.-JEAN-BAPTISTE\ufffd-St-Jean-De-Luz-France-768x512.jpg 768w, https:\/\/www.manetti.com\/wp-content\/uploads\/2020\/01\/ST.-JEAN-BAPTISTE\ufffd-St-Jean-De-Luz-France-1536x1024.jpg 1536w, https:\/\/www.manetti.com\/wp-content\/uploads\/2020\/01\/ST.-JEAN-BAPTISTE\ufffd-St-Jean-De-Luz-France-2048x1365.jpg 2048w\" sizes=\"auto, (max-width: 1024px) 100vw, 1024px\" \/><figcaption class=\"blocks-gallery-item__caption\">SAINT JEAN BAPTISTE; Saint Jean De Luz, Francia<\/figcaption><\/figure><\/li><li class=\"blocks-gallery-item\"><figure><img loading=\"lazy\" decoding=\"async\" width=\"1024\" height=\"683\" src=\"https:\/\/www.manetti.com\/wp-content\/uploads\/2020\/01\/STOCK-EXCHANGE-PALACE\ufffd-Porto-Portugal-1024x683.jpeg\" alt=\"\" data-id=\"2320\" data-full-url=\"https:\/\/www.manetti.com\/wp-content\/uploads\/2020\/01\/STOCK-EXCHANGE-PALACE\ufffd-Porto-Portugal-scaled.jpeg\" data-link=\"https:\/\/www.manetti.com\/gallery-restauro-interni\/arab-room-in-the-stock-exchange-palace-in-porto\/\" class=\"wp-image-2320\" srcset=\"https:\/\/www.manetti.com\/wp-content\/uploads\/2020\/01\/STOCK-EXCHANGE-PALACE\ufffd-Porto-Portugal-1024x683.jpeg 1024w, https:\/\/www.manetti.com\/wp-content\/uploads\/2020\/01\/STOCK-EXCHANGE-PALACE\ufffd-Porto-Portugal-scaled-600x400.jpeg 600w, https:\/\/www.manetti.com\/wp-content\/uploads\/2020\/01\/STOCK-EXCHANGE-PALACE\ufffd-Porto-Portugal-300x200.jpeg 300w, https:\/\/www.manetti.com\/wp-content\/uploads\/2020\/01\/STOCK-EXCHANGE-PALACE\ufffd-Porto-Portugal-768x512.jpeg 768w, https:\/\/www.manetti.com\/wp-content\/uploads\/2020\/01\/STOCK-EXCHANGE-PALACE\ufffd-Porto-Portugal-1536x1024.jpeg 1536w, https:\/\/www.manetti.com\/wp-content\/uploads\/2020\/01\/STOCK-EXCHANGE-PALACE\ufffd-Porto-Portugal-2048x1365.jpeg 2048w\" sizes=\"auto, (max-width: 1024px) 100vw, 1024px\" \/><figcaption class=\"blocks-gallery-item__caption\">PALACIO DE LA BOLSA; Oporto, Portugal<\/figcaption><\/figure><\/li><li class=\"blocks-gallery-item\"><figure><img loading=\"lazy\" decoding=\"async\" width=\"1024\" height=\"1024\" src=\"https:\/\/www.manetti.com\/wp-content\/uploads\/2020\/01\/SVYATO-TROITSKY-SOBOR\ufffd-Saratov-Russia-1024x1024.jpeg\" alt=\"\" data-id=\"2322\" data-full-url=\"https:\/\/www.manetti.com\/wp-content\/uploads\/2020\/01\/SVYATO-TROITSKY-SOBOR\ufffd-Saratov-Russia-scaled.jpeg\" data-link=\"https:\/\/www.manetti.com\/gallery-restauro-interni\/svyato-troitsky-sobor%ef%bf%bd-saratov-russia\/\" class=\"wp-image-2322\" srcset=\"https:\/\/www.manetti.com\/wp-content\/uploads\/2020\/01\/SVYATO-TROITSKY-SOBOR\ufffd-Saratov-Russia-1024x1024.jpeg 1024w, https:\/\/www.manetti.com\/wp-content\/uploads\/2020\/01\/SVYATO-TROITSKY-SOBOR\ufffd-Saratov-Russia-scaled-300x300.jpeg 300w, https:\/\/www.manetti.com\/wp-content\/uploads\/2020\/01\/SVYATO-TROITSKY-SOBOR\ufffd-Saratov-Russia-scaled-100x100.jpeg 100w, https:\/\/www.manetti.com\/wp-content\/uploads\/2020\/01\/SVYATO-TROITSKY-SOBOR\ufffd-Saratov-Russia-scaled-600x600.jpeg 600w, https:\/\/www.manetti.com\/wp-content\/uploads\/2020\/01\/SVYATO-TROITSKY-SOBOR\ufffd-Saratov-Russia-150x150.jpeg 150w, https:\/\/www.manetti.com\/wp-content\/uploads\/2020\/01\/SVYATO-TROITSKY-SOBOR\ufffd-Saratov-Russia-768x768.jpeg 768w, https:\/\/www.manetti.com\/wp-content\/uploads\/2020\/01\/SVYATO-TROITSKY-SOBOR\ufffd-Saratov-Russia-1536x1536.jpeg 1536w, https:\/\/www.manetti.com\/wp-content\/uploads\/2020\/01\/SVYATO-TROITSKY-SOBOR\ufffd-Saratov-Russia-2048x2048.jpeg 2048w\" sizes=\"auto, (max-width: 1024px) 100vw, 1024px\" \/><figcaption class=\"blocks-gallery-item__caption\">SVYATO TROITSKY SOBOR; Saratov, Russia<\/figcaption><\/figure><\/li><li class=\"blocks-gallery-item\"><figure><img loading=\"lazy\" decoding=\"async\" width=\"1024\" height=\"680\" src=\"https:\/\/www.manetti.com\/wp-content\/uploads\/2020\/01\/TAURIS-HALL-TSARITSYNO-PALACE\ufffd-Moscow-Russia-1024x680.jpg\" alt=\"\" data-id=\"2324\" data-full-url=\"https:\/\/www.manetti.com\/wp-content\/uploads\/2020\/01\/TAURIS-HALL-TSARITSYNO-PALACE\ufffd-Moscow-Russia-scaled.jpg\" data-link=\"https:\/\/www.manetti.com\/gallery-restauro-interni\/the-grand-palace-s-tauris-hall-state-museum-reserve-tsaritsyno\/\" class=\"wp-image-2324\" srcset=\"https:\/\/www.manetti.com\/wp-content\/uploads\/2020\/01\/TAURIS-HALL-TSARITSYNO-PALACE\ufffd-Moscow-Russia-1024x680.jpg 1024w, https:\/\/www.manetti.com\/wp-content\/uploads\/2020\/01\/TAURIS-HALL-TSARITSYNO-PALACE\ufffd-Moscow-Russia-scaled-600x398.jpg 600w, https:\/\/www.manetti.com\/wp-content\/uploads\/2020\/01\/TAURIS-HALL-TSARITSYNO-PALACE\ufffd-Moscow-Russia-300x199.jpg 300w, https:\/\/www.manetti.com\/wp-content\/uploads\/2020\/01\/TAURIS-HALL-TSARITSYNO-PALACE\ufffd-Moscow-Russia-768x510.jpg 768w, https:\/\/www.manetti.com\/wp-content\/uploads\/2020\/01\/TAURIS-HALL-TSARITSYNO-PALACE\ufffd-Moscow-Russia-1536x1020.jpg 1536w, https:\/\/www.manetti.com\/wp-content\/uploads\/2020\/01\/TAURIS-HALL-TSARITSYNO-PALACE\ufffd-Moscow-Russia-2048x1360.jpg 2048w\" sizes=\"auto, (max-width: 1024px) 100vw, 1024px\" \/><figcaption class=\"blocks-gallery-item__caption\">SALA DE TAURIS &#8211; PALACIO TSAR\u00cdTSINO; Mosc\u00fa, Rusia<\/figcaption><\/figure><\/li><li class=\"blocks-gallery-item\"><figure><img loading=\"lazy\" decoding=\"async\" width=\"1024\" height=\"683\" src=\"https:\/\/www.manetti.com\/wp-content\/uploads\/2020\/01\/THE-BALLROOM-PALACE-OF-QUELUZ\ufffd-Queluz-Portugal-1024x683.jpeg\" alt=\"\" data-id=\"2326\" data-full-url=\"https:\/\/www.manetti.com\/wp-content\/uploads\/2020\/01\/THE-BALLROOM-PALACE-OF-QUELUZ\ufffd-Queluz-Portugal-scaled.jpeg\" data-link=\"https:\/\/www.manetti.com\/gallery-restauro-interni\/the-ballroom-of-queluz-national-palace-portugal\/\" class=\"wp-image-2326\" srcset=\"https:\/\/www.manetti.com\/wp-content\/uploads\/2020\/01\/THE-BALLROOM-PALACE-OF-QUELUZ\ufffd-Queluz-Portugal-1024x683.jpeg 1024w, https:\/\/www.manetti.com\/wp-content\/uploads\/2020\/01\/THE-BALLROOM-PALACE-OF-QUELUZ\ufffd-Queluz-Portugal-scaled-600x400.jpeg 600w, https:\/\/www.manetti.com\/wp-content\/uploads\/2020\/01\/THE-BALLROOM-PALACE-OF-QUELUZ\ufffd-Queluz-Portugal-300x200.jpeg 300w, https:\/\/www.manetti.com\/wp-content\/uploads\/2020\/01\/THE-BALLROOM-PALACE-OF-QUELUZ\ufffd-Queluz-Portugal-768x512.jpeg 768w, https:\/\/www.manetti.com\/wp-content\/uploads\/2020\/01\/THE-BALLROOM-PALACE-OF-QUELUZ\ufffd-Queluz-Portugal-1536x1024.jpeg 1536w, https:\/\/www.manetti.com\/wp-content\/uploads\/2020\/01\/THE-BALLROOM-PALACE-OF-QUELUZ\ufffd-Queluz-Portugal-2048x1365.jpeg 2048w\" sizes=\"auto, (max-width: 1024px) 100vw, 1024px\" \/><figcaption class=\"blocks-gallery-item__caption\">EL SAL\u00d3N DE BAILE &#8211; PALAIS ROYAL DE QUELUZ; Queluz, Portugal<\/figcaption><\/figure><\/li><li class=\"blocks-gallery-item\"><figure><img loading=\"lazy\" decoding=\"async\" width=\"1024\" height=\"683\" src=\"https:\/\/www.manetti.com\/wp-content\/uploads\/2020\/01\/THE-DANIEL-GALLERY-ROYAL-PALACE-OF-HOUSE-OF-SAVOY\ufffd-Turin-Italy-1024x683.jpg\" alt=\"\" data-id=\"2328\" data-full-url=\"https:\/\/www.manetti.com\/wp-content\/uploads\/2020\/01\/THE-DANIEL-GALLERY-ROYAL-PALACE-OF-HOUSE-OF-SAVOY\ufffd-Turin-Italy-scaled.jpg\" data-link=\"https:\/\/www.manetti.com\/gallery-restauro-interni\/the-daniel-gallery-la-galleria-del-daniel-palazzo-realeturin-piedmont-italy\/\" class=\"wp-image-2328\" srcset=\"https:\/\/www.manetti.com\/wp-content\/uploads\/2020\/01\/THE-DANIEL-GALLERY-ROYAL-PALACE-OF-HOUSE-OF-SAVOY\ufffd-Turin-Italy-1024x683.jpg 1024w, https:\/\/www.manetti.com\/wp-content\/uploads\/2020\/01\/THE-DANIEL-GALLERY-ROYAL-PALACE-OF-HOUSE-OF-SAVOY\ufffd-Turin-Italy-scaled-600x401.jpg 600w, https:\/\/www.manetti.com\/wp-content\/uploads\/2020\/01\/THE-DANIEL-GALLERY-ROYAL-PALACE-OF-HOUSE-OF-SAVOY\ufffd-Turin-Italy-300x200.jpg 300w, https:\/\/www.manetti.com\/wp-content\/uploads\/2020\/01\/THE-DANIEL-GALLERY-ROYAL-PALACE-OF-HOUSE-OF-SAVOY\ufffd-Turin-Italy-768x513.jpg 768w, https:\/\/www.manetti.com\/wp-content\/uploads\/2020\/01\/THE-DANIEL-GALLERY-ROYAL-PALACE-OF-HOUSE-OF-SAVOY\ufffd-Turin-Italy-1536x1025.jpg 1536w, https:\/\/www.manetti.com\/wp-content\/uploads\/2020\/01\/THE-DANIEL-GALLERY-ROYAL-PALACE-OF-HOUSE-OF-SAVOY\ufffd-Turin-Italy-2048x1367.jpg 2048w\" sizes=\"auto, (max-width: 1024px) 100vw, 1024px\" \/><figcaption class=\"blocks-gallery-item__caption\">GALER\u00cdA DE DANIEL &#8211; PALACIO REAL DE SABOYA; Tur\u00edn, Italia<\/figcaption><\/figure><\/li><li class=\"blocks-gallery-item\"><figure><img loading=\"lazy\" decoding=\"async\" width=\"682\" height=\"1024\" src=\"https:\/\/www.manetti.com\/wp-content\/uploads\/2020\/01\/THRONE-HALL-ROYAL-PALACE-OF-CASERTA\ufffd-Caserta-Italy-2-682x1024.jpg\" alt=\"\" data-id=\"2330\" data-full-url=\"https:\/\/www.manetti.com\/wp-content\/uploads\/2020\/01\/THRONE-HALL-ROYAL-PALACE-OF-CASERTA\ufffd-Caserta-Italy-2-scaled.jpg\" data-link=\"https:\/\/www.manetti.com\/gallery-restauro-interni\/the-throne-room-is-nearly-40-meters-long-and-was-completed-in-1845-on-the-back-wall-is-placed-a-portable-guilder\/\" class=\"wp-image-2330\" srcset=\"https:\/\/www.manetti.com\/wp-content\/uploads\/2020\/01\/THRONE-HALL-ROYAL-PALACE-OF-CASERTA\ufffd-Caserta-Italy-2-682x1024.jpg 682w, https:\/\/www.manetti.com\/wp-content\/uploads\/2020\/01\/THRONE-HALL-ROYAL-PALACE-OF-CASERTA\ufffd-Caserta-Italy-2-scaled-600x901.jpg 600w, https:\/\/www.manetti.com\/wp-content\/uploads\/2020\/01\/THRONE-HALL-ROYAL-PALACE-OF-CASERTA\ufffd-Caserta-Italy-2-200x300.jpg 200w, https:\/\/www.manetti.com\/wp-content\/uploads\/2020\/01\/THRONE-HALL-ROYAL-PALACE-OF-CASERTA\ufffd-Caserta-Italy-2-768x1154.jpg 768w, https:\/\/www.manetti.com\/wp-content\/uploads\/2020\/01\/THRONE-HALL-ROYAL-PALACE-OF-CASERTA\ufffd-Caserta-Italy-2-1022x1536.jpg 1022w, https:\/\/www.manetti.com\/wp-content\/uploads\/2020\/01\/THRONE-HALL-ROYAL-PALACE-OF-CASERTA\ufffd-Caserta-Italy-2-1363x2048.jpg 1363w, https:\/\/www.manetti.com\/wp-content\/uploads\/2020\/01\/THRONE-HALL-ROYAL-PALACE-OF-CASERTA\ufffd-Caserta-Italy-2-scaled.jpg 1704w\" sizes=\"auto, (max-width: 682px) 100vw, 682px\" \/><figcaption class=\"blocks-gallery-item__caption\">SAL\u00d3N DEL TRONO &#8211; PALACIO REAL DE CASERTA; Caserta, Italia<\/figcaption><\/figure><\/li><li class=\"blocks-gallery-item\"><figure><img loading=\"lazy\" decoding=\"async\" width=\"682\" height=\"1024\" src=\"https:\/\/www.manetti.com\/wp-content\/uploads\/2020\/01\/THRONE-HALL-ROYAL-PALACE-OF-CASERTA\ufffd-Caserta-Italy-682x1024.jpg\" alt=\"\" data-id=\"2332\" data-full-url=\"https:\/\/www.manetti.com\/wp-content\/uploads\/2020\/01\/THRONE-HALL-ROYAL-PALACE-OF-CASERTA\ufffd-Caserta-Italy-scaled.jpg\" data-link=\"https:\/\/www.manetti.com\/gallery-restauro-interni\/the-throne-room-is-nearly-40-meters-long-and-was-completed-in-1845-royal-palace-of-caserta-italy\/\" class=\"wp-image-2332\" srcset=\"https:\/\/www.manetti.com\/wp-content\/uploads\/2020\/01\/THRONE-HALL-ROYAL-PALACE-OF-CASERTA\ufffd-Caserta-Italy-682x1024.jpg 682w, https:\/\/www.manetti.com\/wp-content\/uploads\/2020\/01\/THRONE-HALL-ROYAL-PALACE-OF-CASERTA\ufffd-Caserta-Italy-scaled-600x901.jpg 600w, https:\/\/www.manetti.com\/wp-content\/uploads\/2020\/01\/THRONE-HALL-ROYAL-PALACE-OF-CASERTA\ufffd-Caserta-Italy-200x300.jpg 200w, https:\/\/www.manetti.com\/wp-content\/uploads\/2020\/01\/THRONE-HALL-ROYAL-PALACE-OF-CASERTA\ufffd-Caserta-Italy-768x1154.jpg 768w, https:\/\/www.manetti.com\/wp-content\/uploads\/2020\/01\/THRONE-HALL-ROYAL-PALACE-OF-CASERTA\ufffd-Caserta-Italy-1022x1536.jpg 1022w, https:\/\/www.manetti.com\/wp-content\/uploads\/2020\/01\/THRONE-HALL-ROYAL-PALACE-OF-CASERTA\ufffd-Caserta-Italy-1363x2048.jpg 1363w, https:\/\/www.manetti.com\/wp-content\/uploads\/2020\/01\/THRONE-HALL-ROYAL-PALACE-OF-CASERTA\ufffd-Caserta-Italy-scaled.jpg 1704w\" sizes=\"auto, (max-width: 682px) 100vw, 682px\" \/><figcaption class=\"blocks-gallery-item__caption\">SAL\u00d3N DEL TRONO &#8211; PALACIO REAL DE CASERTA; Caserta, Italia<\/figcaption><\/figure><\/li><li class=\"blocks-gallery-item\"><figure><img loading=\"lazy\" decoding=\"async\" width=\"1024\" height=\"683\" src=\"https:\/\/www.manetti.com\/wp-content\/uploads\/2020\/01\/THRONE-ROOM-PALAZZO-PITTI\ufffd-Florence-Italy-1024x683.jpg\" alt=\"\" data-id=\"2334\" data-full-url=\"https:\/\/www.manetti.com\/wp-content\/uploads\/2020\/01\/THRONE-ROOM-PALAZZO-PITTI\ufffd-Florence-Italy-scaled.jpg\" data-link=\"https:\/\/www.manetti.com\/gallery-restauro-interni\/throne-in-a-red-room-part-of-the-rich-interior-of-the-palazzo-pitti-in-florence-italy\/\" class=\"wp-image-2334\" srcset=\"https:\/\/www.manetti.com\/wp-content\/uploads\/2020\/01\/THRONE-ROOM-PALAZZO-PITTI\ufffd-Florence-Italy-1024x683.jpg 1024w, https:\/\/www.manetti.com\/wp-content\/uploads\/2020\/01\/THRONE-ROOM-PALAZZO-PITTI\ufffd-Florence-Italy-scaled-600x400.jpg 600w, https:\/\/www.manetti.com\/wp-content\/uploads\/2020\/01\/THRONE-ROOM-PALAZZO-PITTI\ufffd-Florence-Italy-300x200.jpg 300w, https:\/\/www.manetti.com\/wp-content\/uploads\/2020\/01\/THRONE-ROOM-PALAZZO-PITTI\ufffd-Florence-Italy-768x512.jpg 768w, https:\/\/www.manetti.com\/wp-content\/uploads\/2020\/01\/THRONE-ROOM-PALAZZO-PITTI\ufffd-Florence-Italy-1536x1024.jpg 1536w, https:\/\/www.manetti.com\/wp-content\/uploads\/2020\/01\/THRONE-ROOM-PALAZZO-PITTI\ufffd-Florence-Italy-2048x1365.jpg 2048w\" sizes=\"auto, (max-width: 1024px) 100vw, 1024px\" \/><figcaption class=\"blocks-gallery-item__caption\">SAL\u00d3N DEL TRONO &#8211; PALACIO PITTI; Florencia, Italia<\/figcaption><\/figure><\/li><\/ul><\/figure>\n\n\n\n<p>La asombrosa&nbsp;<strong>galer\u00eda de espejos de Versalles<\/strong>, los magn\u00edficos salones del<strong>&nbsp;Alc\u00e1zar de Sevilla<\/strong>, los techos dorados de la&nbsp;<strong>Bas\u00edlica de la Santissima Annunziata<\/strong>&nbsp;de G\u00e9nova y los de la&nbsp;<strong>Bas\u00edlica del Santo Sepulcro&nbsp;<\/strong>de Jerusal\u00e9n y la&nbsp;<strong>catedral de La Valeta&nbsp;<\/strong>(Malta), los preciosos estucos de los&nbsp;<strong>palacios reales de Tur\u00edn y Caserta<\/strong>, el esplendor de la Galerie d&#8217;Apollon del&nbsp;<strong>Museo del Louvre<\/strong>&nbsp;y el Salone di Sant&#8217;Andrea del&nbsp;<strong>Kremlin<\/strong>, las suntuosas decoraciones de la sala de Catalina en el&nbsp;<strong>Palacio Tsaristyno<\/strong>: algunos de los lugares de arte m\u00e1s prestigiosos del mundo tienen en com\u00fan el pan de oro Manetti, utilizado por los mejores maestros del dorado para devolver su esplendor original a techos, paredes, elementos decorativos, estucos, cornisas, columnas y capiteles.<br><br>En todas estas ocasiones, Giusto Manetti Battiloro no se limita al papel de proveedor, sino que acompa\u00f1a a los restauradores en su trabajo con un&nbsp;<strong>asesoramiento especializado<\/strong>, fruto de siglos de experiencia en la restauraci\u00f3n conservadora de interiores decorados con pan de oro. Este di\u00e1logo es el requisito fundamental para cumplir plenamente tanto los requisitos de&nbsp;<strong>protecci\u00f3n<\/strong>&nbsp;como los de&nbsp;<strong>valorizaci\u00f3n de<\/strong>&nbsp;un patrimonio hist\u00f3rico y art\u00edstico extremadamente valioso.<\/p>\n","protected":false},"excerpt":{"rendered":"<p>Empleado por los mejores maestros doradores del mundo, el pan de oro Manetti devuelve a los suntuosos palacios y a los magn\u00edficos lugares de culto su antiguo esplendor y ofrece a los visitantes de hoy la misma experiencia de asombro y maravilla que sintieron quienes entraron en esos ambientes hace siglos. Navegue por la Galer\u00eda [&#8230;]<\/p>\n<p><a class=\"btn btn-secondary understrap-read-more-link\" href=\"https:\/\/www.manetti.com\/es\/galeria\/restauracion-interior\/\">Leer m\u00e1s&#8230;<\/a><\/p>\n","protected":false},"author":1,"featured_media":74292,"parent":32495,"menu_order":0,"comment_status":"closed","ping_status":"closed","template":"page-templates\/gallery-template.php","meta":{"_acf_changed":false,"footnotes":""},"class_list":["post-30618","page","type-page","status-publish","has-post-thumbnail","hentry"],"acf":[],"yoast_head":"<!-- This site is optimized with the Yoast SEO plugin v26.5 - https:\/\/yoast.com\/wordpress\/plugins\/seo\/ -->\n<title>Restauraci\u00f3n interior con pan de oro | Giusto Manetti Battiloro<\/title>\n<meta name=\"description\" content=\"Explore las fotos de interiores en el mundo restaurados con pan de oro y descubra las mejores aplicaciones dentro del pan de oro Manetti.\" \/>\n<meta name=\"robots\" content=\"index, follow, max-snippet:-1, max-image-preview:large, max-video-preview:-1\" \/>\n<link rel=\"canonical\" href=\"https:\/\/www.manetti.com\/es\/galeria\/restauracion-interior\/\" \/>\n<meta property=\"og:locale\" content=\"es_ES\" \/>\n<meta property=\"og:type\" content=\"article\" \/>\n<meta property=\"og:title\" content=\"La splendida foglia d&#039;oro per il restauro di interni | Giusto Manetti Battiloro\" \/>\n<meta property=\"og:description\" content=\"Sfoglia le foto degli interni nel mondo restaurati con foglia d&#039;oro e scopri le migliori applicazioni all&#039;interno della foglia d&#039;oro Manetti.\" \/>\n<meta property=\"og:url\" content=\"https:\/\/www.manetti.com\/es\/galeria\/restauracion-interior\/\" \/>\n<meta property=\"og:site_name\" content=\"Giusto Manetti Battiloro\" \/>\n<meta property=\"article:publisher\" content=\"https:\/\/www.facebook.com\/giustomanettibattiloro\" \/>\n<meta property=\"article:modified_time\" content=\"2022-08-03T15:22:07+00:00\" \/>\n<meta property=\"og:image\" content=\"https:\/\/www.manetti.com\/wp-content\/uploads\/2020\/01\/PALATINA-GALLERY-PALAZZO-PITTI\ufffd-Florence-Italy-scaled.jpg\" \/>\n\t<meta property=\"og:image:width\" content=\"2560\" \/>\n\t<meta property=\"og:image:height\" content=\"1706\" \/>\n\t<meta property=\"og:image:type\" content=\"image\/jpeg\" \/>\n<meta name=\"twitter:card\" content=\"summary_large_image\" \/>\n<meta name=\"twitter:title\" content=\"La splendida foglia d&#039;oro per il restauro di interni | Giusto Manetti Battiloro\" \/>\n<meta name=\"twitter:description\" content=\"Sfoglia le foto degli interni nel mondo restaurati con foglia d&#039;oro e scopri le migliori applicazioni all&#039;interno della foglia d&#039;oro Manetti.\" \/>\n<meta name=\"twitter:image\" content=\"https:\/\/www.manetti.com\/wp-content\/uploads\/2020\/01\/PALATINA-GALLERY-PALAZZO-PITTI\ufffd-Florence-Italy-scaled.jpg\" \/>\n<meta name=\"twitter:label1\" content=\"Tiempo de lectura\" \/>\n\t<meta name=\"twitter:data1\" content=\"15 minutos\" \/>\n<script type=\"application\/ld+json\" class=\"yoast-schema-graph\">{\"@context\":\"https:\/\/schema.org\",\"@graph\":[{\"@type\":\"WebPage\",\"@id\":\"https:\/\/www.manetti.com\/es\/galeria\/restauracion-interior\/\",\"url\":\"https:\/\/www.manetti.com\/es\/galeria\/restauracion-interior\/\",\"name\":\"Restauraci\u00f3n interior con pan de oro | Giusto Manetti Battiloro\",\"isPartOf\":{\"@id\":\"https:\/\/www.manetti.com\/es\/#website\"},\"primaryImageOfPage\":{\"@id\":\"https:\/\/www.manetti.com\/es\/galeria\/restauracion-interior\/#primaryimage\"},\"image\":{\"@id\":\"https:\/\/www.manetti.com\/es\/galeria\/restauracion-interior\/#primaryimage\"},\"thumbnailUrl\":\"https:\/\/www.manetti.com\/wp-content\/uploads\/2024\/04\/AdobeStock_363509695.jpg\",\"datePublished\":\"2020-01-16T16:56:05+00:00\",\"dateModified\":\"2022-08-03T15:22:07+00:00\",\"description\":\"Explore las fotos de interiores en el mundo restaurados con pan de oro y descubra las mejores aplicaciones dentro del pan de oro Manetti.\",\"inLanguage\":\"es\",\"potentialAction\":[{\"@type\":\"ReadAction\",\"target\":[\"https:\/\/www.manetti.com\/es\/galeria\/restauracion-interior\/\"]}]},{\"@type\":\"ImageObject\",\"inLanguage\":\"es\",\"@id\":\"https:\/\/www.manetti.com\/es\/galeria\/restauracion-interior\/#primaryimage\",\"url\":\"https:\/\/www.manetti.com\/wp-content\/uploads\/2024\/04\/AdobeStock_363509695.jpg\",\"contentUrl\":\"https:\/\/www.manetti.com\/wp-content\/uploads\/2024\/04\/AdobeStock_363509695.jpg\",\"width\":900,\"height\":900},{\"@type\":\"WebSite\",\"@id\":\"https:\/\/www.manetti.com\/es\/#website\",\"url\":\"https:\/\/www.manetti.com\/es\/\",\"name\":\"Giusto Manetti Battiloro\",\"description\":\"\",\"publisher\":{\"@id\":\"https:\/\/www.manetti.com\/es\/#organization\"},\"potentialAction\":[{\"@type\":\"SearchAction\",\"target\":{\"@type\":\"EntryPoint\",\"urlTemplate\":\"https:\/\/www.manetti.com\/es\/?s={search_term_string}\"},\"query-input\":{\"@type\":\"PropertyValueSpecification\",\"valueRequired\":true,\"valueName\":\"search_term_string\"}}],\"inLanguage\":\"es\"},{\"@type\":\"Organization\",\"@id\":\"https:\/\/www.manetti.com\/es\/#organization\",\"name\":\"GIUSTO MANETTI BATTILORO S.P.A.\",\"url\":\"https:\/\/www.manetti.com\/es\/\",\"logo\":{\"@type\":\"ImageObject\",\"inLanguage\":\"es\",\"@id\":\"https:\/\/www.manetti.com\/es\/#\/schema\/logo\/image\/\",\"url\":\"https:\/\/www.manetti.com\/wp-content\/uploads\/2025\/02\/giusto-manetti-blu_300-02.png\",\"contentUrl\":\"https:\/\/www.manetti.com\/wp-content\/uploads\/2025\/02\/giusto-manetti-blu_300-02.png\",\"width\":1123,\"height\":1093,\"caption\":\"GIUSTO MANETTI BATTILORO S.P.A.\"},\"image\":{\"@id\":\"https:\/\/www.manetti.com\/es\/#\/schema\/logo\/image\/\"},\"sameAs\":[\"https:\/\/www.facebook.com\/giustomanettibattiloro\",\"https:\/\/www.instagram.com\/giustomanettibattiloro\/\",\"https:\/\/www.linkedin.com\/company\/giusto-manetti-battiloro-s-p-a-\/\",\"https:\/\/www.youtube.com\/user\/ManettiBattiloro\"]}]}<\/script>\n<!-- \/ Yoast SEO plugin. -->","yoast_head_json":{"title":"Restauraci\u00f3n interior con pan de oro | Giusto Manetti Battiloro","description":"Explore las fotos de interiores en el mundo restaurados con pan de oro y descubra las mejores aplicaciones dentro del pan de oro Manetti.","robots":{"index":"index","follow":"follow","max-snippet":"max-snippet:-1","max-image-preview":"max-image-preview:large","max-video-preview":"max-video-preview:-1"},"canonical":"https:\/\/www.manetti.com\/es\/galeria\/restauracion-interior\/","og_locale":"es_ES","og_type":"article","og_title":"La splendida foglia d'oro per il restauro di interni | Giusto Manetti Battiloro","og_description":"Sfoglia le foto degli interni nel mondo restaurati con foglia d'oro e scopri le migliori applicazioni all'interno della foglia d'oro Manetti.","og_url":"https:\/\/www.manetti.com\/es\/galeria\/restauracion-interior\/","og_site_name":"Giusto Manetti Battiloro","article_publisher":"https:\/\/www.facebook.com\/giustomanettibattiloro","article_modified_time":"2022-08-03T15:22:07+00:00","og_image":[{"width":2560,"height":1706,"url":"https:\/\/www.manetti.com\/wp-content\/uploads\/2020\/01\/PALATINA-GALLERY-PALAZZO-PITTI\ufffd-Florence-Italy-scaled.jpg","type":"image\/jpeg"}],"twitter_card":"summary_large_image","twitter_title":"La splendida foglia d'oro per il restauro di interni | Giusto Manetti Battiloro","twitter_description":"Sfoglia le foto degli interni nel mondo restaurati con foglia d'oro e scopri le migliori applicazioni all'interno della foglia d'oro Manetti.","twitter_image":"https:\/\/www.manetti.com\/wp-content\/uploads\/2020\/01\/PALATINA-GALLERY-PALAZZO-PITTI\ufffd-Florence-Italy-scaled.jpg","twitter_misc":{"Tiempo de lectura":"15 minutos"},"schema":{"@context":"https:\/\/schema.org","@graph":[{"@type":"WebPage","@id":"https:\/\/www.manetti.com\/es\/galeria\/restauracion-interior\/","url":"https:\/\/www.manetti.com\/es\/galeria\/restauracion-interior\/","name":"Restauraci\u00f3n interior con pan de oro | Giusto Manetti Battiloro","isPartOf":{"@id":"https:\/\/www.manetti.com\/es\/#website"},"primaryImageOfPage":{"@id":"https:\/\/www.manetti.com\/es\/galeria\/restauracion-interior\/#primaryimage"},"image":{"@id":"https:\/\/www.manetti.com\/es\/galeria\/restauracion-interior\/#primaryimage"},"thumbnailUrl":"https:\/\/www.manetti.com\/wp-content\/uploads\/2024\/04\/AdobeStock_363509695.jpg","datePublished":"2020-01-16T16:56:05+00:00","dateModified":"2022-08-03T15:22:07+00:00","description":"Explore las fotos de interiores en el mundo restaurados con pan de oro y descubra las mejores aplicaciones dentro del pan de oro Manetti.","inLanguage":"es","potentialAction":[{"@type":"ReadAction","target":["https:\/\/www.manetti.com\/es\/galeria\/restauracion-interior\/"]}]},{"@type":"ImageObject","inLanguage":"es","@id":"https:\/\/www.manetti.com\/es\/galeria\/restauracion-interior\/#primaryimage","url":"https:\/\/www.manetti.com\/wp-content\/uploads\/2024\/04\/AdobeStock_363509695.jpg","contentUrl":"https:\/\/www.manetti.com\/wp-content\/uploads\/2024\/04\/AdobeStock_363509695.jpg","width":900,"height":900},{"@type":"WebSite","@id":"https:\/\/www.manetti.com\/es\/#website","url":"https:\/\/www.manetti.com\/es\/","name":"Giusto Manetti Battiloro","description":"","publisher":{"@id":"https:\/\/www.manetti.com\/es\/#organization"},"potentialAction":[{"@type":"SearchAction","target":{"@type":"EntryPoint","urlTemplate":"https:\/\/www.manetti.com\/es\/?s={search_term_string}"},"query-input":{"@type":"PropertyValueSpecification","valueRequired":true,"valueName":"search_term_string"}}],"inLanguage":"es"},{"@type":"Organization","@id":"https:\/\/www.manetti.com\/es\/#organization","name":"GIUSTO MANETTI BATTILORO S.P.A.","url":"https:\/\/www.manetti.com\/es\/","logo":{"@type":"ImageObject","inLanguage":"es","@id":"https:\/\/www.manetti.com\/es\/#\/schema\/logo\/image\/","url":"https:\/\/www.manetti.com\/wp-content\/uploads\/2025\/02\/giusto-manetti-blu_300-02.png","contentUrl":"https:\/\/www.manetti.com\/wp-content\/uploads\/2025\/02\/giusto-manetti-blu_300-02.png","width":1123,"height":1093,"caption":"GIUSTO MANETTI BATTILORO S.P.A."},"image":{"@id":"https:\/\/www.manetti.com\/es\/#\/schema\/logo\/image\/"},"sameAs":["https:\/\/www.facebook.com\/giustomanettibattiloro","https:\/\/www.instagram.com\/giustomanettibattiloro\/","https:\/\/www.linkedin.com\/company\/giusto-manetti-battiloro-s-p-a-\/","https:\/\/www.youtube.com\/user\/ManettiBattiloro"]}]}},"_links":{"self":[{"href":"https:\/\/www.manetti.com\/es\/wp-json\/wp\/v2\/pages\/30618","targetHints":{"allow":["GET"]}}],"collection":[{"href":"https:\/\/www.manetti.com\/es\/wp-json\/wp\/v2\/pages"}],"about":[{"href":"https:\/\/www.manetti.com\/es\/wp-json\/wp\/v2\/types\/page"}],"author":[{"embeddable":true,"href":"https:\/\/www.manetti.com\/es\/wp-json\/wp\/v2\/users\/1"}],"replies":[{"embeddable":true,"href":"https:\/\/www.manetti.com\/es\/wp-json\/wp\/v2\/comments?post=30618"}],"version-history":[{"count":0,"href":"https:\/\/www.manetti.com\/es\/wp-json\/wp\/v2\/pages\/30618\/revisions"}],"up":[{"embeddable":true,"href":"https:\/\/www.manetti.com\/es\/wp-json\/wp\/v2\/pages\/32495"}],"wp:featuredmedia":[{"embeddable":true,"href":"https:\/\/www.manetti.com\/es\/wp-json\/wp\/v2\/media\/74292"}],"wp:attachment":[{"href":"https:\/\/www.manetti.com\/es\/wp-json\/wp\/v2\/media?parent=30618"}],"curies":[{"name":"wp","href":"https:\/\/api.w.org\/{rel}","templated":true}]}}