{"id":30654,"date":"2020-01-16T17:54:40","date_gmt":"2020-01-16T16:54:40","guid":{"rendered":"https:\/\/www.manetti.com\/teatri\/"},"modified":"2022-08-03T17:22:26","modified_gmt":"2022-08-03T15:22:26","slug":"teatros","status":"publish","type":"page","link":"https:\/\/www.manetti.com\/es\/galeria\/teatros\/","title":{"rendered":"Teatros"},"content":{"rendered":"\n<p>Desde el legendario Bolshoy de Mosc\u00fa hasta La Fenice de Venecia, <a href=\"https:\/\/www.manetti.com\/es\/catalogo-productos\/pan-de-oro\/\">el pan de oro Manetti brilla<\/a> en los teatros m\u00e1s bellos del mundo.<br>Navegue por la Galer\u00eda para ver una selecci\u00f3n de los logros m\u00e1s sorprendentes.<\/p>\n\n\n\n<figure class=\"wp-block-gallery columns-3 is-cropped wp-block-gallery-1 is-layout-flex wp-block-gallery-is-layout-flex\"><ul class=\"blocks-gallery-grid\"><li class=\"blocks-gallery-item\"><figure><img loading=\"lazy\" decoding=\"async\" width=\"1024\" height=\"680\" src=\"https:\/\/www.manetti.com\/wp-content\/uploads\/2020\/01\/BOLSHOI-THEATRE\ufffd-Moscow-Russia-1024x680.jpeg\" alt=\"\" data-id=\"2436\" data-link=\"https:\/\/www.manetti.com\/gallery-teatri\/bolshoi-theater-moscow-russia\/\" class=\"wp-image-2436\" srcset=\"https:\/\/www.manetti.com\/wp-content\/uploads\/2020\/01\/BOLSHOI-THEATRE\ufffd-Moscow-Russia-1024x680.jpeg 1024w, https:\/\/www.manetti.com\/wp-content\/uploads\/2020\/01\/BOLSHOI-THEATRE\ufffd-Moscow-Russia-scaled-600x398.jpeg 600w, https:\/\/www.manetti.com\/wp-content\/uploads\/2020\/01\/BOLSHOI-THEATRE\ufffd-Moscow-Russia-300x199.jpeg 300w, https:\/\/www.manetti.com\/wp-content\/uploads\/2020\/01\/BOLSHOI-THEATRE\ufffd-Moscow-Russia-768x510.jpeg 768w, https:\/\/www.manetti.com\/wp-content\/uploads\/2020\/01\/BOLSHOI-THEATRE\ufffd-Moscow-Russia-1536x1020.jpeg 1536w, https:\/\/www.manetti.com\/wp-content\/uploads\/2020\/01\/BOLSHOI-THEATRE\ufffd-Moscow-Russia-2048x1360.jpeg 2048w\" sizes=\"auto, (max-width: 1024px) 100vw, 1024px\" \/><figcaption class=\"blocks-gallery-item__caption\">Teatro Bolsh\u00f3i; Mosc\u00fa, Rusia<\/figcaption><\/figure><\/li><li class=\"blocks-gallery-item\"><figure><img loading=\"lazy\" decoding=\"async\" width=\"1024\" height=\"666\" src=\"https:\/\/www.manetti.com\/wp-content\/uploads\/2020\/01\/FOX-THEATER\ufffd-Saint-Louis-USA-1024x666.jpg\" alt=\"\" data-id=\"2438\" data-link=\"https:\/\/www.manetti.com\/gallery-teatri\/st-louis-missouri-usa-november-18-2016-the-fabulous-fox-theatre-on-grand-boulevard-in-the-grand-center-arts-district-of-midtown-st-louis\/\" class=\"wp-image-2438\" srcset=\"https:\/\/www.manetti.com\/wp-content\/uploads\/2020\/01\/FOX-THEATER\ufffd-Saint-Louis-USA-1024x666.jpg 1024w, https:\/\/www.manetti.com\/wp-content\/uploads\/2020\/01\/FOX-THEATER\ufffd-Saint-Louis-USA-scaled-600x390.jpg 600w, https:\/\/www.manetti.com\/wp-content\/uploads\/2020\/01\/FOX-THEATER\ufffd-Saint-Louis-USA-300x195.jpg 300w, https:\/\/www.manetti.com\/wp-content\/uploads\/2020\/01\/FOX-THEATER\ufffd-Saint-Louis-USA-768x499.jpg 768w, https:\/\/www.manetti.com\/wp-content\/uploads\/2020\/01\/FOX-THEATER\ufffd-Saint-Louis-USA-1536x999.jpg 1536w, https:\/\/www.manetti.com\/wp-content\/uploads\/2020\/01\/FOX-THEATER\ufffd-Saint-Louis-USA-2048x1332.jpg 2048w\" sizes=\"auto, (max-width: 1024px) 100vw, 1024px\" \/><figcaption class=\"blocks-gallery-item__caption\">FOX THEATER; Saint Louis, USA<\/figcaption><\/figure><\/li><li class=\"blocks-gallery-item\"><figure><img loading=\"lazy\" decoding=\"async\" width=\"1024\" height=\"683\" src=\"https:\/\/www.manetti.com\/wp-content\/uploads\/2020\/01\/HUNGARIAN-STATE-OPERA-HOUSE\ufffd-Budapest-Hungary-1024x683.jpg\" alt=\"\" data-id=\"2440\" data-link=\"https:\/\/www.manetti.com\/gallery-teatri\/stock-photo-interior-of-the-budapest-royal-opera-house\/\" class=\"wp-image-30656\" srcset=\"https:\/\/www.manetti.com\/wp-content\/uploads\/2020\/01\/HUNGARIAN-STATE-OPERA-HOUSE\ufffd-Budapest-Hungary-1024x683.jpg 1024w, https:\/\/www.manetti.com\/wp-content\/uploads\/2020\/01\/HUNGARIAN-STATE-OPERA-HOUSE\ufffd-Budapest-Hungary-scaled-600x400.jpg 600w, https:\/\/www.manetti.com\/wp-content\/uploads\/2020\/01\/HUNGARIAN-STATE-OPERA-HOUSE\ufffd-Budapest-Hungary-300x200.jpg 300w, https:\/\/www.manetti.com\/wp-content\/uploads\/2020\/01\/HUNGARIAN-STATE-OPERA-HOUSE\ufffd-Budapest-Hungary-768x512.jpg 768w, https:\/\/www.manetti.com\/wp-content\/uploads\/2020\/01\/HUNGARIAN-STATE-OPERA-HOUSE\ufffd-Budapest-Hungary-1536x1024.jpg 1536w, https:\/\/www.manetti.com\/wp-content\/uploads\/2020\/01\/HUNGARIAN-STATE-OPERA-HOUSE\ufffd-Budapest-Hungary-2048x1365.jpg 2048w\" sizes=\"auto, (max-width: 1024px) 100vw, 1024px\" \/><figcaption class=\"blocks-gallery-item__caption\">\u00d3PERA NACIONAL DE HUNGR\u00cdA; Budapest, Hungr\u00eda<\/figcaption><\/figure><\/li><li class=\"blocks-gallery-item\"><figure><img loading=\"lazy\" decoding=\"async\" width=\"1024\" height=\"683\" src=\"https:\/\/www.manetti.com\/wp-content\/uploads\/2020\/01\/MASSIMO-THEATER\ufffd-Palermo-Italy-1024x683.jpg\" alt=\"\" data-id=\"2442\" data-link=\"https:\/\/www.manetti.com\/gallery-teatri\/massimo-theatreinterior-palermo-sicily-italy\/\" class=\"wp-image-2442\" srcset=\"https:\/\/www.manetti.com\/wp-content\/uploads\/2020\/01\/MASSIMO-THEATER\ufffd-Palermo-Italy-1024x683.jpg 1024w, https:\/\/www.manetti.com\/wp-content\/uploads\/2020\/01\/MASSIMO-THEATER\ufffd-Palermo-Italy-scaled-600x400.jpg 600w, https:\/\/www.manetti.com\/wp-content\/uploads\/2020\/01\/MASSIMO-THEATER\ufffd-Palermo-Italy-300x200.jpg 300w, https:\/\/www.manetti.com\/wp-content\/uploads\/2020\/01\/MASSIMO-THEATER\ufffd-Palermo-Italy-768x512.jpg 768w, https:\/\/www.manetti.com\/wp-content\/uploads\/2020\/01\/MASSIMO-THEATER\ufffd-Palermo-Italy-1536x1024.jpg 1536w, https:\/\/www.manetti.com\/wp-content\/uploads\/2020\/01\/MASSIMO-THEATER\ufffd-Palermo-Italy-2048x1365.jpg 2048w\" sizes=\"auto, (max-width: 1024px) 100vw, 1024px\" \/><figcaption class=\"blocks-gallery-item__caption\">TEATRO MASSIMO; Palermo, Italia<\/figcaption><\/figure><\/li><li class=\"blocks-gallery-item\"><figure><img loading=\"lazy\" decoding=\"async\" width=\"1024\" height=\"683\" src=\"https:\/\/www.manetti.com\/wp-content\/uploads\/2020\/06\/ODESSA-NATIONAL-ACADEMIC-THEATRE-OF-OPERA-AND-BALLET\ufffd-Odessa-Ukraine-1-1024x683.jpg\" alt=\"\" data-id=\"12923\" data-full-url=\"https:\/\/www.manetti.com\/wp-content\/uploads\/2020\/06\/ODESSA-NATIONAL-ACADEMIC-THEATRE-OF-OPERA-AND-BALLET\ufffd-Odessa-Ukraine-1.jpg\" data-link=\"https:\/\/www.manetti.com\/gallery\/teatri\/odessa-national-academic-theatre-of-opera-and-ballet%ef%bf%bd-odessa-ukraine-1\/\" class=\"wp-image-30665\" srcset=\"https:\/\/www.manetti.com\/wp-content\/uploads\/2020\/06\/ODESSA-NATIONAL-ACADEMIC-THEATRE-OF-OPERA-AND-BALLET\ufffd-Odessa-Ukraine-1-1024x683.jpg 1024w, https:\/\/www.manetti.com\/wp-content\/uploads\/2020\/06\/ODESSA-NATIONAL-ACADEMIC-THEATRE-OF-OPERA-AND-BALLET\ufffd-Odessa-Ukraine-1-300x200.jpg 300w, https:\/\/www.manetti.com\/wp-content\/uploads\/2020\/06\/ODESSA-NATIONAL-ACADEMIC-THEATRE-OF-OPERA-AND-BALLET\ufffd-Odessa-Ukraine-1-768x512.jpg 768w, https:\/\/www.manetti.com\/wp-content\/uploads\/2020\/06\/ODESSA-NATIONAL-ACADEMIC-THEATRE-OF-OPERA-AND-BALLET\ufffd-Odessa-Ukraine-1-1536x1024.jpg 1536w, https:\/\/www.manetti.com\/wp-content\/uploads\/2020\/06\/ODESSA-NATIONAL-ACADEMIC-THEATRE-OF-OPERA-AND-BALLET\ufffd-Odessa-Ukraine-1-2048x1366.jpg 2048w, https:\/\/www.manetti.com\/wp-content\/uploads\/2020\/06\/ODESSA-NATIONAL-ACADEMIC-THEATRE-OF-OPERA-AND-BALLET\ufffd-Odessa-Ukraine-1-600x400.jpg 600w\" sizes=\"auto, (max-width: 1024px) 100vw, 1024px\" \/><figcaption class=\"blocks-gallery-item__caption\">TEATRO DE \u00d3PERA Y BALLET DE ODESA; Odesa, Ucrania<\/figcaption><\/figure><\/li><li class=\"blocks-gallery-item\"><figure><img loading=\"lazy\" decoding=\"async\" width=\"1024\" height=\"680\" src=\"https:\/\/www.manetti.com\/wp-content\/uploads\/2020\/01\/TEATRO-REGIO\ufffd-Parma-Italy-1024x680.jpg\" alt=\"\" data-id=\"2426\" data-link=\"https:\/\/www.manetti.com\/gallery-teatri\/teatro-regio-parma-emilia-romagna-italy\/\" class=\"wp-image-2426\" srcset=\"https:\/\/www.manetti.com\/wp-content\/uploads\/2020\/01\/TEATRO-REGIO\ufffd-Parma-Italy-1024x680.jpg 1024w, https:\/\/www.manetti.com\/wp-content\/uploads\/2020\/01\/TEATRO-REGIO\ufffd-Parma-Italy-scaled-600x398.jpg 600w, https:\/\/www.manetti.com\/wp-content\/uploads\/2020\/01\/TEATRO-REGIO\ufffd-Parma-Italy-300x199.jpg 300w, https:\/\/www.manetti.com\/wp-content\/uploads\/2020\/01\/TEATRO-REGIO\ufffd-Parma-Italy-768x510.jpg 768w, https:\/\/www.manetti.com\/wp-content\/uploads\/2020\/01\/TEATRO-REGIO\ufffd-Parma-Italy-1536x1020.jpg 1536w, https:\/\/www.manetti.com\/wp-content\/uploads\/2020\/01\/TEATRO-REGIO\ufffd-Parma-Italy-2048x1360.jpg 2048w\" sizes=\"auto, (max-width: 1024px) 100vw, 1024px\" \/><figcaption class=\"blocks-gallery-item__caption\">TEATRO REGIO; Parma, Italia<\/figcaption><\/figure><\/li><li class=\"blocks-gallery-item\"><figure><img loading=\"lazy\" decoding=\"async\" width=\"720\" height=\"1024\" src=\"https:\/\/www.manetti.com\/wp-content\/uploads\/2020\/01\/OP\u00c9RA-GARNIER\ufffd-Paris-France-1-720x1024.jpeg\" alt=\"\" data-id=\"2446\" data-link=\"https:\/\/www.manetti.com\/gallery-teatri\/palais-garnier\/\" class=\"wp-image-2446\" srcset=\"https:\/\/www.manetti.com\/wp-content\/uploads\/2020\/01\/OP\u00c9RA-GARNIER\ufffd-Paris-France-1-720x1024.jpeg 720w, https:\/\/www.manetti.com\/wp-content\/uploads\/2020\/01\/OP\u00c9RA-GARNIER\ufffd-Paris-France-1-scaled-600x854.jpeg 600w, https:\/\/www.manetti.com\/wp-content\/uploads\/2020\/01\/OP\u00c9RA-GARNIER\ufffd-Paris-France-1-211x300.jpeg 211w, https:\/\/www.manetti.com\/wp-content\/uploads\/2020\/01\/OP\u00c9RA-GARNIER\ufffd-Paris-France-1-768x1093.jpeg 768w, https:\/\/www.manetti.com\/wp-content\/uploads\/2020\/01\/OP\u00c9RA-GARNIER\ufffd-Paris-France-1-1079x1536.jpeg 1079w, https:\/\/www.manetti.com\/wp-content\/uploads\/2020\/01\/OP\u00c9RA-GARNIER\ufffd-Paris-France-1-1439x2048.jpeg 1439w, https:\/\/www.manetti.com\/wp-content\/uploads\/2020\/01\/OP\u00c9RA-GARNIER\ufffd-Paris-France-1-scaled.jpeg 1799w\" sizes=\"auto, (max-width: 720px) 100vw, 720px\" \/><figcaption class=\"blocks-gallery-item__caption\">PALACIO GARNIER o OP\u00c9RA GARNIER; Par\u00eds, Francia<\/figcaption><\/figure><\/li><li class=\"blocks-gallery-item\"><figure><img loading=\"lazy\" decoding=\"async\" width=\"1024\" height=\"807\" src=\"https:\/\/www.manetti.com\/wp-content\/uploads\/2020\/01\/PANTAGES-THEATER\ufffd-Los-Angeles-USA-1024x807.jpg\" alt=\"\" data-id=\"2448\" data-link=\"https:\/\/www.manetti.com\/gallery-teatri\/pantages-theater-6233-hollywood-boulevard-california-1929-interior-of-the-auditorium\/\" class=\"wp-image-2448\" srcset=\"https:\/\/www.manetti.com\/wp-content\/uploads\/2020\/01\/PANTAGES-THEATER\ufffd-Los-Angeles-USA-1024x807.jpg 1024w, https:\/\/www.manetti.com\/wp-content\/uploads\/2020\/01\/PANTAGES-THEATER\ufffd-Los-Angeles-USA-scaled-600x473.jpg 600w, https:\/\/www.manetti.com\/wp-content\/uploads\/2020\/01\/PANTAGES-THEATER\ufffd-Los-Angeles-USA-300x236.jpg 300w, https:\/\/www.manetti.com\/wp-content\/uploads\/2020\/01\/PANTAGES-THEATER\ufffd-Los-Angeles-USA-768x605.jpg 768w, https:\/\/www.manetti.com\/wp-content\/uploads\/2020\/01\/PANTAGES-THEATER\ufffd-Los-Angeles-USA-1536x1210.jpg 1536w, https:\/\/www.manetti.com\/wp-content\/uploads\/2020\/01\/PANTAGES-THEATER\ufffd-Los-Angeles-USA-2048x1613.jpg 2048w\" sizes=\"auto, (max-width: 1024px) 100vw, 1024px\" \/><figcaption class=\"blocks-gallery-item__caption\">PANTAGES THEATER; Los \u00c1ngeles, USA<\/figcaption><\/figure><\/li><li class=\"blocks-gallery-item\"><figure><img loading=\"lazy\" decoding=\"async\" width=\"1024\" height=\"683\" src=\"https:\/\/www.manetti.com\/wp-content\/uploads\/2020\/01\/ROYAL-ALBERT-HALL\ufffd-London-UK-1024x683.jpg\" alt=\"\" data-id=\"2450\" data-link=\"https:\/\/www.manetti.com\/gallery-teatri\/royal-albert-hall-interior-london\/\" class=\"wp-image-2450\" srcset=\"https:\/\/www.manetti.com\/wp-content\/uploads\/2020\/01\/ROYAL-ALBERT-HALL\ufffd-London-UK-1024x683.jpg 1024w, https:\/\/www.manetti.com\/wp-content\/uploads\/2020\/01\/ROYAL-ALBERT-HALL\ufffd-London-UK-scaled-600x400.jpg 600w, https:\/\/www.manetti.com\/wp-content\/uploads\/2020\/01\/ROYAL-ALBERT-HALL\ufffd-London-UK-300x200.jpg 300w, https:\/\/www.manetti.com\/wp-content\/uploads\/2020\/01\/ROYAL-ALBERT-HALL\ufffd-London-UK-768x512.jpg 768w, https:\/\/www.manetti.com\/wp-content\/uploads\/2020\/01\/ROYAL-ALBERT-HALL\ufffd-London-UK-1536x1024.jpg 1536w, https:\/\/www.manetti.com\/wp-content\/uploads\/2020\/01\/ROYAL-ALBERT-HALL\ufffd-London-UK-2048x1365.jpg 2048w\" sizes=\"auto, (max-width: 1024px) 100vw, 1024px\" \/><figcaption class=\"blocks-gallery-item__caption\">ROYAL ALBERT HALL; Londres, UK<\/figcaption><\/figure><\/li><li class=\"blocks-gallery-item\"><figure><img loading=\"lazy\" decoding=\"async\" width=\"1024\" height=\"567\" src=\"https:\/\/www.manetti.com\/wp-content\/uploads\/2020\/01\/SAN-CARLO-OPERA-HOUSE\ufffd-Naples-Italy-1024x567.jpg\" alt=\"\" data-id=\"2452\" data-link=\"https:\/\/www.manetti.com\/gallery-teatri\/panoramic-interior-of-san-carlo-opera-house-naples-italy-royal-theatre-of-saint-charles\/\" class=\"wp-image-2452\" srcset=\"https:\/\/www.manetti.com\/wp-content\/uploads\/2020\/01\/SAN-CARLO-OPERA-HOUSE\ufffd-Naples-Italy-1024x567.jpg 1024w, https:\/\/www.manetti.com\/wp-content\/uploads\/2020\/01\/SAN-CARLO-OPERA-HOUSE\ufffd-Naples-Italy-scaled-600x332.jpg 600w, https:\/\/www.manetti.com\/wp-content\/uploads\/2020\/01\/SAN-CARLO-OPERA-HOUSE\ufffd-Naples-Italy-300x166.jpg 300w, https:\/\/www.manetti.com\/wp-content\/uploads\/2020\/01\/SAN-CARLO-OPERA-HOUSE\ufffd-Naples-Italy-768x425.jpg 768w, https:\/\/www.manetti.com\/wp-content\/uploads\/2020\/01\/SAN-CARLO-OPERA-HOUSE\ufffd-Naples-Italy-1536x850.jpg 1536w, https:\/\/www.manetti.com\/wp-content\/uploads\/2020\/01\/SAN-CARLO-OPERA-HOUSE\ufffd-Naples-Italy-2048x1133.jpg 2048w\" sizes=\"auto, (max-width: 1024px) 100vw, 1024px\" \/><figcaption class=\"blocks-gallery-item__caption\">TEATRO DE SAN CARLOS; N\u00e1poles, Italia<\/figcaption><\/figure><\/li><li class=\"blocks-gallery-item\"><figure><img loading=\"lazy\" decoding=\"async\" width=\"1024\" height=\"775\" src=\"https:\/\/www.manetti.com\/wp-content\/uploads\/2020\/01\/SEVERANCE-HALL\ufffd-Cleveland-USA-1024x775.jpg\" alt=\"\" data-id=\"2454\" data-link=\"https:\/\/www.manetti.com\/gallery-teatri\/severance-hall%ef%bf%bd-cleveland-usa\/\" class=\"wp-image-2454\" srcset=\"https:\/\/www.manetti.com\/wp-content\/uploads\/2020\/01\/SEVERANCE-HALL\ufffd-Cleveland-USA-1024x775.jpg 1024w, https:\/\/www.manetti.com\/wp-content\/uploads\/2020\/01\/SEVERANCE-HALL\ufffd-Cleveland-USA-600x454.jpg 600w, https:\/\/www.manetti.com\/wp-content\/uploads\/2020\/01\/SEVERANCE-HALL\ufffd-Cleveland-USA-300x227.jpg 300w, https:\/\/www.manetti.com\/wp-content\/uploads\/2020\/01\/SEVERANCE-HALL\ufffd-Cleveland-USA-768x582.jpg 768w, https:\/\/www.manetti.com\/wp-content\/uploads\/2020\/01\/SEVERANCE-HALL\ufffd-Cleveland-USA.jpg 1100w\" sizes=\"auto, (max-width: 1024px) 100vw, 1024px\" \/><figcaption class=\"blocks-gallery-item__caption\">SEVERANCE HALL; Cleveland, USA<\/figcaption><\/figure><\/li><li class=\"blocks-gallery-item\"><figure><img loading=\"lazy\" decoding=\"async\" width=\"1024\" height=\"498\" src=\"https:\/\/www.manetti.com\/wp-content\/uploads\/2020\/01\/TEATRO-ALLA-SCALA\ufffd-Milan-Italy-1024x498.jpg\" alt=\"\" data-id=\"2456\" data-link=\"https:\/\/www.manetti.com\/gallery-teatri\/horizontal-view-inside-la-scala-in-milan-italy\/\" class=\"wp-image-2456\" srcset=\"https:\/\/www.manetti.com\/wp-content\/uploads\/2020\/01\/TEATRO-ALLA-SCALA\ufffd-Milan-Italy-1024x498.jpg 1024w, https:\/\/www.manetti.com\/wp-content\/uploads\/2020\/01\/TEATRO-ALLA-SCALA\ufffd-Milan-Italy-scaled-600x292.jpg 600w, https:\/\/www.manetti.com\/wp-content\/uploads\/2020\/01\/TEATRO-ALLA-SCALA\ufffd-Milan-Italy-300x146.jpg 300w, https:\/\/www.manetti.com\/wp-content\/uploads\/2020\/01\/TEATRO-ALLA-SCALA\ufffd-Milan-Italy-768x373.jpg 768w, https:\/\/www.manetti.com\/wp-content\/uploads\/2020\/01\/TEATRO-ALLA-SCALA\ufffd-Milan-Italy-1536x747.jpg 1536w, https:\/\/www.manetti.com\/wp-content\/uploads\/2020\/01\/TEATRO-ALLA-SCALA\ufffd-Milan-Italy-2048x996.jpg 2048w\" sizes=\"auto, (max-width: 1024px) 100vw, 1024px\" \/><figcaption class=\"blocks-gallery-item__caption\">TEATRO DE LA SCALA; Mil\u00e1n, Italia<\/figcaption><\/figure><\/li><li class=\"blocks-gallery-item\"><figure><img loading=\"lazy\" decoding=\"async\" width=\"1024\" height=\"683\" src=\"https:\/\/www.manetti.com\/wp-content\/uploads\/2020\/01\/TEATRO-COL\u00d3N\ufffd-Buenos-Aires-Argentina-1024x683.jpg\" alt=\"\" data-id=\"2458\" data-link=\"https:\/\/www.manetti.com\/gallery-teatri\/state-opera-house-in-budapest-hungary-europe\/\" class=\"wp-image-50311\" srcset=\"https:\/\/www.manetti.com\/wp-content\/uploads\/2020\/01\/TEATRO-COL\u00d3N\ufffd-Buenos-Aires-Argentina-1024x683.jpg 1024w, https:\/\/www.manetti.com\/wp-content\/uploads\/2020\/01\/TEATRO-COL\u00d3N\ufffd-Buenos-Aires-Argentina-scaled-600x400.jpg 600w, https:\/\/www.manetti.com\/wp-content\/uploads\/2020\/01\/TEATRO-COL\u00d3N\ufffd-Buenos-Aires-Argentina-300x200.jpg 300w, https:\/\/www.manetti.com\/wp-content\/uploads\/2020\/01\/TEATRO-COL\u00d3N\ufffd-Buenos-Aires-Argentina-768x512.jpg 768w, https:\/\/www.manetti.com\/wp-content\/uploads\/2020\/01\/TEATRO-COL\u00d3N\ufffd-Buenos-Aires-Argentina-1536x1024.jpg 1536w, https:\/\/www.manetti.com\/wp-content\/uploads\/2020\/01\/TEATRO-COL\u00d3N\ufffd-Buenos-Aires-Argentina-2048x1365.jpg 2048w\" sizes=\"auto, (max-width: 1024px) 100vw, 1024px\" \/><figcaption class=\"blocks-gallery-item__caption\">TEATRO COL\u00d3N; Buenos Aires, Argentina<\/figcaption><\/figure><\/li><li class=\"blocks-gallery-item\"><figure><img loading=\"lazy\" decoding=\"async\" width=\"1024\" height=\"777\" src=\"https:\/\/www.manetti.com\/wp-content\/uploads\/2020\/01\/TEATRO-LA-FENICE\ufffd-Venice-Italy-1024x777.jpg\" alt=\"\" data-id=\"2422\" data-link=\"https:\/\/www.manetti.com\/gallery-teatri\/interior-of-the-teatro-la-fenice-opera-house-venice-italy\/\" class=\"wp-image-2422\" srcset=\"https:\/\/www.manetti.com\/wp-content\/uploads\/2020\/01\/TEATRO-LA-FENICE\ufffd-Venice-Italy-1024x777.jpg 1024w, https:\/\/www.manetti.com\/wp-content\/uploads\/2020\/01\/TEATRO-LA-FENICE\ufffd-Venice-Italy-scaled-600x455.jpg 600w, https:\/\/www.manetti.com\/wp-content\/uploads\/2020\/01\/TEATRO-LA-FENICE\ufffd-Venice-Italy-300x228.jpg 300w, https:\/\/www.manetti.com\/wp-content\/uploads\/2020\/01\/TEATRO-LA-FENICE\ufffd-Venice-Italy-768x583.jpg 768w, https:\/\/www.manetti.com\/wp-content\/uploads\/2020\/01\/TEATRO-LA-FENICE\ufffd-Venice-Italy-1536x1166.jpg 1536w, https:\/\/www.manetti.com\/wp-content\/uploads\/2020\/01\/TEATRO-LA-FENICE\ufffd-Venice-Italy-2048x1555.jpg 2048w\" sizes=\"auto, (max-width: 1024px) 100vw, 1024px\" \/><figcaption class=\"blocks-gallery-item__caption\">OP\u00c9RA LA FENICE; Venecia, Italia<\/figcaption><\/figure><\/li><li class=\"blocks-gallery-item\"><figure><img loading=\"lazy\" decoding=\"async\" width=\"1024\" height=\"701\" src=\"https:\/\/www.manetti.com\/wp-content\/uploads\/2020\/01\/TEATRO-LA-FENICE\ufffd-Venice-Italy-2-1024x701.jpg\" alt=\"\" data-id=\"2460\" data-link=\"https:\/\/www.manetti.com\/gallery-teatri\/inside-gran-teatro-la-fenice-sestiere-di-san-marco-district-of-st-mark-venezia-venice-italy\/\" class=\"wp-image-2460\" srcset=\"https:\/\/www.manetti.com\/wp-content\/uploads\/2020\/01\/TEATRO-LA-FENICE\ufffd-Venice-Italy-2-1024x701.jpg 1024w, https:\/\/www.manetti.com\/wp-content\/uploads\/2020\/01\/TEATRO-LA-FENICE\ufffd-Venice-Italy-2-scaled-600x411.jpg 600w, https:\/\/www.manetti.com\/wp-content\/uploads\/2020\/01\/TEATRO-LA-FENICE\ufffd-Venice-Italy-2-300x205.jpg 300w, https:\/\/www.manetti.com\/wp-content\/uploads\/2020\/01\/TEATRO-LA-FENICE\ufffd-Venice-Italy-2-768x525.jpg 768w, https:\/\/www.manetti.com\/wp-content\/uploads\/2020\/01\/TEATRO-LA-FENICE\ufffd-Venice-Italy-2-1536x1051.jpg 1536w, https:\/\/www.manetti.com\/wp-content\/uploads\/2020\/01\/TEATRO-LA-FENICE\ufffd-Venice-Italy-2-2048x1401.jpg 2048w\" sizes=\"auto, (max-width: 1024px) 100vw, 1024px\" \/><figcaption class=\"blocks-gallery-item__caption\">OP\u00c9RA LA FENICE; Venecia, Italia<\/figcaption><\/figure><\/li><li class=\"blocks-gallery-item\"><figure><img loading=\"lazy\" decoding=\"async\" width=\"1024\" height=\"807\" src=\"https:\/\/www.manetti.com\/wp-content\/uploads\/2020\/01\/TEATRO-PETRUZZELLI\ufffd-Bari-Italy-1024x807.jpg\" alt=\"\" data-id=\"2424\" data-link=\"https:\/\/www.manetti.com\/gallery-teatri\/puglia-bari-teatro-petruzzelli-particularly-boxes-first-of-26-27-october-1991-when-theater-was-completely-destroyed-by-arson\/\" class=\"wp-image-2424\" srcset=\"https:\/\/www.manetti.com\/wp-content\/uploads\/2020\/01\/TEATRO-PETRUZZELLI\ufffd-Bari-Italy-1024x807.jpg 1024w, https:\/\/www.manetti.com\/wp-content\/uploads\/2020\/01\/TEATRO-PETRUZZELLI\ufffd-Bari-Italy-scaled-600x473.jpg 600w, https:\/\/www.manetti.com\/wp-content\/uploads\/2020\/01\/TEATRO-PETRUZZELLI\ufffd-Bari-Italy-300x237.jpg 300w, https:\/\/www.manetti.com\/wp-content\/uploads\/2020\/01\/TEATRO-PETRUZZELLI\ufffd-Bari-Italy-768x605.jpg 768w, https:\/\/www.manetti.com\/wp-content\/uploads\/2020\/01\/TEATRO-PETRUZZELLI\ufffd-Bari-Italy-1536x1211.jpg 1536w, https:\/\/www.manetti.com\/wp-content\/uploads\/2020\/01\/TEATRO-PETRUZZELLI\ufffd-Bari-Italy-2048x1615.jpg 2048w\" sizes=\"auto, (max-width: 1024px) 100vw, 1024px\" \/><figcaption class=\"blocks-gallery-item__caption\">TEATRO PETRUZZELLI; Bari, Italia<\/figcaption><\/figure><\/li><li class=\"blocks-gallery-item\"><figure><img loading=\"lazy\" decoding=\"async\" width=\"680\" height=\"1024\" src=\"https:\/\/www.manetti.com\/wp-content\/uploads\/2020\/01\/TEATRO-VALLI\ufffd-Reggio-Emilia-Italy-680x1024.jpg\" alt=\"\" data-id=\"2428\" data-link=\"https:\/\/www.manetti.com\/gallery-teatri\/teatro-valli%ef%bf%bd-reggio-emilia-italy\/\" class=\"wp-image-2428\" srcset=\"https:\/\/www.manetti.com\/wp-content\/uploads\/2020\/01\/TEATRO-VALLI\ufffd-Reggio-Emilia-Italy-680x1024.jpg 680w, https:\/\/www.manetti.com\/wp-content\/uploads\/2020\/01\/TEATRO-VALLI\ufffd-Reggio-Emilia-Italy-scaled-600x904.jpg 600w, https:\/\/www.manetti.com\/wp-content\/uploads\/2020\/01\/TEATRO-VALLI\ufffd-Reggio-Emilia-Italy-199x300.jpg 199w, https:\/\/www.manetti.com\/wp-content\/uploads\/2020\/01\/TEATRO-VALLI\ufffd-Reggio-Emilia-Italy-768x1156.jpg 768w, https:\/\/www.manetti.com\/wp-content\/uploads\/2020\/01\/TEATRO-VALLI\ufffd-Reggio-Emilia-Italy-1020x1536.jpg 1020w, https:\/\/www.manetti.com\/wp-content\/uploads\/2020\/01\/TEATRO-VALLI\ufffd-Reggio-Emilia-Italy-1360x2048.jpg 1360w, https:\/\/www.manetti.com\/wp-content\/uploads\/2020\/01\/TEATRO-VALLI\ufffd-Reggio-Emilia-Italy-scaled.jpg 1700w\" sizes=\"auto, (max-width: 680px) 100vw, 680px\" \/><figcaption class=\"blocks-gallery-item__caption\">TEATRO VALLI; Reggio Emilia, Italia<\/figcaption><\/figure><\/li><li class=\"blocks-gallery-item\"><figure><img loading=\"lazy\" decoding=\"async\" width=\"1024\" height=\"678\" src=\"https:\/\/www.manetti.com\/wp-content\/uploads\/2020\/01\/THE-STATE-OPERA\ufffd-Prague-Czech-Republic-2-1024x678.jpg\" alt=\"\" data-id=\"2430\" data-link=\"https:\/\/www.manetti.com\/gallery-teatri\/traditional-ball-in-state-opera-prague-czech-republic-february-2010\/\" class=\"wp-image-2430\" srcset=\"https:\/\/www.manetti.com\/wp-content\/uploads\/2020\/01\/THE-STATE-OPERA\ufffd-Prague-Czech-Republic-2-1024x678.jpg 1024w, https:\/\/www.manetti.com\/wp-content\/uploads\/2020\/01\/THE-STATE-OPERA\ufffd-Prague-Czech-Republic-2-scaled-600x397.jpg 600w, https:\/\/www.manetti.com\/wp-content\/uploads\/2020\/01\/THE-STATE-OPERA\ufffd-Prague-Czech-Republic-2-300x199.jpg 300w, https:\/\/www.manetti.com\/wp-content\/uploads\/2020\/01\/THE-STATE-OPERA\ufffd-Prague-Czech-Republic-2-768x508.jpg 768w, https:\/\/www.manetti.com\/wp-content\/uploads\/2020\/01\/THE-STATE-OPERA\ufffd-Prague-Czech-Republic-2-1536x1017.jpg 1536w, https:\/\/www.manetti.com\/wp-content\/uploads\/2020\/01\/THE-STATE-OPERA\ufffd-Prague-Czech-Republic-2-2048x1356.jpg 2048w\" sizes=\"auto, (max-width: 1024px) 100vw, 1024px\" \/><figcaption class=\"blocks-gallery-item__caption\">\u00d3PERA ESTATAL; Praga, Rep\u00fablica Checa<\/figcaption><\/figure><\/li><li class=\"blocks-gallery-item\"><figure><img loading=\"lazy\" decoding=\"async\" width=\"1024\" height=\"668\" src=\"https:\/\/www.manetti.com\/wp-content\/uploads\/2020\/01\/THE-STATE-OPERA\ufffd-Prague-Czech-Republic-1024x668.jpg\" alt=\"\" data-id=\"2432\" data-link=\"https:\/\/www.manetti.com\/gallery-teatri\/state-opera-prague-czech-republic\/\" class=\"wp-image-2432\" srcset=\"https:\/\/www.manetti.com\/wp-content\/uploads\/2020\/01\/THE-STATE-OPERA\ufffd-Prague-Czech-Republic-1024x668.jpg 1024w, https:\/\/www.manetti.com\/wp-content\/uploads\/2020\/01\/THE-STATE-OPERA\ufffd-Prague-Czech-Republic-scaled-600x391.jpg 600w, https:\/\/www.manetti.com\/wp-content\/uploads\/2020\/01\/THE-STATE-OPERA\ufffd-Prague-Czech-Republic-300x196.jpg 300w, https:\/\/www.manetti.com\/wp-content\/uploads\/2020\/01\/THE-STATE-OPERA\ufffd-Prague-Czech-Republic-768x501.jpg 768w, https:\/\/www.manetti.com\/wp-content\/uploads\/2020\/01\/THE-STATE-OPERA\ufffd-Prague-Czech-Republic-1536x1002.jpg 1536w, https:\/\/www.manetti.com\/wp-content\/uploads\/2020\/01\/THE-STATE-OPERA\ufffd-Prague-Czech-Republic-2048x1335.jpg 2048w\" sizes=\"auto, (max-width: 1024px) 100vw, 1024px\" \/><figcaption class=\"blocks-gallery-item__caption\">\u00d3PERA ESTATAL; Praga, Rep\u00fablica Checa<\/figcaption><\/figure><\/li><li class=\"blocks-gallery-item\"><figure><img loading=\"lazy\" decoding=\"async\" width=\"1024\" height=\"810\" src=\"https:\/\/www.manetti.com\/wp-content\/uploads\/2020\/01\/THEATRE-OF-THE-COURT-ROYAL-PALACE-OF-CASERTA\ufffd-Caserta-Italy-1024x810.jpg\" alt=\"\" data-id=\"2434\" data-link=\"https:\/\/www.manetti.com\/gallery-teatri\/campania-caserta-royal-palace-theatre-of-the-court-inaugurated-by-ferdinand-iv-in-1769-architect-luigi-vanvitelli-1700-73\/\" class=\"wp-image-2434\" srcset=\"https:\/\/www.manetti.com\/wp-content\/uploads\/2020\/01\/THEATRE-OF-THE-COURT-ROYAL-PALACE-OF-CASERTA\ufffd-Caserta-Italy-1024x810.jpg 1024w, https:\/\/www.manetti.com\/wp-content\/uploads\/2020\/01\/THEATRE-OF-THE-COURT-ROYAL-PALACE-OF-CASERTA\ufffd-Caserta-Italy-scaled-600x474.jpg 600w, https:\/\/www.manetti.com\/wp-content\/uploads\/2020\/01\/THEATRE-OF-THE-COURT-ROYAL-PALACE-OF-CASERTA\ufffd-Caserta-Italy-300x237.jpg 300w, https:\/\/www.manetti.com\/wp-content\/uploads\/2020\/01\/THEATRE-OF-THE-COURT-ROYAL-PALACE-OF-CASERTA\ufffd-Caserta-Italy-768x607.jpg 768w, https:\/\/www.manetti.com\/wp-content\/uploads\/2020\/01\/THEATRE-OF-THE-COURT-ROYAL-PALACE-OF-CASERTA\ufffd-Caserta-Italy-1536x1215.jpg 1536w, https:\/\/www.manetti.com\/wp-content\/uploads\/2020\/01\/THEATRE-OF-THE-COURT-ROYAL-PALACE-OF-CASERTA\ufffd-Caserta-Italy-2048x1620.jpg 2048w\" sizes=\"auto, (max-width: 1024px) 100vw, 1024px\" \/><figcaption class=\"blocks-gallery-item__caption\">TEATRO DE LA CORTE &#8211; PALACIO REAL DE CASERTA; Caserta, Italia<\/figcaption><\/figure><\/li><\/ul><\/figure>\n\n\n\n<p>El legendario&nbsp;<strong>Bolshoy de Mosc\u00fa<\/strong>, el opulento&nbsp;<strong>Fox Theatre de Saint Louis<\/strong>&nbsp;(Estados Unidos), el&nbsp;<strong>Teatro Col\u00f3n de Buenos Aires<\/strong>, la<strong>\u00d3pera de Budapest<\/strong>,&nbsp;<strong>La Scala de Mil\u00e1n<\/strong>, el Teatro&nbsp;<strong>Massimo de Palermo<\/strong>&nbsp;y el&nbsp;<strong>San Carlo de N\u00e1poles<\/strong>. Y el&nbsp;<strong>Teatro Nacional de Odessa<\/strong>&nbsp;y el&nbsp;<strong>Royal Albert Hall de Londres<\/strong>: en todo el mundo hay innumerables teatros y salas de conciertos ricamente decorados con el pan de oro puro de Giusto Manetti Battiloro, que envuelve con su precioso esplendor estucos y techos de madera, muebles y elementos decorativos, balcones, plateas, escenarios y vest\u00edbulos.<br><br>Entre sus tantas realizaciones, ocupa un lugar de honor la del&nbsp;<strong>Teatro la Fenice de Venecia<\/strong>, una joya de la arquitectura teatral del siglo XVIII, restaurada filol\u00f3gicamente, con materiales y t\u00e9cnicas tradicionales, y reabierta al p\u00fablico en 2003 tras el tr\u00e1gico incendio que lo destruy\u00f3 en 1996.&nbsp;<\/p>\n","protected":false},"excerpt":{"rendered":"<p>Desde el legendario Bolshoy de Mosc\u00fa hasta La Fenice de Venecia, el pan de oro Manetti brilla en los teatros m\u00e1s bellos del mundo.Navegue por la Galer\u00eda para ver una selecci\u00f3n de los logros m\u00e1s sorprendentes. El legendario&nbsp;Bolshoy de Mosc\u00fa, el opulento&nbsp;Fox Theatre de Saint Louis&nbsp;(Estados Unidos), el&nbsp;Teatro Col\u00f3n de Buenos Aires, la\u00d3pera de Budapest,&nbsp;La [&#8230;]<\/p>\n<p><a class=\"btn btn-secondary understrap-read-more-link\" href=\"https:\/\/www.manetti.com\/es\/galeria\/teatros\/\">Leer m\u00e1s&#8230;<\/a><\/p>\n","protected":false},"author":1,"featured_media":30656,"parent":32495,"menu_order":0,"comment_status":"closed","ping_status":"closed","template":"page-templates\/gallery-template.php","meta":{"_acf_changed":false,"footnotes":""},"class_list":["post-30654","page","type-page","status-publish","has-post-thumbnail","hentry"],"acf":[],"yoast_head":"<!-- This site is optimized with the Yoast SEO plugin v26.5 - https:\/\/yoast.com\/wordpress\/plugins\/seo\/ -->\n<title>Teatros con pan de oro | Giusto Manetti Battiloro<\/title>\n<meta name=\"description\" content=\"Explore las fotos de los mejores teatros del mundo restaurados con pan de oro y descubra las mejores aplicaciones de pan de oro de Manetti.\" \/>\n<meta name=\"robots\" content=\"index, follow, max-snippet:-1, max-image-preview:large, max-video-preview:-1\" \/>\n<link rel=\"canonical\" href=\"https:\/\/www.manetti.com\/es\/galeria\/teatros\/\" \/>\n<meta property=\"og:locale\" content=\"es_ES\" \/>\n<meta property=\"og:type\" content=\"article\" \/>\n<meta property=\"og:title\" content=\"I migliori teatri al mondo impreziositi dalla foglia d&#039;oro | Giusto Manetti Battiloro\" \/>\n<meta property=\"og:description\" content=\"Sfoglia le foto dei migliori teatri del mondo restaurati con foglia d&#039;oro e scopri le migliori applicazioni Manetti foglia d&#039;oro.\" \/>\n<meta property=\"og:url\" content=\"https:\/\/www.manetti.com\/es\/galeria\/teatros\/\" \/>\n<meta property=\"og:site_name\" content=\"Giusto Manetti Battiloro\" \/>\n<meta property=\"article:publisher\" content=\"https:\/\/www.facebook.com\/giustomanettibattiloro\" \/>\n<meta property=\"article:modified_time\" content=\"2022-08-03T15:22:26+00:00\" \/>\n<meta property=\"og:image\" content=\"https:\/\/www.manetti.com\/wp-content\/uploads\/2020\/01\/TEATRO-COL\u00d3N\ufffd-Buenos-Aires-Argentina-scaled.jpg\" \/>\n\t<meta property=\"og:image:width\" content=\"2560\" \/>\n\t<meta property=\"og:image:height\" content=\"1707\" \/>\n\t<meta property=\"og:image:type\" content=\"image\/jpeg\" \/>\n<meta name=\"twitter:card\" content=\"summary_large_image\" \/>\n<meta name=\"twitter:title\" content=\"I migliori teatri al mondo impreziositi dalla foglia d&#039;oro | Giusto Manetti Battiloro\" \/>\n<meta name=\"twitter:description\" content=\"Sfoglia le foto dei migliori teatri del mondo restaurati con foglia d&#039;oro e scopri le migliori applicazioni Manetti foglia d&#039;oro.\" \/>\n<meta name=\"twitter:image\" content=\"https:\/\/www.manetti.com\/wp-content\/uploads\/2020\/01\/TEATRO-COL\u00d3N\ufffd-Buenos-Aires-Argentina-scaled.jpg\" \/>\n<meta name=\"twitter:label1\" content=\"Tiempo de lectura\" \/>\n\t<meta name=\"twitter:data1\" content=\"6 minutos\" \/>\n<script type=\"application\/ld+json\" class=\"yoast-schema-graph\">{\"@context\":\"https:\/\/schema.org\",\"@graph\":[{\"@type\":\"WebPage\",\"@id\":\"https:\/\/www.manetti.com\/es\/galeria\/teatros\/\",\"url\":\"https:\/\/www.manetti.com\/es\/galeria\/teatros\/\",\"name\":\"Teatros con pan de oro | Giusto Manetti Battiloro\",\"isPartOf\":{\"@id\":\"https:\/\/www.manetti.com\/es\/#website\"},\"primaryImageOfPage\":{\"@id\":\"https:\/\/www.manetti.com\/es\/galeria\/teatros\/#primaryimage\"},\"image\":{\"@id\":\"https:\/\/www.manetti.com\/es\/galeria\/teatros\/#primaryimage\"},\"thumbnailUrl\":\"https:\/\/www.manetti.com\/wp-content\/uploads\/2020\/01\/HUNGARIAN-STATE-OPERA-HOUSE\ufffd-Budapest-Hungary-scaled.jpg\",\"datePublished\":\"2020-01-16T16:54:40+00:00\",\"dateModified\":\"2022-08-03T15:22:26+00:00\",\"description\":\"Explore las fotos de los mejores teatros del mundo restaurados con pan de oro y descubra las mejores aplicaciones de pan de oro de Manetti.\",\"inLanguage\":\"es\",\"potentialAction\":[{\"@type\":\"ReadAction\",\"target\":[\"https:\/\/www.manetti.com\/es\/galeria\/teatros\/\"]}]},{\"@type\":\"ImageObject\",\"inLanguage\":\"es\",\"@id\":\"https:\/\/www.manetti.com\/es\/galeria\/teatros\/#primaryimage\",\"url\":\"https:\/\/www.manetti.com\/wp-content\/uploads\/2020\/01\/HUNGARIAN-STATE-OPERA-HOUSE\ufffd-Budapest-Hungary-scaled.jpg\",\"contentUrl\":\"https:\/\/www.manetti.com\/wp-content\/uploads\/2020\/01\/HUNGARIAN-STATE-OPERA-HOUSE\ufffd-Budapest-Hungary-scaled.jpg\",\"width\":2560,\"height\":1707,\"caption\":\"TEATRO DELL'OPERA DI STATO UNGHERESE; Budapest, Ungheria\"},{\"@type\":\"WebSite\",\"@id\":\"https:\/\/www.manetti.com\/es\/#website\",\"url\":\"https:\/\/www.manetti.com\/es\/\",\"name\":\"Giusto Manetti Battiloro\",\"description\":\"\",\"publisher\":{\"@id\":\"https:\/\/www.manetti.com\/es\/#organization\"},\"potentialAction\":[{\"@type\":\"SearchAction\",\"target\":{\"@type\":\"EntryPoint\",\"urlTemplate\":\"https:\/\/www.manetti.com\/es\/?s={search_term_string}\"},\"query-input\":{\"@type\":\"PropertyValueSpecification\",\"valueRequired\":true,\"valueName\":\"search_term_string\"}}],\"inLanguage\":\"es\"},{\"@type\":\"Organization\",\"@id\":\"https:\/\/www.manetti.com\/es\/#organization\",\"name\":\"GIUSTO MANETTI BATTILORO S.P.A.\",\"url\":\"https:\/\/www.manetti.com\/es\/\",\"logo\":{\"@type\":\"ImageObject\",\"inLanguage\":\"es\",\"@id\":\"https:\/\/www.manetti.com\/es\/#\/schema\/logo\/image\/\",\"url\":\"https:\/\/www.manetti.com\/wp-content\/uploads\/2025\/02\/giusto-manetti-blu_300-02.png\",\"contentUrl\":\"https:\/\/www.manetti.com\/wp-content\/uploads\/2025\/02\/giusto-manetti-blu_300-02.png\",\"width\":1123,\"height\":1093,\"caption\":\"GIUSTO MANETTI BATTILORO S.P.A.\"},\"image\":{\"@id\":\"https:\/\/www.manetti.com\/es\/#\/schema\/logo\/image\/\"},\"sameAs\":[\"https:\/\/www.facebook.com\/giustomanettibattiloro\",\"https:\/\/www.instagram.com\/giustomanettibattiloro\/\",\"https:\/\/www.linkedin.com\/company\/giusto-manetti-battiloro-s-p-a-\/\",\"https:\/\/www.youtube.com\/user\/ManettiBattiloro\"]}]}<\/script>\n<!-- \/ Yoast SEO plugin. -->","yoast_head_json":{"title":"Teatros con pan de oro | Giusto Manetti Battiloro","description":"Explore las fotos de los mejores teatros del mundo restaurados con pan de oro y descubra las mejores aplicaciones de pan de oro de Manetti.","robots":{"index":"index","follow":"follow","max-snippet":"max-snippet:-1","max-image-preview":"max-image-preview:large","max-video-preview":"max-video-preview:-1"},"canonical":"https:\/\/www.manetti.com\/es\/galeria\/teatros\/","og_locale":"es_ES","og_type":"article","og_title":"I migliori teatri al mondo impreziositi dalla foglia d'oro | Giusto Manetti Battiloro","og_description":"Sfoglia le foto dei migliori teatri del mondo restaurati con foglia d'oro e scopri le migliori applicazioni Manetti foglia d'oro.","og_url":"https:\/\/www.manetti.com\/es\/galeria\/teatros\/","og_site_name":"Giusto Manetti Battiloro","article_publisher":"https:\/\/www.facebook.com\/giustomanettibattiloro","article_modified_time":"2022-08-03T15:22:26+00:00","og_image":[{"width":2560,"height":1707,"url":"https:\/\/www.manetti.com\/wp-content\/uploads\/2020\/01\/TEATRO-COL\u00d3N\ufffd-Buenos-Aires-Argentina-scaled.jpg","type":"image\/jpeg"}],"twitter_card":"summary_large_image","twitter_title":"I migliori teatri al mondo impreziositi dalla foglia d'oro | Giusto Manetti Battiloro","twitter_description":"Sfoglia le foto dei migliori teatri del mondo restaurati con foglia d'oro e scopri le migliori applicazioni Manetti foglia d'oro.","twitter_image":"https:\/\/www.manetti.com\/wp-content\/uploads\/2020\/01\/TEATRO-COL\u00d3N\ufffd-Buenos-Aires-Argentina-scaled.jpg","twitter_misc":{"Tiempo de lectura":"6 minutos"},"schema":{"@context":"https:\/\/schema.org","@graph":[{"@type":"WebPage","@id":"https:\/\/www.manetti.com\/es\/galeria\/teatros\/","url":"https:\/\/www.manetti.com\/es\/galeria\/teatros\/","name":"Teatros con pan de oro | Giusto Manetti Battiloro","isPartOf":{"@id":"https:\/\/www.manetti.com\/es\/#website"},"primaryImageOfPage":{"@id":"https:\/\/www.manetti.com\/es\/galeria\/teatros\/#primaryimage"},"image":{"@id":"https:\/\/www.manetti.com\/es\/galeria\/teatros\/#primaryimage"},"thumbnailUrl":"https:\/\/www.manetti.com\/wp-content\/uploads\/2020\/01\/HUNGARIAN-STATE-OPERA-HOUSE\ufffd-Budapest-Hungary-scaled.jpg","datePublished":"2020-01-16T16:54:40+00:00","dateModified":"2022-08-03T15:22:26+00:00","description":"Explore las fotos de los mejores teatros del mundo restaurados con pan de oro y descubra las mejores aplicaciones de pan de oro de Manetti.","inLanguage":"es","potentialAction":[{"@type":"ReadAction","target":["https:\/\/www.manetti.com\/es\/galeria\/teatros\/"]}]},{"@type":"ImageObject","inLanguage":"es","@id":"https:\/\/www.manetti.com\/es\/galeria\/teatros\/#primaryimage","url":"https:\/\/www.manetti.com\/wp-content\/uploads\/2020\/01\/HUNGARIAN-STATE-OPERA-HOUSE\ufffd-Budapest-Hungary-scaled.jpg","contentUrl":"https:\/\/www.manetti.com\/wp-content\/uploads\/2020\/01\/HUNGARIAN-STATE-OPERA-HOUSE\ufffd-Budapest-Hungary-scaled.jpg","width":2560,"height":1707,"caption":"TEATRO DELL'OPERA DI STATO UNGHERESE; Budapest, Ungheria"},{"@type":"WebSite","@id":"https:\/\/www.manetti.com\/es\/#website","url":"https:\/\/www.manetti.com\/es\/","name":"Giusto Manetti Battiloro","description":"","publisher":{"@id":"https:\/\/www.manetti.com\/es\/#organization"},"potentialAction":[{"@type":"SearchAction","target":{"@type":"EntryPoint","urlTemplate":"https:\/\/www.manetti.com\/es\/?s={search_term_string}"},"query-input":{"@type":"PropertyValueSpecification","valueRequired":true,"valueName":"search_term_string"}}],"inLanguage":"es"},{"@type":"Organization","@id":"https:\/\/www.manetti.com\/es\/#organization","name":"GIUSTO MANETTI BATTILORO S.P.A.","url":"https:\/\/www.manetti.com\/es\/","logo":{"@type":"ImageObject","inLanguage":"es","@id":"https:\/\/www.manetti.com\/es\/#\/schema\/logo\/image\/","url":"https:\/\/www.manetti.com\/wp-content\/uploads\/2025\/02\/giusto-manetti-blu_300-02.png","contentUrl":"https:\/\/www.manetti.com\/wp-content\/uploads\/2025\/02\/giusto-manetti-blu_300-02.png","width":1123,"height":1093,"caption":"GIUSTO MANETTI BATTILORO S.P.A."},"image":{"@id":"https:\/\/www.manetti.com\/es\/#\/schema\/logo\/image\/"},"sameAs":["https:\/\/www.facebook.com\/giustomanettibattiloro","https:\/\/www.instagram.com\/giustomanettibattiloro\/","https:\/\/www.linkedin.com\/company\/giusto-manetti-battiloro-s-p-a-\/","https:\/\/www.youtube.com\/user\/ManettiBattiloro"]}]}},"_links":{"self":[{"href":"https:\/\/www.manetti.com\/es\/wp-json\/wp\/v2\/pages\/30654","targetHints":{"allow":["GET"]}}],"collection":[{"href":"https:\/\/www.manetti.com\/es\/wp-json\/wp\/v2\/pages"}],"about":[{"href":"https:\/\/www.manetti.com\/es\/wp-json\/wp\/v2\/types\/page"}],"author":[{"embeddable":true,"href":"https:\/\/www.manetti.com\/es\/wp-json\/wp\/v2\/users\/1"}],"replies":[{"embeddable":true,"href":"https:\/\/www.manetti.com\/es\/wp-json\/wp\/v2\/comments?post=30654"}],"version-history":[{"count":0,"href":"https:\/\/www.manetti.com\/es\/wp-json\/wp\/v2\/pages\/30654\/revisions"}],"up":[{"embeddable":true,"href":"https:\/\/www.manetti.com\/es\/wp-json\/wp\/v2\/pages\/32495"}],"wp:featuredmedia":[{"embeddable":true,"href":"https:\/\/www.manetti.com\/es\/wp-json\/wp\/v2\/media\/30656"}],"wp:attachment":[{"href":"https:\/\/www.manetti.com\/es\/wp-json\/wp\/v2\/media?parent=30654"}],"curies":[{"name":"wp","href":"https:\/\/api.w.org\/{rel}","templated":true}]}}