{"id":30460,"date":"2020-01-16T17:59:00","date_gmt":"2020-01-16T16:59:00","guid":{"rendered":"https:\/\/www.manetti.com\/architettura\/"},"modified":"2024-09-18T12:53:42","modified_gmt":"2024-09-18T10:53:42","slug":"architecture","status":"publish","type":"page","link":"https:\/\/www.manetti.com\/fr\/galerie\/architecture\/","title":{"rendered":"Architecture"},"content":{"rendered":"\r\n<p>Gratte-ciels, d\u00f4mes, mus\u00e9es, palais : les magnifiques dorures \u00e0 <a href=\"https:\/\/www.manetti.com\/fr\/catalogue-produits\/feuille-or\/\">la feuille d&#8217;or Manetti<\/a> font resplendir les plus belles architectures du monde entier. Parcourez la Galerie pour voir une s\u00e9lection !<\/p>\r\n\r\n\r\n\r\n<figure class=\"wp-block-gallery columns-2 is-cropped wp-block-gallery-1 is-layout-flex wp-block-gallery-is-layout-flex\">\r\n<ul class=\"blocks-gallery-grid\">\r\n<li class=\"blocks-gallery-item\">\r\n<figure><img loading=\"lazy\" decoding=\"async\" width=\"665\" height=\"1024\" class=\"wp-image-44695\" src=\"https:\/\/www.manetti.com\/wp-content\/uploads\/2020\/01\/75-STATE-STREET-BUILDING\ufffd-Boston-USA-665x1024.jpg\" alt=\"\" data-id=\"1926\" data-full-url=\"https:\/\/www.manetti.com\/wp-content\/uploads\/2020\/01\/75-STATE-STREET-BUILDING\ufffd-Boston-USA-scaled.jpg\" data-link=\"https:\/\/www.manetti.com\/galleria-architettura-test-2\/75-state-street-building%ef%bf%bd-boston-usa\/\" srcset=\"https:\/\/www.manetti.com\/wp-content\/uploads\/2020\/01\/75-STATE-STREET-BUILDING\ufffd-Boston-USA-665x1024.jpg 665w, https:\/\/www.manetti.com\/wp-content\/uploads\/2020\/01\/75-STATE-STREET-BUILDING\ufffd-Boston-USA-600x925.jpg 600w, https:\/\/www.manetti.com\/wp-content\/uploads\/2020\/01\/75-STATE-STREET-BUILDING\ufffd-Boston-USA-195x300.jpg 195w, https:\/\/www.manetti.com\/wp-content\/uploads\/2020\/01\/75-STATE-STREET-BUILDING\ufffd-Boston-USA-768x1183.jpg 768w, https:\/\/www.manetti.com\/wp-content\/uploads\/2020\/01\/75-STATE-STREET-BUILDING\ufffd-Boston-USA-997x1536.jpg 997w, https:\/\/www.manetti.com\/wp-content\/uploads\/2020\/01\/75-STATE-STREET-BUILDING\ufffd-Boston-USA-1329x2048.jpg 1329w, https:\/\/www.manetti.com\/wp-content\/uploads\/2020\/01\/75-STATE-STREET-BUILDING\ufffd-Boston-USA-scaled.jpg 1661w\" sizes=\"auto, (max-width: 665px) 100vw, 665px\" \/>\r\n<figcaption class=\"blocks-gallery-item__caption\">SAMTEN HILLS DALAT &#8211; Da Lat, Vietnam<\/figcaption>\r\n<\/figure>\r\n<\/li>\r\n<li class=\"blocks-gallery-item\">\r\n<figure><img loading=\"lazy\" decoding=\"async\" width=\"665\" height=\"1024\" class=\"wp-image-44695\" src=\"https:\/\/www.manetti.com\/wp-content\/uploads\/2020\/01\/75-STATE-STREET-BUILDING\ufffd-Boston-USA-665x1024.jpg\" alt=\"\" data-id=\"1926\" data-full-url=\"https:\/\/www.manetti.com\/wp-content\/uploads\/2020\/01\/75-STATE-STREET-BUILDING\ufffd-Boston-USA-scaled.jpg\" data-link=\"https:\/\/www.manetti.com\/galleria-architettura-test-2\/75-state-street-building%ef%bf%bd-boston-usa\/\" srcset=\"https:\/\/www.manetti.com\/wp-content\/uploads\/2020\/01\/75-STATE-STREET-BUILDING\ufffd-Boston-USA-665x1024.jpg 665w, https:\/\/www.manetti.com\/wp-content\/uploads\/2020\/01\/75-STATE-STREET-BUILDING\ufffd-Boston-USA-600x925.jpg 600w, https:\/\/www.manetti.com\/wp-content\/uploads\/2020\/01\/75-STATE-STREET-BUILDING\ufffd-Boston-USA-195x300.jpg 195w, https:\/\/www.manetti.com\/wp-content\/uploads\/2020\/01\/75-STATE-STREET-BUILDING\ufffd-Boston-USA-768x1183.jpg 768w, https:\/\/www.manetti.com\/wp-content\/uploads\/2020\/01\/75-STATE-STREET-BUILDING\ufffd-Boston-USA-997x1536.jpg 997w, https:\/\/www.manetti.com\/wp-content\/uploads\/2020\/01\/75-STATE-STREET-BUILDING\ufffd-Boston-USA-1329x2048.jpg 1329w, https:\/\/www.manetti.com\/wp-content\/uploads\/2020\/01\/75-STATE-STREET-BUILDING\ufffd-Boston-USA-scaled.jpg 1661w\" sizes=\"auto, (max-width: 665px) 100vw, 665px\" \/>\r\n<figcaption class=\"blocks-gallery-item__caption\">75 STATE STREET BUILDING; Boston, USA<\/figcaption>\r\n<\/figure>\r\n<\/li>\r\n<li class=\"blocks-gallery-item\">\r\n<figure><img loading=\"lazy\" decoding=\"async\" width=\"1024\" height=\"763\" class=\"wp-image-44697\" src=\"https:\/\/www.manetti.com\/wp-content\/uploads\/2020\/01\/BAHAI-TEMPLE-AND-GARDENS\ufffd-Haifa-Israel-1024x763.jpg\" alt=\"\" data-id=\"1928\" data-full-url=\"https:\/\/www.manetti.com\/wp-content\/uploads\/2020\/01\/BAHAI-TEMPLE-AND-GARDENS\ufffd-Haifa-Israel-scaled.jpg\" data-link=\"https:\/\/www.manetti.com\/galleria-architettura-test-2\/bahai-temple-and-gardens%ef%bf%bd-haifa-israel\/\" srcset=\"https:\/\/www.manetti.com\/wp-content\/uploads\/2020\/01\/BAHAI-TEMPLE-AND-GARDENS\ufffd-Haifa-Israel-1024x763.jpg 1024w, https:\/\/www.manetti.com\/wp-content\/uploads\/2020\/01\/BAHAI-TEMPLE-AND-GARDENS\ufffd-Haifa-Israel-600x447.jpg 600w, https:\/\/www.manetti.com\/wp-content\/uploads\/2020\/01\/BAHAI-TEMPLE-AND-GARDENS\ufffd-Haifa-Israel-300x224.jpg 300w, https:\/\/www.manetti.com\/wp-content\/uploads\/2020\/01\/BAHAI-TEMPLE-AND-GARDENS\ufffd-Haifa-Israel-768x572.jpg 768w, https:\/\/www.manetti.com\/wp-content\/uploads\/2020\/01\/BAHAI-TEMPLE-AND-GARDENS\ufffd-Haifa-Israel-1536x1144.jpg 1536w, https:\/\/www.manetti.com\/wp-content\/uploads\/2020\/01\/BAHAI-TEMPLE-AND-GARDENS\ufffd-Haifa-Israel-2048x1526.jpg 2048w\" sizes=\"auto, (max-width: 1024px) 100vw, 1024px\" \/>\r\n<figcaption class=\"blocks-gallery-item__caption\">BAHAI TEMPLE AND GARDENS; Ha\u00effa, Isra\u00ebl<\/figcaption>\r\n<\/figure>\r\n<\/li>\r\n<li class=\"blocks-gallery-item\">\r\n<figure><img loading=\"lazy\" decoding=\"async\" width=\"1024\" height=\"683\" class=\"wp-image-44699\" src=\"https:\/\/www.manetti.com\/wp-content\/uploads\/2020\/01\/BROOKLYN-PUBLIC-LIBRARY\ufffd-New-York-USA-1024x683.jpg\" alt=\"\" data-id=\"1930\" data-full-url=\"https:\/\/www.manetti.com\/wp-content\/uploads\/2020\/01\/BROOKLYN-PUBLIC-LIBRARY\ufffd-New-York-USA-scaled.jpg\" data-link=\"https:\/\/www.manetti.com\/galleria-architettura-test-2\/brooklyn-public-library\/\" srcset=\"https:\/\/www.manetti.com\/wp-content\/uploads\/2020\/01\/BROOKLYN-PUBLIC-LIBRARY\ufffd-New-York-USA-1024x683.jpg 1024w, https:\/\/www.manetti.com\/wp-content\/uploads\/2020\/01\/BROOKLYN-PUBLIC-LIBRARY\ufffd-New-York-USA-600x400.jpg 600w, https:\/\/www.manetti.com\/wp-content\/uploads\/2020\/01\/BROOKLYN-PUBLIC-LIBRARY\ufffd-New-York-USA-300x200.jpg 300w, https:\/\/www.manetti.com\/wp-content\/uploads\/2020\/01\/BROOKLYN-PUBLIC-LIBRARY\ufffd-New-York-USA-768x512.jpg 768w, https:\/\/www.manetti.com\/wp-content\/uploads\/2020\/01\/BROOKLYN-PUBLIC-LIBRARY\ufffd-New-York-USA-1536x1024.jpg 1536w, https:\/\/www.manetti.com\/wp-content\/uploads\/2020\/01\/BROOKLYN-PUBLIC-LIBRARY\ufffd-New-York-USA-2048x1365.jpg 2048w\" sizes=\"auto, (max-width: 1024px) 100vw, 1024px\" \/>\r\n<figcaption class=\"blocks-gallery-item__caption\">BROOKLYN PUBLIC LIBRARY; New York, USA<\/figcaption>\r\n<\/figure>\r\n<\/li>\r\n<li class=\"blocks-gallery-item\">\r\n<figure><img loading=\"lazy\" decoding=\"async\" width=\"1024\" height=\"683\" class=\"wp-image-44701\" src=\"https:\/\/www.manetti.com\/wp-content\/uploads\/2020\/01\/FONDAZIONE-PRADA\ufffd-Milan-Italy-1024x683.jpeg\" alt=\"\" data-id=\"1933\" data-full-url=\"https:\/\/www.manetti.com\/wp-content\/uploads\/2020\/01\/FONDAZIONE-PRADA\ufffd-Milan-Italy-scaled.jpeg\" data-link=\"https:\/\/www.manetti.com\/galleria-architettura-test-2\/fondazione-prada%ef%bf%bd-milan-italy\/\" srcset=\"https:\/\/www.manetti.com\/wp-content\/uploads\/2020\/01\/FONDAZIONE-PRADA\ufffd-Milan-Italy-1024x683.jpeg 1024w, https:\/\/www.manetti.com\/wp-content\/uploads\/2020\/01\/FONDAZIONE-PRADA\ufffd-Milan-Italy-600x400.jpeg 600w, https:\/\/www.manetti.com\/wp-content\/uploads\/2020\/01\/FONDAZIONE-PRADA\ufffd-Milan-Italy-300x200.jpeg 300w, https:\/\/www.manetti.com\/wp-content\/uploads\/2020\/01\/FONDAZIONE-PRADA\ufffd-Milan-Italy-768x512.jpeg 768w, https:\/\/www.manetti.com\/wp-content\/uploads\/2020\/01\/FONDAZIONE-PRADA\ufffd-Milan-Italy-1536x1024.jpeg 1536w, https:\/\/www.manetti.com\/wp-content\/uploads\/2020\/01\/FONDAZIONE-PRADA\ufffd-Milan-Italy-2048x1365.jpeg 2048w\" sizes=\"auto, (max-width: 1024px) 100vw, 1024px\" \/>\r\n<figcaption class=\"blocks-gallery-item__caption\">FONDAZIONE PRADA; Milan, Italia<\/figcaption>\r\n<\/figure>\r\n<\/li>\r\n<li class=\"blocks-gallery-item\">\r\n<figure><img loading=\"lazy\" decoding=\"async\" width=\"1690\" height=\"2560\" class=\"wp-image-44703\" src=\"https:\/\/www.manetti.com\/wp-content\/uploads\/2020\/01\/HOLY-TRINITY-THE-BISHOP-SELWYN-CHAPEL\ufffd-Auckland-New-Zealand-scaled.jpg\" alt=\"\" data-id=\"1935\" data-full-url=\"https:\/\/www.manetti.com\/wp-content\/uploads\/2020\/01\/HOLY-TRINITY-THE-BISHOP-SELWYN-CHAPEL\ufffd-Auckland-New-Zealand-scaled-e1583329673967.jpg\" data-link=\"https:\/\/www.manetti.com\/galleria-architettura-test-2\/holy-trinity-the-bishop-selwyn-chapel%ef%bf%bd-auckland-new-zealand\/\" srcset=\"https:\/\/www.manetti.com\/wp-content\/uploads\/2020\/01\/HOLY-TRINITY-THE-BISHOP-SELWYN-CHAPEL\ufffd-Auckland-New-Zealand-scaled.jpg 1690w, https:\/\/www.manetti.com\/wp-content\/uploads\/2020\/01\/HOLY-TRINITY-THE-BISHOP-SELWYN-CHAPEL\ufffd-Auckland-New-Zealand-600x909.jpg 600w, https:\/\/www.manetti.com\/wp-content\/uploads\/2020\/01\/HOLY-TRINITY-THE-BISHOP-SELWYN-CHAPEL\ufffd-Auckland-New-Zealand-198x300.jpg 198w, https:\/\/www.manetti.com\/wp-content\/uploads\/2020\/01\/HOLY-TRINITY-THE-BISHOP-SELWYN-CHAPEL\ufffd-Auckland-New-Zealand-676x1024.jpg 676w, https:\/\/www.manetti.com\/wp-content\/uploads\/2020\/01\/HOLY-TRINITY-THE-BISHOP-SELWYN-CHAPEL\ufffd-Auckland-New-Zealand-768x1163.jpg 768w, https:\/\/www.manetti.com\/wp-content\/uploads\/2020\/01\/HOLY-TRINITY-THE-BISHOP-SELWYN-CHAPEL\ufffd-Auckland-New-Zealand-1014x1536.jpg 1014w, https:\/\/www.manetti.com\/wp-content\/uploads\/2020\/01\/HOLY-TRINITY-THE-BISHOP-SELWYN-CHAPEL\ufffd-Auckland-New-Zealand-1352x2048.jpg 1352w\" sizes=\"auto, (max-width: 1690px) 100vw, 1690px\" \/>\r\n<figcaption class=\"blocks-gallery-item__caption\">HOLY TRINITY &#8211; THE BISHOP SELWYN CHAPEL; Auckland, Nouvelle-Z\u00e9lande<\/figcaption>\r\n<\/figure>\r\n<\/li>\r\n<li class=\"blocks-gallery-item\">\r\n<figure><img loading=\"lazy\" decoding=\"async\" width=\"1024\" height=\"683\" class=\"wp-image-44707\" src=\"https:\/\/www.manetti.com\/wp-content\/uploads\/2020\/01\/MORMON-TEMPLE\ufffd-Washington-USA-1024x683.jpg\" alt=\"\" data-id=\"1939\" data-full-url=\"https:\/\/www.manetti.com\/wp-content\/uploads\/2020\/01\/MORMON-TEMPLE\ufffd-Washington-USA-scaled.jpg\" data-link=\"https:\/\/www.manetti.com\/galleria-architettura-test-2\/mormon-temple%ef%bf%bd-washington-usa\/\" srcset=\"https:\/\/www.manetti.com\/wp-content\/uploads\/2020\/01\/MORMON-TEMPLE\ufffd-Washington-USA-1024x683.jpg 1024w, https:\/\/www.manetti.com\/wp-content\/uploads\/2020\/01\/MORMON-TEMPLE\ufffd-Washington-USA-600x400.jpg 600w, https:\/\/www.manetti.com\/wp-content\/uploads\/2020\/01\/MORMON-TEMPLE\ufffd-Washington-USA-300x200.jpg 300w, https:\/\/www.manetti.com\/wp-content\/uploads\/2020\/01\/MORMON-TEMPLE\ufffd-Washington-USA-768x512.jpg 768w, https:\/\/www.manetti.com\/wp-content\/uploads\/2020\/01\/MORMON-TEMPLE\ufffd-Washington-USA-1536x1024.jpg 1536w, https:\/\/www.manetti.com\/wp-content\/uploads\/2020\/01\/MORMON-TEMPLE\ufffd-Washington-USA-2048x1365.jpg 2048w\" sizes=\"auto, (max-width: 1024px) 100vw, 1024px\" \/>\r\n<figcaption class=\"blocks-gallery-item__caption\">MORMON TEMPLE; Washington, USA<\/figcaption>\r\n<\/figure>\r\n<\/li>\r\n<li class=\"blocks-gallery-item\">\r\n<figure><img loading=\"lazy\" decoding=\"async\" width=\"683\" height=\"1024\" class=\"wp-image-3259\" src=\"https:\/\/www.manetti.com\/wp-content\/uploads\/2020\/01\/METRONOME-New-York-USA-683x1024.jpg\" alt=\"\" data-id=\"3259\" data-full-url=\"https:\/\/www.manetti.com\/wp-content\/uploads\/2020\/01\/METRONOME-New-York-USA-scaled.jpg\" data-link=\"https:\/\/www.manetti.com\/galleria-architettura-test-2\/metronome-new-york-usa\/\" srcset=\"https:\/\/www.manetti.com\/wp-content\/uploads\/2020\/01\/METRONOME-New-York-USA-683x1024.jpg 683w, https:\/\/www.manetti.com\/wp-content\/uploads\/2020\/01\/METRONOME-New-York-USA-200x300.jpg 200w, https:\/\/www.manetti.com\/wp-content\/uploads\/2020\/01\/METRONOME-New-York-USA-768x1152.jpg 768w, https:\/\/www.manetti.com\/wp-content\/uploads\/2020\/01\/METRONOME-New-York-USA-1024x1536.jpg 1024w, https:\/\/www.manetti.com\/wp-content\/uploads\/2020\/01\/METRONOME-New-York-USA-1365x2048.jpg 1365w, https:\/\/www.manetti.com\/wp-content\/uploads\/2020\/01\/METRONOME-New-York-USA-600x900.jpg 600w, https:\/\/www.manetti.com\/wp-content\/uploads\/2020\/01\/METRONOME-New-York-USA-scaled.jpg 1707w\" sizes=\"auto, (max-width: 683px) 100vw, 683px\" \/>\r\n<figcaption class=\"blocks-gallery-item__caption\">METRONOME; New York, USA<\/figcaption>\r\n<\/figure>\r\n<\/li>\r\n<li class=\"blocks-gallery-item\">\r\n<figure><img loading=\"lazy\" decoding=\"async\" width=\"1024\" height=\"576\" class=\"wp-image-3261\" src=\"https:\/\/www.manetti.com\/wp-content\/uploads\/2020\/01\/STAINLESS-STEEL-DOME-AT-THE-LIBRARY-OF-UNION-UNIVERSITY-Jackson-USA-\u00a9-elevatedlens.com_-1024x576.jpg\" alt=\"\" data-id=\"3261\" data-full-url=\"https:\/\/www.manetti.com\/wp-content\/uploads\/2020\/01\/STAINLESS-STEEL-DOME-AT-THE-LIBRARY-OF-UNION-UNIVERSITY-Jackson-USA-\u00a9-elevatedlens.com_.jpg\" data-link=\"https:\/\/www.manetti.com\/galleria-architettura-test-2\/stainless-steel-dome-at-the-library-of-union-university-jackson-usa-elevatedlens-com\/\" srcset=\"https:\/\/www.manetti.com\/wp-content\/uploads\/2020\/01\/STAINLESS-STEEL-DOME-AT-THE-LIBRARY-OF-UNION-UNIVERSITY-Jackson-USA-\u00a9-elevatedlens.com_-1024x576.jpg 1024w, https:\/\/www.manetti.com\/wp-content\/uploads\/2020\/01\/STAINLESS-STEEL-DOME-AT-THE-LIBRARY-OF-UNION-UNIVERSITY-Jackson-USA-\u00a9-elevatedlens.com_-300x169.jpg 300w, https:\/\/www.manetti.com\/wp-content\/uploads\/2020\/01\/STAINLESS-STEEL-DOME-AT-THE-LIBRARY-OF-UNION-UNIVERSITY-Jackson-USA-\u00a9-elevatedlens.com_-768x432.jpg 768w, https:\/\/www.manetti.com\/wp-content\/uploads\/2020\/01\/STAINLESS-STEEL-DOME-AT-THE-LIBRARY-OF-UNION-UNIVERSITY-Jackson-USA-\u00a9-elevatedlens.com_-1536x864.jpg 1536w, https:\/\/www.manetti.com\/wp-content\/uploads\/2020\/01\/STAINLESS-STEEL-DOME-AT-THE-LIBRARY-OF-UNION-UNIVERSITY-Jackson-USA-\u00a9-elevatedlens.com_-600x338.jpg 600w, https:\/\/www.manetti.com\/wp-content\/uploads\/2020\/01\/STAINLESS-STEEL-DOME-AT-THE-LIBRARY-OF-UNION-UNIVERSITY-Jackson-USA-\u00a9-elevatedlens.com_.jpg 1900w\" sizes=\"auto, (max-width: 1024px) 100vw, 1024px\" \/>\r\n<figcaption class=\"blocks-gallery-item__caption\">STAINLESS STEEL DOME AT THE LIBRARY OF UNION UNIVERSITY; Jackson, USA (\u00a9 elevatedlens.com)<\/figcaption>\r\n<\/figure>\r\n<\/li>\r\n<li class=\"blocks-gallery-item\">\r\n<figure><img loading=\"lazy\" decoding=\"async\" width=\"1024\" height=\"683\" class=\"wp-image-30462\" src=\"https:\/\/www.manetti.com\/wp-content\/uploads\/2020\/01\/THE-TRUMP-TAJ-MAHAL-CASINO-RESORT\ufffd-Atlantic-City-USA-1024x683.jpg\" alt=\"\" data-id=\"1943\" data-full-url=\"https:\/\/www.manetti.com\/wp-content\/uploads\/2020\/01\/THE-TRUMP-TAJ-MAHAL-CASINO-RESORT\ufffd-Atlantic-City-USA-scaled.jpg\" data-link=\"https:\/\/www.manetti.com\/galleria-architettura-test-2\/atlantic-city-new-jersey-september-8-2012-the-taj-mahal-casino-in-atlantic-city-the-casino-closed-in-2016\/\" srcset=\"https:\/\/www.manetti.com\/wp-content\/uploads\/2020\/01\/THE-TRUMP-TAJ-MAHAL-CASINO-RESORT\ufffd-Atlantic-City-USA-1024x683.jpg 1024w, https:\/\/www.manetti.com\/wp-content\/uploads\/2020\/01\/THE-TRUMP-TAJ-MAHAL-CASINO-RESORT\ufffd-Atlantic-City-USA-scaled-600x400.jpg 600w, https:\/\/www.manetti.com\/wp-content\/uploads\/2020\/01\/THE-TRUMP-TAJ-MAHAL-CASINO-RESORT\ufffd-Atlantic-City-USA-300x200.jpg 300w, https:\/\/www.manetti.com\/wp-content\/uploads\/2020\/01\/THE-TRUMP-TAJ-MAHAL-CASINO-RESORT\ufffd-Atlantic-City-USA-768x513.jpg 768w, https:\/\/www.manetti.com\/wp-content\/uploads\/2020\/01\/THE-TRUMP-TAJ-MAHAL-CASINO-RESORT\ufffd-Atlantic-City-USA-1536x1025.jpg 1536w, https:\/\/www.manetti.com\/wp-content\/uploads\/2020\/01\/THE-TRUMP-TAJ-MAHAL-CASINO-RESORT\ufffd-Atlantic-City-USA-2048x1367.jpg 2048w\" sizes=\"auto, (max-width: 1024px) 100vw, 1024px\" \/>\r\n<figcaption class=\"blocks-gallery-item__caption\">THE TRUMP TAJ MAHAL CASINO RESORT; Atlantic City, USA<\/figcaption>\r\n<\/figure>\r\n<\/li>\r\n<li class=\"blocks-gallery-item\">\r\n<figure><img loading=\"lazy\" decoding=\"async\" width=\"1024\" height=\"680\" class=\"wp-image-44711\" src=\"https:\/\/www.manetti.com\/wp-content\/uploads\/2020\/01\/ULAN-UDE-BURJATIJA\ufffd-Ulan-Ude-Russia-1024x680.jpg\" alt=\"\" data-id=\"1945\" data-full-url=\"https:\/\/www.manetti.com\/wp-content\/uploads\/2020\/01\/ULAN-UDE-BURJATIJA\ufffd-Ulan-Ude-Russia-scaled.jpg\" data-link=\"https:\/\/www.manetti.com\/galleria-architettura-test-2\/ulan-ude-burjatija%ef%bf%bd-ulan-ude-russia\/\" srcset=\"https:\/\/www.manetti.com\/wp-content\/uploads\/2020\/01\/ULAN-UDE-BURJATIJA\ufffd-Ulan-Ude-Russia-1024x680.jpg 1024w, https:\/\/www.manetti.com\/wp-content\/uploads\/2020\/01\/ULAN-UDE-BURJATIJA\ufffd-Ulan-Ude-Russia-600x399.jpg 600w, https:\/\/www.manetti.com\/wp-content\/uploads\/2020\/01\/ULAN-UDE-BURJATIJA\ufffd-Ulan-Ude-Russia-300x199.jpg 300w, https:\/\/www.manetti.com\/wp-content\/uploads\/2020\/01\/ULAN-UDE-BURJATIJA\ufffd-Ulan-Ude-Russia-768x510.jpg 768w, https:\/\/www.manetti.com\/wp-content\/uploads\/2020\/01\/ULAN-UDE-BURJATIJA\ufffd-Ulan-Ude-Russia-1536x1020.jpg 1536w, https:\/\/www.manetti.com\/wp-content\/uploads\/2020\/01\/ULAN-UDE-BURJATIJA\ufffd-Ulan-Ude-Russia-2048x1360.jpg 2048w\" sizes=\"auto, (max-width: 1024px) 100vw, 1024px\" \/>\r\n<figcaption class=\"blocks-gallery-item__caption\">ULAN-UDE BURJATIJA; Ulan-Ude, Russie<\/figcaption>\r\n<\/figure>\r\n<\/li>\r\n<li class=\"blocks-gallery-item\">\r\n<figure><img loading=\"lazy\" decoding=\"async\" width=\"1024\" height=\"768\" class=\"wp-image-44713\" src=\"https:\/\/www.manetti.com\/wp-content\/uploads\/2020\/01\/UNITED-HOUSE-OF-PRAYER-FOR-ALL-PEOPLE\ufffd-Washington-USA-1024x768.jpg\" alt=\"\" data-id=\"1947\" data-full-url=\"https:\/\/www.manetti.com\/wp-content\/uploads\/2020\/01\/UNITED-HOUSE-OF-PRAYER-FOR-ALL-PEOPLE\ufffd-Washington-USA-scaled.jpg\" data-link=\"https:\/\/www.manetti.com\/galleria-architettura-test-2\/united-house-of-prayer-for-all-people%ef%bf%bd-washington-usa\/\" srcset=\"https:\/\/www.manetti.com\/wp-content\/uploads\/2020\/01\/UNITED-HOUSE-OF-PRAYER-FOR-ALL-PEOPLE\ufffd-Washington-USA-1024x768.jpg 1024w, https:\/\/www.manetti.com\/wp-content\/uploads\/2020\/01\/UNITED-HOUSE-OF-PRAYER-FOR-ALL-PEOPLE\ufffd-Washington-USA-600x450.jpg 600w, https:\/\/www.manetti.com\/wp-content\/uploads\/2020\/01\/UNITED-HOUSE-OF-PRAYER-FOR-ALL-PEOPLE\ufffd-Washington-USA-300x225.jpg 300w, https:\/\/www.manetti.com\/wp-content\/uploads\/2020\/01\/UNITED-HOUSE-OF-PRAYER-FOR-ALL-PEOPLE\ufffd-Washington-USA-768x576.jpg 768w, https:\/\/www.manetti.com\/wp-content\/uploads\/2020\/01\/UNITED-HOUSE-OF-PRAYER-FOR-ALL-PEOPLE\ufffd-Washington-USA-1536x1152.jpg 1536w, https:\/\/www.manetti.com\/wp-content\/uploads\/2020\/01\/UNITED-HOUSE-OF-PRAYER-FOR-ALL-PEOPLE\ufffd-Washington-USA-2048x1536.jpg 2048w\" sizes=\"auto, (max-width: 1024px) 100vw, 1024px\" \/>\r\n<figcaption class=\"blocks-gallery-item__caption\">UNITED HOUSE FOR ALL PEOPLE; Washington, USA<\/figcaption>\r\n<\/figure>\r\n<\/li>\r\n<li class=\"blocks-gallery-item\">\r\n<figure><img loading=\"lazy\" decoding=\"async\" width=\"1024\" height=\"801\" class=\"wp-image-44715\" src=\"https:\/\/www.manetti.com\/wp-content\/uploads\/2020\/01\/VILLA-EMPAIN-BOGHOSSIAN-FOUNDATION-\ufffd-Brussels-Belgium-\u00a9-Georges-De-Kinder-1024x801.jpg\" alt=\"\" data-id=\"1949\" data-full-url=\"https:\/\/www.manetti.com\/wp-content\/uploads\/2020\/01\/VILLA-EMPAIN-BOGHOSSIAN-FOUNDATION-\ufffd-Brussels-Belgium-\u00a9-Georges-De-Kinder-scaled.jpg\" data-link=\"https:\/\/www.manetti.com\/galleria-architettura-test-2\/image-061\/\" srcset=\"https:\/\/www.manetti.com\/wp-content\/uploads\/2020\/01\/VILLA-EMPAIN-BOGHOSSIAN-FOUNDATION-\ufffd-Brussels-Belgium-\u00a9-Georges-De-Kinder-1024x801.jpg 1024w, https:\/\/www.manetti.com\/wp-content\/uploads\/2020\/01\/VILLA-EMPAIN-BOGHOSSIAN-FOUNDATION-\ufffd-Brussels-Belgium-\u00a9-Georges-De-Kinder-600x469.jpg 600w, https:\/\/www.manetti.com\/wp-content\/uploads\/2020\/01\/VILLA-EMPAIN-BOGHOSSIAN-FOUNDATION-\ufffd-Brussels-Belgium-\u00a9-Georges-De-Kinder-300x235.jpg 300w, https:\/\/www.manetti.com\/wp-content\/uploads\/2020\/01\/VILLA-EMPAIN-BOGHOSSIAN-FOUNDATION-\ufffd-Brussels-Belgium-\u00a9-Georges-De-Kinder-768x601.jpg 768w, https:\/\/www.manetti.com\/wp-content\/uploads\/2020\/01\/VILLA-EMPAIN-BOGHOSSIAN-FOUNDATION-\ufffd-Brussels-Belgium-\u00a9-Georges-De-Kinder-1536x1201.jpg 1536w, https:\/\/www.manetti.com\/wp-content\/uploads\/2020\/01\/VILLA-EMPAIN-BOGHOSSIAN-FOUNDATION-\ufffd-Brussels-Belgium-\u00a9-Georges-De-Kinder-2048x1602.jpg 2048w\" sizes=\"auto, (max-width: 1024px) 100vw, 1024px\" \/>\r\n<figcaption class=\"blocks-gallery-item__caption\">VILLA EMPAIN &#8211; BOGHOSSIAN FOUNDATION ; Bruxelles, Belgique (\u00a9 Georges De Kinder)<\/figcaption>\r\n<\/figure>\r\n<\/li>\r\n<li class=\"blocks-gallery-item\">\r\n<figure><img loading=\"lazy\" decoding=\"async\" width=\"1707\" height=\"2560\" class=\"wp-image-44717\" src=\"https:\/\/www.manetti.com\/wp-content\/uploads\/2020\/01\/WAFI-TOWER\ufffd-Dubai-UAE-scaled.jpg\" alt=\"\" data-id=\"1951\" data-full-url=\"https:\/\/www.manetti.com\/wp-content\/uploads\/2020\/01\/WAFI-TOWER\ufffd-Dubai-UAE-scaled-e1580997493343.jpg\" data-link=\"https:\/\/www.manetti.com\/galleria-architettura-test-2\/wafi-tower%ef%bf%bd-dubai-uae\/\" srcset=\"https:\/\/www.manetti.com\/wp-content\/uploads\/2020\/01\/WAFI-TOWER\ufffd-Dubai-UAE-scaled.jpg 1707w, https:\/\/www.manetti.com\/wp-content\/uploads\/2020\/01\/WAFI-TOWER\ufffd-Dubai-UAE-600x900.jpg 600w, https:\/\/www.manetti.com\/wp-content\/uploads\/2020\/01\/WAFI-TOWER\ufffd-Dubai-UAE-200x300.jpg 200w, https:\/\/www.manetti.com\/wp-content\/uploads\/2020\/01\/WAFI-TOWER\ufffd-Dubai-UAE-683x1024.jpg 683w, https:\/\/www.manetti.com\/wp-content\/uploads\/2020\/01\/WAFI-TOWER\ufffd-Dubai-UAE-768x1152.jpg 768w, https:\/\/www.manetti.com\/wp-content\/uploads\/2020\/01\/WAFI-TOWER\ufffd-Dubai-UAE-1024x1536.jpg 1024w, https:\/\/www.manetti.com\/wp-content\/uploads\/2020\/01\/WAFI-TOWER\ufffd-Dubai-UAE-1365x2048.jpg 1365w\" sizes=\"auto, (max-width: 1707px) 100vw, 1707px\" \/>\r\n<figcaption class=\"blocks-gallery-item__caption\">WAFI TOWER; Duba\u00ef, EAU<\/figcaption>\r\n<\/figure>\r\n<\/li>\r\n<li class=\"blocks-gallery-item\">\r\n<figure><img loading=\"lazy\" decoding=\"async\" width=\"1024\" height=\"686\" class=\"wp-image-44705\" src=\"https:\/\/www.manetti.com\/wp-content\/uploads\/2020\/01\/MATRIMANDIR\ufffd-Auroville-India-1024x686.jpeg\" alt=\"\" data-id=\"1937\" data-full-url=\"https:\/\/www.manetti.com\/wp-content\/uploads\/2020\/01\/MATRIMANDIR\ufffd-Auroville-India-scaled.jpeg\" data-link=\"https:\/\/www.manetti.com\/galleria-architettura-test-2\/matrimandir-golden-temple-in-auroville-tamil-nadu-india\/\" srcset=\"https:\/\/www.manetti.com\/wp-content\/uploads\/2020\/01\/MATRIMANDIR\ufffd-Auroville-India-1024x686.jpeg 1024w, https:\/\/www.manetti.com\/wp-content\/uploads\/2020\/01\/MATRIMANDIR\ufffd-Auroville-India-600x402.jpeg 600w, https:\/\/www.manetti.com\/wp-content\/uploads\/2020\/01\/MATRIMANDIR\ufffd-Auroville-India-300x201.jpeg 300w, https:\/\/www.manetti.com\/wp-content\/uploads\/2020\/01\/MATRIMANDIR\ufffd-Auroville-India-768x514.jpeg 768w, https:\/\/www.manetti.com\/wp-content\/uploads\/2020\/01\/MATRIMANDIR\ufffd-Auroville-India-1536x1029.jpeg 1536w, https:\/\/www.manetti.com\/wp-content\/uploads\/2020\/01\/MATRIMANDIR\ufffd-Auroville-India-2048x1371.jpeg 2048w\" sizes=\"auto, (max-width: 1024px) 100vw, 1024px\" \/>\r\n<figcaption class=\"blocks-gallery-item__caption\">MATRIMANDIR; Auroville, Inde<\/figcaption>\r\n<\/figure>\r\n<\/li>\r\n<\/ul>\r\n<\/figure>\r\n\r\n\r\n\r\n<p>De l&#8217;Antiquit\u00e9 \u00e0 nos jours, la volont\u00e9 de cr\u00e9er des \u00e9difices immortels n&#8217;a cess\u00e9 de guider les choix des architectes. Le succ\u00e8s que remporte l&#8217;art mill\u00e9naire de la dorure encore aujourd&#8217;hui n\u2019est donc pas surprenant, s&#8217;affirmant comme l&#8217;une des tendances architecturales les plus anciennes au niveau international.\u00a0<br \/><br \/>Un domaine d&#8217;application privil\u00e9gi\u00e9 pour la d\u00e9coration des b\u00e2timents \u00e0 la feuille d&#8217;or est sans aucun doute l&#8217;architecture sacr\u00e9e, en raison de la grande signification symbolique de l&#8217;or, qui a toujours \u00e9t\u00e9 li\u00e9 \u00e0 une id\u00e9e de transcendance surnaturelle. Parmi les ouvrages les plus importants r\u00e9alis\u00e9s avec la feuille d&#8217;or Manetti dans ce secteur, on ne peut pas ne pas citer au moins le d\u00f4me du surprenant\u00a0<strong>Temple Bahai\u00a0<\/strong>qui domine l&#8217;ancienne ville de Ha\u00effa, en Isra\u00ebl, les pinacles monumentaux dor\u00e9s du<strong>\u00a0Temple mormon de Washington et la Chapelle Holy Trinity d&#8217;Auckland.<br \/><br \/><\/strong>La magnificence des \u00e9glises rivalisent avec l&#8217;architecture dor\u00e9e de prestigieuses biblioth\u00e8ques comme la\u00a0<strong>Brooklyn Public Library \u00e0 New York<\/strong>, des gratte-ciel priv\u00e9s comme la\u00a0<strong>Wafi Tower \u00e0 Duba\u00ef,<\/strong>\u00a0des immeubles aussi luxueux que spectaculaires comme le\u00a0<strong>Trump Taji Mahal Casino \u00e0 Atlantic City<\/strong>\u00a0et des mus\u00e9es embl\u00e9matiques, comme celui con\u00e7u par le c\u00e9l\u00e8bre Rem Kohlas pour la\u00a0<strong>Fondation Prada \u00e0 Milan<\/strong>, le tout r\u00e9alis\u00e9 avec de la feuille d&#8217;or Manetti.\u00a0<\/p>\r\n","protected":false},"excerpt":{"rendered":"<p>Gratte-ciels, d\u00f4mes, mus\u00e9es, palais : les magnifiques dorures \u00e0 la feuille d&#8217;or Manetti font resplendir les plus belles architectures du monde entier. Parcourez la Galerie pour voir une s\u00e9lection ! De l&#8217;Antiquit\u00e9 \u00e0 nos jours, la volont\u00e9 de cr\u00e9er des \u00e9difices immortels n&#8217;a cess\u00e9 de guider les choix des architectes. Le succ\u00e8s que remporte l&#8217;art [&#8230;]<\/p>\n<p><a class=\"btn btn-secondary understrap-read-more-link\" href=\"https:\/\/www.manetti.com\/fr\/galerie\/architecture\/\">Lire la suite&#8230;<\/a><\/p>\n","protected":false},"author":1,"featured_media":74254,"parent":30478,"menu_order":0,"comment_status":"closed","ping_status":"closed","template":"page-templates\/gallery-template.php","meta":{"_acf_changed":false,"footnotes":""},"class_list":["post-30460","page","type-page","status-publish","has-post-thumbnail","hentry"],"acf":[],"yoast_head":"<!-- This site is optimized with the Yoast SEO plugin v26.5 - https:\/\/yoast.com\/wordpress\/plugins\/seo\/ -->\n<title>Architecture avec la feuille d&#039;or | Giusto Manetti Battiloro<\/title>\n<meta name=\"description\" content=\"D\u00e9couvrez nos cr\u00e9ations architecturales \u00e0 la feuille d&#039;or dans une splendide collection photographique repr\u00e9sentant les principaux b\u00e2timents qui les utilisent.\" \/>\n<meta name=\"robots\" content=\"index, follow, max-snippet:-1, max-image-preview:large, max-video-preview:-1\" \/>\n<link rel=\"canonical\" href=\"https:\/\/www.manetti.com\/fr\/galerie\/architecture\/\" \/>\n<meta property=\"og:locale\" content=\"fr_FR\" \/>\n<meta property=\"og:type\" content=\"article\" \/>\n<meta property=\"og:title\" content=\"Realizzazioni architettoniche a foglia d&#039;oro | Giusto Manetti Battiloro\" \/>\n<meta property=\"og:description\" content=\"Scopri le nostre realizzazioni architettoniche a foglia d&#039;oro in una splendida raccolta fotografica raffigurante i principali edifici che ne fanno uso.\" \/>\n<meta property=\"og:url\" content=\"https:\/\/www.manetti.com\/fr\/galerie\/architecture\/\" \/>\n<meta property=\"og:site_name\" content=\"Giusto Manetti Battiloro\" \/>\n<meta property=\"article:publisher\" content=\"https:\/\/www.facebook.com\/giustomanettibattiloro\" \/>\n<meta property=\"article:modified_time\" content=\"2024-09-18T10:53:42+00:00\" \/>\n<meta property=\"og:image\" content=\"https:\/\/www.manetti.com\/wp-content\/uploads\/2019\/11\/1.FondazionePrada_AboutUsHomepage1920-2.jpg\" \/>\n\t<meta property=\"og:image:width\" content=\"1920\" \/>\n\t<meta property=\"og:image:height\" content=\"1080\" \/>\n\t<meta property=\"og:image:type\" content=\"image\/jpeg\" \/>\n<meta name=\"twitter:card\" content=\"summary_large_image\" \/>\n<meta name=\"twitter:title\" content=\"Realizzazioni architettoniche a foglia d&#039;oro | Giusto Manetti Battiloro\" \/>\n<meta name=\"twitter:description\" content=\"Scopri le nostre realizzazioni architettoniche a foglia d&#039;oro in una splendida raccolta fotografica raffigurante i principali edifici che ne fanno uso.\" \/>\n<meta name=\"twitter:image\" content=\"https:\/\/www.manetti.com\/wp-content\/uploads\/2019\/11\/1.FondazionePrada_AboutUsHomepage1920-2.jpg\" \/>\n<meta name=\"twitter:label1\" content=\"Dur\u00e9e de lecture estim\u00e9e\" \/>\n\t<meta name=\"twitter:data1\" content=\"5 minutes\" \/>\n<script type=\"application\/ld+json\" class=\"yoast-schema-graph\">{\"@context\":\"https:\/\/schema.org\",\"@graph\":[{\"@type\":\"WebPage\",\"@id\":\"https:\/\/www.manetti.com\/fr\/galerie\/architecture\/\",\"url\":\"https:\/\/www.manetti.com\/fr\/galerie\/architecture\/\",\"name\":\"Architecture avec la feuille d'or | Giusto Manetti Battiloro\",\"isPartOf\":{\"@id\":\"https:\/\/www.manetti.com\/fr\/#website\"},\"primaryImageOfPage\":{\"@id\":\"https:\/\/www.manetti.com\/fr\/galerie\/architecture\/#primaryimage\"},\"image\":{\"@id\":\"https:\/\/www.manetti.com\/fr\/galerie\/architecture\/#primaryimage\"},\"thumbnailUrl\":\"https:\/\/www.manetti.com\/wp-content\/uploads\/2024\/04\/AdobeStock_358767712.jpg\",\"datePublished\":\"2020-01-16T16:59:00+00:00\",\"dateModified\":\"2024-09-18T10:53:42+00:00\",\"description\":\"D\u00e9couvrez nos cr\u00e9ations architecturales \u00e0 la feuille d'or dans une splendide collection photographique repr\u00e9sentant les principaux b\u00e2timents qui les utilisent.\",\"inLanguage\":\"fr-FR\",\"potentialAction\":[{\"@type\":\"ReadAction\",\"target\":[\"https:\/\/www.manetti.com\/fr\/galerie\/architecture\/\"]}]},{\"@type\":\"ImageObject\",\"inLanguage\":\"fr-FR\",\"@id\":\"https:\/\/www.manetti.com\/fr\/galerie\/architecture\/#primaryimage\",\"url\":\"https:\/\/www.manetti.com\/wp-content\/uploads\/2024\/04\/AdobeStock_358767712.jpg\",\"contentUrl\":\"https:\/\/www.manetti.com\/wp-content\/uploads\/2024\/04\/AdobeStock_358767712.jpg\",\"width\":900,\"height\":900},{\"@type\":\"WebSite\",\"@id\":\"https:\/\/www.manetti.com\/fr\/#website\",\"url\":\"https:\/\/www.manetti.com\/fr\/\",\"name\":\"Giusto Manetti Battiloro\",\"description\":\"\",\"publisher\":{\"@id\":\"https:\/\/www.manetti.com\/fr\/#organization\"},\"potentialAction\":[{\"@type\":\"SearchAction\",\"target\":{\"@type\":\"EntryPoint\",\"urlTemplate\":\"https:\/\/www.manetti.com\/fr\/?s={search_term_string}\"},\"query-input\":{\"@type\":\"PropertyValueSpecification\",\"valueRequired\":true,\"valueName\":\"search_term_string\"}}],\"inLanguage\":\"fr-FR\"},{\"@type\":\"Organization\",\"@id\":\"https:\/\/www.manetti.com\/fr\/#organization\",\"name\":\"GIUSTO MANETTI BATTILORO S.P.A.\",\"url\":\"https:\/\/www.manetti.com\/fr\/\",\"logo\":{\"@type\":\"ImageObject\",\"inLanguage\":\"fr-FR\",\"@id\":\"https:\/\/www.manetti.com\/fr\/#\/schema\/logo\/image\/\",\"url\":\"https:\/\/www.manetti.com\/wp-content\/uploads\/2025\/02\/giusto-manetti-blu_300-02.png\",\"contentUrl\":\"https:\/\/www.manetti.com\/wp-content\/uploads\/2025\/02\/giusto-manetti-blu_300-02.png\",\"width\":1123,\"height\":1093,\"caption\":\"GIUSTO MANETTI BATTILORO S.P.A.\"},\"image\":{\"@id\":\"https:\/\/www.manetti.com\/fr\/#\/schema\/logo\/image\/\"},\"sameAs\":[\"https:\/\/www.facebook.com\/giustomanettibattiloro\",\"https:\/\/www.instagram.com\/giustomanettibattiloro\/\",\"https:\/\/www.linkedin.com\/company\/giusto-manetti-battiloro-s-p-a-\/\",\"https:\/\/www.youtube.com\/user\/ManettiBattiloro\"]}]}<\/script>\n<!-- \/ Yoast SEO plugin. -->","yoast_head_json":{"title":"Architecture avec la feuille d'or | Giusto Manetti Battiloro","description":"D\u00e9couvrez nos cr\u00e9ations architecturales \u00e0 la feuille d'or dans une splendide collection photographique repr\u00e9sentant les principaux b\u00e2timents qui les utilisent.","robots":{"index":"index","follow":"follow","max-snippet":"max-snippet:-1","max-image-preview":"max-image-preview:large","max-video-preview":"max-video-preview:-1"},"canonical":"https:\/\/www.manetti.com\/fr\/galerie\/architecture\/","og_locale":"fr_FR","og_type":"article","og_title":"Realizzazioni architettoniche a foglia d'oro | Giusto Manetti Battiloro","og_description":"Scopri le nostre realizzazioni architettoniche a foglia d'oro in una splendida raccolta fotografica raffigurante i principali edifici che ne fanno uso.","og_url":"https:\/\/www.manetti.com\/fr\/galerie\/architecture\/","og_site_name":"Giusto Manetti Battiloro","article_publisher":"https:\/\/www.facebook.com\/giustomanettibattiloro","article_modified_time":"2024-09-18T10:53:42+00:00","og_image":[{"width":1920,"height":1080,"url":"https:\/\/www.manetti.com\/wp-content\/uploads\/2019\/11\/1.FondazionePrada_AboutUsHomepage1920-2.jpg","type":"image\/jpeg"}],"twitter_card":"summary_large_image","twitter_title":"Realizzazioni architettoniche a foglia d'oro | Giusto Manetti Battiloro","twitter_description":"Scopri le nostre realizzazioni architettoniche a foglia d'oro in una splendida raccolta fotografica raffigurante i principali edifici che ne fanno uso.","twitter_image":"https:\/\/www.manetti.com\/wp-content\/uploads\/2019\/11\/1.FondazionePrada_AboutUsHomepage1920-2.jpg","twitter_misc":{"Dur\u00e9e de lecture estim\u00e9e":"5 minutes"},"schema":{"@context":"https:\/\/schema.org","@graph":[{"@type":"WebPage","@id":"https:\/\/www.manetti.com\/fr\/galerie\/architecture\/","url":"https:\/\/www.manetti.com\/fr\/galerie\/architecture\/","name":"Architecture avec la feuille d'or | Giusto Manetti Battiloro","isPartOf":{"@id":"https:\/\/www.manetti.com\/fr\/#website"},"primaryImageOfPage":{"@id":"https:\/\/www.manetti.com\/fr\/galerie\/architecture\/#primaryimage"},"image":{"@id":"https:\/\/www.manetti.com\/fr\/galerie\/architecture\/#primaryimage"},"thumbnailUrl":"https:\/\/www.manetti.com\/wp-content\/uploads\/2024\/04\/AdobeStock_358767712.jpg","datePublished":"2020-01-16T16:59:00+00:00","dateModified":"2024-09-18T10:53:42+00:00","description":"D\u00e9couvrez nos cr\u00e9ations architecturales \u00e0 la feuille d'or dans une splendide collection photographique repr\u00e9sentant les principaux b\u00e2timents qui les utilisent.","inLanguage":"fr-FR","potentialAction":[{"@type":"ReadAction","target":["https:\/\/www.manetti.com\/fr\/galerie\/architecture\/"]}]},{"@type":"ImageObject","inLanguage":"fr-FR","@id":"https:\/\/www.manetti.com\/fr\/galerie\/architecture\/#primaryimage","url":"https:\/\/www.manetti.com\/wp-content\/uploads\/2024\/04\/AdobeStock_358767712.jpg","contentUrl":"https:\/\/www.manetti.com\/wp-content\/uploads\/2024\/04\/AdobeStock_358767712.jpg","width":900,"height":900},{"@type":"WebSite","@id":"https:\/\/www.manetti.com\/fr\/#website","url":"https:\/\/www.manetti.com\/fr\/","name":"Giusto Manetti Battiloro","description":"","publisher":{"@id":"https:\/\/www.manetti.com\/fr\/#organization"},"potentialAction":[{"@type":"SearchAction","target":{"@type":"EntryPoint","urlTemplate":"https:\/\/www.manetti.com\/fr\/?s={search_term_string}"},"query-input":{"@type":"PropertyValueSpecification","valueRequired":true,"valueName":"search_term_string"}}],"inLanguage":"fr-FR"},{"@type":"Organization","@id":"https:\/\/www.manetti.com\/fr\/#organization","name":"GIUSTO MANETTI BATTILORO S.P.A.","url":"https:\/\/www.manetti.com\/fr\/","logo":{"@type":"ImageObject","inLanguage":"fr-FR","@id":"https:\/\/www.manetti.com\/fr\/#\/schema\/logo\/image\/","url":"https:\/\/www.manetti.com\/wp-content\/uploads\/2025\/02\/giusto-manetti-blu_300-02.png","contentUrl":"https:\/\/www.manetti.com\/wp-content\/uploads\/2025\/02\/giusto-manetti-blu_300-02.png","width":1123,"height":1093,"caption":"GIUSTO MANETTI BATTILORO S.P.A."},"image":{"@id":"https:\/\/www.manetti.com\/fr\/#\/schema\/logo\/image\/"},"sameAs":["https:\/\/www.facebook.com\/giustomanettibattiloro","https:\/\/www.instagram.com\/giustomanettibattiloro\/","https:\/\/www.linkedin.com\/company\/giusto-manetti-battiloro-s-p-a-\/","https:\/\/www.youtube.com\/user\/ManettiBattiloro"]}]}},"_links":{"self":[{"href":"https:\/\/www.manetti.com\/fr\/wp-json\/wp\/v2\/pages\/30460","targetHints":{"allow":["GET"]}}],"collection":[{"href":"https:\/\/www.manetti.com\/fr\/wp-json\/wp\/v2\/pages"}],"about":[{"href":"https:\/\/www.manetti.com\/fr\/wp-json\/wp\/v2\/types\/page"}],"author":[{"embeddable":true,"href":"https:\/\/www.manetti.com\/fr\/wp-json\/wp\/v2\/users\/1"}],"replies":[{"embeddable":true,"href":"https:\/\/www.manetti.com\/fr\/wp-json\/wp\/v2\/comments?post=30460"}],"version-history":[{"count":0,"href":"https:\/\/www.manetti.com\/fr\/wp-json\/wp\/v2\/pages\/30460\/revisions"}],"up":[{"embeddable":true,"href":"https:\/\/www.manetti.com\/fr\/wp-json\/wp\/v2\/pages\/30478"}],"wp:featuredmedia":[{"embeddable":true,"href":"https:\/\/www.manetti.com\/fr\/wp-json\/wp\/v2\/media\/74254"}],"wp:attachment":[{"href":"https:\/\/www.manetti.com\/fr\/wp-json\/wp\/v2\/media?parent=30460"}],"curies":[{"name":"wp","href":"https:\/\/api.w.org\/{rel}","templated":true}]}}