{"id":30567,"date":"2020-01-16T17:50:54","date_gmt":"2020-01-16T16:50:54","guid":{"rendered":"https:\/\/www.manetti.com\/gallery\/opere-arte\/"},"modified":"2022-08-03T17:25:31","modified_gmt":"2022-08-03T15:25:31","slug":"ouvrages-art","status":"publish","type":"page","link":"https:\/\/www.manetti.com\/fr\/galerie\/ouvrages-art\/","title":{"rendered":"Ouvrages d&#8217;art"},"content":{"rendered":"\n<p>La feuille d&#8217;or est largement utilis\u00e9e pour la cr\u00e9ation d&#8217;\u0153uvres d&#8217;art contemporaines et pour la restauration d&#8217;\u0153uvres d&#8217;art anciennes.\u00a0<br><br>Parcourez la galerie pour voir une s\u00e9lection des chefs-d&#8217;\u0153uvre r\u00e9alis\u00e9s avec <a href=\"https:\/\/www.manetti.com\/fr\/catalogue-produits\/feuille-or\/\">la feuille de Manetti.<\/a><\/p>\n\n\n\n<figure class=\"wp-block-gallery columns-3 is-cropped wp-block-gallery-1 is-layout-flex wp-block-gallery-is-layout-flex\"><ul class=\"blocks-gallery-grid\"><li class=\"blocks-gallery-item\"><figure><img loading=\"lazy\" decoding=\"async\" width=\"1024\" height=\"725\" src=\"https:\/\/www.manetti.com\/wp-content\/uploads\/2020\/06\/LIGHT-AND-SHADE-GIUSEPPE-PENONE\ufffd-Florence-Italy-1024x725.jpg\" alt=\"\" data-id=\"12929\" data-full-url=\"https:\/\/www.manetti.com\/wp-content\/uploads\/2020\/06\/LIGHT-AND-SHADE-GIUSEPPE-PENONE\ufffd-Florence-Italy.jpg\" data-link=\"https:\/\/www.manetti.com\/gallery\/opere-arte\/light-and-shade-giuseppe-penone%ef%bf%bd-florence-italy\/\" class=\"wp-image-30568\" srcset=\"https:\/\/www.manetti.com\/wp-content\/uploads\/2020\/06\/LIGHT-AND-SHADE-GIUSEPPE-PENONE\ufffd-Florence-Italy-1024x725.jpg 1024w, https:\/\/www.manetti.com\/wp-content\/uploads\/2020\/06\/LIGHT-AND-SHADE-GIUSEPPE-PENONE\ufffd-Florence-Italy-300x212.jpg 300w, https:\/\/www.manetti.com\/wp-content\/uploads\/2020\/06\/LIGHT-AND-SHADE-GIUSEPPE-PENONE\ufffd-Florence-Italy-768x544.jpg 768w, https:\/\/www.manetti.com\/wp-content\/uploads\/2020\/06\/LIGHT-AND-SHADE-GIUSEPPE-PENONE\ufffd-Florence-Italy-1536x1087.jpg 1536w, https:\/\/www.manetti.com\/wp-content\/uploads\/2020\/06\/LIGHT-AND-SHADE-GIUSEPPE-PENONE\ufffd-Florence-Italy-2048x1449.jpg 2048w, https:\/\/www.manetti.com\/wp-content\/uploads\/2020\/06\/LIGHT-AND-SHADE-GIUSEPPE-PENONE\ufffd-Florence-Italy-600x425.jpg 600w\" sizes=\"auto, (max-width: 1024px) 100vw, 1024px\" \/><figcaption class=\"blocks-gallery-item__caption\">LUCE E OMBRA &#8211; GIUSEPPE PENONE; Florence, Italie<\/figcaption><\/figure><\/li><li class=\"blocks-gallery-item\"><figure><img loading=\"lazy\" decoding=\"async\" width=\"1024\" height=\"1024\" src=\"https:\/\/www.manetti.com\/wp-content\/uploads\/2020\/01\/GOLDFINGER\ufffd-Port-Gibson-USA-1024x1024.jpg\" alt=\"\" data-id=\"2014\" data-full-url=\"https:\/\/www.manetti.com\/wp-content\/uploads\/2020\/01\/GOLDFINGER\ufffd-Port-Gibson-USA.jpg\" data-link=\"https:\/\/www.manetti.com\/galleria-arte-test-2\/goldfinger%ef%bf%bd-port-gibson-usa\/\" class=\"wp-image-2014\" srcset=\"https:\/\/www.manetti.com\/wp-content\/uploads\/2020\/01\/GOLDFINGER\ufffd-Port-Gibson-USA-1024x1024.jpg 1024w, https:\/\/www.manetti.com\/wp-content\/uploads\/2020\/01\/GOLDFINGER\ufffd-Port-Gibson-USA-300x300.jpg 300w, https:\/\/www.manetti.com\/wp-content\/uploads\/2020\/01\/GOLDFINGER\ufffd-Port-Gibson-USA-100x100.jpg 100w, https:\/\/www.manetti.com\/wp-content\/uploads\/2020\/01\/GOLDFINGER\ufffd-Port-Gibson-USA-600x600.jpg 600w, https:\/\/www.manetti.com\/wp-content\/uploads\/2020\/01\/GOLDFINGER\ufffd-Port-Gibson-USA-150x150.jpg 150w, https:\/\/www.manetti.com\/wp-content\/uploads\/2020\/01\/GOLDFINGER\ufffd-Port-Gibson-USA-768x768.jpg 768w, https:\/\/www.manetti.com\/wp-content\/uploads\/2020\/01\/GOLDFINGER\ufffd-Port-Gibson-USA.jpg 1080w\" sizes=\"auto, (max-width: 1024px) 100vw, 1024px\" \/><figcaption class=\"blocks-gallery-item__caption\">GOLDFINGER; Port Gibson, USA<\/figcaption><\/figure><\/li><li class=\"blocks-gallery-item\"><figure><img loading=\"lazy\" decoding=\"async\" width=\"768\" height=\"1024\" src=\"https:\/\/www.manetti.com\/wp-content\/uploads\/2020\/01\/GIOTTO-CRUCIFIX-IN-SANTA-MARIA-NOVELLA\ufffd-Florence-Italy-768x1024.jpeg\" alt=\"\" data-id=\"2004\" data-full-url=\"https:\/\/www.manetti.com\/wp-content\/uploads\/2020\/01\/GIOTTO-CRUCIFIX-IN-SANTA-MARIA-NOVELLA\ufffd-Florence-Italy-scaled.jpeg\" data-link=\"https:\/\/www.manetti.com\/galleria-arte-test-2\/santa-maria-novella-florenz\/\" class=\"wp-image-2004\" srcset=\"https:\/\/www.manetti.com\/wp-content\/uploads\/2020\/01\/GIOTTO-CRUCIFIX-IN-SANTA-MARIA-NOVELLA\ufffd-Florence-Italy-768x1024.jpeg 768w, https:\/\/www.manetti.com\/wp-content\/uploads\/2020\/01\/GIOTTO-CRUCIFIX-IN-SANTA-MARIA-NOVELLA\ufffd-Florence-Italy-scaled-600x800.jpeg 600w, https:\/\/www.manetti.com\/wp-content\/uploads\/2020\/01\/GIOTTO-CRUCIFIX-IN-SANTA-MARIA-NOVELLA\ufffd-Florence-Italy-225x300.jpeg 225w, https:\/\/www.manetti.com\/wp-content\/uploads\/2020\/01\/GIOTTO-CRUCIFIX-IN-SANTA-MARIA-NOVELLA\ufffd-Florence-Italy-1152x1536.jpeg 1152w, https:\/\/www.manetti.com\/wp-content\/uploads\/2020\/01\/GIOTTO-CRUCIFIX-IN-SANTA-MARIA-NOVELLA\ufffd-Florence-Italy-1536x2048.jpeg 1536w, https:\/\/www.manetti.com\/wp-content\/uploads\/2020\/01\/GIOTTO-CRUCIFIX-IN-SANTA-MARIA-NOVELLA\ufffd-Florence-Italy-scaled.jpeg 1920w\" sizes=\"auto, (max-width: 768px) 100vw, 768px\" \/><figcaption class=\"blocks-gallery-item__caption\">CRUCIFIX DE GIOTTO \u00c0 SANTA MARIA NOVELLA; Florence, Italie<\/figcaption><\/figure><\/li><li class=\"blocks-gallery-item\"><figure><img loading=\"lazy\" decoding=\"async\" width=\"1024\" height=\"679\" src=\"https:\/\/www.manetti.com\/wp-content\/uploads\/2020\/01\/THE-GOLDEN-SLEEPER-MIMMO-PALADINO\ufffd-Florence-Italy-1024x679.jpg\" alt=\"\" data-id=\"1974\" data-full-url=\"https:\/\/www.manetti.com\/wp-content\/uploads\/2020\/01\/THE-GOLDEN-SLEEPER-MIMMO-PALADINO\ufffd-Florence-Italy-scaled.jpg\" data-link=\"https:\/\/www.manetti.com\/galleria-arte-test-2\/the-golden-sleeper-mimmo-paladino%ef%bf%bd-florence-italy\/\" class=\"wp-image-50317\" srcset=\"https:\/\/www.manetti.com\/wp-content\/uploads\/2020\/01\/THE-GOLDEN-SLEEPER-MIMMO-PALADINO\ufffd-Florence-Italy-1024x679.jpg 1024w, https:\/\/www.manetti.com\/wp-content\/uploads\/2020\/01\/THE-GOLDEN-SLEEPER-MIMMO-PALADINO\ufffd-Florence-Italy-scaled-600x398.jpg 600w, https:\/\/www.manetti.com\/wp-content\/uploads\/2020\/01\/THE-GOLDEN-SLEEPER-MIMMO-PALADINO\ufffd-Florence-Italy-300x199.jpg 300w, https:\/\/www.manetti.com\/wp-content\/uploads\/2020\/01\/THE-GOLDEN-SLEEPER-MIMMO-PALADINO\ufffd-Florence-Italy-768x509.jpg 768w, https:\/\/www.manetti.com\/wp-content\/uploads\/2020\/01\/THE-GOLDEN-SLEEPER-MIMMO-PALADINO\ufffd-Florence-Italy-1536x1018.jpg 1536w, https:\/\/www.manetti.com\/wp-content\/uploads\/2020\/01\/THE-GOLDEN-SLEEPER-MIMMO-PALADINO\ufffd-Florence-Italy-2048x1358.jpg 2048w\" sizes=\"auto, (max-width: 1024px) 100vw, 1024px\" \/><figcaption class=\"blocks-gallery-item__caption\">IL DORMIENTE D&#8217;ORO &#8211; MIMMO PALADINO; Florence, Italie<\/figcaption><\/figure><\/li><li class=\"blocks-gallery-item\"><figure><img loading=\"lazy\" decoding=\"async\" width=\"994\" height=\"1024\" src=\"https:\/\/www.manetti.com\/wp-content\/uploads\/2020\/01\/THE-NATURE-OF-THINGS-OLIVIERO-RAINALDI\ufffd-Dubai-UAE-e1583331343929-994x1024.jpg\" alt=\"\" data-id=\"1976\" data-full-url=\"https:\/\/www.manetti.com\/wp-content\/uploads\/2020\/01\/THE-NATURE-OF-THINGS-OLIVIERO-RAINALDI\ufffd-Dubai-UAE-e1583331343929.jpg\" data-link=\"https:\/\/www.manetti.com\/galleria-arte-test-2\/the-nature-of-things-oliviero-rainaldi%ef%bf%bd-dubai-uae\/\" class=\"wp-image-1976\" srcset=\"https:\/\/www.manetti.com\/wp-content\/uploads\/2020\/01\/THE-NATURE-OF-THINGS-OLIVIERO-RAINALDI\ufffd-Dubai-UAE-e1583331343929-994x1024.jpg 994w, https:\/\/www.manetti.com\/wp-content\/uploads\/2020\/01\/THE-NATURE-OF-THINGS-OLIVIERO-RAINALDI\ufffd-Dubai-UAE-e1583331343929-600x618.jpg 600w, https:\/\/www.manetti.com\/wp-content\/uploads\/2020\/01\/THE-NATURE-OF-THINGS-OLIVIERO-RAINALDI\ufffd-Dubai-UAE-e1583331343929-291x300.jpg 291w, https:\/\/www.manetti.com\/wp-content\/uploads\/2020\/01\/THE-NATURE-OF-THINGS-OLIVIERO-RAINALDI\ufffd-Dubai-UAE-e1583331343929-768x791.jpg 768w, https:\/\/www.manetti.com\/wp-content\/uploads\/2020\/01\/THE-NATURE-OF-THINGS-OLIVIERO-RAINALDI\ufffd-Dubai-UAE-e1583331343929.jpg 1104w\" sizes=\"auto, (max-width: 994px) 100vw, 994px\" \/><figcaption class=\"blocks-gallery-item__caption\">LA NATURA DELLE COSE &#8211; OLIVIERO RAINALDI; Duba\u00ef, EAU<\/figcaption><\/figure><\/li><li class=\"blocks-gallery-item\"><figure><img loading=\"lazy\" decoding=\"async\" width=\"1024\" height=\"683\" src=\"https:\/\/www.manetti.com\/wp-content\/uploads\/2020\/01\/TO-THE-SON-OF-MAN-WHO-ATE-THE-SCROLL-GOSHKA-MACUGA\ufffd-Milan-Italy-1024x683.jpg\" alt=\"\" data-id=\"1978\" data-full-url=\"https:\/\/www.manetti.com\/wp-content\/uploads\/2020\/01\/TO-THE-SON-OF-MAN-WHO-ATE-THE-SCROLL-GOSHKA-MACUGA\ufffd-Milan-Italy-scaled.jpg\" data-link=\"https:\/\/www.manetti.com\/galleria-arte-test-2\/to-the-son-of-man-who-ate-the-scroll-goshka-macuga%ef%bf%bd-milan-italy\/\" class=\"wp-image-1978\" srcset=\"https:\/\/www.manetti.com\/wp-content\/uploads\/2020\/01\/TO-THE-SON-OF-MAN-WHO-ATE-THE-SCROLL-GOSHKA-MACUGA\ufffd-Milan-Italy-1024x683.jpg 1024w, https:\/\/www.manetti.com\/wp-content\/uploads\/2020\/01\/TO-THE-SON-OF-MAN-WHO-ATE-THE-SCROLL-GOSHKA-MACUGA\ufffd-Milan-Italy-scaled-600x400.jpg 600w, https:\/\/www.manetti.com\/wp-content\/uploads\/2020\/01\/TO-THE-SON-OF-MAN-WHO-ATE-THE-SCROLL-GOSHKA-MACUGA\ufffd-Milan-Italy-300x200.jpg 300w, https:\/\/www.manetti.com\/wp-content\/uploads\/2020\/01\/TO-THE-SON-OF-MAN-WHO-ATE-THE-SCROLL-GOSHKA-MACUGA\ufffd-Milan-Italy-768x512.jpg 768w, https:\/\/www.manetti.com\/wp-content\/uploads\/2020\/01\/TO-THE-SON-OF-MAN-WHO-ATE-THE-SCROLL-GOSHKA-MACUGA\ufffd-Milan-Italy-1536x1024.jpg 1536w, https:\/\/www.manetti.com\/wp-content\/uploads\/2020\/01\/TO-THE-SON-OF-MAN-WHO-ATE-THE-SCROLL-GOSHKA-MACUGA\ufffd-Milan-Italy-2048x1365.jpg 2048w\" sizes=\"auto, (max-width: 1024px) 100vw, 1024px\" \/><figcaption class=\"blocks-gallery-item__caption\">TO THE SON OF MAN WHO ATE THE SCROLL &#8211; GOSHKA MACUGA; Milan, Italie<\/figcaption><\/figure><\/li><li class=\"blocks-gallery-item\"><figure><img loading=\"lazy\" decoding=\"async\" width=\"841\" height=\"1024\" src=\"https:\/\/www.manetti.com\/wp-content\/uploads\/2020\/01\/RELIQUIARIO-D\u2019ORO-DI-SAN-GIOVANNI-BATTISTA\ufffd-Florence-Italy-scaled-e1583331527757-841x1024.jpg\" alt=\"\" data-id=\"2028\" data-full-url=\"https:\/\/www.manetti.com\/wp-content\/uploads\/2020\/01\/RELIQUIARIO-D\u2019ORO-DI-SAN-GIOVANNI-BATTISTA\ufffd-Florence-Italy-scaled-e1583331527757.jpg\" data-link=\"https:\/\/www.manetti.com\/galleria-arte-test-2\/sony-dsc\/\" class=\"wp-image-2028\" srcset=\"https:\/\/www.manetti.com\/wp-content\/uploads\/2020\/01\/RELIQUIARIO-D\u2019ORO-DI-SAN-GIOVANNI-BATTISTA\ufffd-Florence-Italy-scaled-e1583331527757-841x1024.jpg 841w, https:\/\/www.manetti.com\/wp-content\/uploads\/2020\/01\/RELIQUIARIO-D\u2019ORO-DI-SAN-GIOVANNI-BATTISTA\ufffd-Florence-Italy-scaled-e1583331527757-600x731.jpg 600w, https:\/\/www.manetti.com\/wp-content\/uploads\/2020\/01\/RELIQUIARIO-D\u2019ORO-DI-SAN-GIOVANNI-BATTISTA\ufffd-Florence-Italy-scaled-e1583331527757-246x300.jpg 246w, https:\/\/www.manetti.com\/wp-content\/uploads\/2020\/01\/RELIQUIARIO-D\u2019ORO-DI-SAN-GIOVANNI-BATTISTA\ufffd-Florence-Italy-scaled-e1583331527757-768x935.jpg 768w, https:\/\/www.manetti.com\/wp-content\/uploads\/2020\/01\/RELIQUIARIO-D\u2019ORO-DI-SAN-GIOVANNI-BATTISTA\ufffd-Florence-Italy-scaled-e1583331527757-1261x1536.jpg 1261w, https:\/\/www.manetti.com\/wp-content\/uploads\/2020\/01\/RELIQUIARIO-D\u2019ORO-DI-SAN-GIOVANNI-BATTISTA\ufffd-Florence-Italy-scaled-e1583331527757-1681x2048.jpg 1681w, https:\/\/www.manetti.com\/wp-content\/uploads\/2020\/01\/RELIQUIARIO-D\u2019ORO-DI-SAN-GIOVANNI-BATTISTA\ufffd-Florence-Italy-scaled-e1583331527757.jpg 1702w\" sizes=\"auto, (max-width: 841px) 100vw, 841px\" \/><figcaption class=\"blocks-gallery-item__caption\">RELIQUIARIO D\u2019ORO DI SAN GIOVANNI BATTISTA; Florence, Italie<\/figcaption><\/figure><\/li><li class=\"blocks-gallery-item\"><figure><img loading=\"lazy\" decoding=\"async\" width=\"802\" height=\"1024\" src=\"https:\/\/www.manetti.com\/wp-content\/uploads\/2020\/06\/VIRGINS-MARRIAGE-FRAME-ROSSO-FIORENTINO\ufffd-Florence-Italy-802x1024.jpg\" alt=\"\" data-id=\"12934\" data-full-url=\"https:\/\/www.manetti.com\/wp-content\/uploads\/2020\/06\/VIRGINS-MARRIAGE-FRAME-ROSSO-FIORENTINO\ufffd-Florence-Italy.jpg\" data-link=\"https:\/\/www.manetti.com\/gallery\/opere-arte\/virgins-marriage-frame-rosso-fiorentino%ef%bf%bd-florence-italy\/\" class=\"wp-image-30577\" srcset=\"https:\/\/www.manetti.com\/wp-content\/uploads\/2020\/06\/VIRGINS-MARRIAGE-FRAME-ROSSO-FIORENTINO\ufffd-Florence-Italy-802x1024.jpg 802w, https:\/\/www.manetti.com\/wp-content\/uploads\/2020\/06\/VIRGINS-MARRIAGE-FRAME-ROSSO-FIORENTINO\ufffd-Florence-Italy-235x300.jpg 235w, https:\/\/www.manetti.com\/wp-content\/uploads\/2020\/06\/VIRGINS-MARRIAGE-FRAME-ROSSO-FIORENTINO\ufffd-Florence-Italy-768x980.jpg 768w, https:\/\/www.manetti.com\/wp-content\/uploads\/2020\/06\/VIRGINS-MARRIAGE-FRAME-ROSSO-FIORENTINO\ufffd-Florence-Italy-1203x1536.jpg 1203w, https:\/\/www.manetti.com\/wp-content\/uploads\/2020\/06\/VIRGINS-MARRIAGE-FRAME-ROSSO-FIORENTINO\ufffd-Florence-Italy-1605x2048.jpg 1605w, https:\/\/www.manetti.com\/wp-content\/uploads\/2020\/06\/VIRGINS-MARRIAGE-FRAME-ROSSO-FIORENTINO\ufffd-Florence-Italy-600x766.jpg 600w, https:\/\/www.manetti.com\/wp-content\/uploads\/2020\/06\/VIRGINS-MARRIAGE-FRAME-ROSSO-FIORENTINO\ufffd-Florence-Italy.jpg 1708w\" sizes=\"auto, (max-width: 802px) 100vw, 802px\" \/><figcaption class=\"blocks-gallery-item__caption\">CORNICE DELLO SPOSALIZIO DELLA VERGINE &#8211; ROSSO FIORENTINO; Florence, Italie<\/figcaption><\/figure><\/li><li class=\"blocks-gallery-item\"><figure><img loading=\"lazy\" decoding=\"async\" width=\"1024\" height=\"932\" src=\"https:\/\/www.manetti.com\/wp-content\/uploads\/2020\/01\/VITRUVIAN-MAN-ENRICA-LAZZERETTI\ufffd-Florence-Italy-e1583331406344-1024x932.jpg\" alt=\"\" data-id=\"1982\" data-full-url=\"https:\/\/www.manetti.com\/wp-content\/uploads\/2020\/01\/VITRUVIAN-MAN-ENRICA-LAZZERETTI\ufffd-Florence-Italy-e1583331406344.jpg\" data-link=\"https:\/\/www.manetti.com\/galleria-arte-test-2\/vitruvian-man-enrica-lazzeretti%ef%bf%bd-florence-italy\/\" class=\"wp-image-30569\" srcset=\"https:\/\/www.manetti.com\/wp-content\/uploads\/2020\/01\/VITRUVIAN-MAN-ENRICA-LAZZERETTI\ufffd-Florence-Italy-e1583331406344-1024x932.jpg 1024w, https:\/\/www.manetti.com\/wp-content\/uploads\/2020\/01\/VITRUVIAN-MAN-ENRICA-LAZZERETTI\ufffd-Florence-Italy-e1583331406344-600x546.jpg 600w, https:\/\/www.manetti.com\/wp-content\/uploads\/2020\/01\/VITRUVIAN-MAN-ENRICA-LAZZERETTI\ufffd-Florence-Italy-e1583331406344-300x273.jpg 300w, https:\/\/www.manetti.com\/wp-content\/uploads\/2020\/01\/VITRUVIAN-MAN-ENRICA-LAZZERETTI\ufffd-Florence-Italy-e1583331406344-768x699.jpg 768w, https:\/\/www.manetti.com\/wp-content\/uploads\/2020\/01\/VITRUVIAN-MAN-ENRICA-LAZZERETTI\ufffd-Florence-Italy-e1583331406344.jpg 1367w\" sizes=\"auto, (max-width: 1024px) 100vw, 1024px\" \/><figcaption class=\"blocks-gallery-item__caption\">L&#8217;UOMO VITRUVIANO &#8211; ENRICA LAZZERETTI; Florence, Italie<\/figcaption><\/figure><\/li><li class=\"blocks-gallery-item\"><figure><img loading=\"lazy\" decoding=\"async\" width=\"1024\" height=\"683\" src=\"https:\/\/www.manetti.com\/wp-content\/uploads\/2020\/01\/A-MAP-OF-GOOD-MEMORIES-STEPHANIE-SAADE\ufffd-Rome-Italy-1024x683.jpg\" alt=\"\" data-id=\"1984\" data-full-url=\"https:\/\/www.manetti.com\/wp-content\/uploads\/2020\/01\/A-MAP-OF-GOOD-MEMORIES-STEPHANIE-SAADE\ufffd-Rome-Italy-scaled.jpg\" data-link=\"https:\/\/www.manetti.com\/galleria-arte-test-2\/a-map-of-good-memories-stephanie-saade%ef%bf%bd-rome-italy\/\" class=\"wp-image-1984\" srcset=\"https:\/\/www.manetti.com\/wp-content\/uploads\/2020\/01\/A-MAP-OF-GOOD-MEMORIES-STEPHANIE-SAADE\ufffd-Rome-Italy-1024x683.jpg 1024w, https:\/\/www.manetti.com\/wp-content\/uploads\/2020\/01\/A-MAP-OF-GOOD-MEMORIES-STEPHANIE-SAADE\ufffd-Rome-Italy-scaled-600x400.jpg 600w, https:\/\/www.manetti.com\/wp-content\/uploads\/2020\/01\/A-MAP-OF-GOOD-MEMORIES-STEPHANIE-SAADE\ufffd-Rome-Italy-300x200.jpg 300w, https:\/\/www.manetti.com\/wp-content\/uploads\/2020\/01\/A-MAP-OF-GOOD-MEMORIES-STEPHANIE-SAADE\ufffd-Rome-Italy-768x512.jpg 768w, https:\/\/www.manetti.com\/wp-content\/uploads\/2020\/01\/A-MAP-OF-GOOD-MEMORIES-STEPHANIE-SAADE\ufffd-Rome-Italy-1536x1024.jpg 1536w, https:\/\/www.manetti.com\/wp-content\/uploads\/2020\/01\/A-MAP-OF-GOOD-MEMORIES-STEPHANIE-SAADE\ufffd-Rome-Italy-2048x1365.jpg 2048w\" sizes=\"auto, (max-width: 1024px) 100vw, 1024px\" \/><figcaption class=\"blocks-gallery-item__caption\">A MAP OF GOOD MEMORIES &#8211; STEPHANIE SAADE; Rome, Italie<\/figcaption><\/figure><\/li><li class=\"blocks-gallery-item\"><figure><img loading=\"lazy\" decoding=\"async\" width=\"1000\" height=\"1024\" src=\"https:\/\/www.manetti.com\/wp-content\/uploads\/2020\/06\/ALMA-VANINNA-BARACCO-1000x1024.jpg\" alt=\"\" data-id=\"12939\" data-full-url=\"https:\/\/www.manetti.com\/wp-content\/uploads\/2020\/06\/ALMA-VANINNA-BARACCO.jpg\" data-link=\"https:\/\/www.manetti.com\/gallery\/opere-arte\/alma-vaninna-baracco\/\" class=\"wp-image-30579\" srcset=\"https:\/\/www.manetti.com\/wp-content\/uploads\/2020\/06\/ALMA-VANINNA-BARACCO-1000x1024.jpg 1000w, https:\/\/www.manetti.com\/wp-content\/uploads\/2020\/06\/ALMA-VANINNA-BARACCO-293x300.jpg 293w, https:\/\/www.manetti.com\/wp-content\/uploads\/2020\/06\/ALMA-VANINNA-BARACCO-768x787.jpg 768w, https:\/\/www.manetti.com\/wp-content\/uploads\/2020\/06\/ALMA-VANINNA-BARACCO-1500x1536.jpg 1500w, https:\/\/www.manetti.com\/wp-content\/uploads\/2020\/06\/ALMA-VANINNA-BARACCO-1999x2048.jpg 1999w, https:\/\/www.manetti.com\/wp-content\/uploads\/2020\/06\/ALMA-VANINNA-BARACCO-600x615.jpg 600w\" sizes=\"auto, (max-width: 1000px) 100vw, 1000px\" \/><figcaption class=\"blocks-gallery-item__caption\">ALMA &#8211; VANINNA BARACCO<\/figcaption><\/figure><\/li><li class=\"blocks-gallery-item\"><figure><img loading=\"lazy\" decoding=\"async\" width=\"805\" height=\"1024\" src=\"https:\/\/www.manetti.com\/wp-content\/uploads\/2020\/01\/AMERICAN-BUFFALO-KAY-JACKSON\ufffd-USA-805x1024.jpg\" alt=\"\" data-id=\"1988\" data-full-url=\"https:\/\/www.manetti.com\/wp-content\/uploads\/2020\/01\/AMERICAN-BUFFALO-KAY-JACKSON\ufffd-USA-scaled.jpg\" data-link=\"https:\/\/www.manetti.com\/galleria-arte-test-2\/american-buffalo-kay-jackson%ef%bf%bd-usa\/\" class=\"wp-image-1988\" srcset=\"https:\/\/www.manetti.com\/wp-content\/uploads\/2020\/01\/AMERICAN-BUFFALO-KAY-JACKSON\ufffd-USA-805x1024.jpg 805w, https:\/\/www.manetti.com\/wp-content\/uploads\/2020\/01\/AMERICAN-BUFFALO-KAY-JACKSON\ufffd-USA-scaled-600x763.jpg 600w, https:\/\/www.manetti.com\/wp-content\/uploads\/2020\/01\/AMERICAN-BUFFALO-KAY-JACKSON\ufffd-USA-236x300.jpg 236w, https:\/\/www.manetti.com\/wp-content\/uploads\/2020\/01\/AMERICAN-BUFFALO-KAY-JACKSON\ufffd-USA-768x977.jpg 768w, https:\/\/www.manetti.com\/wp-content\/uploads\/2020\/01\/AMERICAN-BUFFALO-KAY-JACKSON\ufffd-USA-1207x1536.jpg 1207w, https:\/\/www.manetti.com\/wp-content\/uploads\/2020\/01\/AMERICAN-BUFFALO-KAY-JACKSON\ufffd-USA-1610x2048.jpg 1610w, https:\/\/www.manetti.com\/wp-content\/uploads\/2020\/01\/AMERICAN-BUFFALO-KAY-JACKSON\ufffd-USA-scaled.jpg 2012w\" sizes=\"auto, (max-width: 805px) 100vw, 805px\" \/><figcaption class=\"blocks-gallery-item__caption\">AMERICAN BUFFALO &#8211; KAY JACKSON; USA<\/figcaption><\/figure><\/li><li class=\"blocks-gallery-item\"><figure><img loading=\"lazy\" decoding=\"async\" width=\"1024\" height=\"721\" src=\"https:\/\/www.manetti.com\/wp-content\/uploads\/2020\/01\/ARTISTIC-LIVING-ROOM-1024x721.jpeg\" alt=\"\" data-id=\"1990\" data-full-url=\"https:\/\/www.manetti.com\/wp-content\/uploads\/2020\/01\/ARTISTIC-LIVING-ROOM-scaled.jpeg\" data-link=\"https:\/\/www.manetti.com\/galleria-arte-test-2\/living-room-con-boiserie\/\" class=\"wp-image-1990\" srcset=\"https:\/\/www.manetti.com\/wp-content\/uploads\/2020\/01\/ARTISTIC-LIVING-ROOM-1024x721.jpeg 1024w, https:\/\/www.manetti.com\/wp-content\/uploads\/2020\/01\/ARTISTIC-LIVING-ROOM-scaled-600x422.jpeg 600w, https:\/\/www.manetti.com\/wp-content\/uploads\/2020\/01\/ARTISTIC-LIVING-ROOM-300x211.jpeg 300w, https:\/\/www.manetti.com\/wp-content\/uploads\/2020\/01\/ARTISTIC-LIVING-ROOM-768x540.jpeg 768w, https:\/\/www.manetti.com\/wp-content\/uploads\/2020\/01\/ARTISTIC-LIVING-ROOM-1536x1081.jpeg 1536w, https:\/\/www.manetti.com\/wp-content\/uploads\/2020\/01\/ARTISTIC-LIVING-ROOM-2048x1441.jpeg 2048w\" sizes=\"auto, (max-width: 1024px) 100vw, 1024px\" \/><figcaption class=\"blocks-gallery-item__caption\">S\u00c9JOUR ARTISTIQUE<\/figcaption><\/figure><\/li><li class=\"blocks-gallery-item\"><figure><img loading=\"lazy\" decoding=\"async\" width=\"1024\" height=\"644\" src=\"https:\/\/www.manetti.com\/wp-content\/uploads\/2020\/01\/BUDDHA-MAITREYA-IVOLGINSKY-DATSAN\ufffd-Buryatia-Russia-1024x644.jpg\" alt=\"\" data-id=\"1992\" data-full-url=\"https:\/\/www.manetti.com\/wp-content\/uploads\/2020\/01\/BUDDHA-MAITREYA-IVOLGINSKY-DATSAN\ufffd-Buryatia-Russia.jpg\" data-link=\"https:\/\/www.manetti.com\/galleria-arte-test-2\/buddha-maitreya-ivolginsky-datsan%ef%bf%bd-buryatia-russia\/\" class=\"wp-image-1992\" srcset=\"https:\/\/www.manetti.com\/wp-content\/uploads\/2020\/01\/BUDDHA-MAITREYA-IVOLGINSKY-DATSAN\ufffd-Buryatia-Russia-1024x644.jpg 1024w, https:\/\/www.manetti.com\/wp-content\/uploads\/2020\/01\/BUDDHA-MAITREYA-IVOLGINSKY-DATSAN\ufffd-Buryatia-Russia-600x378.jpg 600w, https:\/\/www.manetti.com\/wp-content\/uploads\/2020\/01\/BUDDHA-MAITREYA-IVOLGINSKY-DATSAN\ufffd-Buryatia-Russia-300x189.jpg 300w, https:\/\/www.manetti.com\/wp-content\/uploads\/2020\/01\/BUDDHA-MAITREYA-IVOLGINSKY-DATSAN\ufffd-Buryatia-Russia-768x483.jpg 768w, https:\/\/www.manetti.com\/wp-content\/uploads\/2020\/01\/BUDDHA-MAITREYA-IVOLGINSKY-DATSAN\ufffd-Buryatia-Russia.jpg 1203w\" sizes=\"auto, (max-width: 1024px) 100vw, 1024px\" \/><figcaption class=\"blocks-gallery-item__caption\">BUDDHA MAITREYA IVOLGINSKY DATSAN; Buryatia, Russie<\/figcaption><\/figure><\/li><li class=\"blocks-gallery-item\"><figure><img loading=\"lazy\" decoding=\"async\" width=\"570\" height=\"865\" src=\"https:\/\/www.manetti.com\/wp-content\/uploads\/2020\/01\/BURAQ-LAVEEZA-SHAZIB-e1583331727568.jpg\" alt=\"\" data-id=\"1994\" data-full-url=\"https:\/\/www.manetti.com\/wp-content\/uploads\/2020\/01\/BURAQ-LAVEEZA-SHAZIB-e1583331727568.jpg\" data-link=\"https:\/\/www.manetti.com\/galleria-arte-test-2\/buraq-laveeza-shazib\/\" class=\"wp-image-1994\" srcset=\"https:\/\/www.manetti.com\/wp-content\/uploads\/2020\/01\/BURAQ-LAVEEZA-SHAZIB-e1583331727568.jpg 570w, https:\/\/www.manetti.com\/wp-content\/uploads\/2020\/01\/BURAQ-LAVEEZA-SHAZIB-e1583331727568-198x300.jpg 198w\" sizes=\"auto, (max-width: 570px) 100vw, 570px\" \/><figcaption class=\"blocks-gallery-item__caption\">BURAQ &#8211; LAVEEZA SHAZIB<\/figcaption><\/figure><\/li><li class=\"blocks-gallery-item\"><figure><img loading=\"lazy\" decoding=\"async\" width=\"768\" height=\"1024\" src=\"https:\/\/www.manetti.com\/wp-content\/uploads\/2020\/01\/SAINT-NICHOLAS-THE-PILGRIM-STATUE-TRANI-CATHEDRAL\ufffd-Trani-Italy-\u00a9-Annibale-DAmbrosio-768x1024.jpg\" alt=\"\" data-id=\"1960\" data-full-url=\"https:\/\/www.manetti.com\/wp-content\/uploads\/2020\/01\/SAINT-NICHOLAS-THE-PILGRIM-STATUE-TRANI-CATHEDRAL\ufffd-Trani-Italy-\u00a9-Annibale-DAmbrosio-scaled.jpg\" data-link=\"https:\/\/www.manetti.com\/galleria-arte-test-2\/saint-nicholas-the-pilgrim-statue-trani-cathedral%ef%bf%bd-trani-italy-annibale-dambrosio\/\" class=\"wp-image-1960\" srcset=\"https:\/\/www.manetti.com\/wp-content\/uploads\/2020\/01\/SAINT-NICHOLAS-THE-PILGRIM-STATUE-TRANI-CATHEDRAL\ufffd-Trani-Italy-\u00a9-Annibale-DAmbrosio-768x1024.jpg 768w, https:\/\/www.manetti.com\/wp-content\/uploads\/2020\/01\/SAINT-NICHOLAS-THE-PILGRIM-STATUE-TRANI-CATHEDRAL\ufffd-Trani-Italy-\u00a9-Annibale-DAmbrosio-scaled-600x800.jpg 600w, https:\/\/www.manetti.com\/wp-content\/uploads\/2020\/01\/SAINT-NICHOLAS-THE-PILGRIM-STATUE-TRANI-CATHEDRAL\ufffd-Trani-Italy-\u00a9-Annibale-DAmbrosio-225x300.jpg 225w, https:\/\/www.manetti.com\/wp-content\/uploads\/2020\/01\/SAINT-NICHOLAS-THE-PILGRIM-STATUE-TRANI-CATHEDRAL\ufffd-Trani-Italy-\u00a9-Annibale-DAmbrosio-1152x1536.jpg 1152w, https:\/\/www.manetti.com\/wp-content\/uploads\/2020\/01\/SAINT-NICHOLAS-THE-PILGRIM-STATUE-TRANI-CATHEDRAL\ufffd-Trani-Italy-\u00a9-Annibale-DAmbrosio-1536x2048.jpg 1536w, https:\/\/www.manetti.com\/wp-content\/uploads\/2020\/01\/SAINT-NICHOLAS-THE-PILGRIM-STATUE-TRANI-CATHEDRAL\ufffd-Trani-Italy-\u00a9-Annibale-DAmbrosio-scaled.jpg 1920w\" sizes=\"auto, (max-width: 768px) 100vw, 768px\" \/><figcaption class=\"blocks-gallery-item__caption\">STATUA DI SAN NICOLA PELLEGRINO &#8211; CATTEDRALE DI SAN NICOLA PELLEGRINO; Trani, Italie (\u00a9 Annibale D&#8217;Ambrosio)<\/figcaption><\/figure><\/li><li class=\"blocks-gallery-item\"><figure><img loading=\"lazy\" decoding=\"async\" width=\"1024\" height=\"768\" src=\"https:\/\/www.manetti.com\/wp-content\/uploads\/2020\/01\/SONG-OF-SONGS-VIRGILIO-SIENI\ufffd-Florence-Italy-1024x768.jpg\" alt=\"\" data-id=\"1964\" data-full-url=\"https:\/\/www.manetti.com\/wp-content\/uploads\/2020\/01\/SONG-OF-SONGS-VIRGILIO-SIENI\ufffd-Florence-Italy-scaled.jpg\" data-link=\"https:\/\/www.manetti.com\/galleria-arte-test-2\/song-of-songs-virgilio-sieni%ef%bf%bd-florence-italy\/\" class=\"wp-image-1964\" srcset=\"https:\/\/www.manetti.com\/wp-content\/uploads\/2020\/01\/SONG-OF-SONGS-VIRGILIO-SIENI\ufffd-Florence-Italy-1024x768.jpg 1024w, https:\/\/www.manetti.com\/wp-content\/uploads\/2020\/01\/SONG-OF-SONGS-VIRGILIO-SIENI\ufffd-Florence-Italy-scaled-600x450.jpg 600w, https:\/\/www.manetti.com\/wp-content\/uploads\/2020\/01\/SONG-OF-SONGS-VIRGILIO-SIENI\ufffd-Florence-Italy-300x225.jpg 300w, https:\/\/www.manetti.com\/wp-content\/uploads\/2020\/01\/SONG-OF-SONGS-VIRGILIO-SIENI\ufffd-Florence-Italy-768x576.jpg 768w, https:\/\/www.manetti.com\/wp-content\/uploads\/2020\/01\/SONG-OF-SONGS-VIRGILIO-SIENI\ufffd-Florence-Italy-1536x1152.jpg 1536w, https:\/\/www.manetti.com\/wp-content\/uploads\/2020\/01\/SONG-OF-SONGS-VIRGILIO-SIENI\ufffd-Florence-Italy-2048x1536.jpg 2048w\" sizes=\"auto, (max-width: 1024px) 100vw, 1024px\" \/><figcaption class=\"blocks-gallery-item__caption\">CANTICO DEI CANTICI &#8211; VIRGILIO SIENI; Florence, Italie<\/figcaption><\/figure><\/li><li class=\"blocks-gallery-item\"><figure><img loading=\"lazy\" decoding=\"async\" width=\"1024\" height=\"829\" src=\"https:\/\/www.manetti.com\/wp-content\/uploads\/2020\/01\/SUMMER-ISLES-HENRIETTA-STUART-1024x829.jpg\" alt=\"\" data-id=\"1966\" data-full-url=\"https:\/\/www.manetti.com\/wp-content\/uploads\/2020\/01\/SUMMER-ISLES-HENRIETTA-STUART-scaled.jpg\" data-link=\"https:\/\/www.manetti.com\/galleria-arte-test-2\/summer-isles-henrietta-stuart\/\" class=\"wp-image-1966\" srcset=\"https:\/\/www.manetti.com\/wp-content\/uploads\/2020\/01\/SUMMER-ISLES-HENRIETTA-STUART-1024x829.jpg 1024w, https:\/\/www.manetti.com\/wp-content\/uploads\/2020\/01\/SUMMER-ISLES-HENRIETTA-STUART-scaled-600x486.jpg 600w, https:\/\/www.manetti.com\/wp-content\/uploads\/2020\/01\/SUMMER-ISLES-HENRIETTA-STUART-300x243.jpg 300w, https:\/\/www.manetti.com\/wp-content\/uploads\/2020\/01\/SUMMER-ISLES-HENRIETTA-STUART-768x622.jpg 768w, https:\/\/www.manetti.com\/wp-content\/uploads\/2020\/01\/SUMMER-ISLES-HENRIETTA-STUART-1536x1244.jpg 1536w, https:\/\/www.manetti.com\/wp-content\/uploads\/2020\/01\/SUMMER-ISLES-HENRIETTA-STUART-2048x1659.jpg 2048w\" sizes=\"auto, (max-width: 1024px) 100vw, 1024px\" \/><figcaption class=\"blocks-gallery-item__caption\">SUMMER ISLES &#8211; HENRIETTA STUART<\/figcaption><\/figure><\/li><li class=\"blocks-gallery-item\"><figure><img loading=\"lazy\" decoding=\"async\" width=\"655\" height=\"724\" src=\"https:\/\/www.manetti.com\/wp-content\/uploads\/2020\/01\/TARAWEEH-LAVEEZA-SHAZIB-e1583331839516.jpg\" alt=\"\" data-id=\"1968\" data-full-url=\"https:\/\/www.manetti.com\/wp-content\/uploads\/2020\/01\/TARAWEEH-LAVEEZA-SHAZIB-e1583331839516.jpg\" data-link=\"https:\/\/www.manetti.com\/galleria-arte-test-2\/taraweeh-laveeza-shazib\/\" class=\"wp-image-1968\" srcset=\"https:\/\/www.manetti.com\/wp-content\/uploads\/2020\/01\/TARAWEEH-LAVEEZA-SHAZIB-e1583331839516.jpg 655w, https:\/\/www.manetti.com\/wp-content\/uploads\/2020\/01\/TARAWEEH-LAVEEZA-SHAZIB-e1583331839516-600x663.jpg 600w, https:\/\/www.manetti.com\/wp-content\/uploads\/2020\/01\/TARAWEEH-LAVEEZA-SHAZIB-e1583331839516-271x300.jpg 271w\" sizes=\"auto, (max-width: 655px) 100vw, 655px\" \/><figcaption class=\"blocks-gallery-item__caption\">TARAWEEH &#8211; LAVEEZA SHAZIB<\/figcaption><\/figure><\/li><li class=\"blocks-gallery-item\"><figure><img loading=\"lazy\" decoding=\"async\" width=\"1024\" height=\"685\" src=\"https:\/\/www.manetti.com\/wp-content\/uploads\/2020\/01\/THE-BLUE-ABOVE-STEPHANIE-LAW-1024x685.jpg\" alt=\"\" data-id=\"1970\" data-full-url=\"https:\/\/www.manetti.com\/wp-content\/uploads\/2020\/01\/THE-BLUE-ABOVE-STEPHANIE-LAW-scaled.jpg\" data-link=\"https:\/\/www.manetti.com\/galleria-arte-test-2\/the-blue-above-stephanie-law\/\" class=\"wp-image-1970\" srcset=\"https:\/\/www.manetti.com\/wp-content\/uploads\/2020\/01\/THE-BLUE-ABOVE-STEPHANIE-LAW-1024x685.jpg 1024w, https:\/\/www.manetti.com\/wp-content\/uploads\/2020\/01\/THE-BLUE-ABOVE-STEPHANIE-LAW-scaled-600x401.jpg 600w, https:\/\/www.manetti.com\/wp-content\/uploads\/2020\/01\/THE-BLUE-ABOVE-STEPHANIE-LAW-300x201.jpg 300w, https:\/\/www.manetti.com\/wp-content\/uploads\/2020\/01\/THE-BLUE-ABOVE-STEPHANIE-LAW-768x513.jpg 768w, https:\/\/www.manetti.com\/wp-content\/uploads\/2020\/01\/THE-BLUE-ABOVE-STEPHANIE-LAW-1536x1027.jpg 1536w, https:\/\/www.manetti.com\/wp-content\/uploads\/2020\/01\/THE-BLUE-ABOVE-STEPHANIE-LAW-2048x1369.jpg 2048w\" sizes=\"auto, (max-width: 1024px) 100vw, 1024px\" \/><figcaption class=\"blocks-gallery-item__caption\">THE BLUE ABOVE &#8211; STEPHANIE LAW<\/figcaption><\/figure><\/li><li class=\"blocks-gallery-item\"><figure><img loading=\"lazy\" decoding=\"async\" width=\"1024\" height=\"576\" src=\"https:\/\/www.manetti.com\/wp-content\/uploads\/2020\/01\/THE-COUNCIL-DUSTIN-MATER-1024x576.jpg\" alt=\"\" data-id=\"1972\" data-full-url=\"https:\/\/www.manetti.com\/wp-content\/uploads\/2020\/01\/THE-COUNCIL-DUSTIN-MATER.jpg\" data-link=\"https:\/\/www.manetti.com\/galleria-arte-test-2\/the-council-dustin-mater\/\" class=\"wp-image-1972\" srcset=\"https:\/\/www.manetti.com\/wp-content\/uploads\/2020\/01\/THE-COUNCIL-DUSTIN-MATER-1024x576.jpg 1024w, https:\/\/www.manetti.com\/wp-content\/uploads\/2020\/01\/THE-COUNCIL-DUSTIN-MATER-600x338.jpg 600w, https:\/\/www.manetti.com\/wp-content\/uploads\/2020\/01\/THE-COUNCIL-DUSTIN-MATER-300x169.jpg 300w, https:\/\/www.manetti.com\/wp-content\/uploads\/2020\/01\/THE-COUNCIL-DUSTIN-MATER-768x432.jpg 768w, https:\/\/www.manetti.com\/wp-content\/uploads\/2020\/01\/THE-COUNCIL-DUSTIN-MATER.jpg 1280w\" sizes=\"auto, (max-width: 1024px) 100vw, 1024px\" \/><figcaption class=\"blocks-gallery-item__caption\">THE COUNCIL &#8211; DUSTIN MATER<\/figcaption><\/figure><\/li><li class=\"blocks-gallery-item\"><figure><img loading=\"lazy\" decoding=\"async\" width=\"1024\" height=\"683\" src=\"https:\/\/www.manetti.com\/wp-content\/uploads\/2020\/01\/CORNER-TABLE-1973-2017-\u2013-REMO-SALVADORI\ufffd-Milan-Italy-1024x683.jpg\" alt=\"\" data-id=\"1998\" data-full-url=\"https:\/\/www.manetti.com\/wp-content\/uploads\/2020\/01\/CORNER-TABLE-1973-2017-\u2013-REMO-SALVADORI\ufffd-Milan-Italy-scaled.jpg\" data-link=\"https:\/\/www.manetti.com\/galleria-arte-test-2\/corner-table-1973-2017-remo-salvadori%ef%bf%bd-milan-italy\/\" class=\"wp-image-1998\" srcset=\"https:\/\/www.manetti.com\/wp-content\/uploads\/2020\/01\/CORNER-TABLE-1973-2017-\u2013-REMO-SALVADORI\ufffd-Milan-Italy-1024x683.jpg 1024w, https:\/\/www.manetti.com\/wp-content\/uploads\/2020\/01\/CORNER-TABLE-1973-2017-\u2013-REMO-SALVADORI\ufffd-Milan-Italy-scaled-600x400.jpg 600w, https:\/\/www.manetti.com\/wp-content\/uploads\/2020\/01\/CORNER-TABLE-1973-2017-\u2013-REMO-SALVADORI\ufffd-Milan-Italy-300x200.jpg 300w, https:\/\/www.manetti.com\/wp-content\/uploads\/2020\/01\/CORNER-TABLE-1973-2017-\u2013-REMO-SALVADORI\ufffd-Milan-Italy-768x512.jpg 768w, https:\/\/www.manetti.com\/wp-content\/uploads\/2020\/01\/CORNER-TABLE-1973-2017-\u2013-REMO-SALVADORI\ufffd-Milan-Italy-1536x1024.jpg 1536w, https:\/\/www.manetti.com\/wp-content\/uploads\/2020\/01\/CORNER-TABLE-1973-2017-\u2013-REMO-SALVADORI\ufffd-Milan-Italy-2048x1365.jpg 2048w\" sizes=\"auto, (max-width: 1024px) 100vw, 1024px\" \/><figcaption class=\"blocks-gallery-item__caption\">TAVOLO D\u2019ANGOLO 1973-2017 \u2013 REMO SALVADORI; Milan, Italie<\/figcaption><\/figure><\/li><li class=\"blocks-gallery-item\"><figure><img loading=\"lazy\" decoding=\"async\" width=\"1024\" height=\"684\" src=\"https:\/\/www.manetti.com\/wp-content\/uploads\/2020\/01\/EX-MANIFATTURA-TABACCHI\ufffd-Florence-Italy-1024x684.jpg\" alt=\"\" data-id=\"2000\" data-full-url=\"https:\/\/www.manetti.com\/wp-content\/uploads\/2020\/01\/EX-MANIFATTURA-TABACCHI\ufffd-Florence-Italy.jpg\" data-link=\"https:\/\/www.manetti.com\/galleria-arte-test-2\/ex-manifattura-tabacchi%ef%bf%bd-florence-italy\/\" class=\"wp-image-2000\" srcset=\"https:\/\/www.manetti.com\/wp-content\/uploads\/2020\/01\/EX-MANIFATTURA-TABACCHI\ufffd-Florence-Italy-1024x684.jpg 1024w, https:\/\/www.manetti.com\/wp-content\/uploads\/2020\/01\/EX-MANIFATTURA-TABACCHI\ufffd-Florence-Italy-600x401.jpg 600w, https:\/\/www.manetti.com\/wp-content\/uploads\/2020\/01\/EX-MANIFATTURA-TABACCHI\ufffd-Florence-Italy-300x200.jpg 300w, https:\/\/www.manetti.com\/wp-content\/uploads\/2020\/01\/EX-MANIFATTURA-TABACCHI\ufffd-Florence-Italy-768x513.jpg 768w, https:\/\/www.manetti.com\/wp-content\/uploads\/2020\/01\/EX-MANIFATTURA-TABACCHI\ufffd-Florence-Italy-1536x1025.jpg 1536w, https:\/\/www.manetti.com\/wp-content\/uploads\/2020\/01\/EX-MANIFATTURA-TABACCHI\ufffd-Florence-Italy.jpg 2000w\" sizes=\"auto, (max-width: 1024px) 100vw, 1024px\" \/><figcaption class=\"blocks-gallery-item__caption\">EX-MANIFATTURA TABACCHI; Florence, Italie<\/figcaption><\/figure><\/li><li class=\"blocks-gallery-item\"><figure><img loading=\"lazy\" decoding=\"async\" width=\"683\" height=\"1024\" src=\"https:\/\/www.manetti.com\/wp-content\/uploads\/2020\/01\/GERMOGLIO-2015-2017-REMO-SALVADORI\ufffd-Milan-Italy-683x1024.jpg\" alt=\"\" data-id=\"2002\" data-full-url=\"https:\/\/www.manetti.com\/wp-content\/uploads\/2020\/01\/GERMOGLIO-2015-2017-REMO-SALVADORI\ufffd-Milan-Italy-scaled.jpg\" data-link=\"https:\/\/www.manetti.com\/galleria-arte-test-2\/germoglio-2015-2017-remo-salvadori%ef%bf%bd-milan-italy\/\" class=\"wp-image-2002\" srcset=\"https:\/\/www.manetti.com\/wp-content\/uploads\/2020\/01\/GERMOGLIO-2015-2017-REMO-SALVADORI\ufffd-Milan-Italy-683x1024.jpg 683w, https:\/\/www.manetti.com\/wp-content\/uploads\/2020\/01\/GERMOGLIO-2015-2017-REMO-SALVADORI\ufffd-Milan-Italy-scaled-600x900.jpg 600w, https:\/\/www.manetti.com\/wp-content\/uploads\/2020\/01\/GERMOGLIO-2015-2017-REMO-SALVADORI\ufffd-Milan-Italy-200x300.jpg 200w, https:\/\/www.manetti.com\/wp-content\/uploads\/2020\/01\/GERMOGLIO-2015-2017-REMO-SALVADORI\ufffd-Milan-Italy-768x1152.jpg 768w, https:\/\/www.manetti.com\/wp-content\/uploads\/2020\/01\/GERMOGLIO-2015-2017-REMO-SALVADORI\ufffd-Milan-Italy-1024x1536.jpg 1024w, https:\/\/www.manetti.com\/wp-content\/uploads\/2020\/01\/GERMOGLIO-2015-2017-REMO-SALVADORI\ufffd-Milan-Italy-1365x2048.jpg 1365w, https:\/\/www.manetti.com\/wp-content\/uploads\/2020\/01\/GERMOGLIO-2015-2017-REMO-SALVADORI\ufffd-Milan-Italy-scaled.jpg 1707w\" sizes=\"auto, (max-width: 683px) 100vw, 683px\" \/><figcaption class=\"blocks-gallery-item__caption\">GERMOGLIO 2015-2017 &#8211; REMO SALVADORI; Milan, Italie<\/figcaption><\/figure><\/li><li class=\"blocks-gallery-item\"><figure><img loading=\"lazy\" decoding=\"async\" width=\"768\" height=\"1024\" src=\"https:\/\/www.manetti.com\/wp-content\/uploads\/2020\/01\/GOLDEN-AVENUE-ACCADEMIA-DI-BELLE-ARTI-VIRGILIO-SIENI\ufffd-Florence-Italy-768x1024.jpg\" alt=\"\" data-id=\"2006\" data-full-url=\"https:\/\/www.manetti.com\/wp-content\/uploads\/2020\/01\/GOLDEN-AVENUE-ACCADEMIA-DI-BELLE-ARTI-VIRGILIO-SIENI\ufffd-Florence-Italy-e1583331927949.jpg\" data-link=\"https:\/\/www.manetti.com\/galleria-arte-test-2\/golden-avenue-accademia-di-belle-arti-virgilio-sieni%ef%bf%bd-florence-italy\/\" class=\"wp-image-2006\"\/><figcaption class=\"blocks-gallery-item__caption\">IL VIALE D&#8217;ORO (ACCADEMIA DI BELLE ARTI) &#8211; VIRGILIO SIENI; Florence, Italie<\/figcaption><\/figure><\/li><li class=\"blocks-gallery-item\"><figure><img loading=\"lazy\" decoding=\"async\" width=\"1024\" height=\"683\" src=\"https:\/\/www.manetti.com\/wp-content\/uploads\/2020\/01\/GOLDEN-AVENUE-ISOLOTTO-VIRGILIO-SIENI\ufffd-Florence-Italy-1024x683.jpg\" alt=\"\" data-id=\"2008\" data-full-url=\"https:\/\/www.manetti.com\/wp-content\/uploads\/2020\/01\/GOLDEN-AVENUE-ISOLOTTO-VIRGILIO-SIENI\ufffd-Florence-Italy-scaled.jpg\" data-link=\"https:\/\/www.manetti.com\/galleria-arte-test-2\/golden-avenue-isolotto-virgilio-sieni%ef%bf%bd-florence-italy\/\" class=\"wp-image-2008\" srcset=\"https:\/\/www.manetti.com\/wp-content\/uploads\/2020\/01\/GOLDEN-AVENUE-ISOLOTTO-VIRGILIO-SIENI\ufffd-Florence-Italy-1024x683.jpg 1024w, https:\/\/www.manetti.com\/wp-content\/uploads\/2020\/01\/GOLDEN-AVENUE-ISOLOTTO-VIRGILIO-SIENI\ufffd-Florence-Italy-scaled-600x400.jpg 600w, https:\/\/www.manetti.com\/wp-content\/uploads\/2020\/01\/GOLDEN-AVENUE-ISOLOTTO-VIRGILIO-SIENI\ufffd-Florence-Italy-300x200.jpg 300w, https:\/\/www.manetti.com\/wp-content\/uploads\/2020\/01\/GOLDEN-AVENUE-ISOLOTTO-VIRGILIO-SIENI\ufffd-Florence-Italy-768x512.jpg 768w, https:\/\/www.manetti.com\/wp-content\/uploads\/2020\/01\/GOLDEN-AVENUE-ISOLOTTO-VIRGILIO-SIENI\ufffd-Florence-Italy-1536x1024.jpg 1536w, https:\/\/www.manetti.com\/wp-content\/uploads\/2020\/01\/GOLDEN-AVENUE-ISOLOTTO-VIRGILIO-SIENI\ufffd-Florence-Italy-2048x1365.jpg 2048w\" sizes=\"auto, (max-width: 1024px) 100vw, 1024px\" \/><figcaption class=\"blocks-gallery-item__caption\">IL VIALE D&#8217;ORO (ISOLOTTO) &#8211; VIRGILIO SIENI; Florence, Italie<\/figcaption><\/figure><\/li><li class=\"blocks-gallery-item\"><figure><img loading=\"lazy\" decoding=\"async\" width=\"1024\" height=\"575\" src=\"https:\/\/www.manetti.com\/wp-content\/uploads\/2020\/01\/GOLDEN-AVENUE-PONTE-VECCHIO-VIRGILIO-SIENI\ufffd-Florence-Italy-1024x575.jpg\" alt=\"\" data-id=\"2010\" data-full-url=\"https:\/\/www.manetti.com\/wp-content\/uploads\/2020\/01\/GOLDEN-AVENUE-PONTE-VECCHIO-VIRGILIO-SIENI\ufffd-Florence-Italy-scaled.jpg\" data-link=\"https:\/\/www.manetti.com\/galleria-arte-test-2\/dcim100mediadji_0009-jpg\/\" class=\"wp-image-48358\" srcset=\"https:\/\/www.manetti.com\/wp-content\/uploads\/2020\/01\/GOLDEN-AVENUE-PONTE-VECCHIO-VIRGILIO-SIENI\ufffd-Florence-Italy-1024x575.jpg 1024w, https:\/\/www.manetti.com\/wp-content\/uploads\/2020\/01\/GOLDEN-AVENUE-PONTE-VECCHIO-VIRGILIO-SIENI\ufffd-Florence-Italy-scaled-600x337.jpg 600w, https:\/\/www.manetti.com\/wp-content\/uploads\/2020\/01\/GOLDEN-AVENUE-PONTE-VECCHIO-VIRGILIO-SIENI\ufffd-Florence-Italy-300x168.jpg 300w, https:\/\/www.manetti.com\/wp-content\/uploads\/2020\/01\/GOLDEN-AVENUE-PONTE-VECCHIO-VIRGILIO-SIENI\ufffd-Florence-Italy-768x431.jpg 768w, https:\/\/www.manetti.com\/wp-content\/uploads\/2020\/01\/GOLDEN-AVENUE-PONTE-VECCHIO-VIRGILIO-SIENI\ufffd-Florence-Italy-1536x862.jpg 1536w, https:\/\/www.manetti.com\/wp-content\/uploads\/2020\/01\/GOLDEN-AVENUE-PONTE-VECCHIO-VIRGILIO-SIENI\ufffd-Florence-Italy-2048x1149.jpg 2048w\" sizes=\"auto, (max-width: 1024px) 100vw, 1024px\" \/><figcaption class=\"blocks-gallery-item__caption\">IL VIALE D&#8217;ORO (PONTE VECCHIO) &#8211; VIRGILIO SIENI; Florence, Italie<\/figcaption><\/figure><\/li><li class=\"blocks-gallery-item\"><figure><img loading=\"lazy\" decoding=\"async\" width=\"1024\" height=\"683\" src=\"https:\/\/www.manetti.com\/wp-content\/uploads\/2020\/01\/GOLDEN-TOWER-JAMES-LEE\ufffd-Venice-Italy-1024x683.jpg\" alt=\"\" data-id=\"2012\" data-full-url=\"https:\/\/www.manetti.com\/wp-content\/uploads\/2020\/01\/GOLDEN-TOWER-JAMES-LEE\ufffd-Venice-Italy-scaled.jpg\" data-link=\"https:\/\/www.manetti.com\/galleria-arte-test-2\/golden-tower-james-lee%ef%bf%bd-venice-italy\/\" class=\"wp-image-2012\" srcset=\"https:\/\/www.manetti.com\/wp-content\/uploads\/2020\/01\/GOLDEN-TOWER-JAMES-LEE\ufffd-Venice-Italy-1024x683.jpg 1024w, https:\/\/www.manetti.com\/wp-content\/uploads\/2020\/01\/GOLDEN-TOWER-JAMES-LEE\ufffd-Venice-Italy-scaled-600x400.jpg 600w, https:\/\/www.manetti.com\/wp-content\/uploads\/2020\/01\/GOLDEN-TOWER-JAMES-LEE\ufffd-Venice-Italy-300x200.jpg 300w, https:\/\/www.manetti.com\/wp-content\/uploads\/2020\/01\/GOLDEN-TOWER-JAMES-LEE\ufffd-Venice-Italy-768x512.jpg 768w, https:\/\/www.manetti.com\/wp-content\/uploads\/2020\/01\/GOLDEN-TOWER-JAMES-LEE\ufffd-Venice-Italy-1536x1024.jpg 1536w, https:\/\/www.manetti.com\/wp-content\/uploads\/2020\/01\/GOLDEN-TOWER-JAMES-LEE\ufffd-Venice-Italy-2048x1365.jpg 2048w\" sizes=\"auto, (max-width: 1024px) 100vw, 1024px\" \/><figcaption class=\"blocks-gallery-item__caption\">GOLDEN TOWER &#8211; JAMES LEE; Venise, Italie<\/figcaption><\/figure><\/li><li class=\"blocks-gallery-item\"><figure><img loading=\"lazy\" decoding=\"async\" width=\"1024\" height=\"629\" src=\"https:\/\/www.manetti.com\/wp-content\/uploads\/2020\/01\/HUMAN-BAPTISMS-OLIVIERO-RAINALDI\ufffd-Dubai-UAE-1024x629.jpg\" alt=\"\" data-id=\"2018\" data-full-url=\"https:\/\/www.manetti.com\/wp-content\/uploads\/2020\/01\/HUMAN-BAPTISMS-OLIVIERO-RAINALDI\ufffd-Dubai-UAE.jpg\" data-link=\"https:\/\/www.manetti.com\/galleria-arte-test-2\/human-baptisms-oliviero-rainaldi%ef%bf%bd-dubai-uae\/\" class=\"wp-image-2018\" srcset=\"https:\/\/www.manetti.com\/wp-content\/uploads\/2020\/01\/HUMAN-BAPTISMS-OLIVIERO-RAINALDI\ufffd-Dubai-UAE-1024x629.jpg 1024w, https:\/\/www.manetti.com\/wp-content\/uploads\/2020\/01\/HUMAN-BAPTISMS-OLIVIERO-RAINALDI\ufffd-Dubai-UAE-600x368.jpg 600w, https:\/\/www.manetti.com\/wp-content\/uploads\/2020\/01\/HUMAN-BAPTISMS-OLIVIERO-RAINALDI\ufffd-Dubai-UAE-300x184.jpg 300w, https:\/\/www.manetti.com\/wp-content\/uploads\/2020\/01\/HUMAN-BAPTISMS-OLIVIERO-RAINALDI\ufffd-Dubai-UAE-768x472.jpg 768w, https:\/\/www.manetti.com\/wp-content\/uploads\/2020\/01\/HUMAN-BAPTISMS-OLIVIERO-RAINALDI\ufffd-Dubai-UAE-1536x943.jpg 1536w, https:\/\/www.manetti.com\/wp-content\/uploads\/2020\/01\/HUMAN-BAPTISMS-OLIVIERO-RAINALDI\ufffd-Dubai-UAE.jpg 1920w\" sizes=\"auto, (max-width: 1024px) 100vw, 1024px\" \/><figcaption class=\"blocks-gallery-item__caption\">BATTESIMI UMANI &#8211; OLIVIERO RAINALDI; Duba\u00ef, EAU<\/figcaption><\/figure><\/li><li class=\"blocks-gallery-item\"><figure><img loading=\"lazy\" decoding=\"async\" width=\"1024\" height=\"683\" src=\"https:\/\/www.manetti.com\/wp-content\/uploads\/2020\/01\/IL-TERZO-GIORNO-ANNA-IPPOLITO-MARZIO-ZORIO\ufffd-Parma-Italy-1024x683.jpg\" alt=\"\" data-id=\"2020\" data-full-url=\"https:\/\/www.manetti.com\/wp-content\/uploads\/2020\/01\/IL-TERZO-GIORNO-ANNA-IPPOLITO-MARZIO-ZORIO\ufffd-Parma-Italy-scaled.jpg\" data-link=\"https:\/\/www.manetti.com\/galleria-arte-test-2\/il-terzo-giorno-anna-ippolito-marzio-zorio%ef%bf%bd-parma-italy\/\" class=\"wp-image-2020\" srcset=\"https:\/\/www.manetti.com\/wp-content\/uploads\/2020\/01\/IL-TERZO-GIORNO-ANNA-IPPOLITO-MARZIO-ZORIO\ufffd-Parma-Italy-1024x683.jpg 1024w, https:\/\/www.manetti.com\/wp-content\/uploads\/2020\/01\/IL-TERZO-GIORNO-ANNA-IPPOLITO-MARZIO-ZORIO\ufffd-Parma-Italy-scaled-600x400.jpg 600w, https:\/\/www.manetti.com\/wp-content\/uploads\/2020\/01\/IL-TERZO-GIORNO-ANNA-IPPOLITO-MARZIO-ZORIO\ufffd-Parma-Italy-300x200.jpg 300w, https:\/\/www.manetti.com\/wp-content\/uploads\/2020\/01\/IL-TERZO-GIORNO-ANNA-IPPOLITO-MARZIO-ZORIO\ufffd-Parma-Italy-768x512.jpg 768w, https:\/\/www.manetti.com\/wp-content\/uploads\/2020\/01\/IL-TERZO-GIORNO-ANNA-IPPOLITO-MARZIO-ZORIO\ufffd-Parma-Italy-1536x1024.jpg 1536w, https:\/\/www.manetti.com\/wp-content\/uploads\/2020\/01\/IL-TERZO-GIORNO-ANNA-IPPOLITO-MARZIO-ZORIO\ufffd-Parma-Italy-2048x1365.jpg 2048w\" sizes=\"auto, (max-width: 1024px) 100vw, 1024px\" \/><figcaption class=\"blocks-gallery-item__caption\">IL TERZO GIORNO &#8211; ANNA IPPOLITO &amp; MARZIO ZORIO; Parme, Italie<\/figcaption><\/figure><\/li><li class=\"blocks-gallery-item\"><figure><img loading=\"lazy\" decoding=\"async\" width=\"865\" height=\"1024\" src=\"https:\/\/www.manetti.com\/wp-content\/uploads\/2020\/01\/LIGHTNING-STRUCK-TREE-GIUSEPPE-PENONE\ufffd-Florence-Italy-e1583332005467-865x1024.jpg\" alt=\"\" data-id=\"2024\" data-full-url=\"https:\/\/www.manetti.com\/wp-content\/uploads\/2020\/01\/LIGHTNING-STRUCK-TREE-GIUSEPPE-PENONE\ufffd-Florence-Italy-e1583332005467.jpg\" data-link=\"https:\/\/www.manetti.com\/galleria-arte-test-2\/lightning-struck-tree-giuseppe-penone%ef%bf%bd-florence-italy\/\" class=\"wp-image-2024\" srcset=\"https:\/\/www.manetti.com\/wp-content\/uploads\/2020\/01\/LIGHTNING-STRUCK-TREE-GIUSEPPE-PENONE\ufffd-Florence-Italy-e1583332005467-865x1024.jpg 865w, https:\/\/www.manetti.com\/wp-content\/uploads\/2020\/01\/LIGHTNING-STRUCK-TREE-GIUSEPPE-PENONE\ufffd-Florence-Italy-e1583332005467-600x710.jpg 600w, https:\/\/www.manetti.com\/wp-content\/uploads\/2020\/01\/LIGHTNING-STRUCK-TREE-GIUSEPPE-PENONE\ufffd-Florence-Italy-e1583332005467-254x300.jpg 254w, https:\/\/www.manetti.com\/wp-content\/uploads\/2020\/01\/LIGHTNING-STRUCK-TREE-GIUSEPPE-PENONE\ufffd-Florence-Italy-e1583332005467-768x909.jpg 768w, https:\/\/www.manetti.com\/wp-content\/uploads\/2020\/01\/LIGHTNING-STRUCK-TREE-GIUSEPPE-PENONE\ufffd-Florence-Italy-e1583332005467.jpg 960w\" sizes=\"auto, (max-width: 865px) 100vw, 865px\" \/><figcaption class=\"blocks-gallery-item__caption\">ALBERO FOLGORATO &#8211; GIUSEPPE PENONE; Florence, Italie<\/figcaption><\/figure><\/li><li class=\"blocks-gallery-item\"><figure><img loading=\"lazy\" decoding=\"async\" width=\"1024\" height=\"778\" src=\"https:\/\/www.manetti.com\/wp-content\/uploads\/2020\/10\/PASO-GRAN-PODER-DOS-HERMANAS-SPAGNA-1024x778.jpg\" alt=\"\" data-id=\"15828\" data-full-url=\"https:\/\/www.manetti.com\/wp-content\/uploads\/2020\/10\/PASO-GRAN-PODER-DOS-HERMANAS-SPAGNA.jpg\" data-link=\"https:\/\/www.manetti.com\/paso-gran-poder-dos-hermanas-spagna-2\/\" class=\"wp-image-15828\" srcset=\"https:\/\/www.manetti.com\/wp-content\/uploads\/2020\/10\/PASO-GRAN-PODER-DOS-HERMANAS-SPAGNA-1024x778.jpg 1024w, https:\/\/www.manetti.com\/wp-content\/uploads\/2020\/10\/PASO-GRAN-PODER-DOS-HERMANAS-SPAGNA-300x228.jpg 300w, https:\/\/www.manetti.com\/wp-content\/uploads\/2020\/10\/PASO-GRAN-PODER-DOS-HERMANAS-SPAGNA-768x583.jpg 768w, https:\/\/www.manetti.com\/wp-content\/uploads\/2020\/10\/PASO-GRAN-PODER-DOS-HERMANAS-SPAGNA-1536x1166.jpg 1536w, https:\/\/www.manetti.com\/wp-content\/uploads\/2020\/10\/PASO-GRAN-PODER-DOS-HERMANAS-SPAGNA-600x456.jpg 600w, https:\/\/www.manetti.com\/wp-content\/uploads\/2020\/10\/PASO-GRAN-PODER-DOS-HERMANAS-SPAGNA.jpg 1920w\" sizes=\"auto, (max-width: 1024px) 100vw, 1024px\" \/><figcaption class=\"blocks-gallery-item__caption\">PASO GRAN PODER; DOS HERMANAS, SPAGNA<\/figcaption><\/figure><\/li><\/ul><\/figure>\n\n\n\n<p>La feuille d&#8217;or et l&#8217;art sont \u00e9troitement li\u00e9s depuis l&#8217;Antiquit\u00e9. Des sarcophages \u00e9gyptiens aux fonds d&#8217;or du Moyen \u00c2ge europ\u00e9en, des mosa\u00efques byzantines aux caprices du baroque, cette pr\u00e9dilection mutuelle ne s&#8217;est jamais interrompue et ressurgit de plus en plus fr\u00e9quemment \u00e9galement dans l&#8217;art contemporain. Il n&#8217;est donc pas surprenant de retrouver la feuille d&#8217;or Manetti utilis\u00e9e dans la restauration de chefs-d&#8217;\u0153uvre de l&#8217;art ancien comme l&#8217;admirable&nbsp;<strong>Crucifix de Giotto<\/strong>&nbsp;de Santa Maria Novella et le&nbsp;<strong>Reliquaire de San Giovanni Battista (<\/strong>tous deux conserv\u00e9s \u00e0 Florence), du&nbsp;<strong>Bouddha Maitreya<\/strong>&nbsp;de Bouriatie (Russie) et des statues de la&nbsp;<strong>cath\u00e9drale de Tran<\/strong>i ainsi que dans des \u0153uvres d&#8217;art contemporain telles que les arbres dor\u00e9s de&nbsp;<strong>Giuseppe Penone<\/strong>, le Dormeur cr\u00e9\u00e9 par Mimmo Paladino pour les jardins de Boboli et la&nbsp;<strong>Golden Tower di James Lee&nbsp;<\/strong>surplombant les canaux de Venise.&nbsp;<br><br>La feuille d&#8217;or imitation, en revanche, est surtout utilis\u00e9e dans le secteur des installations temporaires, comme les tapis dor\u00e9s \u00e9vocateurs de&nbsp;<strong>Virgilio Sieni&nbsp;<\/strong>dans le centre historique de Florence et ceux cr\u00e9\u00e9s \u00e0 l&#8217;int\u00e9rieur de l&#8217;<strong>ex-Manufacture Tabacchi&nbsp;<\/strong>pour des spectacles et des \u00e9v\u00e9nements.&nbsp;<\/p>\n","protected":false},"excerpt":{"rendered":"<p>La feuille d&#8217;or est largement utilis\u00e9e pour la cr\u00e9ation d&#8217;\u0153uvres d&#8217;art contemporaines et pour la restauration d&#8217;\u0153uvres d&#8217;art anciennes.\u00a0 Parcourez la galerie pour voir une s\u00e9lection des chefs-d&#8217;\u0153uvre r\u00e9alis\u00e9s avec la feuille de Manetti. La feuille d&#8217;or et l&#8217;art sont \u00e9troitement li\u00e9s depuis l&#8217;Antiquit\u00e9. Des sarcophages \u00e9gyptiens aux fonds d&#8217;or du Moyen \u00c2ge europ\u00e9en, des [&#8230;]<\/p>\n<p><a class=\"btn btn-secondary understrap-read-more-link\" href=\"https:\/\/www.manetti.com\/fr\/galerie\/ouvrages-art\/\">Lire la suite&#8230;<\/a><\/p>\n","protected":false},"author":1,"featured_media":30569,"parent":30478,"menu_order":0,"comment_status":"closed","ping_status":"closed","template":"page-templates\/gallery-template.php","meta":{"_acf_changed":false,"footnotes":""},"class_list":["post-30567","page","type-page","status-publish","has-post-thumbnail","hentry"],"acf":[],"yoast_head":"<!-- This site is optimized with the Yoast SEO plugin v26.5 - https:\/\/yoast.com\/wordpress\/plugins\/seo\/ -->\n<title>Ouvrages d&#039;art d&#039;or | Giusto Manetti Battiloro<\/title>\n<meta name=\"description\" content=\"Parcourez la galerie de photos avec nos d\u00e9corations \u00e0 la feuille d&#039;or et d\u00e9couvrez les \u0153uvres d&#039;art les plus c\u00e9l\u00e8bres d\u00e9cor\u00e9es de Manetti Battiloro.\" \/>\n<meta name=\"robots\" content=\"index, follow, max-snippet:-1, max-image-preview:large, max-video-preview:-1\" \/>\n<link rel=\"canonical\" href=\"https:\/\/www.manetti.com\/fr\/galerie\/ouvrages-art\/\" \/>\n<meta property=\"og:locale\" content=\"fr_FR\" \/>\n<meta property=\"og:type\" content=\"article\" \/>\n<meta property=\"og:title\" content=\"Le pi\u00f9 importanti opere d&#039;arte decorate con foglia d&#039;oro | Giusto Manetti Battiloro\" \/>\n<meta property=\"og:description\" content=\"Sfoglia la galleria fotografica con le nostre decorazioni con foglia d&#039;oro e scopri le opere d&#039;arte pi\u00f9 famose decorate con Manetti Battiloro.\" \/>\n<meta property=\"og:url\" content=\"https:\/\/www.manetti.com\/fr\/galerie\/ouvrages-art\/\" \/>\n<meta property=\"og:site_name\" content=\"Giusto Manetti Battiloro\" \/>\n<meta property=\"article:publisher\" content=\"https:\/\/www.facebook.com\/giustomanettibattiloro\" \/>\n<meta property=\"article:modified_time\" content=\"2022-08-03T15:25:31+00:00\" \/>\n<meta property=\"og:image\" content=\"https:\/\/www.manetti.com\/wp-content\/uploads\/2020\/01\/THE-GOLDEN-SLEEPER-MIMMO-PALADINO\ufffd-Florence-Italy-scaled.jpg\" \/>\n\t<meta property=\"og:image:width\" content=\"2560\" \/>\n\t<meta property=\"og:image:height\" content=\"1697\" \/>\n\t<meta property=\"og:image:type\" content=\"image\/jpeg\" \/>\n<meta name=\"twitter:card\" content=\"summary_large_image\" \/>\n<meta name=\"twitter:title\" content=\"Le pi\u00f9 importanti opere d&#039;arte decorate con foglia d&#039;oro | Giusto Manetti Battiloro\" \/>\n<meta name=\"twitter:description\" content=\"Sfoglia la galleria fotografica con le nostre decorazioni con foglia d&#039;oro e scopri le opere d&#039;arte pi\u00f9 famose decorate con Manetti Battiloro.\" \/>\n<meta name=\"twitter:image\" content=\"https:\/\/www.manetti.com\/wp-content\/uploads\/2020\/01\/THE-GOLDEN-SLEEPER-MIMMO-PALADINO\ufffd-Florence-Italy-scaled.jpg\" \/>\n<meta name=\"twitter:label1\" content=\"Dur\u00e9e de lecture estim\u00e9e\" \/>\n\t<meta name=\"twitter:data1\" content=\"9 minutes\" \/>\n<script type=\"application\/ld+json\" class=\"yoast-schema-graph\">{\"@context\":\"https:\/\/schema.org\",\"@graph\":[{\"@type\":\"WebPage\",\"@id\":\"https:\/\/www.manetti.com\/fr\/galerie\/ouvrages-art\/\",\"url\":\"https:\/\/www.manetti.com\/fr\/galerie\/ouvrages-art\/\",\"name\":\"Ouvrages d'art d'or | Giusto Manetti Battiloro\",\"isPartOf\":{\"@id\":\"https:\/\/www.manetti.com\/fr\/#website\"},\"primaryImageOfPage\":{\"@id\":\"https:\/\/www.manetti.com\/fr\/galerie\/ouvrages-art\/#primaryimage\"},\"image\":{\"@id\":\"https:\/\/www.manetti.com\/fr\/galerie\/ouvrages-art\/#primaryimage\"},\"thumbnailUrl\":\"https:\/\/www.manetti.com\/wp-content\/uploads\/2020\/01\/VITRUVIAN-MAN-ENRICA-LAZZERETTI\ufffd-Florence-Italy-e1583331406344.jpg\",\"datePublished\":\"2020-01-16T16:50:54+00:00\",\"dateModified\":\"2022-08-03T15:25:31+00:00\",\"description\":\"Parcourez la galerie de photos avec nos d\u00e9corations \u00e0 la feuille d'or et d\u00e9couvrez les \u0153uvres d'art les plus c\u00e9l\u00e8bres d\u00e9cor\u00e9es de Manetti Battiloro.\",\"inLanguage\":\"fr-FR\",\"potentialAction\":[{\"@type\":\"ReadAction\",\"target\":[\"https:\/\/www.manetti.com\/fr\/galerie\/ouvrages-art\/\"]}]},{\"@type\":\"ImageObject\",\"inLanguage\":\"fr-FR\",\"@id\":\"https:\/\/www.manetti.com\/fr\/galerie\/ouvrages-art\/#primaryimage\",\"url\":\"https:\/\/www.manetti.com\/wp-content\/uploads\/2020\/01\/VITRUVIAN-MAN-ENRICA-LAZZERETTI\ufffd-Florence-Italy-e1583331406344.jpg\",\"contentUrl\":\"https:\/\/www.manetti.com\/wp-content\/uploads\/2020\/01\/VITRUVIAN-MAN-ENRICA-LAZZERETTI\ufffd-Florence-Italy-e1583331406344.jpg\",\"width\":1367,\"height\":1244,\"caption\":\"L'UOMO VITRUVIANO - ENRICA LAZZERETTI; Firenze, Italia\"},{\"@type\":\"WebSite\",\"@id\":\"https:\/\/www.manetti.com\/fr\/#website\",\"url\":\"https:\/\/www.manetti.com\/fr\/\",\"name\":\"Giusto Manetti Battiloro\",\"description\":\"\",\"publisher\":{\"@id\":\"https:\/\/www.manetti.com\/fr\/#organization\"},\"potentialAction\":[{\"@type\":\"SearchAction\",\"target\":{\"@type\":\"EntryPoint\",\"urlTemplate\":\"https:\/\/www.manetti.com\/fr\/?s={search_term_string}\"},\"query-input\":{\"@type\":\"PropertyValueSpecification\",\"valueRequired\":true,\"valueName\":\"search_term_string\"}}],\"inLanguage\":\"fr-FR\"},{\"@type\":\"Organization\",\"@id\":\"https:\/\/www.manetti.com\/fr\/#organization\",\"name\":\"GIUSTO MANETTI BATTILORO S.P.A.\",\"url\":\"https:\/\/www.manetti.com\/fr\/\",\"logo\":{\"@type\":\"ImageObject\",\"inLanguage\":\"fr-FR\",\"@id\":\"https:\/\/www.manetti.com\/fr\/#\/schema\/logo\/image\/\",\"url\":\"https:\/\/www.manetti.com\/wp-content\/uploads\/2025\/02\/giusto-manetti-blu_300-02.png\",\"contentUrl\":\"https:\/\/www.manetti.com\/wp-content\/uploads\/2025\/02\/giusto-manetti-blu_300-02.png\",\"width\":1123,\"height\":1093,\"caption\":\"GIUSTO MANETTI BATTILORO S.P.A.\"},\"image\":{\"@id\":\"https:\/\/www.manetti.com\/fr\/#\/schema\/logo\/image\/\"},\"sameAs\":[\"https:\/\/www.facebook.com\/giustomanettibattiloro\",\"https:\/\/www.instagram.com\/giustomanettibattiloro\/\",\"https:\/\/www.linkedin.com\/company\/giusto-manetti-battiloro-s-p-a-\/\",\"https:\/\/www.youtube.com\/user\/ManettiBattiloro\"]}]}<\/script>\n<!-- \/ Yoast SEO plugin. -->","yoast_head_json":{"title":"Ouvrages d'art d'or | Giusto Manetti Battiloro","description":"Parcourez la galerie de photos avec nos d\u00e9corations \u00e0 la feuille d'or et d\u00e9couvrez les \u0153uvres d'art les plus c\u00e9l\u00e8bres d\u00e9cor\u00e9es de Manetti Battiloro.","robots":{"index":"index","follow":"follow","max-snippet":"max-snippet:-1","max-image-preview":"max-image-preview:large","max-video-preview":"max-video-preview:-1"},"canonical":"https:\/\/www.manetti.com\/fr\/galerie\/ouvrages-art\/","og_locale":"fr_FR","og_type":"article","og_title":"Le pi\u00f9 importanti opere d'arte decorate con foglia d'oro | Giusto Manetti Battiloro","og_description":"Sfoglia la galleria fotografica con le nostre decorazioni con foglia d'oro e scopri le opere d'arte pi\u00f9 famose decorate con Manetti Battiloro.","og_url":"https:\/\/www.manetti.com\/fr\/galerie\/ouvrages-art\/","og_site_name":"Giusto Manetti Battiloro","article_publisher":"https:\/\/www.facebook.com\/giustomanettibattiloro","article_modified_time":"2022-08-03T15:25:31+00:00","og_image":[{"width":2560,"height":1697,"url":"https:\/\/www.manetti.com\/wp-content\/uploads\/2020\/01\/THE-GOLDEN-SLEEPER-MIMMO-PALADINO\ufffd-Florence-Italy-scaled.jpg","type":"image\/jpeg"}],"twitter_card":"summary_large_image","twitter_title":"Le pi\u00f9 importanti opere d'arte decorate con foglia d'oro | Giusto Manetti Battiloro","twitter_description":"Sfoglia la galleria fotografica con le nostre decorazioni con foglia d'oro e scopri le opere d'arte pi\u00f9 famose decorate con Manetti Battiloro.","twitter_image":"https:\/\/www.manetti.com\/wp-content\/uploads\/2020\/01\/THE-GOLDEN-SLEEPER-MIMMO-PALADINO\ufffd-Florence-Italy-scaled.jpg","twitter_misc":{"Dur\u00e9e de lecture estim\u00e9e":"9 minutes"},"schema":{"@context":"https:\/\/schema.org","@graph":[{"@type":"WebPage","@id":"https:\/\/www.manetti.com\/fr\/galerie\/ouvrages-art\/","url":"https:\/\/www.manetti.com\/fr\/galerie\/ouvrages-art\/","name":"Ouvrages d'art d'or | Giusto Manetti Battiloro","isPartOf":{"@id":"https:\/\/www.manetti.com\/fr\/#website"},"primaryImageOfPage":{"@id":"https:\/\/www.manetti.com\/fr\/galerie\/ouvrages-art\/#primaryimage"},"image":{"@id":"https:\/\/www.manetti.com\/fr\/galerie\/ouvrages-art\/#primaryimage"},"thumbnailUrl":"https:\/\/www.manetti.com\/wp-content\/uploads\/2020\/01\/VITRUVIAN-MAN-ENRICA-LAZZERETTI\ufffd-Florence-Italy-e1583331406344.jpg","datePublished":"2020-01-16T16:50:54+00:00","dateModified":"2022-08-03T15:25:31+00:00","description":"Parcourez la galerie de photos avec nos d\u00e9corations \u00e0 la feuille d'or et d\u00e9couvrez les \u0153uvres d'art les plus c\u00e9l\u00e8bres d\u00e9cor\u00e9es de Manetti Battiloro.","inLanguage":"fr-FR","potentialAction":[{"@type":"ReadAction","target":["https:\/\/www.manetti.com\/fr\/galerie\/ouvrages-art\/"]}]},{"@type":"ImageObject","inLanguage":"fr-FR","@id":"https:\/\/www.manetti.com\/fr\/galerie\/ouvrages-art\/#primaryimage","url":"https:\/\/www.manetti.com\/wp-content\/uploads\/2020\/01\/VITRUVIAN-MAN-ENRICA-LAZZERETTI\ufffd-Florence-Italy-e1583331406344.jpg","contentUrl":"https:\/\/www.manetti.com\/wp-content\/uploads\/2020\/01\/VITRUVIAN-MAN-ENRICA-LAZZERETTI\ufffd-Florence-Italy-e1583331406344.jpg","width":1367,"height":1244,"caption":"L'UOMO VITRUVIANO - ENRICA LAZZERETTI; Firenze, Italia"},{"@type":"WebSite","@id":"https:\/\/www.manetti.com\/fr\/#website","url":"https:\/\/www.manetti.com\/fr\/","name":"Giusto Manetti Battiloro","description":"","publisher":{"@id":"https:\/\/www.manetti.com\/fr\/#organization"},"potentialAction":[{"@type":"SearchAction","target":{"@type":"EntryPoint","urlTemplate":"https:\/\/www.manetti.com\/fr\/?s={search_term_string}"},"query-input":{"@type":"PropertyValueSpecification","valueRequired":true,"valueName":"search_term_string"}}],"inLanguage":"fr-FR"},{"@type":"Organization","@id":"https:\/\/www.manetti.com\/fr\/#organization","name":"GIUSTO MANETTI BATTILORO S.P.A.","url":"https:\/\/www.manetti.com\/fr\/","logo":{"@type":"ImageObject","inLanguage":"fr-FR","@id":"https:\/\/www.manetti.com\/fr\/#\/schema\/logo\/image\/","url":"https:\/\/www.manetti.com\/wp-content\/uploads\/2025\/02\/giusto-manetti-blu_300-02.png","contentUrl":"https:\/\/www.manetti.com\/wp-content\/uploads\/2025\/02\/giusto-manetti-blu_300-02.png","width":1123,"height":1093,"caption":"GIUSTO MANETTI BATTILORO S.P.A."},"image":{"@id":"https:\/\/www.manetti.com\/fr\/#\/schema\/logo\/image\/"},"sameAs":["https:\/\/www.facebook.com\/giustomanettibattiloro","https:\/\/www.instagram.com\/giustomanettibattiloro\/","https:\/\/www.linkedin.com\/company\/giusto-manetti-battiloro-s-p-a-\/","https:\/\/www.youtube.com\/user\/ManettiBattiloro"]}]}},"_links":{"self":[{"href":"https:\/\/www.manetti.com\/fr\/wp-json\/wp\/v2\/pages\/30567","targetHints":{"allow":["GET"]}}],"collection":[{"href":"https:\/\/www.manetti.com\/fr\/wp-json\/wp\/v2\/pages"}],"about":[{"href":"https:\/\/www.manetti.com\/fr\/wp-json\/wp\/v2\/types\/page"}],"author":[{"embeddable":true,"href":"https:\/\/www.manetti.com\/fr\/wp-json\/wp\/v2\/users\/1"}],"replies":[{"embeddable":true,"href":"https:\/\/www.manetti.com\/fr\/wp-json\/wp\/v2\/comments?post=30567"}],"version-history":[{"count":0,"href":"https:\/\/www.manetti.com\/fr\/wp-json\/wp\/v2\/pages\/30567\/revisions"}],"up":[{"embeddable":true,"href":"https:\/\/www.manetti.com\/fr\/wp-json\/wp\/v2\/pages\/30478"}],"wp:featuredmedia":[{"embeddable":true,"href":"https:\/\/www.manetti.com\/fr\/wp-json\/wp\/v2\/media\/30569"}],"wp:attachment":[{"href":"https:\/\/www.manetti.com\/fr\/wp-json\/wp\/v2\/media?parent=30567"}],"curies":[{"name":"wp","href":"https:\/\/api.w.org\/{rel}","templated":true}]}}