{"id":66846,"date":"2024-01-30T14:29:04","date_gmt":"2024-01-30T13:29:04","guid":{"rendered":"https:\/\/www.manetti.com\/?page_id=66846"},"modified":"2024-02-22T15:43:03","modified_gmt":"2024-02-22T14:43:03","slug":"les-marques-de-fabrique","status":"publish","type":"page","link":"https:\/\/www.manetti.com\/fr\/qui-sommes-nous\/les-marques-de-fabrique\/","title":{"rendered":"LES MARQUES DE FABRIQUE"},"content":{"rendered":"<p><img loading=\"lazy\" decoding=\"async\" class=\"size-full wp-image-10276 alignleft\" src=\"https:\/\/www.manetti.com\/wp-content\/uploads\/2024\/01\/giusto-manetti_logo-ufficiale-300x294.png\" alt=\"Giusto Manetti logo\" width=\"285\" height=\"284\" data-wp-editing=\"1\" \/><\/p>\n<p>Voici la marque d\u00e9di\u00e9e aux feuilles de m\u00e9tal pr\u00e9cieux et celle avec laquelle l&#8217;entreprise est connue dans le monde entier. Connue sous le nom de &#8220;M\u00e9daille Marque&#8221;, son \u00e9volution s&#8217;\u00e9tend sur presque un si\u00e8cle, entre 1861 et 1946. Son origine remonte \u00e0 l&#8217;Exposition de 1861, au cours de laquelle l&#8217;entreprise a re\u00e7u la m\u00e9daille du m\u00e9rite pour l&#8217;extraordinaire qualit\u00e9 de ses feuilles d&#8217;or et d&#8217;argent. Initialement, le logo ne comportait qu&#8217;une seule m\u00e9daille, mais il a d\u00fb \u00eatre mis \u00e0 jour lorsque, en 1881 et 1884, l&#8217;entreprise a obtenu deux m\u00e9dailles suppl\u00e9mentaires du m\u00e9rite, portant le total \u00e0 trois, toujours pour la qualit\u00e9 unique de ses feuilles de m\u00e9tal pr\u00e9cieux. Enfin, en 1946, lors de la transition de l&#8217;Italie vers la forme r\u00e9publicaine de gouvernement, une petite et astucieuse intervention graphique a permis de cacher les noms des rois italiens sur les m\u00e9dailles, parvenant ainsi \u00e0 la sauver et \u00e0 la pr\u00e9server au fil du temps.<\/p>\n<p>&nbsp;<\/p>\n<p>&nbsp;<\/p>\n<p>&nbsp;<\/p>\n<p>&nbsp;<\/p>\n<p>&nbsp;<\/p>\n<p><img loading=\"lazy\" decoding=\"async\" class=\"size-medium wp-image-68149 alignleft\" src=\"https:\/\/www.manetti.com\/wp-content\/uploads\/2024\/02\/LOGO-PRODOTTI-BELLE-ARTI-1-300x193.png\" alt=\"\" width=\"300\" height=\"193\" srcset=\"https:\/\/www.manetti.com\/wp-content\/uploads\/2024\/02\/LOGO-PRODOTTI-BELLE-ARTI-1-300x193.png 300w, https:\/\/www.manetti.com\/wp-content\/uploads\/2024\/02\/LOGO-PRODOTTI-BELLE-ARTI-1.png 500w\" sizes=\"auto, (max-width: 300px) 100vw, 300px\" \/><\/p>\n<p>Il comprend le tout premier logo de l&#8217;entreprise et porte la date importante de 1820. Cette ann\u00e9e-l\u00e0, Luigi Manetti, apr\u00e8s une longue p\u00e9riode pass\u00e9e \u00e0 l&#8217;\u00e9tranger \u00e0 \u00e9tudier la r\u00e9volution industrielle, a acquis la pleine propri\u00e9t\u00e9 de l&#8217;atelier familial et, d\u00e9termin\u00e9 \u00e0 donner \u00e0 la production artisanale s\u00e9culaire une saveur plus internationale, a fi\u00e8rement choisi de le nommer d&#8217;apr\u00e8s son fils nouveau-n\u00e9 &#8220;Giusto&#8221;. Il a \u00e9galement ajout\u00e9 &#8220;Florence&#8221;, car il \u00e9tait profond\u00e9ment conscient que seule cette ville pouvait \u00eatre le foyer des Manetti. \u00c0 partir de 1861, avec le d\u00e9veloppement de la marque de m\u00e9daille r\u00e9serv\u00e9e exclusivement aux feuilles de m\u00e9tal pr\u00e9cieux, ce logo continue \u00e0 symboliser les produits de l&#8217;entreprise qui sont auxiliaires des phases de dorure, en plus des feuilles de m\u00e9tal non pr\u00e9cieux.<\/p>\n","protected":false},"excerpt":{"rendered":"<p>Voici la marque d\u00e9di\u00e9e aux feuilles de m\u00e9tal pr\u00e9cieux et celle avec laquelle l&#8217;entreprise est connue dans le monde entier. Connue sous le nom de &#8220;M\u00e9daille Marque&#8221;, son \u00e9volution s&#8217;\u00e9tend sur presque un si\u00e8cle, entre 1861 et 1946. Son origine remonte \u00e0 l&#8217;Exposition de 1861, au cours de laquelle l&#8217;entreprise a re\u00e7u la m\u00e9daille du [&#8230;]<\/p>\n<p><a class=\"btn btn-secondary understrap-read-more-link\" href=\"https:\/\/www.manetti.com\/fr\/qui-sommes-nous\/les-marques-de-fabrique\/\">Lire la suite&#8230;<\/a><\/p>\n","protected":false},"author":359,"featured_media":73289,"parent":68105,"menu_order":0,"comment_status":"closed","ping_status":"closed","template":"","meta":{"_acf_changed":false,"footnotes":""},"class_list":["post-66846","page","type-page","status-publish","has-post-thumbnail","hentry"],"acf":[],"yoast_head":"<!-- This site is optimized with the Yoast SEO plugin v26.5 - https:\/\/yoast.com\/wordpress\/plugins\/seo\/ -->\n<title>LES MARQUES DE FABRIQUE | Giusto Manetti Battiloro<\/title>\n<meta name=\"robots\" content=\"index, follow, max-snippet:-1, max-image-preview:large, max-video-preview:-1\" \/>\n<link rel=\"canonical\" href=\"https:\/\/www.manetti.com\/fr\/qui-sommes-nous\/les-marques-de-fabrique\/\" \/>\n<meta property=\"og:locale\" content=\"fr_FR\" \/>\n<meta property=\"og:type\" content=\"article\" \/>\n<meta property=\"og:title\" content=\"LES MARQUES DE FABRIQUE | Giusto Manetti Battiloro\" \/>\n<meta property=\"og:description\" content=\"Voici la marque d\u00e9di\u00e9e aux feuilles de m\u00e9tal pr\u00e9cieux et celle avec laquelle l&#8217;entreprise est connue dans le monde entier. Connue sous le nom de &#8220;M\u00e9daille Marque&#8221;, son \u00e9volution s&#8217;\u00e9tend sur presque un si\u00e8cle, entre 1861 et 1946. Son origine remonte \u00e0 l&#8217;Exposition de 1861, au cours de laquelle l&#8217;entreprise a re\u00e7u la m\u00e9daille du [...]Lire la suite...\" \/>\n<meta property=\"og:url\" content=\"https:\/\/www.manetti.com\/fr\/qui-sommes-nous\/les-marques-de-fabrique\/\" \/>\n<meta property=\"og:site_name\" content=\"Giusto Manetti Battiloro\" \/>\n<meta property=\"article:publisher\" content=\"https:\/\/www.facebook.com\/giustomanettibattiloro\" \/>\n<meta property=\"article:modified_time\" content=\"2024-02-22T14:43:03+00:00\" \/>\n<meta property=\"og:image\" content=\"https:\/\/www.manetti.com\/wp-content\/uploads\/2024\/02\/Marchi-cover-1.jpg\" \/>\n\t<meta property=\"og:image:width\" content=\"450\" \/>\n\t<meta property=\"og:image:height\" content=\"450\" \/>\n\t<meta property=\"og:image:type\" content=\"image\/jpeg\" \/>\n<meta name=\"twitter:card\" content=\"summary_large_image\" \/>\n<meta name=\"twitter:label1\" content=\"Dur\u00e9e de lecture estim\u00e9e\" \/>\n\t<meta name=\"twitter:data1\" content=\"2 minutes\" \/>\n<script type=\"application\/ld+json\" class=\"yoast-schema-graph\">{\"@context\":\"https:\/\/schema.org\",\"@graph\":[{\"@type\":\"WebPage\",\"@id\":\"https:\/\/www.manetti.com\/fr\/qui-sommes-nous\/les-marques-de-fabrique\/\",\"url\":\"https:\/\/www.manetti.com\/fr\/qui-sommes-nous\/les-marques-de-fabrique\/\",\"name\":\"LES MARQUES DE FABRIQUE | Giusto Manetti Battiloro\",\"isPartOf\":{\"@id\":\"https:\/\/www.manetti.com\/fr\/#website\"},\"primaryImageOfPage\":{\"@id\":\"https:\/\/www.manetti.com\/fr\/qui-sommes-nous\/les-marques-de-fabrique\/#primaryimage\"},\"image\":{\"@id\":\"https:\/\/www.manetti.com\/fr\/qui-sommes-nous\/les-marques-de-fabrique\/#primaryimage\"},\"thumbnailUrl\":\"https:\/\/www.manetti.com\/wp-content\/uploads\/2024\/03\/Giusto-Manetti-Battiloro-brands_F82_4776_ALTA.jpg\",\"datePublished\":\"2024-01-30T13:29:04+00:00\",\"dateModified\":\"2024-02-22T14:43:03+00:00\",\"inLanguage\":\"fr-FR\",\"potentialAction\":[{\"@type\":\"ReadAction\",\"target\":[\"https:\/\/www.manetti.com\/fr\/qui-sommes-nous\/les-marques-de-fabrique\/\"]}]},{\"@type\":\"ImageObject\",\"inLanguage\":\"fr-FR\",\"@id\":\"https:\/\/www.manetti.com\/fr\/qui-sommes-nous\/les-marques-de-fabrique\/#primaryimage\",\"url\":\"https:\/\/www.manetti.com\/wp-content\/uploads\/2024\/03\/Giusto-Manetti-Battiloro-brands_F82_4776_ALTA.jpg\",\"contentUrl\":\"https:\/\/www.manetti.com\/wp-content\/uploads\/2024\/03\/Giusto-Manetti-Battiloro-brands_F82_4776_ALTA.jpg\",\"width\":1000,\"height\":1000},{\"@type\":\"WebSite\",\"@id\":\"https:\/\/www.manetti.com\/fr\/#website\",\"url\":\"https:\/\/www.manetti.com\/fr\/\",\"name\":\"Giusto Manetti Battiloro\",\"description\":\"\",\"publisher\":{\"@id\":\"https:\/\/www.manetti.com\/fr\/#organization\"},\"potentialAction\":[{\"@type\":\"SearchAction\",\"target\":{\"@type\":\"EntryPoint\",\"urlTemplate\":\"https:\/\/www.manetti.com\/fr\/?s={search_term_string}\"},\"query-input\":{\"@type\":\"PropertyValueSpecification\",\"valueRequired\":true,\"valueName\":\"search_term_string\"}}],\"inLanguage\":\"fr-FR\"},{\"@type\":\"Organization\",\"@id\":\"https:\/\/www.manetti.com\/fr\/#organization\",\"name\":\"GIUSTO MANETTI BATTILORO S.P.A.\",\"url\":\"https:\/\/www.manetti.com\/fr\/\",\"logo\":{\"@type\":\"ImageObject\",\"inLanguage\":\"fr-FR\",\"@id\":\"https:\/\/www.manetti.com\/fr\/#\/schema\/logo\/image\/\",\"url\":\"https:\/\/www.manetti.com\/wp-content\/uploads\/2025\/02\/giusto-manetti-blu_300-02.png\",\"contentUrl\":\"https:\/\/www.manetti.com\/wp-content\/uploads\/2025\/02\/giusto-manetti-blu_300-02.png\",\"width\":1123,\"height\":1093,\"caption\":\"GIUSTO MANETTI BATTILORO S.P.A.\"},\"image\":{\"@id\":\"https:\/\/www.manetti.com\/fr\/#\/schema\/logo\/image\/\"},\"sameAs\":[\"https:\/\/www.facebook.com\/giustomanettibattiloro\",\"https:\/\/www.instagram.com\/giustomanettibattiloro\/\",\"https:\/\/www.linkedin.com\/company\/giusto-manetti-battiloro-s-p-a-\/\",\"https:\/\/www.youtube.com\/user\/ManettiBattiloro\"]}]}<\/script>\n<!-- \/ Yoast SEO plugin. -->","yoast_head_json":{"title":"LES MARQUES DE FABRIQUE | Giusto Manetti Battiloro","robots":{"index":"index","follow":"follow","max-snippet":"max-snippet:-1","max-image-preview":"max-image-preview:large","max-video-preview":"max-video-preview:-1"},"canonical":"https:\/\/www.manetti.com\/fr\/qui-sommes-nous\/les-marques-de-fabrique\/","og_locale":"fr_FR","og_type":"article","og_title":"LES MARQUES DE FABRIQUE | Giusto Manetti Battiloro","og_description":"Voici la marque d\u00e9di\u00e9e aux feuilles de m\u00e9tal pr\u00e9cieux et celle avec laquelle l&#8217;entreprise est connue dans le monde entier. Connue sous le nom de &#8220;M\u00e9daille Marque&#8221;, son \u00e9volution s&#8217;\u00e9tend sur presque un si\u00e8cle, entre 1861 et 1946. Son origine remonte \u00e0 l&#8217;Exposition de 1861, au cours de laquelle l&#8217;entreprise a re\u00e7u la m\u00e9daille du [...]Lire la suite...","og_url":"https:\/\/www.manetti.com\/fr\/qui-sommes-nous\/les-marques-de-fabrique\/","og_site_name":"Giusto Manetti Battiloro","article_publisher":"https:\/\/www.facebook.com\/giustomanettibattiloro","article_modified_time":"2024-02-22T14:43:03+00:00","og_image":[{"width":450,"height":450,"url":"https:\/\/www.manetti.com\/wp-content\/uploads\/2024\/02\/Marchi-cover-1.jpg","type":"image\/jpeg"}],"twitter_card":"summary_large_image","twitter_misc":{"Dur\u00e9e de lecture estim\u00e9e":"2 minutes"},"schema":{"@context":"https:\/\/schema.org","@graph":[{"@type":"WebPage","@id":"https:\/\/www.manetti.com\/fr\/qui-sommes-nous\/les-marques-de-fabrique\/","url":"https:\/\/www.manetti.com\/fr\/qui-sommes-nous\/les-marques-de-fabrique\/","name":"LES MARQUES DE FABRIQUE | Giusto Manetti Battiloro","isPartOf":{"@id":"https:\/\/www.manetti.com\/fr\/#website"},"primaryImageOfPage":{"@id":"https:\/\/www.manetti.com\/fr\/qui-sommes-nous\/les-marques-de-fabrique\/#primaryimage"},"image":{"@id":"https:\/\/www.manetti.com\/fr\/qui-sommes-nous\/les-marques-de-fabrique\/#primaryimage"},"thumbnailUrl":"https:\/\/www.manetti.com\/wp-content\/uploads\/2024\/03\/Giusto-Manetti-Battiloro-brands_F82_4776_ALTA.jpg","datePublished":"2024-01-30T13:29:04+00:00","dateModified":"2024-02-22T14:43:03+00:00","inLanguage":"fr-FR","potentialAction":[{"@type":"ReadAction","target":["https:\/\/www.manetti.com\/fr\/qui-sommes-nous\/les-marques-de-fabrique\/"]}]},{"@type":"ImageObject","inLanguage":"fr-FR","@id":"https:\/\/www.manetti.com\/fr\/qui-sommes-nous\/les-marques-de-fabrique\/#primaryimage","url":"https:\/\/www.manetti.com\/wp-content\/uploads\/2024\/03\/Giusto-Manetti-Battiloro-brands_F82_4776_ALTA.jpg","contentUrl":"https:\/\/www.manetti.com\/wp-content\/uploads\/2024\/03\/Giusto-Manetti-Battiloro-brands_F82_4776_ALTA.jpg","width":1000,"height":1000},{"@type":"WebSite","@id":"https:\/\/www.manetti.com\/fr\/#website","url":"https:\/\/www.manetti.com\/fr\/","name":"Giusto Manetti Battiloro","description":"","publisher":{"@id":"https:\/\/www.manetti.com\/fr\/#organization"},"potentialAction":[{"@type":"SearchAction","target":{"@type":"EntryPoint","urlTemplate":"https:\/\/www.manetti.com\/fr\/?s={search_term_string}"},"query-input":{"@type":"PropertyValueSpecification","valueRequired":true,"valueName":"search_term_string"}}],"inLanguage":"fr-FR"},{"@type":"Organization","@id":"https:\/\/www.manetti.com\/fr\/#organization","name":"GIUSTO MANETTI BATTILORO S.P.A.","url":"https:\/\/www.manetti.com\/fr\/","logo":{"@type":"ImageObject","inLanguage":"fr-FR","@id":"https:\/\/www.manetti.com\/fr\/#\/schema\/logo\/image\/","url":"https:\/\/www.manetti.com\/wp-content\/uploads\/2025\/02\/giusto-manetti-blu_300-02.png","contentUrl":"https:\/\/www.manetti.com\/wp-content\/uploads\/2025\/02\/giusto-manetti-blu_300-02.png","width":1123,"height":1093,"caption":"GIUSTO MANETTI BATTILORO S.P.A."},"image":{"@id":"https:\/\/www.manetti.com\/fr\/#\/schema\/logo\/image\/"},"sameAs":["https:\/\/www.facebook.com\/giustomanettibattiloro","https:\/\/www.instagram.com\/giustomanettibattiloro\/","https:\/\/www.linkedin.com\/company\/giusto-manetti-battiloro-s-p-a-\/","https:\/\/www.youtube.com\/user\/ManettiBattiloro"]}]}},"_links":{"self":[{"href":"https:\/\/www.manetti.com\/fr\/wp-json\/wp\/v2\/pages\/66846","targetHints":{"allow":["GET"]}}],"collection":[{"href":"https:\/\/www.manetti.com\/fr\/wp-json\/wp\/v2\/pages"}],"about":[{"href":"https:\/\/www.manetti.com\/fr\/wp-json\/wp\/v2\/types\/page"}],"author":[{"embeddable":true,"href":"https:\/\/www.manetti.com\/fr\/wp-json\/wp\/v2\/users\/359"}],"replies":[{"embeddable":true,"href":"https:\/\/www.manetti.com\/fr\/wp-json\/wp\/v2\/comments?post=66846"}],"version-history":[{"count":0,"href":"https:\/\/www.manetti.com\/fr\/wp-json\/wp\/v2\/pages\/66846\/revisions"}],"up":[{"embeddable":true,"href":"https:\/\/www.manetti.com\/fr\/wp-json\/wp\/v2\/pages\/68105"}],"wp:featuredmedia":[{"embeddable":true,"href":"https:\/\/www.manetti.com\/fr\/wp-json\/wp\/v2\/media\/73289"}],"wp:attachment":[{"href":"https:\/\/www.manetti.com\/fr\/wp-json\/wp\/v2\/media?parent=66846"}],"curies":[{"name":"wp","href":"https:\/\/api.w.org\/{rel}","templated":true}]}}